{"id":243585,"date":"2022-01-28T13:03:28","date_gmt":"2022-01-28T12:03:28","guid":{"rendered":"https:\/\/www.aforafocus.cat\/congress-spectators\/"},"modified":"2023-10-09T12:57:00","modified_gmt":"2023-10-09T11:57:00","slug":"congressspectatorsbcn-old","status":"publish","type":"page","link":"https:\/\/www.aforafocus.cat\/en\/congressspectatorsbcn-old\/","title":{"rendered":"International Congress of Spectators OLD"},"content":{"rendered":"<p>[et_pb_section fb_built=&#8221;1&#8243; disabled_on=&#8221;off|off|off&#8221; admin_label=&#8221;Menu Styles&#8221; _builder_version=&#8221;4.16&#8243; _module_preset=&#8221;default&#8221; height=&#8221;0px&#8221; custom_margin=&#8221;0px|0px|0px|0px|true|true&#8221; custom_padding=&#8221;0px|0px|0px|0px|true|true&#8221; da_disable_devices=&#8221;off|off|off&#8221; collapsed=&#8221;on&#8221; global_colors_info=&#8221;{}&#8221; da_is_popup=&#8221;off&#8221; da_exit_intent=&#8221;off&#8221; da_has_close=&#8221;on&#8221; da_alt_close=&#8221;off&#8221; da_dark_close=&#8221;off&#8221; da_not_modal=&#8221;on&#8221; da_is_singular=&#8221;off&#8221; da_with_loader=&#8221;off&#8221; da_has_shadow=&#8221;on&#8221;][et_pb_row _builder_version=&#8221;4.16&#8243; _module_preset=&#8221;default&#8221; custom_margin=&#8221;0px|0px|0px|0px|true|true&#8221; custom_padding=&#8221;0px|0px|0px|0px|true|true&#8221; collapsed=&#8221;on&#8221; global_colors_info=&#8221;{}&#8221;][et_pb_column type=&#8221;4_4&#8243; _builder_version=&#8221;4.16&#8243; _module_preset=&#8221;default&#8221; global_colors_info=&#8221;{}&#8221;][et_pb_code raw_content_last_edited=&#8221;off|phone&#8221; admin_label=&#8221;CSS&#8221; _builder_version=&#8221;4.18.0&#8243; _module_preset=&#8221;default&#8221; custom_margin=&#8221;0px|0px|0px|0px|true|true&#8221; custom_padding=&#8221;0px|0px|0px|0px|true|true&#8221; global_colors_info=&#8221;{}&#8221;]<pee>\n<style><!-- [et_pb_line_break_holder] -->  #cookie-law-info-bar {<!-- [et_pb_line_break_holder] -->  \tfont-family: 'Epicene Text Light' !important;    <!-- [et_pb_line_break_holder] -->  }    <!-- [et_pb_line_break_holder] --><!-- [et_pb_line_break_holder] -->  #cookie-law-info-bar .medium.cli-plugin-button:hover {<!-- [et_pb_line_break_holder] -->    color: #dc323c!important<!-- [et_pb_line_break_holder] -->  }<!-- [et_pb_line_break_holder] --><!-- [et_pb_line_break_holder] -->  .line {<!-- [et_pb_line_break_holder] -->    display: block;<!-- [et_pb_line_break_holder] -->\t\tposition: absolute;<!-- [et_pb_line_break_holder] -->\t\theight: 2px;<!-- [et_pb_line_break_holder] -->\t\twidth: 100%;<!-- [et_pb_line_break_holder] -->\t\tbackground: #000;\t\t<!-- [et_pb_line_break_holder] -->\t\topacity: 1;<!-- [et_pb_line_break_holder] -->\t\t-webkit-transition: .1s ease-in-out;<!-- [et_pb_line_break_holder] -->\t\t-moz-transition: .1s ease-in-out;<!-- [et_pb_line_break_holder] -->\t\t-o-transition: .1s ease-in-out;<!-- [et_pb_line_break_holder] -->\t\ttransition: .1s ease-in-out;<!-- [et_pb_line_break_holder] -->\t}   <!-- [et_pb_line_break_holder] --><!-- [et_pb_line_break_holder] -->\t.line-2 {<!-- [et_pb_line_break_holder] -->\t\ttop: 12px;<!-- [et_pb_line_break_holder] -->\t}<!-- [et_pb_line_break_holder] --><!-- [et_pb_line_break_holder] -->\t.line-3 {<!-- [et_pb_line_break_holder] -->\t\ttop: 24px;<!-- [et_pb_line_break_holder] -->\t}<!-- [et_pb_line_break_holder] --><!-- [et_pb_line_break_holder] -->  #slide-in-open {<!-- [et_pb_line_break_holder] -->    cursor: pointer;<!-- [et_pb_line_break_holder] -->  }<!-- [et_pb_line_break_holder] --><!-- [et_pb_line_break_holder] -->  #slide-in-open:hover .line {<!-- [et_pb_line_break_holder] -->    background: #dcdcd7 !important;<!-- [et_pb_line_break_holder] -->  }<!-- [et_pb_line_break_holder] --><!-- [et_pb_line_break_holder] -->\t#slide-in-open.open .line-1 {<!-- [et_pb_line_break_holder] -->\t\ttop: 10px;<!-- [et_pb_line_break_holder] -->\t\t-webkit-transform: rotate(135deg);<!-- [et_pb_line_break_holder] -->\t\t-moz-transform: rotate(135deg);<!-- [et_pb_line_break_holder] -->\t\t-o-transform: rotate(135deg);<!-- [et_pb_line_break_holder] -->\t\ttransform: rotate(135deg);<!-- [et_pb_line_break_holder] -->\t}<!-- [et_pb_line_break_holder] --><!-- [et_pb_line_break_holder] -->\t#slide-in-open.open .line-2 {<!-- [et_pb_line_break_holder] -->\t\tdisplay: none;<!-- [et_pb_line_break_holder] -->\t}<!-- [et_pb_line_break_holder] --><!-- [et_pb_line_break_holder] -->\t#slide-in-open.open .line-3 {<!-- [et_pb_line_break_holder] -->\t\ttop: 10px;<!-- [et_pb_line_break_holder] -->\t\t-webkit-transform: rotate(-135deg);<!-- [et_pb_line_break_holder] -->\t\t-moz-transform: rotate(-135deg);<!-- [et_pb_line_break_holder] -->\t\t-o-transform: rotate(-135deg);<!-- [et_pb_line_break_holder] -->\t\ttransform: rotate(-135deg);<!-- [et_pb_line_break_holder] -->\t}<!-- [et_pb_line_break_holder] --><!-- [et_pb_line_break_holder] -->\t.slide-in-body,<!-- [et_pb_line_break_holder] -->  .slide-in-body body {<!-- [et_pb_line_break_holder] -->\t\toverflow: hidden !important;    <!-- [et_pb_line_break_holder] -->    touch-action: none !important;<!-- [et_pb_line_break_holder] -->\t}   <!-- [et_pb_line_break_holder] --><!-- [et_pb_line_break_holder] -->  .slide-in-body .slide-in-menu-container {<!-- [et_pb_line_break_holder] -->\t\tright: 0 !important;\t\t<!-- [et_pb_line_break_holder] -->\t}   <!-- [et_pb_line_break_holder] --><!-- [et_pb_line_break_holder] -->  #page-container,<!-- [et_pb_line_break_holder] -->  .sticky-menu,<!-- [et_pb_line_break_holder] -->\t.slide-in-menu-container,<!-- [et_pb_line_break_holder] -->  .menu-title-site,<!-- [et_pb_line_break_holder] -->  #slide-in-open {<!-- [et_pb_line_break_holder] -->\t\t-webkit-transition: all 0.5s ease !important;<!-- [et_pb_line_break_holder] -->\t\t-moz-transition: all 0.5s ease !important;<!-- [et_pb_line_break_holder] -->\t\t-o-transition: all 0.5s ease !important;<!-- [et_pb_line_break_holder] -->\t\t-ms-transition: all 0.5s ease !important;<!-- [et_pb_line_break_holder] -->\t\ttransition: all 0.5s ease !important;<!-- [et_pb_line_break_holder] -->\t}<!-- [et_pb_line_break_holder] --><!-- [et_pb_line_break_holder] -->  .subscription-form .et-pb-contact-message,<!-- [et_pb_line_break_holder] -->  .contact-form .et-pb-contact-message {    <!-- [et_pb_line_break_holder] -->    font-family: 'Helvetica Regular';<!-- [et_pb_line_break_holder] -->    font-size: 18px;<!-- [et_pb_line_break_holder] -->    font-weight: 500;<!-- [et_pb_line_break_holder] -->  }<!-- [et_pb_line_break_holder] --><!-- [et_pb_line_break_holder] -->  .subscription-form .et-pb-contact-message {<!-- [et_pb_line_break_holder] -->    position: absolute;<!-- [et_pb_line_break_holder] -->    bottom: -120px;<!-- [et_pb_line_break_holder] -->    color: #dcdcd7;<!-- [et_pb_line_break_holder] -->  }<!-- [et_pb_line_break_holder] --><!-- [et_pb_line_break_holder] -->  .slide-in-body #page-container,<!-- [et_pb_line_break_holder] -->  .slide-in-body .sticky-menu {<!-- [et_pb_line_break_holder] -->  \tleft: -300px !important;    <!-- [et_pb_line_break_holder] -->  }<!-- [et_pb_line_break_holder] --><!-- [et_pb_line_break_holder] -->  .slide-in-body .menu-title-site.et_pb_sticky {<!-- [et_pb_line_break_holder] -->  \tleft: -300px !important;    <!-- [et_pb_line_break_holder] -->  }<!-- [et_pb_line_break_holder] --><!-- [et_pb_line_break_holder] -->  .animation-fade .et_pb_slide_image,<!-- [et_pb_line_break_holder] -->  .animation-fade .et_pb_slide:first-child .et_pb_slide_image img.active {<!-- [et_pb_line_break_holder] -->    -webkit-animation-name: fade;<!-- [et_pb_line_break_holder] -->    -moz-animation-name: fade;<!-- [et_pb_line_break_holder] -->    -ms-animation-name: fade;<!-- [et_pb_line_break_holder] -->    -o-animation-name: fade;<!-- [et_pb_line_break_holder] -->    animation-name: fade;<!-- [et_pb_line_break_holder] -->  }    <!-- [et_pb_line_break_holder] --><!-- [et_pb_line_break_holder] -->  .animation-fade .et_pb_slides {<!-- [et_pb_line_break_holder] -->    height: 100% !important;<!-- [et_pb_line_break_holder] -->  }<!-- [et_pb_line_break_holder] --><!-- [et_pb_line_break_holder] -->  .animation-fade .et_pb_slide_image,<!-- [et_pb_line_break_holder] -->  .animation-fade .et_pb_slide {<!-- [et_pb_line_break_holder] -->    opacity: 1 !important;    <!-- [et_pb_line_break_holder] -->  }<!-- [et_pb_line_break_holder] --><!-- [et_pb_line_break_holder] -->  @media only screen and (max-width: 767px) {<!-- [et_pb_line_break_holder] -->    .slide-in-body #page-container,<!-- [et_pb_line_break_holder] -->    .slide-in-body .sticky-menu {<!-- [et_pb_line_break_holder] -->  \t  left: -250px !important;    <!-- [et_pb_line_break_holder] -->    }<!-- [et_pb_line_break_holder] --><!-- [et_pb_line_break_holder] -->    .slide-in-body .menu-title-site.et_pb_sticky {<!-- [et_pb_line_break_holder] -->  \t  left: -250px !important;    <!-- [et_pb_line_break_holder] -->    }<!-- [et_pb_line_break_holder] --><!-- [et_pb_line_break_holder] -->    #slide-in-open:hover .line {<!-- [et_pb_line_break_holder] -->    \tbackground: #000000 !important;<!-- [et_pb_line_break_holder] -->  \t}<!-- [et_pb_line_break_holder] -->  }<!-- [et_pb_line_break_holder] --><\/style>\n<\/pee>[\/et_pb_code][et_pb_code raw_content_last_edited=&#8221;off|desktop&#8221; admin_label=&#8221;JS&#8221; _builder_version=&#8221;4.18.0&#8243; _module_preset=&#8221;default&#8221; global_colors_info=&#8221;{}&#8221;]<pee><script><!-- [et_pb_line_break_holder] -->    jQuery(function($){<!-- [et_pb_line_break_holder] -->        $(\"#et_pb_signup_email\").attr(\"placeholder\", \"Correu electr\u00f2nic\");            <!-- [et_pb_line_break_holder] -->    });<!-- [et_pb_line_break_holder] --><!-- [et_pb_line_break_holder] -->  \tshowTooltip = function (id) {<!-- [et_pb_line_break_holder] -->      jQuery('#working').hide();<!-- [et_pb_line_break_holder] -->      jQuery('#ficcions').hide();<!-- [et_pb_line_break_holder] -->      jQuery('#estrategias').hide();<!-- [et_pb_line_break_holder] -->    \tjQuery(id).show();<!-- [et_pb_line_break_holder] -->    }<!-- [et_pb_line_break_holder] --><!-- [et_pb_line_break_holder] -->    hideTooltip = function (id) {<!-- [et_pb_line_break_holder] -->      jQuery(id).hide();<!-- [et_pb_line_break_holder] -->    }<!-- [et_pb_line_break_holder] --><\/script><\/pee>[\/et_pb_code][\/et_pb_column][\/et_pb_row][\/et_pb_section][et_pb_section fb_built=&#8221;1&#8243; admin_label=&#8221;Cap\u00e7alera&#8221; _builder_version=&#8221;4.16&#8243; _module_preset=&#8221;default&#8221; position_origin_a_last_edited=&#8221;off|desktop&#8221; position_origin_f_last_edited=&#8221;off|desktop&#8221; position_origin_r_last_edited=&#8221;off|desktop&#8221; custom_margin=&#8221;||||false|false&#8221; custom_padding=&#8221;0px||0px||true|false&#8221; background_last_edited=&#8221;off|desktop&#8221; positioning_last_edited=&#8221;off|desktop&#8221; sticky_position_last_edited=&#8221;off|desktop&#8221; da_disable_devices=&#8221;off|off|off&#8221; collapsed=&#8221;off&#8221; global_colors_info=&#8221;{}&#8221; da_is_popup=&#8221;off&#8221; da_exit_intent=&#8221;off&#8221; da_has_close=&#8221;on&#8221; da_alt_close=&#8221;off&#8221; da_dark_close=&#8221;off&#8221; da_not_modal=&#8221;on&#8221; da_is_singular=&#8221;off&#8221; da_with_loader=&#8221;off&#8221; da_has_shadow=&#8221;on&#8221;][et_pb_row column_structure=&#8221;1_2,1_2&#8243; use_custom_gutter=&#8221;on&#8221; gutter_width=&#8221;1&#8243; custom_padding_last_edited=&#8221;off|desktop&#8221; disabled_on=&#8221;on|off|off&#8221; admin_label=&#8221;Menu&#8221; _builder_version=&#8221;4.16&#8243; _module_preset=&#8221;default&#8221; background_color=&#8221;#dc323c&#8221; z_index=&#8221;4&#8243; width=&#8221;100%&#8221; max_width=&#8221;none&#8221; height_tablet=&#8221;240px&#8221; height_last_edited=&#8221;off|phone&#8221; max_height=&#8221;240px&#8221; custom_margin=&#8221;||||false|false&#8221; custom_margin_last_edited=&#8221;off|desktop&#8221; custom_padding=&#8221;37px|39px|27px|37px|false|false&#8221; collapsed=&#8221;on&#8221; global_colors_info=&#8221;{}&#8221;][et_pb_column type=&#8221;1_2&#8243; _builder_version=&#8221;4.16&#8243; _module_preset=&#8221;default&#8221; custom_padding_tablet=&#8221;&#8221; custom_padding_phone=&#8221;||||false|false&#8221; custom_padding_last_edited=&#8221;on|phone&#8221; custom_css_main_element=&#8221;width: 80% !important;&#8221; global_colors_info=&#8221;{}&#8221; custom_css_main_element_last_edited=&#8221;on|tablet&#8221; custom_css_main_element_phone=&#8221;width: 100% !important;&#8221; custom_css_main_element_tablet=&#8221;width: 80% !important;&#8221;][et_pb_text content_last_edited=&#8221;off|phone&#8221; admin_label=&#8221;I Congr\u00e9s&#8221; module_class=&#8221;menu-title-site&#8221; _builder_version=&#8221;4.16&#8243; _module_preset=&#8221;default&#8221; text_text_color=&#8221;#000000&#8243; header_font=&#8221;Epicene Text Light||||||||&#8221; header_text_align=&#8221;left&#8221; header_text_color=&#8221;#000000&#8243; header_font_size=&#8221;42px&#8221; header_letter_spacing=&#8221;-0.01em&#8221; header_line_height=&#8221;42px&#8221; z_index=&#8221;0&#8243; max_width=&#8221;500px&#8221; custom_margin=&#8221;||42px||false|false&#8221; custom_padding_last_edited=&#8221;off|desktop&#8221; text_font_size_last_edited=&#8221;off|phone&#8221; header_font_size_tablet=&#8221;42px&#8221; header_font_size_phone=&#8221;22px&#8221; header_font_size_last_edited=&#8221;on|phone&#8221; header_line_height_tablet=&#8221;42px&#8221; header_line_height_phone=&#8221;26px&#8221; header_line_height_last_edited=&#8221;on|phone&#8221; sticky_position_last_edited=&#8221;off|phone&#8221; global_colors_info=&#8221;{}&#8221;]<\/p>\n<h1>I International Congress of Theater Spectators<\/h1>\n<p>[\/et_pb_text][et_pb_text admin_label=&#8221;Data celebraci\u00f3&#8221; _builder_version=&#8221;4.16&#8243; _module_preset=&#8221;default&#8221; text_text_color=&#8221;#000000&#8243; header_2_font=&#8221;Epicene Text Light||||||||&#8221; header_2_text_align=&#8221;left&#8221; header_2_text_color=&#8221;#000000&#8243; header_2_font_size=&#8221;28px&#8221; header_2_letter_spacing=&#8221;-0.01em&#8221; header_2_line_height=&#8221;32px&#8221; position_origin_a_last_edited=&#8221;off|desktop&#8221; position_origin_f_last_edited=&#8221;off|desktop&#8221; position_origin_r_last_edited=&#8221;off|desktop&#8221; width_last_edited=&#8221;off|desktop&#8221; max_width_last_edited=&#8221;off|desktop&#8221; custom_margin_last_edited=&#8221;off|phone&#8221; header_font_size_tablet=&#8221;&#8221; header_font_size_phone=&#8221;&#8221; header_font_size_last_edited=&#8221;on|phone&#8221; header_2_font_size_tablet=&#8221;&#8221; header_2_font_size_phone=&#8221;22px&#8221; header_2_font_size_last_edited=&#8221;on|desktop&#8221; header_2_letter_spacing_last_edited=&#8221;off|phone&#8221; header_2_line_height_tablet=&#8221;&#8221; header_2_line_height_phone=&#8221;26px&#8221; header_2_line_height_last_edited=&#8221;on|phone&#8221; positioning_phone=&#8221;none&#8221; positioning_last_edited=&#8221;off|desktop&#8221; global_colors_info=&#8221;{}&#8221;]<\/p>\n<h2>Barcelona, 24th \u2013 26th october 2022<\/h2>\n<p>[\/et_pb_text][\/et_pb_column][et_pb_column type=&#8221;1_2&#8243; _builder_version=&#8221;4.16&#8243; _module_preset=&#8221;default&#8221; custom_css_main_element=&#8221;width: 20% !important;&#8221; global_colors_info=&#8221;{}&#8221; custom_css_main_element_last_edited=&#8221;on|desktop&#8221; custom_css_main_element_phone=&#8221;width: 100% !important;&#8221; custom_css_main_element_tablet=&#8221;width: 20% !important;&#8221;][et_pb_text disabled_on=&#8221;on|off|off&#8221; admin_label=&#8221;Men\u00fa de seccions&#8221; _builder_version=&#8221;4.16&#8243; _module_preset=&#8221;default&#8221; text_font=&#8221;Helvetica Regular||||||||&#8221; text_text_color=&#8221;#000000&#8243; text_font_size=&#8221;18px&#8221; text_letter_spacing=&#8221;-0.01em&#8221; text_line_height=&#8221;22px&#8221; link_font=&#8221;Helvetica Regular||||||||&#8221; link_text_align=&#8221;right&#8221; link_text_color=&#8221;#000000&#8243; link_font_size=&#8221;18px&#8221; link_letter_spacing=&#8221;-0.01em&#8221; link_line_height=&#8221;22px&#8221; position_origin_a=&#8221;top_right&#8221; position_origin_f=&#8221;top_right&#8221; position_origin_r=&#8221;top_right&#8221; text_orientation=&#8221;right&#8221; module_alignment=&#8221;right&#8221; global_colors_info=&#8221;{}&#8221; link_text_color__hover_enabled=&#8221;on|hover&#8221; link_text_color__hover=&#8221;#dcdcd7&#8243;]<\/p>\n<p><a title=\"About\" href=\"#about\">About<\/a><br \/><a title=\"Program\" href=\"#program\">Program<\/a><br \/><a title=\"Inscription\" href=\"#inscription\">Inscription<\/a><br \/><a title=\"Team\" href=\"#team\">Team<\/a><br \/><a title=\"Organization\" href=\"#organization\">Organization<\/a><br \/><a title=\"Contact\" href=\"#contact\">Contact<\/a><br \/><span style=\"display: block; padding-top: 22px;\"><a title=\"Catal\u00e0\" href=\"\/congresespectadorsbcn\/\">CA<\/a> \/ <a title=\"Espa\u00f1ol\" href=\"\/es\/congresoespectadoresbcn\/\">ES<\/a> \/ <a title=\"English\" href=\"\/en\/congressspectatorsbcn\">EN<\/a><\/span><\/p>\n<p>[\/et_pb_text][\/et_pb_column][\/et_pb_row][et_pb_row column_structure=&#8221;1_2,1_2&#8243; use_custom_gutter=&#8221;on&#8221; gutter_width=&#8221;1&#8243; custom_padding_last_edited=&#8221;on|phone&#8221; disabled_on=&#8221;off|off|off&#8221; admin_label=&#8221;Sticky Menu&#8221; module_class=&#8221;sticky-menu&#8221; _builder_version=&#8221;4.16&#8243; _module_preset=&#8221;default&#8221; background_color=&#8221;#dc323c&#8221; positioning=&#8221;fixed&#8221; z_index=&#8221;3&#8243; width=&#8221;100%&#8221; max_width=&#8221;none&#8221; height_last_edited=&#8221;off|phone&#8221; max_height=&#8221;100px&#8221; max_height_tablet=&#8221;100px&#8221; max_height_phone=&#8221;113px&#8221; max_height_last_edited=&#8221;on|phone&#8221; custom_padding=&#8221;16px|40px|16px|38px|true|false&#8221; custom_padding_tablet=&#8221;||||false|false&#8221; custom_padding_phone=&#8221;14px|20px|14px|20px|true|true&#8221; motion_trigger_start=&#8221;top&#8221; locked=&#8221;off&#8221; collapsed=&#8221;on&#8221; global_colors_info=&#8221;{}&#8221; custom_padding__hover_enabled=&#8221;off|desktop&#8221;][et_pb_column type=&#8221;1_2&#8243; _builder_version=&#8221;4.16&#8243; _module_preset=&#8221;default&#8221; custom_css_main_element=&#8221;width: 90% !important;&#8221; global_colors_info=&#8221;{}&#8221; custom_css_main_element_last_edited=&#8221;on|desktop&#8221; custom_css_main_element_tablet=&#8221;width: 90% !important;&#8221; custom_css_main_element_phone=&#8221;width: 90% !important;&#8221;][et_pb_text content_last_edited=&#8221;off|phone&#8221; disabled_on=&#8221;off|off|off&#8221; admin_label=&#8221;I Congr\u00e9s&#8221; _builder_version=&#8221;4.16&#8243; _module_preset=&#8221;default&#8221; text_text_color=&#8221;#000000&#8243; header_font=&#8221;Epicene Text Light||||||||&#8221; header_text_align=&#8221;left&#8221; header_text_color=&#8221;#000000&#8243; header_font_size=&#8221;28px&#8221; header_letter_spacing=&#8221;-0.01em&#8221; header_line_height=&#8221;32px&#8221; z_index=&#8221;0&#8243; max_width_tablet=&#8221;&#8221; max_width_phone=&#8221;300px&#8221; max_width_last_edited=&#8221;on|phone&#8221; custom_margin=&#8221;||1px||false|false&#8221; custom_margin_tablet=&#8221;||1px||false|false&#8221; custom_margin_phone=&#8221;||4px||false|false&#8221; custom_margin_last_edited=&#8221;on|phone&#8221; custom_padding_last_edited=&#8221;off|phone&#8221; text_font_size_last_edited=&#8221;off|phone&#8221; header_font_size_tablet=&#8221;&#8221; header_font_size_phone=&#8221;22px&#8221; header_font_size_last_edited=&#8221;on|phone&#8221; header_line_height_tablet=&#8221;&#8221; header_line_height_phone=&#8221;26px&#8221; header_line_height_last_edited=&#8221;on|phone&#8221; global_colors_info=&#8221;{}&#8221;]<\/p>\n<h1>I International Congress of Theater Spectators<\/h1>\n<p>[\/et_pb_text][et_pb_text admin_label=&#8221;Data celebraci\u00f3&#8221; _builder_version=&#8221;4.16&#8243; _module_preset=&#8221;default&#8221; text_text_color=&#8221;#000000&#8243; header_2_font=&#8221;Helvetica Regular||||||||&#8221; header_2_text_align=&#8221;left&#8221; header_2_text_color=&#8221;#000000&#8243; header_2_font_size=&#8221;18px&#8221; header_2_letter_spacing=&#8221;-0.01em&#8221; header_2_line_height=&#8221;22px&#8221; position_origin_a_last_edited=&#8221;off|desktop&#8221; position_origin_f_last_edited=&#8221;off|desktop&#8221; position_origin_r_last_edited=&#8221;off|desktop&#8221; width_last_edited=&#8221;off|phone&#8221; max_width_last_edited=&#8221;off|phone&#8221; custom_margin=&#8221;||0px||false|false&#8221; custom_margin_tablet=&#8221;||0px||false|false&#8221; custom_margin_phone=&#8221;||0px||false|false&#8221; custom_margin_last_edited=&#8221;on|desktop&#8221; header_font_size_tablet=&#8221;&#8221; header_font_size_phone=&#8221;&#8221; header_font_size_last_edited=&#8221;on|tablet&#8221; header_2_font_size_tablet=&#8221;&#8221; header_2_font_size_phone=&#8221;14px&#8221; header_2_font_size_last_edited=&#8221;on|phone&#8221; header_2_letter_spacing_phone=&#8221;-0.01em&#8221; header_2_letter_spacing_last_edited=&#8221;off|phone&#8221; header_2_line_height_tablet=&#8221;&#8221; header_2_line_height_phone=&#8221;18px&#8221; header_2_line_height_last_edited=&#8221;on|phone&#8221; positioning_tablet=&#8221;absolute&#8221; positioning_last_edited=&#8221;off|desktop&#8221; global_colors_info=&#8221;{}&#8221;]<\/p>\n<h2>Barcelona, 24th \u2013 26th october 2022<\/h2>\n<p>[\/et_pb_text][\/et_pb_column][et_pb_column type=&#8221;1_2&#8243; _builder_version=&#8221;4.16&#8243; _module_preset=&#8221;default&#8221; custom_css_main_element=&#8221;width: 10% !important;&#8221; global_colors_info=&#8221;{}&#8221; custom_css_main_element_last_edited=&#8221;on|desktop&#8221; custom_css_main_element_tablet=&#8221;width: 10% !important;&#8221; custom_css_main_element_phone=&#8221;width: 10% !important;&#8221;][et_pb_text disabled_on=&#8221;off|off|off&#8221; admin_label=&#8221;Men\u00fa Sticky&#8221; module_id=&#8221;slide-in-open&#8221; _builder_version=&#8221;4.16&#8243; _module_preset=&#8221;default&#8221; text_text_color=&#8221;#000000&#8243; position_origin_a=&#8221;top_right&#8221; position_origin_f=&#8221;top_right&#8221; vertical_offset=&#8221;28px&#8221; horizontal_offset=&#8221;20px&#8221; position_origin_a_last_edited=&#8221;off|phone&#8221; position_origin_f_last_edited=&#8221;off|phone&#8221; position_origin_r_last_edited=&#8221;off|phone&#8221; width=&#8221;40px&#8221; module_alignment=&#8221;right&#8221; custom_margin=&#8221;22px||||false|false&#8221; custom_margin_tablet=&#8221;22px||||false|false&#8221; custom_margin_phone=&#8221;6px||||false|false&#8221; custom_margin_last_edited=&#8221;on|phone&#8221; custom_padding=&#8221;||||false|false&#8221; custom_padding_last_edited=&#8221;off|desktop&#8221; positioning_last_edited=&#8221;off|phone&#8221; global_colors_info=&#8221;{}&#8221; text_text_color__hover_enabled=&#8221;on|hover&#8221; text_text_color__hover=&#8221;#dcdcd7&#8243;]<\/p>\n<p>&nbsp;<\/p>\n<p>[\/et_pb_text][\/et_pb_column][\/et_pb_row][et_pb_row admin_label=&#8221;Lateral menu&#8221; module_class=&#8221;slide-in-menu-container&#8221; _builder_version=&#8221;4.16&#8243; _module_preset=&#8221;default&#8221; background_color=&#8221;#000000&#8243; positioning=&#8221;fixed&#8221; position_origin_a=&#8221;top_right&#8221; position_origin_f=&#8221;top_right&#8221; horizontal_offset=&#8221;-300px&#8221; z_index=&#8221;3&#8243; horizontal_offset_tablet=&#8221;-300px&#8221; horizontal_offset_phone=&#8221;-250px&#8221; horizontal_offset_last_edited=&#8221;on|phone&#8221; width=&#8221;300px&#8221; width_tablet=&#8221;300px&#8221; width_phone=&#8221;250px&#8221; width_last_edited=&#8221;on|phone&#8221; height=&#8221;100vh&#8221; custom_padding=&#8221;38px|41px|38px|41px|true|true&#8221; collapsed=&#8221;on&#8221; global_colors_info=&#8221;{}&#8221;][et_pb_column type=&#8221;4_4&#8243; _builder_version=&#8221;4.16&#8243; _module_preset=&#8221;default&#8221; global_colors_info=&#8221;{}&#8221;][et_pb_text admin_label=&#8221;Men\u00fa de seccions&#8221; _builder_version=&#8221;4.16&#8243; _module_preset=&#8221;default&#8221; text_font=&#8221;Helvetica Regular||||||||&#8221; text_text_color=&#8221;#dcdcd7&#8243; text_font_size=&#8221;18px&#8221; text_letter_spacing=&#8221;-0.01em&#8221; text_line_height=&#8221;22px&#8221; link_font=&#8221;Helvetica Regular||||||||&#8221; link_text_align=&#8221;left&#8221; link_text_color=&#8221;#dcdcd7&#8243; link_font_size=&#8221;18px&#8221; link_letter_spacing=&#8221;-0.01em&#8221; link_line_height=&#8221;22px&#8221; positioning=&#8221;absolute&#8221; position_origin_a=&#8221;top_right&#8221; position_origin_f=&#8221;top_right&#8221; width=&#8221;100%&#8221; global_colors_info=&#8221;{}&#8221; link_text_color__hover_enabled=&#8221;on|hover&#8221; link_text_color__hover=&#8221;#dc323c&#8221;]<\/p>\n<p><a title=\"About\" href=\"#about\">About<\/a><br \/><a title=\"Program\" href=\"#program\">Program<\/a><br \/><a title=\"Inscription\" href=\"#inscription\">Inscription<\/a><br \/><a title=\"Team\" href=\"#team\">Team<\/a><br \/><a title=\"Organization\" href=\"#organization\">Organization<\/a><br \/><a title=\"Contact\" href=\"#contact\">Contact<\/a><br \/><span style=\"display: block; padding-top: 22px;\"><a title=\"Catal\u00e0\" href=\"https:\/\/www.aforafocus.cat\/en\/congressspectatorsbcn\/\">CA<\/a> \/ <a title=\"Espa\u00f1ol\" href=\"https:\/\/www.aforafocus.cat\/en\/congressspectatorsbcn\/\">ES<\/a> \/ <a title=\"English\" href=\"\/en\/congressspectators\/\">EN<\/a><\/span><\/p>\n<p>[\/et_pb_text][\/et_pb_column][\/et_pb_row][et_pb_row admin_label=&#8221;Imatge ProcessingJS&#8221; _builder_version=&#8221;4.16&#8243; _module_preset=&#8221;default&#8221; position_origin_a_last_edited=&#8221;off|desktop&#8221; position_origin_f_last_edited=&#8221;off|desktop&#8221; position_origin_r_last_edited=&#8221;off|desktop&#8221; width=&#8221;100%&#8221; max_width=&#8221;none&#8221; module_alignment=&#8221;center&#8221; height_last_edited=&#8221;off|phone&#8221; custom_margin=&#8221;0px||0px||false|false&#8221; custom_margin_tablet=&#8221;0px||0px||false|false&#8221; custom_margin_phone=&#8221;113px||||false|false&#8221; custom_margin_last_edited=&#8221;on|phone&#8221; custom_padding=&#8221;0px||0px||false|false&#8221; positioning_last_edited=&#8221;off|desktop&#8221; custom_css_main_element=&#8221;height: calc(100vh &#8211; 240px) !important;&#8221; collapsed=&#8221;on&#8221; global_colors_info=&#8221;{}&#8221; custom_css_main_element_last_edited=&#8221;on|phone&#8221; custom_css_main_element_phone=&#8221;height: calc(100vh &#8211; 113px) !important;&#8221; custom_css_main_element_tablet=&#8221;height: calc(100vh &#8211; 240px) !important;&#8221; disabled_on=&#8221;on|on|on&#8221; disabled=&#8221;on&#8221;][et_pb_column type=&#8221;4_4&#8243; _builder_version=&#8221;4.16&#8243; _module_preset=&#8221;default&#8221; custom_css_main_element=&#8221;height: 100%&#8221; global_colors_info=&#8221;{}&#8221;][et_pb_slider show_arrows=&#8221;off&#8221; show_pagination=&#8221;off&#8221; module_class=&#8221;animation-fade&#8221; _builder_version=&#8221;4.16&#8243; _module_preset=&#8221;default&#8221; min_height=&#8221;100%&#8221; height=&#8221;100%&#8221; global_colors_info=&#8221;{}&#8221;][et_pb_slide _builder_version=&#8221;4.16&#8243; _module_preset=&#8221;default&#8221; background_enable_color=&#8221;off&#8221; background_image=&#8221;https:\/\/www.aforafocus.cat\/wp-content\/uploads\/2022\/02\/Congres_Espectadors_WEB-01.svg&#8221; background_enable_image=&#8221;on&#8221; background_position=&#8221;top_center&#8221; border_style_all_image=&#8221;none&#8221; global_colors_info=&#8221;{}&#8221; sticky_transition=&#8221;on&#8221;][\/et_pb_slide][et_pb_slide _builder_version=&#8221;4.16&#8243; _module_preset=&#8221;default&#8221; background_enable_color=&#8221;off&#8221; background_image=&#8221;https:\/\/www.aforafocus.cat\/wp-content\/uploads\/2022\/02\/Congres_Espectadors_WEB-02.svg&#8221; background_enable_image=&#8221;on&#8221; background_position=&#8221;top_center&#8221; global_colors_info=&#8221;{}&#8221; sticky_transition=&#8221;on&#8221;][\/et_pb_slide][et_pb_slide _builder_version=&#8221;4.16&#8243; _module_preset=&#8221;default&#8221; background_enable_color=&#8221;off&#8221; background_image=&#8221;https:\/\/www.aforafocus.cat\/wp-content\/uploads\/2022\/02\/Congres_Espectadors_WEB-03.svg&#8221; background_enable_image=&#8221;on&#8221; background_position=&#8221;top_center&#8221; global_colors_info=&#8221;{}&#8221; sticky_transition=&#8221;on&#8221;][\/et_pb_slide][et_pb_slide _builder_version=&#8221;4.16&#8243; _module_preset=&#8221;default&#8221; background_enable_color=&#8221;off&#8221; background_image=&#8221;https:\/\/www.aforafocus.cat\/wp-content\/uploads\/2022\/02\/Congres_Espectadors_WEB-04.svg&#8221; background_enable_image=&#8221;on&#8221; background_position=&#8221;top_center&#8221; global_colors_info=&#8221;{}&#8221; sticky_transition=&#8221;on&#8221;][\/et_pb_slide][et_pb_slide _builder_version=&#8221;4.16&#8243; _module_preset=&#8221;default&#8221; background_enable_color=&#8221;off&#8221; background_image=&#8221;https:\/\/www.aforafocus.cat\/wp-content\/uploads\/2022\/02\/Congres_Espectadors_WEB-05.svg&#8221; background_enable_image=&#8221;on&#8221; background_position=&#8221;top_center&#8221; global_colors_info=&#8221;{}&#8221; sticky_transition=&#8221;on&#8221;][\/et_pb_slide][et_pb_slide _builder_version=&#8221;4.16&#8243; _module_preset=&#8221;default&#8221; background_enable_color=&#8221;off&#8221; background_image=&#8221;https:\/\/www.aforafocus.cat\/wp-content\/uploads\/2022\/02\/Congres_Espectadors_WEB-06.svg&#8221; background_enable_image=&#8221;on&#8221; background_position=&#8221;top_center&#8221; global_colors_info=&#8221;{}&#8221; sticky_transition=&#8221;on&#8221;][\/et_pb_slide][\/et_pb_slider][\/et_pb_column][\/et_pb_row][et_pb_row admin_label=&#8221;Manifest&#8221; _builder_version=&#8221;4.16&#8243; _module_preset=&#8221;default&#8221; position_origin_a_last_edited=&#8221;off|desktop&#8221; position_origin_f_last_edited=&#8221;off|desktop&#8221; position_origin_r_last_edited=&#8221;off|desktop&#8221; width=&#8221;100%&#8221; max_width=&#8221;none&#8221; module_alignment=&#8221;center&#8221; height_last_edited=&#8221;off|phone&#8221; custom_margin=&#8221;0px||0px||false|false&#8221; custom_margin_tablet=&#8221;0px||0px||false|false&#8221; custom_margin_phone=&#8221;113px||||false|false&#8221; custom_margin_last_edited=&#8221;on|phone&#8221; custom_padding=&#8221;0px||0px||false|false&#8221; positioning_last_edited=&#8221;off|desktop&#8221; custom_css_main_element=&#8221;height: calc(100vh &#8211; 240px) !important;&#8221; collapsed=&#8221;off&#8221; global_colors_info=&#8221;{}&#8221; custom_css_main_element_last_edited=&#8221;on|phone&#8221; custom_css_main_element_phone=&#8221;height: calc(100vh &#8211; 113px) !important;&#8221; custom_css_main_element_tablet=&#8221;height: calc(100vh &#8211; 240px) !important;&#8221;][et_pb_column type=&#8221;4_4&#8243; _builder_version=&#8221;4.16&#8243; _module_preset=&#8221;default&#8221; custom_css_main_element=&#8221;height: 100%&#8221; global_colors_info=&#8221;{}&#8221;][et_pb_slider show_arrows=&#8221;off&#8221; show_pagination=&#8221;off&#8221; module_class=&#8221;animation-fade&#8221; _builder_version=&#8221;4.18.0&#8243; _module_preset=&#8221;default&#8221; custom_button=&#8221;on&#8221; button_text_size=&#8221;42px&#8221; button_text_color=&#8221;#000000&#8243; button_bg_color=&#8221;#dcdcd7&#8243; button_border_width=&#8221;2px&#8221; button_border_color=&#8221;#000000&#8243; button_border_radius=&#8221;0px&#8221; button_letter_spacing=&#8221;-0.01em&#8221; button_font=&#8221;Epicene Text Light|500|||||||&#8221; button_use_icon=&#8221;off&#8221; button_custom_margin=&#8221;0px||||false|false&#8221; min_height=&#8221;100%&#8221; height=&#8221;100%&#8221; button_text_size_tablet=&#8221;42px&#8221; button_text_size_phone=&#8221;34px&#8221; button_text_size_last_edited=&#8221;on|desktop&#8221; custom_css_slide_button=&#8221;line-height: 34px !important;&#8221; global_colors_info=&#8221;{}&#8221;][et_pb_slide button_text=&#8221;Download Manifest&#8221; button_link=&#8221;https:\/\/www.aforafocus.cat\/wp-content\/uploads\/2022\/10\/Forma_Afora_Focus_CIET_Manifesto_Web.pdf&#8221; url_new_window=&#8221;on&#8221; _builder_version=&#8221;4.18.0&#8243; _module_preset=&#8221;default&#8221; body_font=&#8221;Epicene Text Light||||||||&#8221; body_text_color=&#8221;#000000&#8243; body_font_size=&#8221;42px&#8221; body_letter_spacing=&#8221;-0.01em&#8221; body_line_height=&#8221;42px&#8221; background_enable_color=&#8221;off&#8221; background_image=&#8221;https:\/\/www.aforafocus.cat\/wp-content\/uploads\/2022\/10\/manifest-all-lang-background.png&#8221; background_enable_image=&#8221;on&#8221; background_position=&#8221;top_center&#8221; border_style_all_image=&#8221;none&#8221; global_colors_info=&#8221;{}&#8221; sticky_transition=&#8221;on&#8221;][\/et_pb_slide][\/et_pb_slider][\/et_pb_column][\/et_pb_row][\/et_pb_section][et_pb_section fb_built=&#8221;1&#8243; custom_padding_last_edited=&#8221;off|desktop&#8221; admin_label=&#8221;Presentaci\u00f3&#8221; module_id=&#8221;presentation&#8221; _builder_version=&#8221;4.16&#8243; _module_preset=&#8221;default&#8221; background_color=&#8221;#a17d52&#8243; height_tablet=&#8221;912px&#8221; height_phone=&#8221;auto&#8221; height_last_edited=&#8221;off|desktop&#8221; da_disable_devices=&#8221;off|off|off&#8221; collapsed=&#8221;on&#8221; global_colors_info=&#8221;{}&#8221; da_is_popup=&#8221;off&#8221; da_exit_intent=&#8221;off&#8221; da_has_close=&#8221;on&#8221; da_alt_close=&#8221;off&#8221; da_dark_close=&#8221;off&#8221; da_not_modal=&#8221;on&#8221; da_is_singular=&#8221;off&#8221; da_with_loader=&#8221;off&#8221; da_has_shadow=&#8221;on&#8221;][et_pb_row custom_padding_last_edited=&#8221;on|phone&#8221; admin_label=&#8221;Row&#8221; _builder_version=&#8221;4.16&#8243; _module_preset=&#8221;default&#8221; background_enable_color=&#8221;off&#8221; width=&#8221;100%&#8221; max_width=&#8221;940px&#8221; custom_padding=&#8221;186px|20px|91px|20px|false|true&#8221; custom_padding_tablet=&#8221;186px|20px|91px|20px|false|true&#8221; custom_padding_phone=&#8221;70px|20px|86px|20px|false|true&#8221; collapsed=&#8221;on&#8221; global_colors_info=&#8221;{}&#8221;][et_pb_column type=&#8221;4_4&#8243; _builder_version=&#8221;4.16&#8243; _module_preset=&#8221;default&#8221; global_colors_info=&#8221;{}&#8221;][et_pb_text content_tablet=&#8221;<\/p>\n<h2>A congress of, by and for theatrical spectators. Art and part.<\/h2>\n<p>&#8221; content_phone=&#8221;<\/p>\n<h2>A congress<br \/>of, by and for theatrical spectators. Art and part.<\/h2>\n<p>&#8221; content_last_edited=&#8221;on|desktop&#8221; admin_label=&#8221;T\u00edtol&#8221; _builder_version=&#8221;4.16&#8243; _module_preset=&#8221;default&#8221; text_text_color=&#8221;#000000&#8243; text_font_size=&#8221;42px&#8221; text_letter_spacing=&#8221;-0.01em&#8221; text_line_height=&#8221;42px&#8221; header_2_font=&#8221;Epicene Text Light||||||||&#8221; header_2_text_color=&#8221;#000000&#8243; header_2_font_size=&#8221;42px&#8221; header_2_letter_spacing=&#8221;-0.01em&#8221; header_2_line_height=&#8221;42px&#8221; text_orientation=&#8221;center&#8221; header_2_font_size_tablet=&#8221;42px&#8221; header_2_font_size_phone=&#8221;34px&#8221; header_2_font_size_last_edited=&#8221;on|phone&#8221; header_2_line_height_tablet=&#8221;42px&#8221; header_2_line_height_phone=&#8221;34px&#8221; header_2_line_height_last_edited=&#8221;on|phone&#8221; global_colors_info=&#8221;{}&#8221;]<\/p>\n<h2>A congress of, by and for theatrical spectators. Art and part.<\/h2>\n<p>[\/et_pb_text][\/et_pb_column][\/et_pb_row][et_pb_row column_structure=&#8221;1_2,1_2&#8243; custom_padding_last_edited=&#8221;on|phone&#8221; _builder_version=&#8221;4.16&#8243; _module_preset=&#8221;default&#8221; width=&#8221;100%&#8221; max_width=&#8221;940px&#8221; custom_margin=&#8221;||155px||false|false&#8221; custom_margin_tablet=&#8221;||143px||false|false&#8221; custom_margin_phone=&#8221;||25px||false|false&#8221; custom_margin_last_edited=&#8221;on|phone&#8221; custom_padding_tablet=&#8221;19px|19px|0px|19px|false|true&#8221; custom_padding_phone=&#8221;|19px||19px|false|true&#8221; collapsed=&#8221;off&#8221; global_colors_info=&#8221;{}&#8221;][et_pb_column type=&#8221;1_2&#8243; _builder_version=&#8221;4.16&#8243; _module_preset=&#8221;default&#8221; global_colors_info=&#8221;{}&#8221; custom_css_main_element_last_edited=&#8221;on|tablet&#8221; custom_css_main_element_tablet=&#8221;width: 47.25% !important;&#8221; custom_css_main_element_phone=&#8221;width: 100% !important;&#8221;][et_pb_signup mailchimp_list=&#8221;Afora Focus|2e38147b58&#8243; layout=&#8221;top_bottom&#8221; first_name_field=&#8221;off&#8221; last_name_field=&#8221;off&#8221; success_message=&#8221;Subscription completed successfully.&#8221; title=&#8221;Subscribe to the newsletter and we will inform you of all the news.&#8221; button_text=&#8221;Subscribe&#8221; module_class=&#8221;subscription-form&#8221; _builder_version=&#8221;4.16&#8243; _module_preset=&#8221;default&#8221; form_field_background_color=&#8221;#a17d52&#8243; form_field_text_color=&#8221;rgba(0,0,0,0.25)&#8221; form_field_focus_background_color=&#8221;#a17d52&#8243; form_field_focus_text_color=&#8221;#000000&#8243; form_field_custom_padding=&#8221;||4px||false|false&#8221; header_font=&#8221;Epicene Text Light||||||||&#8221; header_text_color=&#8221;#000000&#8243; header_font_size=&#8221;28px&#8221; header_letter_spacing=&#8221;-0.01em&#8221; header_line_height=&#8221;32px&#8221; result_message_font=&#8221;Helvetica Regular||||||||&#8221; result_message_text_align=&#8221;left&#8221; result_message_text_color=&#8221;#000000&#8243; result_message_font_size=&#8221;12px&#8221; result_message_letter_spacing=&#8221;-0.01em&#8221; result_message_line_height=&#8221;14px&#8221; form_field_font=&#8221;Epicene Text Light||||||||&#8221; form_field_font_size=&#8221;28px&#8221; form_field_letter_spacing=&#8221;-0.01em&#8221; form_field_line_height=&#8221;32px&#8221; use_background_color=&#8221;off&#8221; custom_button=&#8221;on&#8221; button_text_size=&#8221;28px&#8221; button_text_color=&#8221;#dcdcd7&#8243; button_bg_color=&#8221;RGBA(255,255,255,0)&#8221; button_border_width=&#8221;0px&#8221; button_border_radius=&#8221;0px&#8221; button_letter_spacing=&#8221;-0.01em&#8221; button_font=&#8221;Epicene Text Light||||||||&#8221; button_use_icon=&#8221;off&#8221; button_custom_margin=&#8221;-10px||0px|0px|false|false&#8221; button_custom_padding=&#8221;0px|0px|0px|0px|false|false&#8221; custom_margin=&#8221;||||false|false&#8221; custom_margin_tablet=&#8221;||||false|false&#8221; custom_margin_phone=&#8221;||10px||false|false&#8221; custom_margin_last_edited=&#8221;on|phone&#8221; header_font_size_tablet=&#8221;28px&#8221; header_font_size_phone=&#8221;22px&#8221; header_font_size_last_edited=&#8221;on|phone&#8221; header_line_height_tablet=&#8221;32px&#8221; header_line_height_phone=&#8221;26px&#8221; header_line_height_last_edited=&#8221;on|phone&#8221; form_field_font_size_tablet=&#8221;28px&#8221; form_field_font_size_phone=&#8221;22px&#8221; form_field_font_size_last_edited=&#8221;on|phone&#8221; form_field_line_height_tablet=&#8221;32px&#8221; form_field_line_height_phone=&#8221;26px&#8221; form_field_line_height_last_edited=&#8221;on|phone&#8221; button_text_size_tablet=&#8221;28px&#8221; button_text_size_phone=&#8221;22px&#8221; button_text_size_last_edited=&#8221;on|phone&#8221; custom_css_newsletter_form=&#8221;padding-top: 5px !important;&#8221; custom_css_newsletter_fields=&#8221;padding: 16px 0 2px 0 !important;||max-width: 360px;&#8221; custom_css_newsletter_button=&#8221;text-align: left !important;&#8221; border_radii_fields=&#8221;on|0px|0px|0px|0px&#8221; border_width_bottom_fields=&#8221;1px&#8221; global_colors_info=&#8221;{}&#8221; form_field_text_color__hover_enabled=&#8221;off|desktop&#8221; custom_css_newsletter_fields_last_edited=&#8221;on|phone&#8221; custom_css_newsletter_fields_phone=&#8221;padding: 10px 0 5px 0 !important;&#8221; button_text_color__hover_enabled=&#8221;on|hover&#8221; button_text_color__hover=&#8221;#000000&#8243; border_color_all_fields__hover_enabled=&#8221;off|desktop&#8221; custom_css_newsletter_fields_tablet=&#8221;padding: 16px 0 2px 0 !important;||max-width: 360px;&#8221;][\/et_pb_signup][et_pb_text admin_label=&#8221;Pol\u00edtica de privacitat&#8221; _builder_version=&#8221;4.16&#8243; _module_preset=&#8221;default&#8221; text_font=&#8221;Helvetica Regular||||||||&#8221; text_text_color=&#8221;#000000&#8243; text_font_size=&#8221;12px&#8221; text_letter_spacing=&#8221;-0.01em&#8221; text_line_height=&#8221;14px&#8221; link_text_color=&#8221;#dcdcd7&#8243; global_colors_info=&#8221;{}&#8221; link_text_color__hover_enabled=&#8221;on|hover&#8221; link_text_color__hover=&#8221;#000000&#8243;]<\/p>\n<p>By subscribing, you accept our <a title=\"Privacy policy.\" href=\"https:\/\/ad.focus.cat\/politica-de-privacidad\/\" target=\"_blank\" rel=\"noopener\">privacy policy.<\/a><\/p>\n<p>[\/et_pb_text][\/et_pb_column][et_pb_column type=&#8221;1_2&#8243; _builder_version=&#8221;4.16&#8243; _module_preset=&#8221;default&#8221; global_colors_info=&#8221;{}&#8221; custom_css_main_element_last_edited=&#8221;on|tablet&#8221; custom_css_main_element_tablet=&#8221;width: 47.25% !important;||float: right !important;&#8221; custom_css_main_element_phone=&#8221;width: 100% !important;&#8221;][et_pb_text admin_label=&#8221;Espectadors convidats&#8221; _builder_version=&#8221;4.16&#8243; _module_preset=&#8221;default&#8221; text_font=&#8221;Epicene Text Light||||||||&#8221; text_text_color=&#8221;#000000&#8243; text_font_size=&#8221;28px&#8221; text_letter_spacing=&#8221;-0.01em&#8221; text_line_height=&#8221;32px&#8221; link_text_color=&#8221;#dcdcd7&#8243; custom_margin=&#8221;||||false|false&#8221; custom_margin_tablet=&#8221;||||false|false&#8221; custom_margin_phone=&#8221;46px||||false|false&#8221; custom_margin_last_edited=&#8221;on|phone&#8221; text_font_size_tablet=&#8221;28px&#8221; text_font_size_phone=&#8221;22px&#8221; text_font_size_last_edited=&#8221;on|phone&#8221; text_line_height_tablet=&#8221;32px&#8221; text_line_height_phone=&#8221;26px&#8221; text_line_height_last_edited=&#8221;on|phone&#8221; global_colors_info=&#8221;{}&#8221; link_text_color__hover_enabled=&#8221;on|desktop&#8221; link_text_color__hover=&#8221;#000000&#8243;]<\/p>\n<p>You can be one of the 50 international spectators invited to explain and share their experience. <a title=\"I want to be a guest spectator\" href=\"#presentar-candidatura\">Find out how.<\/a><\/p>\n<p>[\/et_pb_text][\/et_pb_column][\/et_pb_row][\/et_pb_section][et_pb_section fb_built=&#8221;1&#8243; _builder_version=&#8221;4.18.0&#8243; _module_preset=&#8221;default&#8221; da_disable_devices=&#8221;off|off|off&#8221; collapsed=&#8221;on&#8221; global_colors_info=&#8221;{}&#8221; da_is_popup=&#8221;off&#8221; da_exit_intent=&#8221;off&#8221; da_has_close=&#8221;on&#8221; da_alt_close=&#8221;off&#8221; da_dark_close=&#8221;off&#8221; da_not_modal=&#8221;on&#8221; da_is_singular=&#8221;off&#8221; da_with_loader=&#8221;off&#8221; da_has_shadow=&#8221;on&#8221;][et_pb_row _builder_version=&#8221;4.18.0&#8243; _module_preset=&#8221;default&#8221; global_colors_info=&#8221;{}&#8221;][et_pb_column type=&#8221;4_4&#8243; _builder_version=&#8221;4.18.0&#8243; _module_preset=&#8221;default&#8221; global_colors_info=&#8221;{}&#8221;]<\/p>\n<p>[toolset_divi_view toolset_view=&#8221;espectadors&#8221; _builder_version=&#8221;4.18.0&#8243; _module_preset=&#8221;default&#8221; global_colors_info=&#8221;{}&#8221;][\/toolset_divi_view]<\/p>\n<p>[\/et_pb_column][\/et_pb_row][\/et_pb_section][et_pb_section fb_built=&#8221;1&#8243; admin_label=&#8221;About&#8221; module_id=&#8221;about&#8221; _builder_version=&#8221;4.16&#8243; _module_preset=&#8221;default&#8221; background_color=&#8221;RGBA(255,255,255,0)&#8221; height_tablet=&#8221;1070px&#8221; height_phone=&#8221;auto&#8221; height_last_edited=&#8221;off|desktop&#8221; da_disable_devices=&#8221;off|off|off&#8221; collapsed=&#8221;on&#8221; global_colors_info=&#8221;{}&#8221; da_is_popup=&#8221;off&#8221; da_exit_intent=&#8221;off&#8221; da_has_close=&#8221;on&#8221; da_alt_close=&#8221;off&#8221; da_dark_close=&#8221;off&#8221; da_not_modal=&#8221;on&#8221; da_is_singular=&#8221;off&#8221; da_with_loader=&#8221;off&#8221; da_has_shadow=&#8221;on&#8221;][et_pb_row custom_padding_last_edited=&#8221;on|phone&#8221; _builder_version=&#8221;4.16&#8243; _module_preset=&#8221;default&#8221; width=&#8221;100%&#8221; width_phone=&#8221;100%&#8221; width_last_edited=&#8221;off|phone&#8221; max_width=&#8221;940px&#8221; custom_margin=&#8221;||32px||false|false&#8221; custom_margin_tablet=&#8221;||||false|false&#8221; custom_margin_phone=&#8221;||0px||false|false&#8221; custom_margin_last_edited=&#8221;on|desktop&#8221; custom_padding=&#8221;65px||||false|false&#8221; custom_padding_tablet=&#8221;65px|19px||19px|false|true&#8221; custom_padding_phone=&#8221;30px|20px|27px|20px|false|true&#8221; collapsed=&#8221;off&#8221; global_colors_info=&#8221;{}&#8221;][et_pb_column type=&#8221;4_4&#8243; _builder_version=&#8221;4.16&#8243; _module_preset=&#8221;default&#8221; global_colors_info=&#8221;{}&#8221;][et_pb_text admin_label=&#8221;T\u00edtol&#8221; _builder_version=&#8221;4.16&#8243; _module_preset=&#8221;default&#8221; header_2_font=&#8221;Epicene Text Light||||||||&#8221; header_2_text_align=&#8221;center&#8221; header_2_text_color=&#8221;#000000&#8243; header_2_font_size=&#8221;42px&#8221; header_2_letter_spacing=&#8221;-0.01em&#8221; header_2_line_height=&#8221;42px&#8221; custom_margin=&#8221;||64px||false|false&#8221; custom_margin_tablet=&#8221;||64px||false|false&#8221; custom_margin_phone=&#8221;||25px||false|false&#8221; custom_margin_last_edited=&#8221;on|phone&#8221; header_2_font_size_tablet=&#8221;42px&#8221; header_2_font_size_phone=&#8221;34px&#8221; header_2_font_size_last_edited=&#8221;on|phone&#8221; header_2_line_height_tablet=&#8221;42px&#8221; header_2_line_height_phone=&#8221;34px&#8221; header_2_line_height_last_edited=&#8221;on|phone&#8221; global_colors_info=&#8221;{}&#8221;]<\/p>\n<h2>About<\/h2>\n<p>[\/et_pb_text][et_pb_text admin_label=&#8221;El I Congr\u00e9s Internacional d&#8217;Espectador de Teatre&#8221; _builder_version=&#8221;4.16&#8243; _module_preset=&#8221;default&#8221; text_font=&#8221;Epicene Text Light||||||||&#8221; text_text_color=&#8221;#000000&#8243; text_font_size=&#8221;28px&#8221; text_letter_spacing=&#8221;-0.01em&#8221; text_line_height=&#8221;32px&#8221; custom_margin=&#8221;||33px||false|false&#8221; custom_margin_tablet=&#8221;||33px||false|false&#8221; custom_margin_phone=&#8221;||26px||false|false&#8221; custom_margin_last_edited=&#8221;on|phone&#8221; text_font_size_tablet=&#8221;28px&#8221; text_font_size_phone=&#8221;22px&#8221; text_font_size_last_edited=&#8221;on|phone&#8221; text_line_height_tablet=&#8221;32px&#8221; text_line_height_phone=&#8221;26px&#8221; text_line_height_last_edited=&#8221;on|phone&#8221; global_colors_info=&#8221;{}&#8221;]<\/p>\n<p>The main objective of the <strong>I International Congress of Theatre Spectators<\/strong> is to summon spectators to regain their leading role, to recover the collective energy that is produced when they connect with the performance of actresses and actors on stage.<\/p>\n<p>[\/et_pb_text][et_pb_text admin_label=&#8221;M\u00e9s de 50 espectadors convidats de 25 pa\u00efsos&#8221; module_id=&#8221;presentar-candidatura&#8221; _builder_version=&#8221;4.16&#8243; _module_preset=&#8221;default&#8221; text_font=&#8221;Epicene Text Light||||||||&#8221; text_text_color=&#8221;#000000&#8243; text_font_size=&#8221;28px&#8221; text_letter_spacing=&#8221;-0.01em&#8221; text_line_height=&#8221;32px&#8221; custom_margin=&#8221;||76px||false|false&#8221; custom_margin_tablet=&#8221;||76px||false|false&#8221; custom_margin_phone=&#8221;||37px||false|false&#8221; custom_margin_last_edited=&#8221;on|phone&#8221; text_font_size_tablet=&#8221;28px&#8221; text_font_size_phone=&#8221;22px&#8221; text_font_size_last_edited=&#8221;on|phone&#8221; text_line_height_tablet=&#8221;32px&#8221; text_line_height_phone=&#8221;26px&#8221; text_line_height_last_edited=&#8221;on|phone&#8221; global_colors_info=&#8221;{}&#8221;]<\/p>\n<p>More than 50 guests from 25 countries, in addition to all those registered in the congress, will meet at the <strong>I International Congress of Theatre Spectators<\/strong> to share relevant international experiences that place theatre spectators at the backbone of theatre activity.<\/p>\n<p>[\/et_pb_text][et_pb_text admin_label=&#8221;Vols ser un espectador internacional convidat?&#8221; _builder_version=&#8221;4.16&#8243; _module_preset=&#8221;default&#8221; text_font=&#8221;Helvetica Regular||||||||&#8221; text_text_color=&#8221;#000000&#8243; text_font_size=&#8221;18px&#8221; text_line_height=&#8221;22px&#8221; link_text_color=&#8221;#dc323c&#8221; max_width=&#8221;445px&#8221; max_width_tablet=&#8221;445px&#8221; max_width_phone=&#8221;295px&#8221; max_width_last_edited=&#8221;on|phone&#8221; custom_margin=&#8221;0px|auto|52px|auto|false|true&#8221; custom_margin_tablet=&#8221;0px|auto|52px|auto|false|true&#8221; custom_margin_phone=&#8221;0px|auto|35px|auto|false|true&#8221; custom_margin_last_edited=&#8221;on|phone&#8221; custom_padding=&#8221;||||false|false&#8221; text_font_last_edited=&#8221;off|phone&#8221; text_font_size_tablet=&#8221;18px&#8221; text_font_size_phone=&#8221;14px&#8221; text_font_size_last_edited=&#8221;on|phone&#8221; text_letter_spacing_tablet=&#8221;&#8221; text_letter_spacing_phone=&#8221;-0.01em&#8221; text_letter_spacing_last_edited=&#8221;on|desktop&#8221; text_line_height_tablet=&#8221;22px&#8221; text_line_height_phone=&#8221;18px&#8221; text_line_height_last_edited=&#8221;on|desktop&#8221; global_colors_info=&#8221;{}&#8221; link_text_color__hover_enabled=&#8221;on|hover&#8221; link_text_color__hover=&#8221;#000000&#8243;]<\/p>\n<p>Want to be one of the 50 invited international spectators? Are you an active spectator or are you part of an association or group of theater spectators working on projects related to diversity, participation or transversality? <a title=\"Present candidature\" href=\"\/congressspectatorsbcn\/present-candidature\">Send us your proposal, tell us your experience and we will evaluate your application shortly.<\/a><\/p>\n<p>[\/et_pb_text][et_pb_text admin_label=&#8221;Alhora, el Congr\u00e9s est\u00e0 obert a espectadors teatrals en general&#8221; _builder_version=&#8221;4.16&#8243; _module_preset=&#8221;default&#8221; text_font=&#8221;Epicene Text Light||||||||&#8221; text_text_color=&#8221;#000000&#8243; text_font_size=&#8221;28px&#8221; text_letter_spacing=&#8221;-0.01em&#8221; text_line_height=&#8221;32px&#8221; custom_margin_phone=&#8221;||0px||false|false&#8221; custom_margin_last_edited=&#8221;off|desktop&#8221; text_font_size_tablet=&#8221;28px&#8221; text_font_size_phone=&#8221;22px&#8221; text_font_size_last_edited=&#8221;on|phone&#8221; text_line_height_tablet=&#8221;32px&#8221; text_line_height_phone=&#8221;26px&#8221; text_line_height_last_edited=&#8221;on|phone&#8221; global_colors_info=&#8221;{}&#8221;]<\/p>\n<p>At the same time, the Congress is open to theater-goers in general, cultural managers, creators and artists, representatives of public administrations, researchers, consultants, the university community and the curious interested in audiences and the performing arts.<\/p>\n<p>[\/et_pb_text][\/et_pb_column][\/et_pb_row][\/et_pb_section][et_pb_section fb_built=&#8221;1&#8243; disabled_on=&#8221;off|off|off&#8221; admin_label=&#8221;Programa&#8221; module_id=&#8221;program&#8221; _builder_version=&#8221;4.18.0&#8243; _module_preset=&#8221;default&#8221; background_color=&#8221;#a17d52&#8243; display_conditions=&#8221;W10=&#8221; background_last_edited=&#8221;off|desktop&#8221; da_popup_slug=&#8221;programa&#8221; da_disable_devices=&#8221;off|off|off&#8221; locked=&#8221;off&#8221; collapsed=&#8221;on&#8221; global_colors_info=&#8221;{}&#8221; da_is_popup=&#8221;off&#8221; da_exit_intent=&#8221;off&#8221; da_has_close=&#8221;on&#8221; da_alt_close=&#8221;off&#8221; da_dark_close=&#8221;off&#8221; da_not_modal=&#8221;on&#8221; da_is_singular=&#8221;off&#8221; da_with_loader=&#8221;off&#8221; da_has_shadow=&#8221;on&#8221;][et_pb_row custom_padding_last_edited=&#8221;on|desktop&#8221; admin_label=&#8221;Programa&#8221; _builder_version=&#8221;4.18.0&#8243; _module_preset=&#8221;default&#8221; width=&#8221;100%&#8221; max_width=&#8221;940px&#8221; custom_margin=&#8221;||50px||false|false&#8221; custom_margin_tablet=&#8221;||0px||false|false&#8221; custom_margin_phone=&#8221;||0px||false|false&#8221; custom_margin_last_edited=&#8221;on|desktop&#8221; custom_padding=&#8221;65px||||false|false&#8221; custom_padding_tablet=&#8221;65px|19px||19px|false|true&#8221; custom_padding_phone=&#8221;30px|20px||20px|false|true&#8221; collapsed=&#8221;on&#8221; global_colors_info=&#8221;{}&#8221;][et_pb_column type=&#8221;4_4&#8243; _builder_version=&#8221;4.17.4&#8243; _module_preset=&#8221;default&#8221; global_colors_info=&#8221;{}&#8221;][et_pb_text admin_label=&#8221;T\u00edtol&#8221; _builder_version=&#8221;4.18.0&#8243; _module_preset=&#8221;default&#8221; header_2_font=&#8221;Epicene Text Light||||||||&#8221; header_2_text_align=&#8221;center&#8221; header_2_text_color=&#8221;#000000&#8243; header_2_font_size=&#8221;42px&#8221; header_2_letter_spacing=&#8221;-0.01em&#8221; header_2_line_height=&#8221;42px&#8221; custom_margin_last_edited=&#8221;off|desktop&#8221; header_2_font_size_tablet=&#8221;42px&#8221; header_2_font_size_phone=&#8221;34px&#8221; header_2_font_size_last_edited=&#8221;on|phone&#8221; header_2_line_height_tablet=&#8221;42px&#8221; header_2_line_height_phone=&#8221;34px&#8221; header_2_line_height_last_edited=&#8221;on|phone&#8221; global_colors_info=&#8221;{}&#8221;]<\/p>\n<h2>Program<\/h2>\n<p>[\/et_pb_text][\/et_pb_column][\/et_pb_row][et_pb_row column_structure=&#8221;1_3,1_3,1_3&#8243; use_custom_gutter=&#8221;on&#8221; gutter_width=&#8221;1&#8243; make_equal=&#8221;on&#8221; custom_padding_last_edited=&#8221;on|desktop&#8221; admin_label=&#8221;Data, dia i actes&#8221; _builder_version=&#8221;4.18.0&#8243; _module_preset=&#8221;default&#8221; background_color=&#8221;#dcdcd7&#8243; width_tablet=&#8221;&#8221; width_phone=&#8221;100%&#8221; width_last_edited=&#8221;on|phone&#8221; custom_margin=&#8221;0px||||false|false&#8221; custom_padding=&#8221;0px|20px||20px|false|true&#8221; custom_padding_tablet=&#8221;0px|20px||20px|false|true&#8221; custom_padding_phone=&#8221;|10px||10px|false|true&#8221; collapsed=&#8221;off&#8221; global_colors_info=&#8221;{}&#8221;][et_pb_column type=&#8221;1_3&#8243; _builder_version=&#8221;4.18.0&#8243; _module_preset=&#8221;default&#8221; background_enable_color=&#8221;off&#8221; z_index=&#8221;3&#8243; custom_padding=&#8221;|5px||5px|false|false&#8221; global_colors_info=&#8221;{}&#8221;][et_pb_text admin_label=&#8221;Dilluns&#8221; _builder_version=&#8221;4.18.0&#8243; _module_preset=&#8221;default&#8221; text_font=&#8221;Helvetica Regular||||||||&#8221; text_font_size=&#8221;18px&#8221; text_letter_spacing=&#8221;-0.01em&#8221; text_line_height=&#8221;22px&#8221; link_text_color=&#8221;#dcdcd7&#8243; header_3_font=&#8221;Epicene Text Light|600|||||||&#8221; header_3_font_size=&#8221;28px&#8221; header_3_letter_spacing=&#8221;-0.01em&#8221; header_3_line_height=&#8221;32px&#8221; header_4_font=&#8221;Epicene Text Light||||||||&#8221; header_4_font_size=&#8221;28px&#8221; header_4_letter_spacing=&#8221;-0.01em&#8221; header_4_line_height=&#8221;32px&#8221; custom_padding=&#8221;20px|20px|20px|20px|true|true&#8221; global_colors_info=&#8221;{}&#8221; link_text_color__hover_enabled=&#8221;on|hover&#8221; link_text_color__hover=&#8221;#dcdcd7&#8243;]<\/p>\n<h3>Jornada 1<\/h3>\n<p><em>DILLUNS 24 d&#8217;octubre de 2022<br \/><\/em>Teatre Romea, Barcelona<\/p>\n<p>[\/et_pb_text][et_pb_text admin_label=&#8221;Informaci\u00f3, registre i recepci\u00f3 d&#8217;assitents&#8221; _builder_version=&#8221;4.18.0&#8243; _module_preset=&#8221;default&#8221; text_font=&#8221;Helvetica Regular||||||||&#8221; text_font_size=&#8221;18px&#8221; text_letter_spacing=&#8221;-0.01em&#8221; text_line_height=&#8221;22px&#8221; link_text_color=&#8221;#dcdcd7&#8243; header_4_font=&#8221;Epicene Text Light||||||||&#8221; header_4_font_size=&#8221;28px&#8221; header_4_letter_spacing=&#8221;-0.01em&#8221; header_4_line_height=&#8221;32px&#8221; background_color=&#8221;#dc323c&#8221; custom_margin=&#8221;||2px||false|false&#8221; custom_padding=&#8221;20px|20px|20px|20px|true|true&#8221; global_colors_info=&#8221;{}&#8221; link_text_color__hover_enabled=&#8221;on|hover&#8221; link_text_color__hover=&#8221;#dcdcd7&#8243;]<\/p>\n<p style=\"text-align: right;\"><strong>8:30 &#8211; 19:30h<\/strong><\/p>\n<p>Informaci\u00f3, registre i recepci\u00f3 d&#8217;assistents<\/p>\n<p>[\/et_pb_text][et_pb_text admin_label=&#8221;Presentaci\u00f3 Congr\u00e9s&#8221; _builder_version=&#8221;4.18.0&#8243; _module_preset=&#8221;default&#8221; text_font=&#8221;Helvetica Regular||||||||&#8221; text_font_size=&#8221;18px&#8221; text_letter_spacing=&#8221;-0.01em&#8221; text_line_height=&#8221;22px&#8221; link_text_color=&#8221;#dcdcd7&#8243; header_4_font=&#8221;Epicene Text Light||||||||&#8221; header_4_font_size=&#8221;28px&#8221; header_4_letter_spacing=&#8221;-0.01em&#8221; header_4_line_height=&#8221;32px&#8221; header_6_font=&#8221;Epicene Text Light||||||||&#8221; header_6_font_size=&#8221;22px&#8221; header_6_letter_spacing=&#8221;-0.01px&#8221; header_6_line_height=&#8221;26px&#8221; background_color=&#8221;#dc323c&#8221; custom_margin=&#8221;||2px||false|false&#8221; custom_padding=&#8221;20px|20px|20px|20px|true|true&#8221; global_colors_info=&#8221;{}&#8221; link_text_color__hover_enabled=&#8221;on|hover&#8221; link_text_color__hover=&#8221;#dcdcd7&#8243;]<\/p>\n<p style=\"text-align: right;\"><strong>9:30 &#8211; 9:45h<\/strong><\/p>\n<p><strong>Presentaci\u00f3 Congr\u00e9s<\/strong><\/p>\n<p>Daniel Mart\u00ednez, President del Grup Focus<br \/><a title=\"Pepe Zapata\" href=\"#pepe-zapata\">Pepe Zapata<\/a>, comissari del Congr\u00e9s<\/p>\n<p>[\/et_pb_text][et_pb_text admin_label=&#8221;Inauguraci\u00f3 Institucional&#8221; _builder_version=&#8221;4.18.0&#8243; _module_preset=&#8221;default&#8221; text_font=&#8221;Helvetica Regular||||||||&#8221; text_font_size=&#8221;18px&#8221; text_letter_spacing=&#8221;-0.01em&#8221; text_line_height=&#8221;22px&#8221; link_text_color=&#8221;#dcdcd7&#8243; header_4_font=&#8221;Epicene Text Light||||||||&#8221; header_4_font_size=&#8221;28px&#8221; header_4_letter_spacing=&#8221;-0.01em&#8221; header_4_line_height=&#8221;32px&#8221; header_6_font=&#8221;Epicene Text Light||||||||&#8221; header_6_font_size=&#8221;22px&#8221; header_6_letter_spacing=&#8221;-0.01px&#8221; header_6_line_height=&#8221;26px&#8221; background_color=&#8221;#dc323c&#8221; height_tablet=&#8221;&#8221; height_phone=&#8221;&#8221; height_last_edited=&#8221;on|desktop&#8221; custom_margin=&#8221;||2px||false|false&#8221; custom_padding=&#8221;20px|20px|126px|20px|false|true&#8221; custom_padding_tablet=&#8221;||20px||false|true&#8221; custom_padding_phone=&#8221;||20px||false|true&#8221; custom_padding_last_edited=&#8221;on|phone&#8221; custom_css_main_element=&#8221;flex: 1;&#8221; global_colors_info=&#8221;{}&#8221; link_text_color__hover_enabled=&#8221;on|hover&#8221; link_text_color__hover=&#8221;#dcdcd7&#8243;]<\/p>\n<p style=\"text-align: right;\"><strong>9:45 &#8211; 10:00h<\/strong><\/p>\n<p><strong>Inauguraci\u00f3 institucional<\/strong><\/p>\n<p>amb representants de la Generalitat de Catalunya, el Ministeri de Cultura, la Diputaci\u00f3 de Barcelona i l&#8217;Ajuntament de Barcelona<\/p>\n<p>[\/et_pb_text][et_pb_text admin_label=&#8221;Confer\u00e8ncia inaugural The paradox&#8221; _builder_version=&#8221;4.18.0&#8243; _module_preset=&#8221;default&#8221; text_font=&#8221;Helvetica Regular||||||||&#8221; text_font_size=&#8221;18px&#8221; text_letter_spacing=&#8221;-0.01em&#8221; text_line_height=&#8221;22px&#8221; link_text_color=&#8221;#dcdcd7&#8243; header_4_font=&#8221;Epicene Text Light||||||||&#8221; header_4_font_size=&#8221;28px&#8221; header_4_letter_spacing=&#8221;-0.01em&#8221; header_4_line_height=&#8221;32px&#8221; header_6_font=&#8221;Epicene Text Light||||||||&#8221; header_6_font_size=&#8221;22px&#8221; header_6_letter_spacing=&#8221;-0.01px&#8221; header_6_line_height=&#8221;26px&#8221; background_color=&#8221;#dc323c&#8221; custom_margin=&#8221;||||false|false&#8221; custom_padding=&#8221;20px|20px|192px|20px|false|true&#8221; custom_padding_tablet=&#8221;||20px||false|true&#8221; custom_padding_phone=&#8221;||20px||false|true&#8221; custom_padding_last_edited=&#8221;on|phone&#8221; global_colors_info=&#8221;{}&#8221; link_text_color__hover_enabled=&#8221;on|hover&#8221; link_text_color__hover=&#8221;#dcdcd7&#8243;]<\/p>\n<p style=\"text-align: right;\"><strong>10:00 &#8211; 11:00h<\/strong><\/p>\n<p>Confer\u00e8ncia inaugural: <strong>La paradoxa dels p\u00fablics<\/strong><\/p>\n<p><a title=\"Katya Johanson\" href=\"#katya-johanson\">Katya Johanson<\/a> &#8211; AUS<br \/><span style=\"color: #dcdcd7; cursor: pointer;\">+info<\/span><\/p>\n<p>[\/et_pb_text][et_pb_text disabled_on=&#8221;off|off|off&#8221; admin_label=&#8221;Tooltip Confer\u00e8ncia The paradox&#8221; module_id=&#8221;conferencia-the-paradox&#8221; _builder_version=&#8221;4.18.0&#8243; _module_preset=&#8221;default&#8221; text_font=&#8221;Helvetica Regular||||||||&#8221; text_text_color=&#8221;#dcdcd7&#8243; text_font_size=&#8221;18px&#8221; text_letter_spacing=&#8221;-0.01px&#8221; text_line_height=&#8221;22px&#8221; header_5_font=&#8221;Epicene Text Light||||||||&#8221; header_5_text_color=&#8221;#dcdcd7&#8243; header_5_font_size=&#8221;24px&#8221; header_5_letter_spacing=&#8221;-0.01em&#8221; header_5_line_height=&#8221;26px&#8221; background_color=&#8221;#000000&#8243; positioning=&#8221;absolute&#8221; vertical_offset=&#8221;30rem&#8221; horizontal_offset=&#8221;15px&#8221; z_index=&#8221;10&#8243; horizontal_offset_tablet=&#8221;15px&#8221; horizontal_offset_phone=&#8221;0px&#8221; horizontal_offset_last_edited=&#8221;on|phone&#8221; width=&#8221;50vw&#8221; width_tablet=&#8221;50vw&#8221; width_phone=&#8221;100%&#8221; width_last_edited=&#8221;on|phone&#8221; custom_padding=&#8221;20px|20px|20px|20px|true|true&#8221; overflow-x_last_edited=&#8221;off|desktop&#8221; custom_css_main_element=&#8221;display: none;&#8221; global_colors_info=&#8221;{}&#8221; overflow-x__hover_enabled=&#8221;off|desktop&#8221; overflow-x__hover=&#8221;visible&#8221; overflow-y__hover_enabled=&#8221;off|desktop&#8221; overflow-y__hover=&#8221;visible&#8221;]<\/p>\n<p style=\"text-align: right; cursor: pointer;\">x<\/p>\n<h5>Confer\u00e8ncia inaugural: <strong>La paradoxa dels p\u00fablics<\/strong><\/h5>\n<p>Katya Johanson &#8211; AUS<\/p>\n<p>Som p\u00fablics tot el dia: p\u00fablics del que passa al carrer, de la gent que condueix malament, de petits actes de bondat, del comportament dels desconeguts cada vegada que sortim per la porta principal o mirem per la finestra. El p\u00fablic \u00e9s insignificant i an\u00f2nim: els seus noms no es registren i poques vegades se celebren. No obstant aix\u00f2, el p\u00fablic tamb\u00e9 \u00e9s extraordinari i potent. En moments concrets de la hist\u00f2ria global, el p\u00fablic i les seves reaccions han amena\u00e7at les hegemonies predominants i han canviat el curs de la creaci\u00f3 d&#8217;art. Com a m\u00ednim, el p\u00fablic \u00e9s una part integral de tots els principals rituals socials i religiosos de les nostres vides: quan ens nomenen, quan ens casem, quan ens enterren, fem una crida al poder transformador d&#8217;un p\u00fablic per marcar i afirmar l&#8217;ocasi\u00f3. La manera de pensar sobre el p\u00fablic \u00e9s paradoxal. Aquesta confer\u00e8ncia identifica i discuteix diversos tipus de paradoxes associades a la manera com pensem sobre el p\u00fablic. En fer-ho, la confer\u00e8ncia crida l&#8217;atenci\u00f3 sobre l&#8217;acte extraordinari que suposa ser un p\u00fablic i les maneres en qu\u00e8 podem canviar els nostres patrons de pensament per entendre millor el poder que exerceixen les audi\u00e8ncies.<\/p>\n<p>[\/et_pb_text][et_pb_text admin_label=&#8221;Coffe break&#8221; _builder_version=&#8221;4.18.0&#8243; _module_preset=&#8221;default&#8221; text_font=&#8221;Helvetica Regular||||||||&#8221; text_font_size=&#8221;18px&#8221; text_letter_spacing=&#8221;-0.01em&#8221; text_line_height=&#8221;22px&#8221; link_text_color=&#8221;#dcdcd7&#8243; header_4_font=&#8221;Epicene Text Light||||||||&#8221; header_4_font_size=&#8221;28px&#8221; header_4_letter_spacing=&#8221;-0.01em&#8221; header_4_line_height=&#8221;32px&#8221; header_6_font=&#8221;Epicene Text Light||||||||&#8221; header_6_font_size=&#8221;22px&#8221; header_6_letter_spacing=&#8221;-0.01px&#8221; header_6_line_height=&#8221;26px&#8221; background_color=&#8221;#dcdcd7&#8243; custom_margin=&#8221;||||false|false&#8221; custom_padding=&#8221;20px|20px|20px|20px|true|true&#8221; global_colors_info=&#8221;{}&#8221; link_text_color__hover_enabled=&#8221;on|hover&#8221; link_text_color__hover=&#8221;#dcdcd7&#8243;]<\/p>\n<p style=\"text-align: right;\"><strong>11:00 &#8211; 11:30h<\/strong><\/p>\n<p>Coffee break<\/p>\n<p>[\/et_pb_text][et_pb_text admin_label=&#8221;Presentaci\u00f3 Jornada Mat\u00ed&#8221; _builder_version=&#8221;4.18.0&#8243; _module_preset=&#8221;default&#8221; text_font=&#8221;Helvetica Regular||||||||&#8221; text_font_size=&#8221;18px&#8221; text_letter_spacing=&#8221;-0.01em&#8221; text_line_height=&#8221;22px&#8221; link_text_color=&#8221;#dcdcd7&#8243; header_4_font=&#8221;Epicene Text Light||||||||&#8221; header_4_font_size=&#8221;28px&#8221; header_4_letter_spacing=&#8221;-0.01em&#8221; header_4_line_height=&#8221;32px&#8221; header_6_font=&#8221;Epicene Text Light||||||||&#8221; header_6_font_size=&#8221;22px&#8221; header_6_letter_spacing=&#8221;-0.01px&#8221; header_6_line_height=&#8221;26px&#8221; background_color=&#8221;#dc323c&#8221; custom_margin=&#8221;||2px||false|false&#8221; custom_padding=&#8221;20px|20px|20px|20px|true|true&#8221; global_colors_info=&#8221;{}&#8221; link_text_color__hover_enabled=&#8221;on|hover&#8221; link_text_color__hover=&#8221;#dcdcd7&#8243;]<\/p>\n<p style=\"text-align: right;\"><strong>11:30 &#8211; 11:35h<\/strong><\/p>\n<p><strong>Presentaci\u00f3 de la jornada de mat\u00ed<\/strong><\/p>\n<p><a title=\"Pepe Zapata\" href=\"#pepe-zapata\">Pepe Zapata<\/a>, comissari del Congr\u00e9s<\/p>\n<p>[\/et_pb_text][et_pb_text admin_label=&#8221;Presentaci\u00f3 dels espectadors (sessi\u00f3 1)&#8221; _builder_version=&#8221;4.18.0&#8243; _module_preset=&#8221;default&#8221; text_font=&#8221;Helvetica Regular||||||||&#8221; text_font_size=&#8221;18px&#8221; text_letter_spacing=&#8221;-0.01em&#8221; text_line_height=&#8221;22px&#8221; link_text_color=&#8221;#dcdcd7&#8243; header_4_font=&#8221;Epicene Text Light||||||||&#8221; header_4_font_size=&#8221;28px&#8221; header_4_letter_spacing=&#8221;-0.01em&#8221; header_4_line_height=&#8221;32px&#8221; header_6_font=&#8221;Epicene Text Light||||||||&#8221; header_6_font_size=&#8221;22px&#8221; header_6_letter_spacing=&#8221;-0.01px&#8221; header_6_line_height=&#8221;26px&#8221; background_color=&#8221;#dc323c&#8221; custom_margin=&#8221;||2px||false|false&#8221; custom_padding=&#8221;20px|20px|214px|20px|false|true&#8221; custom_padding_tablet=&#8221;||20px||false|true&#8221; custom_padding_phone=&#8221;||||false|true&#8221; custom_padding_last_edited=&#8221;on|phone&#8221; custom_css_main_element=&#8221;flex: 1;&#8221; global_colors_info=&#8221;{}&#8221; link_text_color__hover_enabled=&#8221;on|hover&#8221; link_text_color__hover=&#8221;#dcdcd7&#8243;]<\/p>\n<p style=\"text-align: right;\"><strong>11:35 &#8211; 13:00h<\/strong><\/p>\n<p><strong>Presentaci\u00f3 dels espectadors internacionals convidats i dels seus projectes <\/strong>(sessi\u00f3 1)<\/p>\n<p>[\/et_pb_text][et_pb_text admin_label=&#8221;Confer\u00e8ncia Uti et abuti&#8221; _builder_version=&#8221;4.18.0&#8243; _module_preset=&#8221;default&#8221; text_font=&#8221;Helvetica Regular||||||||&#8221; text_font_size=&#8221;18px&#8221; text_letter_spacing=&#8221;-0.01em&#8221; text_line_height=&#8221;22px&#8221; link_text_color=&#8221;#dcdcd7&#8243; header_4_font=&#8221;Epicene Text Light||||||||&#8221; header_4_font_size=&#8221;28px&#8221; header_4_letter_spacing=&#8221;-0.01em&#8221; header_4_line_height=&#8221;32px&#8221; header_6_font=&#8221;Epicene Text Light||||||||&#8221; header_6_font_size=&#8221;22px&#8221; header_6_letter_spacing=&#8221;-0.01px&#8221; header_6_line_height=&#8221;26px&#8221; background_color=&#8221;#dc323c&#8221; custom_margin=&#8221;||||false|false&#8221; custom_padding=&#8221;20px|20px|20px|20px|true|true&#8221; global_colors_info=&#8221;{}&#8221; link_text_color__hover_enabled=&#8221;on|hover&#8221; link_text_color__hover=&#8221;#dcdcd7&#8243;]<\/p>\n<p style=\"text-align: right;\"><strong>13:00 &#8211; 13:30h<\/strong><\/p>\n<p>Confer\u00e8ncia: <strong>Uti et abuti &#8211; L&#8217;\u00fas i l&#8217;ab\u00fas<\/strong><\/p>\n<p><a title=\"Roger Bernat\" href=\"#roger-bernat\">Roger Bernat<\/a> &#8211; ESP<br \/><span style=\"color: #dcdcd7; cursor: pointer;\">+info<\/span><\/p>\n<p>[\/et_pb_text][et_pb_text disabled_on=&#8221;off|off|off&#8221; admin_label=&#8221;Tooltip Uti et abuti&#8221; module_id=&#8221;uti-et-abuti&#8221; _builder_version=&#8221;4.18.0&#8243; _module_preset=&#8221;default&#8221; text_font=&#8221;Helvetica Regular||||||||&#8221; text_text_color=&#8221;#dcdcd7&#8243; text_font_size=&#8221;18px&#8221; text_letter_spacing=&#8221;-0.01px&#8221; text_line_height=&#8221;22px&#8221; header_5_font=&#8221;Epicene Text Light||||||||&#8221; header_5_text_color=&#8221;#dcdcd7&#8243; header_5_font_size=&#8221;24px&#8221; header_5_letter_spacing=&#8221;-0.01em&#8221; header_5_line_height=&#8221;26px&#8221; background_color=&#8221;#000000&#8243; positioning=&#8221;absolute&#8221; position_origin_a=&#8221;center_left&#8221; vertical_offset=&#8221;10px&#8221; horizontal_offset=&#8221;15px&#8221; z_index=&#8221;10&#8243; horizontal_offset_tablet=&#8221;15px&#8221; horizontal_offset_phone=&#8221;0px&#8221; horizontal_offset_last_edited=&#8221;on|phone&#8221; width=&#8221;50vw&#8221; width_tablet=&#8221;50vw&#8221; width_phone=&#8221;100%&#8221; width_last_edited=&#8221;on|phone&#8221; custom_padding=&#8221;20px|20px|20px|20px|true|true&#8221; overflow-x_last_edited=&#8221;off|desktop&#8221; custom_css_main_element=&#8221;display: none;&#8221; global_colors_info=&#8221;{}&#8221; overflow-x__hover_enabled=&#8221;off|desktop&#8221; overflow-x__hover=&#8221;visible&#8221; overflow-y__hover_enabled=&#8221;off|desktop&#8221; overflow-y__hover=&#8221;visible&#8221;]<\/p>\n<p style=\"text-align: right; cursor: pointer;\">x<\/p>\n<h5>Confer\u00e8ncia: Uti et abuti \u2013 L\u2019\u00fas i l\u2019ab\u00fas<\/h5>\n<p>Roger Bernat &#8211; ESP<\/p>\n<p>A partir d&#8217;una senzilla eina digital col\u00b7laborativa, la confer\u00e8ncia transforma el teatre en laboratori privilegiat per pensar les relacions d&#8217;\u00fas i ab\u00fas. El dret a l\u2019\u00fas i a l\u2019ab\u00fas (\u201cuti et abuti\u201d) \u00e9s el que definia la propietat en dret rom\u00e0. Quan alg\u00fa deia \u201ctallo aquest arbre perqu\u00e8 \u00e9s meu\u201d estava afirmant la propietat d&#8217;una cosa. Quan deia &#8220;llogo aquest treballador&#8221; aquesta relaci\u00f3 es traslladava al temps d&#8217;una determinada persona. En teatre no seria possible aixecar un drama sense teixir una apretada xarxa de relacions d&#8217;\u00fas i ab\u00fas. I el p\u00fablic, encara que pugui semblar el contrari, mai no \u00e9s el testimoni innocent.<\/p>\n<p>[\/et_pb_text][et_pb_text admin_label=&#8221;Esmorzar lliure&#8221; _builder_version=&#8221;4.18.0&#8243; _module_preset=&#8221;default&#8221; text_font=&#8221;Helvetica Regular||||||||&#8221; text_font_size=&#8221;18px&#8221; text_letter_spacing=&#8221;-0.01em&#8221; text_line_height=&#8221;22px&#8221; link_text_color=&#8221;#dcdcd7&#8243; header_4_font=&#8221;Epicene Text Light||||||||&#8221; header_4_font_size=&#8221;28px&#8221; header_4_letter_spacing=&#8221;-0.01em&#8221; header_4_line_height=&#8221;32px&#8221; header_6_font=&#8221;Epicene Text Light||||||||&#8221; header_6_font_size=&#8221;22px&#8221; header_6_letter_spacing=&#8221;-0.01px&#8221; header_6_line_height=&#8221;26px&#8221; background_color=&#8221;#dcdcd7&#8243; custom_margin=&#8221;||||false|false&#8221; custom_padding=&#8221;20px|20px|20px|20px|true|true&#8221; global_colors_info=&#8221;{}&#8221; link_text_color__hover_enabled=&#8221;on|hover&#8221; link_text_color__hover=&#8221;#dcdcd7&#8243;]<\/p>\n<p style=\"text-align: right;\"><strong>13:30 &#8211; 15:30h<\/strong><\/p>\n<p>Esmorzar lliure<\/p>\n<p>[\/et_pb_text][et_pb_text admin_label=&#8221;Presentaci\u00f3 jornada tarda&#8221; _builder_version=&#8221;4.18.0&#8243; _module_preset=&#8221;default&#8221; text_font=&#8221;Helvetica Regular||||||||&#8221; text_font_size=&#8221;18px&#8221; text_letter_spacing=&#8221;-0.01em&#8221; text_line_height=&#8221;22px&#8221; link_text_color=&#8221;#dcdcd7&#8243; header_4_font=&#8221;Epicene Text Light||||||||&#8221; header_4_font_size=&#8221;28px&#8221; header_4_letter_spacing=&#8221;-0.01em&#8221; header_4_line_height=&#8221;32px&#8221; header_6_font=&#8221;Epicene Text Light||||||||&#8221; header_6_font_size=&#8221;22px&#8221; header_6_letter_spacing=&#8221;-0.01px&#8221; header_6_line_height=&#8221;26px&#8221; background_color=&#8221;#a17d52&#8243; custom_margin=&#8221;||2px||false|false&#8221; custom_padding=&#8221;20px|20px|20px|20px|true|true&#8221; global_colors_info=&#8221;{}&#8221; link_text_color__hover_enabled=&#8221;on|hover&#8221; link_text_color__hover=&#8221;#dcdcd7&#8243;]<\/p>\n<p style=\"text-align: right;\"><strong>15:30 &#8211; 15:35h<\/strong><\/p>\n<p><strong>Presentaci\u00f3 de la jornada de tarda<\/strong><\/p>\n<p><a title=\"Pepe Zapata\" href=\"#pepe-zapata\">Pepe Zapata<\/a>, comissari del Congr\u00e9s<\/p>\n<p>[\/et_pb_text][et_pb_text admin_label=&#8221;Confer\u00e8ncia: El p\u00fablico&#8221; _builder_version=&#8221;4.18.0&#8243; _module_preset=&#8221;default&#8221; text_font=&#8221;Helvetica Regular||||||||&#8221; text_font_size=&#8221;18px&#8221; text_letter_spacing=&#8221;-0.01em&#8221; text_line_height=&#8221;22px&#8221; link_text_color=&#8221;#dcdcd7&#8243; header_4_font=&#8221;Epicene Text Light||||||||&#8221; header_4_font_size=&#8221;28px&#8221; header_4_letter_spacing=&#8221;-0.01em&#8221; header_4_line_height=&#8221;32px&#8221; header_6_font=&#8221;Epicene Text Light||||||||&#8221; header_6_font_size=&#8221;22px&#8221; header_6_letter_spacing=&#8221;-0.01px&#8221; header_6_line_height=&#8221;26px&#8221; background_color=&#8221;#a17d52&#8243; custom_margin=&#8221;||||false|false&#8221; custom_padding=&#8221;20px|20px|20px|20px|true|true&#8221; global_colors_info=&#8221;{}&#8221; link_text_color__hover_enabled=&#8221;on|hover&#8221; link_text_color__hover=&#8221;#dcdcd7&#8243;]<\/p>\n<p style=\"text-align: right;\"><strong>15:35 -16:30h<\/strong><\/p>\n<p>Confer\u00e8ncia: <strong>El p\u00fablic: records, rumors i presagis<\/strong><\/p>\n<p><a title=\"Zavel Castro\" href=\"#zavel-castro\">Zavel Castro<\/a> &#8211; MEX<br \/><span style=\"color: #dcdcd7; cursor: pointer;\">+info<\/span><\/p>\n<p>[\/et_pb_text][et_pb_text disabled_on=&#8221;off|off|off&#8221; admin_label=&#8221;Tooltip Confer\u00e8ncia: El p\u00fablico&#8221; module_id=&#8221;conferencia-el-publico&#8221; _builder_version=&#8221;4.18.0&#8243; _module_preset=&#8221;default&#8221; text_font=&#8221;Helvetica Regular||||||||&#8221; text_text_color=&#8221;#dcdcd7&#8243; text_font_size=&#8221;18px&#8221; text_letter_spacing=&#8221;-0.01px&#8221; text_line_height=&#8221;22px&#8221; header_5_font=&#8221;Epicene Text Light||||||||&#8221; header_5_text_color=&#8221;#dcdcd7&#8243; header_5_font_size=&#8221;24px&#8221; header_5_letter_spacing=&#8221;-0.01em&#8221; header_5_line_height=&#8221;26px&#8221; background_color=&#8221;#000000&#8243; positioning=&#8221;absolute&#8221; position_origin_a=&#8221;bottom_left&#8221; vertical_offset=&#8221;65rem&#8221; horizontal_offset=&#8221;15px&#8221; z_index=&#8221;10&#8243; vertical_offset_tablet=&#8221;65rem&#8221; vertical_offset_phone=&#8221;55rem&#8221; vertical_offset_last_edited=&#8221;on|phone&#8221; horizontal_offset_tablet=&#8221;15px&#8221; horizontal_offset_phone=&#8221;0px&#8221; horizontal_offset_last_edited=&#8221;on|phone&#8221; width=&#8221;50vw&#8221; width_tablet=&#8221;50vw&#8221; width_phone=&#8221;100%&#8221; width_last_edited=&#8221;on|phone&#8221; custom_padding=&#8221;20px|20px|20px|20px|true|true&#8221; overflow-x_last_edited=&#8221;off|desktop&#8221; custom_css_main_element=&#8221;display: none;&#8221; global_colors_info=&#8221;{}&#8221; overflow-x__hover_enabled=&#8221;off|desktop&#8221; overflow-x__hover=&#8221;visible&#8221; overflow-y__hover_enabled=&#8221;off|desktop&#8221; overflow-y__hover=&#8221;visible&#8221;]<\/p>\n<p style=\"text-align: right; cursor: pointer;\">x<\/p>\n<h5>Confer\u00e8ncia: El p\u00fablic: records, rumors i presagis<\/h5>\n<p>Zavel Castro &#8211; MEX<\/p>\n<p>Aquesta xerrada proposa un recorregut historicoconceptual sobre els moments clau de la hist\u00f2ria dels p\u00fablics teatrals, per reflexionar sobre les funcions que ha complert tradicionalment, i imaginar-ne possibles futurs.<\/p>\n<p>[\/et_pb_text][et_pb_text admin_label=&#8221;Coffe break&#8221; _builder_version=&#8221;4.18.0&#8243; _module_preset=&#8221;default&#8221; text_font=&#8221;Helvetica Regular||||||||&#8221; text_font_size=&#8221;18px&#8221; text_letter_spacing=&#8221;-0.01em&#8221; text_line_height=&#8221;22px&#8221; link_text_color=&#8221;#dcdcd7&#8243; header_4_font=&#8221;Epicene Text Light||||||||&#8221; header_4_font_size=&#8221;28px&#8221; header_4_letter_spacing=&#8221;-0.01em&#8221; header_4_line_height=&#8221;32px&#8221; header_6_font=&#8221;Epicene Text Light||||||||&#8221; header_6_font_size=&#8221;22px&#8221; header_6_letter_spacing=&#8221;-0.01px&#8221; header_6_line_height=&#8221;26px&#8221; background_color=&#8221;#dcdcd7&#8243; custom_margin=&#8221;||||false|false&#8221; custom_padding=&#8221;20px|20px|20px|20px|true|true&#8221; global_colors_info=&#8221;{}&#8221; link_text_color__hover_enabled=&#8221;on|hover&#8221; link_text_color__hover=&#8221;#dcdcd7&#8243;]<\/p>\n<p style=\"text-align: right;\"><strong>16:30 &#8211; 17:00h<\/strong><\/p>\n<p>Coffee break<\/p>\n<p>[\/et_pb_text][et_pb_text admin_label=&#8221;Presentaci\u00f3 dels espectadors (sessi\u00f3 2)&#8221; _builder_version=&#8221;4.18.0&#8243; _module_preset=&#8221;default&#8221; text_font=&#8221;Helvetica Regular||||||||&#8221; text_font_size=&#8221;18px&#8221; text_letter_spacing=&#8221;-0.01em&#8221; text_line_height=&#8221;22px&#8221; link_text_color=&#8221;#dcdcd7&#8243; header_4_font=&#8221;Epicene Text Light||||||||&#8221; header_4_font_size=&#8221;28px&#8221; header_4_letter_spacing=&#8221;-0.01em&#8221; header_4_line_height=&#8221;32px&#8221; header_6_font=&#8221;Epicene Text Light||||||||&#8221; header_6_font_size=&#8221;22px&#8221; header_6_letter_spacing=&#8221;-0.01px&#8221; header_6_line_height=&#8221;26px&#8221; background_color=&#8221;#a17d52&#8243; custom_margin=&#8221;||2px||false|false&#8221; custom_padding=&#8221;20px|20px|20px|20px|true|true&#8221; global_colors_info=&#8221;{}&#8221; link_text_color__hover_enabled=&#8221;on|hover&#8221; link_text_color__hover=&#8221;#dcdcd7&#8243;]<\/p>\n<p style=\"text-align: right;\"><strong>17:00 &#8211; 18:00h<\/strong><\/p>\n<p><strong>Presentaci\u00f3 dels espectadors internacionals convidats i dels seus projectes<\/strong>\u00a0(sessi\u00f3 2)<\/p>\n<p>[\/et_pb_text][et_pb_text admin_label=&#8221;Taula de debat i experi\u00e8ncies: Escoles d&#8217;espectadors&#8221; _builder_version=&#8221;4.18.0&#8243; _module_preset=&#8221;default&#8221; text_font=&#8221;Helvetica Regular||||||||&#8221; text_font_size=&#8221;18px&#8221; text_letter_spacing=&#8221;-0.01em&#8221; text_line_height=&#8221;22px&#8221; link_text_color=&#8221;#dcdcd7&#8243; header_4_font=&#8221;Epicene Text Light||||||||&#8221; header_4_font_size=&#8221;28px&#8221; header_4_letter_spacing=&#8221;-0.01em&#8221; header_4_line_height=&#8221;32px&#8221; header_6_font=&#8221;Epicene Text Light||||||||&#8221; header_6_font_size=&#8221;22px&#8221; header_6_letter_spacing=&#8221;-0.01px&#8221; header_6_line_height=&#8221;26px&#8221; background_color=&#8221;#a17d52&#8243; custom_margin=&#8221;||2px||false|false&#8221; custom_padding=&#8221;20px|20px|20px|20px|true|true&#8221; global_colors_info=&#8221;{}&#8221; link_text_color__hover_enabled=&#8221;on|hover&#8221; link_text_color__hover=&#8221;#dcdcd7&#8243;]<\/p>\n<p style=\"text-align: right;\"><strong>18:00 &#8211; 19:00h<\/strong><\/p>\n<p>Taula de debat i experi\u00e8ncies: <strong>Escoles d&#8217;espectadors a Llatinoam\u00e8rica. Evoluci\u00f3 i reptes de futur<\/strong><\/p>\n<p><a title=\"Luis Conde\" href=\"#luis-conde\">Luis Conde<\/a> \u2013 MEX<br \/><a title=\" Jos\u00e9 Montero\" href=\"#jose-montero\"> Jos\u00e9 Montero<\/a> \u2013 CRI<br \/><a title=\"Renato Recalde\" href=\"#renato-recalde\">Renato Recalde<\/a> \u2013 PRY<br \/><a title=\"Olivia Camboim\" href=\"#olivia-camboim\">Olivia Camboim<\/a> \u2013 BRA<br \/><a title=\"Laura Ruiz\" href=\"#laura-ruiz\">Laura Ruiz<\/a> \u2013 SLV<br \/><a title=\"Pablo Mascare\u00f1o\" href=\"#pablo-mascare\u00f1o\">Pablo Mascare\u00f1o<\/a> \u2013 ARG<\/p>\n<p>modera: <a title=\"Albert Reverendo\" href=\"#albert-reverendo\">Albert Reverendo<\/a> &#8211; ESP<\/p>\n<p>[\/et_pb_text][et_pb_text admin_label=&#8221;Visita al Teatre Romea i al Teatre Goya&#8221; _builder_version=&#8221;4.18.0&#8243; _module_preset=&#8221;default&#8221; text_font=&#8221;Helvetica Regular||||||||&#8221; text_text_color=&#8221;#dcdcd7&#8243; text_font_size=&#8221;18px&#8221; text_letter_spacing=&#8221;-0.01em&#8221; text_line_height=&#8221;22px&#8221; link_text_color=&#8221;#dcdcd7&#8243; header_4_font=&#8221;Epicene Text Light||||||||&#8221; header_4_font_size=&#8221;28px&#8221; header_4_letter_spacing=&#8221;-0.01em&#8221; header_4_line_height=&#8221;32px&#8221; header_6_font=&#8221;Epicene Text Light||||||||&#8221; header_6_font_size=&#8221;22px&#8221; header_6_letter_spacing=&#8221;-0.01px&#8221; header_6_line_height=&#8221;26px&#8221; background_color=&#8221;#000000&#8243; custom_margin=&#8221;||||false|false&#8221; custom_margin_tablet=&#8221;||||false|false&#8221; custom_margin_phone=&#8221;||20px||false|false&#8221; custom_margin_last_edited=&#8221;on|phone&#8221; custom_padding=&#8221;20px|20px|214px|20px|false|true&#8221; custom_padding_tablet=&#8221;||20px||false|true&#8221; custom_padding_phone=&#8221;||||false|true&#8221; custom_padding_last_edited=&#8221;on|phone&#8221; global_colors_info=&#8221;{}&#8221; link_text_color__hover_enabled=&#8221;on|hover&#8221; link_text_color__hover=&#8221;#dcdcd7&#8243;]<\/p>\n<p style=\"text-align: right;\"><strong>19:00 &#8211; 20:30h<\/strong><\/p>\n<p><strong>Visita al Teatre Romea i al Teatre Goya<br \/><\/strong>activitat exclusiva per a convidats internacionals<\/p>\n<p>[\/et_pb_text][\/et_pb_column][et_pb_column type=&#8221;1_3&#8243; _builder_version=&#8221;4.18.0&#8243; _module_preset=&#8221;default&#8221; custom_padding=&#8221;|5px||5px|false|false&#8221; border_style_top=&#8221;dashed&#8221; border_width_left=&#8221;1px&#8221; border_style_left=&#8221;dashed&#8221; border_width_top_tablet=&#8221;&#8221; border_width_top_phone=&#8221;1px&#8221; border_width_top_last_edited=&#8221;on|phone&#8221; border_width_left_tablet=&#8221;1px&#8221; border_width_left_phone=&#8221;0px&#8221; border_width_left_last_edited=&#8221;on|phone&#8221; global_colors_info=&#8221;{}&#8221;][et_pb_text admin_label=&#8221;Dimarts&#8221; _builder_version=&#8221;4.18.0&#8243; _module_preset=&#8221;default&#8221; text_font=&#8221;Helvetica Regular||||||||&#8221; text_font_size=&#8221;18px&#8221; text_letter_spacing=&#8221;-0.01em&#8221; text_line_height=&#8221;22px&#8221; link_text_color=&#8221;#dcdcd7&#8243; header_3_font=&#8221;Epicene Text Light|600|||||||&#8221; header_3_font_size=&#8221;28px&#8221; header_3_letter_spacing=&#8221;-0.01em&#8221; header_3_line_height=&#8221;32px&#8221; header_4_font=&#8221;Epicene Text Light||||||||&#8221; header_4_font_size=&#8221;28px&#8221; header_4_letter_spacing=&#8221;-0.01em&#8221; header_4_line_height=&#8221;32px&#8221; custom_padding=&#8221;20px|20px|20px|20px|true|true&#8221; global_colors_info=&#8221;{}&#8221; link_text_color__hover_enabled=&#8221;on|hover&#8221; link_text_color__hover=&#8221;#dcdcd7&#8243;]<\/p>\n<h3>Jornada 2<\/h3>\n<p><em>DIMARTS 25 d&#8217;octubre de 2022<br \/><\/em>Teatre Romea, Barcelona<\/p>\n<p>[\/et_pb_text][et_pb_text admin_label=&#8221;Informaci\u00f3, registre i recepci\u00f3 d&#8217;assitents&#8221; _builder_version=&#8221;4.18.0&#8243; _module_preset=&#8221;default&#8221; text_font=&#8221;Helvetica Regular||||||||&#8221; text_font_size=&#8221;18px&#8221; text_letter_spacing=&#8221;-0.01em&#8221; text_line_height=&#8221;22px&#8221; link_text_color=&#8221;#dcdcd7&#8243; header_4_font=&#8221;Epicene Text Light||||||||&#8221; header_4_font_size=&#8221;28px&#8221; header_4_letter_spacing=&#8221;-0.01em&#8221; header_4_line_height=&#8221;32px&#8221; header_6_font=&#8221;Epicene Text Light||||||||&#8221; header_6_font_size=&#8221;22px&#8221; header_6_letter_spacing=&#8221;-0.01px&#8221; header_6_line_height=&#8221;26px&#8221; background_color=&#8221;#a17d52&#8243; custom_margin=&#8221;||2px||false|false&#8221; custom_padding=&#8221;20px|20px|20px|20px|true|true&#8221; global_colors_info=&#8221;{}&#8221; link_text_color__hover_enabled=&#8221;on|hover&#8221; link_text_color__hover=&#8221;#dcdcd7&#8243;]<\/p>\n<p style=\"text-align: right;\"><strong>8:30 &#8211; 18:30h<\/strong><\/p>\n<p>Informaci\u00f3, registre i recepci\u00f3 d&#8217;assistents<\/p>\n<p>[\/et_pb_text][et_pb_text admin_label=&#8221;Presentaci\u00f3 jornada mat\u00ed&#8221; _builder_version=&#8221;4.18.0&#8243; _module_preset=&#8221;default&#8221; text_font=&#8221;Helvetica Regular||||||||&#8221; text_font_size=&#8221;18px&#8221; text_letter_spacing=&#8221;-0.01em&#8221; text_line_height=&#8221;22px&#8221; link_text_color=&#8221;#dcdcd7&#8243; header_4_font=&#8221;Epicene Text Light||||||||&#8221; header_4_font_size=&#8221;28px&#8221; header_4_letter_spacing=&#8221;-0.01em&#8221; header_4_line_height=&#8221;32px&#8221; header_6_font=&#8221;Epicene Text Light||||||||&#8221; header_6_font_size=&#8221;22px&#8221; header_6_letter_spacing=&#8221;-0.01px&#8221; header_6_line_height=&#8221;26px&#8221; background_color=&#8221;#a17d52&#8243; custom_margin=&#8221;||2px||false|false&#8221; custom_padding=&#8221;20px|20px|20px|20px|true|true&#8221; global_colors_info=&#8221;{}&#8221; link_text_color__hover_enabled=&#8221;on|hover&#8221; link_text_color__hover=&#8221;#dcdcd7&#8243;]<\/p>\n<p style=\"text-align: right;\"><strong>9:00 &#8211; 9:05h<\/strong><\/p>\n<p><strong>Presentaci\u00f3 de la jornada de mat\u00ed<\/strong><\/p>\n<p><a title=\"Pepe Zapata\" href=\"#pepe-zapata\">Pepe Zapata<\/a>, comissari del Congr\u00e9s<\/p>\n<p>[\/et_pb_text][et_pb_text admin_label=&#8221;Confer\u00e8ncia: El teatre com eina&#8221; _builder_version=&#8221;4.18.0&#8243; _module_preset=&#8221;default&#8221; text_font=&#8221;Helvetica Regular||||||||&#8221; text_font_size=&#8221;18px&#8221; text_letter_spacing=&#8221;-0.01em&#8221; text_line_height=&#8221;22px&#8221; link_text_color=&#8221;#dcdcd7&#8243; header_4_font=&#8221;Epicene Text Light||||||||&#8221; header_4_font_size=&#8221;28px&#8221; header_4_letter_spacing=&#8221;-0.01em&#8221; header_4_line_height=&#8221;32px&#8221; header_6_font=&#8221;Epicene Text Light||||||||&#8221; header_6_font_size=&#8221;22px&#8221; header_6_letter_spacing=&#8221;-0.01px&#8221; header_6_line_height=&#8221;26px&#8221; background_color=&#8221;#a17d52&#8243; height_last_edited=&#8221;off|desktop&#8221; custom_margin=&#8221;||2px||false|false&#8221; custom_padding=&#8221;20px|20px|192px|20px|false|true&#8221; custom_padding_tablet=&#8221;||20px||false|true&#8221; custom_padding_phone=&#8221;||||false|true&#8221; custom_padding_last_edited=&#8221;on|phone&#8221; custom_css_main_element=&#8221;flex: 1;&#8221; global_colors_info=&#8221;{}&#8221; link_text_color__hover_enabled=&#8221;on|hover&#8221; link_text_color__hover=&#8221;#dcdcd7&#8243;]<\/p>\n<p style=\"text-align: right;\"><strong>9:05 &#8211; 10:00h<\/strong><\/p>\n<p>Confer\u00e8ncia: <strong>El teatre com a eina d&#8217;innovaci\u00f3 social<\/strong><\/p>\n<p><a title=\"Antonella Broglia\" href=\"#antonella-broglia\">Antonella Broglia<\/a> &#8211; ITA<\/p>\n<p>[\/et_pb_text][et_pb_text admin_label=&#8221;Taula de debat i experi\u00e8ncies: Teatre social&#8221; _builder_version=&#8221;4.18.0&#8243; _module_preset=&#8221;default&#8221; text_font=&#8221;Helvetica Regular||||||||&#8221; text_font_size=&#8221;18px&#8221; text_letter_spacing=&#8221;-0.01em&#8221; text_line_height=&#8221;22px&#8221; link_text_color=&#8221;#dcdcd7&#8243; header_4_font=&#8221;Epicene Text Light||||||||&#8221; header_4_font_size=&#8221;28px&#8221; header_4_letter_spacing=&#8221;-0.01em&#8221; header_4_line_height=&#8221;32px&#8221; header_6_font=&#8221;Epicene Text Light||||||||&#8221; header_6_font_size=&#8221;22px&#8221; header_6_letter_spacing=&#8221;-0.01px&#8221; header_6_line_height=&#8221;26px&#8221; background_color=&#8221;#a17d52&#8243; custom_margin=&#8221;||||false|false&#8221; custom_padding=&#8221;20px|20px|20px|20px|true|true&#8221; global_colors_info=&#8221;{}&#8221; link_text_color__hover_enabled=&#8221;on|hover&#8221; link_text_color__hover=&#8221;#dcdcd7&#8243;]<\/p>\n<p style=\"text-align: right;\"><strong>10:00 &#8211; 11:00h<\/strong><\/p>\n<p>Taula de debat i experi\u00e8ncies: <strong>Teatre social, inclusi\u00f3, accessibilitat<\/strong><\/p>\n<p><a title=\"Isis Abell\u00e1n\" href=\"#isis-abellan\">Isis Abell\u00e1n<\/a> \u2013 ESP<br \/><a title=\"Michelle Rolfe\" href=\"#michelle-rolfe\">Michelle Rolfe<\/a> \u2013 GBR<br \/><a title=\"Argelia E Rojas Mu\u00f1oz\" href=\"#argelia-rojas\">Argelia E Rojas Mu\u00f1oz<\/a> &#8211; CHL<br \/><a title=\"Z\u00e9 Pires\" href=\"#ze-pires\">Z\u00e9 Pires<\/a> &#8211; PRT<br \/><a title=\"Jaime Plaza\" href=\"#jaime-plaza\">Jaime Plaza<\/a> &#8211; PER<br \/><a title=\"Andrew kaggwa\" href=\"#andrew-kaggwa\">Andrew kaggwa<\/a> &#8211; UGA<br \/><a title=\"Moez Mrabet\" href=\"#moez-mrabet\">Moez Mrabet<\/a> &#8211; TUN<br \/><a title=\"Breana Ogaldez\" href=\"#breana-ogaldez\">Breana Ogaldez<\/a> &#8211; USA<\/p>\n<p>modera: <a title=\"\u00c1ngeles de Paz\" href=\"#angeles-depaz\">\u00c1ngeles de Paz<\/a> &#8211; ESP<\/p>\n<p>[\/et_pb_text][et_pb_text admin_label=&#8221;Coffe break&#8221; _builder_version=&#8221;4.18.0&#8243; _module_preset=&#8221;default&#8221; text_font=&#8221;Helvetica Regular||||||||&#8221; text_font_size=&#8221;18px&#8221; text_letter_spacing=&#8221;-0.01em&#8221; text_line_height=&#8221;22px&#8221; link_text_color=&#8221;#dcdcd7&#8243; header_4_font=&#8221;Epicene Text Light||||||||&#8221; header_4_font_size=&#8221;28px&#8221; header_4_letter_spacing=&#8221;-0.01em&#8221; header_4_line_height=&#8221;32px&#8221; header_6_font=&#8221;Epicene Text Light||||||||&#8221; header_6_font_size=&#8221;22px&#8221; header_6_letter_spacing=&#8221;-0.01px&#8221; header_6_line_height=&#8221;26px&#8221; background_color=&#8221;#dcdcd7&#8243; custom_margin=&#8221;||||false|false&#8221; custom_padding=&#8221;20px|20px|20px|20px|true|true&#8221; global_colors_info=&#8221;{}&#8221; link_text_color__hover_enabled=&#8221;on|hover&#8221; link_text_color__hover=&#8221;#dcdcd7&#8243;]<\/p>\n<p style=\"text-align: right;\"><strong>11:00 &#8211; 11:30h<\/strong><\/p>\n<p>Coffee break<\/p>\n<p>[\/et_pb_text][et_pb_text admin_label=&#8221;Presentaci\u00f3 dels espectador (sessi\u00f3 3)&#8221; _builder_version=&#8221;4.18.0&#8243; _module_preset=&#8221;default&#8221; text_font=&#8221;Helvetica Regular||||||||&#8221; text_font_size=&#8221;18px&#8221; text_letter_spacing=&#8221;-0.01em&#8221; text_line_height=&#8221;22px&#8221; link_text_color=&#8221;#dcdcd7&#8243; header_4_font=&#8221;Epicene Text Light||||||||&#8221; header_4_font_size=&#8221;28px&#8221; header_4_letter_spacing=&#8221;-0.01em&#8221; header_4_line_height=&#8221;32px&#8221; header_6_font=&#8221;Epicene Text Light||||||||&#8221; header_6_font_size=&#8221;22px&#8221; header_6_letter_spacing=&#8221;-0.01px&#8221; header_6_line_height=&#8221;26px&#8221; background_color=&#8221;#a17d52&#8243; custom_margin=&#8221;||2px||false|false&#8221; custom_padding=&#8221;20px|20px|20px|20px|true|true&#8221; global_colors_info=&#8221;{}&#8221; link_text_color__hover_enabled=&#8221;on|hover&#8221; link_text_color__hover=&#8221;#dcdcd7&#8243;]<\/p>\n<p style=\"text-align: right;\"><strong>11:30 &#8211; 12:15h<\/strong><\/p>\n<p><strong>Presentaci\u00f3 dels espectadors internacionals convidats i dels seus projectes<\/strong>\u00a0(sessi\u00f3 3)<\/p>\n<p>[\/et_pb_text][et_pb_text admin_label=&#8221;Taula de debat i experi\u00e8ncies: Escoles d&#8217;espectadors&#8221; _builder_version=&#8221;4.18.0&#8243; _module_preset=&#8221;default&#8221; text_font=&#8221;Helvetica Regular||||||||&#8221; text_font_size=&#8221;18px&#8221; text_letter_spacing=&#8221;-0.01em&#8221; text_line_height=&#8221;22px&#8221; link_text_color=&#8221;#dcdcd7&#8243; header_4_font=&#8221;Epicene Text Light||||||||&#8221; header_4_font_size=&#8221;28px&#8221; header_4_letter_spacing=&#8221;-0.01em&#8221; header_4_line_height=&#8221;32px&#8221; header_6_font=&#8221;Epicene Text Light||||||||&#8221; header_6_font_size=&#8221;22px&#8221; header_6_letter_spacing=&#8221;-0.01px&#8221; header_6_line_height=&#8221;26px&#8221; background_color=&#8221;#a17d52&#8243; custom_margin=&#8221;||2px||false|false&#8221; custom_padding=&#8221;20px|20px|20px|20px|true|true&#8221; custom_css_main_element=&#8221;flex: 1&#8243; global_colors_info=&#8221;{}&#8221; link_text_color__hover_enabled=&#8221;on|hover&#8221; link_text_color__hover=&#8221;#dcdcd7&#8243;]<\/p>\n<p style=\"text-align: right;\"><strong>12:15 -13:00h<\/strong><\/p>\n<p>Taula de debat i experi\u00e8ncies: <strong>Escoles d&#8217;espectadors a Llatinoam\u00e8rica i Catalunya. Evoluci\u00f3 i reptes de futur<\/strong><\/p>\n<p><a title=\"Rosa Paseggi\" href=\"#rosa-paseggi\">Rosa Paseggi<\/a> \u2013 URY<br \/><a title=\"Camilo Gil\" href=\"#camilo-gil\">Camilo Gil<\/a> \u2013 BOL<br \/><a title=\"Anna Guix\" href=\"#anna-guix\">Anna Guix<\/a> \u2013 ESP<br \/><a title=\"\u00c1ngeles de Paz\" href=\"#angeles-depaz\">\u00c1ngeles de Paz<\/a>\u00a0\u2013 ESP<br \/><a title=\"Marc Pineda\" href=\"#marc-pineda\">Marc Pineda<\/a> \u2013 ESP<br \/><a title=\"Lara Alonso\" href=\"#lara-alonso\">Lara Alonso<\/a> &#8211; ESP<\/p>\n<p>modera: <a title=\"Pere Riera\" href=\"#pere-riera\">Pere Riera<\/a> &#8211; ESP<\/p>\n<p>[\/et_pb_text][et_pb_text admin_label=&#8221;Acci\u00f3 art\u00edstica&#8221; _builder_version=&#8221;4.18.0&#8243; _module_preset=&#8221;default&#8221; text_font=&#8221;Helvetica Regular||||||||&#8221; text_font_size=&#8221;18px&#8221; text_letter_spacing=&#8221;-0.01em&#8221; text_line_height=&#8221;22px&#8221; link_text_color=&#8221;#dcdcd7&#8243; header_4_font=&#8221;Epicene Text Light||||||||&#8221; header_4_font_size=&#8221;28px&#8221; header_4_letter_spacing=&#8221;-0.01em&#8221; header_4_line_height=&#8221;32px&#8221; header_6_font=&#8221;Epicene Text Light||||||||&#8221; header_6_font_size=&#8221;22px&#8221; header_6_letter_spacing=&#8221;-0.01px&#8221; header_6_line_height=&#8221;26px&#8221; background_color=&#8221;#a17d52&#8243; custom_margin=&#8221;||||false|false&#8221; custom_padding=&#8221;20px|20px|42px|20px|false|true&#8221; custom_padding_tablet=&#8221;||20px||false|true&#8221; custom_padding_phone=&#8221;||||false|true&#8221; custom_padding_last_edited=&#8221;on|phone&#8221; global_colors_info=&#8221;{}&#8221; link_text_color__hover_enabled=&#8221;on|hover&#8221; link_text_color__hover=&#8221;#dcdcd7&#8243;]<\/p>\n<p style=\"text-align: right;\"><strong>13:00 &#8211; 13:30h<\/strong><\/p>\n<p>Acci\u00f3 art\u00edstica: <strong>El cos dels espectadors<\/strong><\/p>\n<p><a title=\"Toni Jodar\" href=\"#toni-jodar\">Toni Jodar<\/a>, Explica Dansa &#8211; ESP<\/p>\n<p>[\/et_pb_text][et_pb_text admin_label=&#8221;Esmorzar lliure&#8221; _builder_version=&#8221;4.18.0&#8243; _module_preset=&#8221;default&#8221; text_font=&#8221;Helvetica Regular||||||||&#8221; text_font_size=&#8221;18px&#8221; text_letter_spacing=&#8221;-0.01em&#8221; text_line_height=&#8221;22px&#8221; link_text_color=&#8221;#dcdcd7&#8243; header_4_font=&#8221;Epicene Text Light||||||||&#8221; header_4_font_size=&#8221;28px&#8221; header_4_letter_spacing=&#8221;-0.01em&#8221; header_4_line_height=&#8221;32px&#8221; header_6_font=&#8221;Epicene Text Light||||||||&#8221; header_6_font_size=&#8221;22px&#8221; header_6_letter_spacing=&#8221;-0.01px&#8221; header_6_line_height=&#8221;26px&#8221; background_color=&#8221;#dcdcd7&#8243; custom_margin=&#8221;||||false|false&#8221; custom_padding=&#8221;20px|20px|20px|20px|true|true&#8221; global_colors_info=&#8221;{}&#8221; link_text_color__hover_enabled=&#8221;on|hover&#8221; link_text_color__hover=&#8221;#dcdcd7&#8243;]<\/p>\n<p style=\"text-align: right;\"><strong>13:30 &#8211; 15:30h<\/strong><\/p>\n<p>Esmorzar lliure<\/p>\n<p>[\/et_pb_text][et_pb_text admin_label=&#8221;Presentaci\u00f3 tallers&#8221; _builder_version=&#8221;4.18.0&#8243; _module_preset=&#8221;default&#8221; text_font=&#8221;Helvetica Regular||||||||&#8221; text_font_size=&#8221;18px&#8221; text_letter_spacing=&#8221;-0.01em&#8221; text_line_height=&#8221;22px&#8221; link_text_color=&#8221;#dcdcd7&#8243; header_4_font=&#8221;Epicene Text Light||||||||&#8221; header_4_font_size=&#8221;28px&#8221; header_4_letter_spacing=&#8221;-0.01em&#8221; header_4_line_height=&#8221;32px&#8221; header_6_font=&#8221;Epicene Text Light||||||||&#8221; header_6_font_size=&#8221;22px&#8221; header_6_letter_spacing=&#8221;-0.01px&#8221; header_6_line_height=&#8221;26px&#8221; background_color=&#8221;#dc323c&#8221; custom_margin=&#8221;||2px||false|false&#8221; custom_padding=&#8221;20px|20px|20px|20px|true|true&#8221; global_colors_info=&#8221;{}&#8221; link_text_color__hover_enabled=&#8221;on|hover&#8221; link_text_color__hover=&#8221;#dcdcd7&#8243;]<\/p>\n<p style=\"text-align: right;\"><strong>15:30 &#8211; 15:45h<\/strong><\/p>\n<p><strong>Presentaci\u00f3 dels tallers<\/strong><\/p>\n<p><a title=\"Pepe Zapata\" href=\"#pepe-zapata\">Pepe Zapata<\/a>, comissari del Congr\u00e9s<\/p>\n<p>[\/et_pb_text][et_pb_text admin_label=&#8221;Tallers&#8221; _builder_version=&#8221;4.18.0&#8243; _module_preset=&#8221;default&#8221; text_font=&#8221;Helvetica Regular||||||||&#8221; text_font_size=&#8221;18px&#8221; text_letter_spacing=&#8221;-0.01em&#8221; text_line_height=&#8221;22px&#8221; link_text_color=&#8221;#dcdcd7&#8243; header_4_font=&#8221;Epicene Text Light||||||||&#8221; header_4_font_size=&#8221;28px&#8221; header_4_letter_spacing=&#8221;-0.01em&#8221; header_4_line_height=&#8221;32px&#8221; header_5_font=&#8221;Helvetica Regular||||||||&#8221; header_5_text_color=&#8221;#dcdcd7&#8243; header_5_font_size=&#8221;18px&#8221; header_5_letter_spacing=&#8221;-0.01px&#8221; header_5_line_height=&#8221;22px&#8221; header_6_font=&#8221;Epicene Text Light||||||||&#8221; header_6_font_size=&#8221;22px&#8221; header_6_letter_spacing=&#8221;-0.01px&#8221; header_6_line_height=&#8221;26px&#8221; background_color=&#8221;#dc323c&#8221; custom_margin=&#8221;||2px||false|false&#8221; custom_padding=&#8221;20px|20px|289px|20px|false|true&#8221; custom_padding_tablet=&#8221;||20px||false|true&#8221; custom_padding_phone=&#8221;||||false|true&#8221; custom_padding_last_edited=&#8221;on|phone&#8221; custom_css_main_element=&#8221;flex: 1;&#8221; global_colors_info=&#8221;{}&#8221; link_text_color__hover_enabled=&#8221;on|hover&#8221; link_text_color__hover=&#8221;#dcdcd7&#8243;]<\/p>\n<p style=\"text-align: right;\"><strong>15:45 &#8211; 18:00<\/strong><\/p>\n<p>Taller: <strong>Treballant amb els espectadors del futur<\/strong><br \/><a title=\"Katya Johanson\" href=\"#katya-johanson\">Katya Johanson<\/a> &#8211; AUS<br \/>Teatre Romea. Platea<br \/><span style=\"color: #dcdcd7; cursor: pointer;\">+info<\/span><\/p>\n<p>&nbsp;<\/p>\n<p>Taller: <strong>Ficcions socials<\/strong><br \/><a title=\"Roger Bernat\" href=\"#roger-bernat\">Roger Bernat<\/a> &#8211; ESP<br \/>Teatre Romea. Vest\u00edbul<br \/><span style=\"color: #dcdcd7; cursor: pointer;\">+info<\/span><\/p>\n<p>&nbsp;<\/p>\n<p>Taller: <strong>Estrat\u00e8gias cr\u00edtiques en l&#8217;era de l&#8217;algoritme<\/strong><br \/><a title=\"Zavel Castro\" href=\"#zavel-castro\">Zavel Castro<\/a> &#8211; MEX<br \/>Teatre Romea. Vest\u00edbul 1er pis<br \/><span style=\"color: #dcdcd7; cursor: pointer;\">+info<\/span><\/p>\n<p>[\/et_pb_text][et_pb_text disabled_on=&#8221;off|off|off&#8221; admin_label=&#8221;Tooltip Taller Working&#8221; module_id=&#8221;working&#8221; _builder_version=&#8221;4.18.0&#8243; _module_preset=&#8221;default&#8221; text_font=&#8221;Helvetica Regular||||||||&#8221; text_text_color=&#8221;#dcdcd7&#8243; text_font_size=&#8221;18px&#8221; text_letter_spacing=&#8221;-0.01px&#8221; text_line_height=&#8221;22px&#8221; header_5_font=&#8221;Epicene Text Light||||||||&#8221; header_5_text_color=&#8221;#dcdcd7&#8243; header_5_font_size=&#8221;24px&#8221; header_5_letter_spacing=&#8221;-0.01em&#8221; header_5_line_height=&#8221;26px&#8221; background_color=&#8221;#000000&#8243; positioning=&#8221;absolute&#8221; position_origin_a=&#8221;bottom_center&#8221; vertical_offset=&#8221;55rem&#8221; z_index=&#8221;10&#8243; vertical_offset_tablet=&#8221;55rem&#8221; vertical_offset_phone=&#8221;0rem&#8221; vertical_offset_last_edited=&#8221;on|phone&#8221; width=&#8221;98%&#8221; custom_padding=&#8221;20px|20px|20px|20px|true|true&#8221; overflow-x_last_edited=&#8221;off|desktop&#8221; custom_css_main_element=&#8221;display: none;&#8221; global_colors_info=&#8221;{}&#8221; overflow-x__hover_enabled=&#8221;off|desktop&#8221; overflow-x__hover=&#8221;visible&#8221; overflow-y__hover_enabled=&#8221;off|desktop&#8221; overflow-y__hover=&#8221;visible&#8221;]<\/p>\n<p style=\"text-align: right; cursor: pointer;\">x<\/p>\n<h5>Taller:<strong> Treballant amb els espectadors del futur<\/strong><\/h5>\n<p>Katya Johanson &#8211; AUS<\/p>\n<p>Quines capacitats aportaran els p\u00fablics a un espectacle d&#8217;aqu\u00ed a 2 anys? D&#8217;aqu\u00ed a 20 anys? D&#8217;aqu\u00ed a 200 anys? Qu\u00e8 passa amb 2.000 anys? En aquest taller, analitzem les maneres en qu\u00e8 el p\u00fablic est\u00e0 canviant i el que sabem sobre les tend\u00e8ncies futures que probablement influiran en la manera com el p\u00fablic viu una actuaci\u00f3 en directe. Aix\u00f2 inclou canvis demogr\u00e0fics, gustos i mentalitats pol\u00edtiques, per\u00f2 tamb\u00e9 desenvolupaments tecnol\u00f2gics: realitat virtual i augmentada, intel\u00b7lig\u00e8ncia artificial i all\u00f2 no hum\u00e0. Tenint en compte aquestes tend\u00e8ncies, moltes organitzacions, especialment en l&#8217;\u00e0mbit del patrimoni, estan ara en proc\u00e9s d&#8217;intentar adaptar-se a p\u00fablics que es diversifican i canvien. Recomanarem maneres en qu\u00e8 les organitzacions del sector de les arts esc\u00e8niques puguin imaginar i respondre al seu futur p\u00fablic.<\/p>\n<p>[\/et_pb_text][et_pb_text disabled_on=&#8221;off|off|off&#8221; admin_label=&#8221;Tooltip Taller Ficcions socials&#8221; module_id=&#8221;ficcions&#8221; _builder_version=&#8221;4.18.0&#8243; _module_preset=&#8221;default&#8221; text_font=&#8221;Helvetica Regular||||||||&#8221; text_text_color=&#8221;#dcdcd7&#8243; text_font_size=&#8221;18px&#8221; text_letter_spacing=&#8221;-0.01px&#8221; text_line_height=&#8221;22px&#8221; header_5_font=&#8221;Epicene Text Light||||||||&#8221; header_5_text_color=&#8221;#dcdcd7&#8243; header_5_font_size=&#8221;24px&#8221; header_5_letter_spacing=&#8221;-0.01em&#8221; header_5_line_height=&#8221;26px&#8221; background_color=&#8221;#000000&#8243; positioning=&#8221;absolute&#8221; position_origin_a=&#8221;bottom_center&#8221; vertical_offset=&#8221;45rem&#8221; z_index=&#8221;10&#8243; vertical_offset_tablet=&#8221;45rem&#8221; vertical_offset_phone=&#8221;0rem&#8221; vertical_offset_last_edited=&#8221;on|phone&#8221; width=&#8221;98%&#8221; custom_padding=&#8221;20px|20px|20px|20px|true|true&#8221; overflow-x_last_edited=&#8221;off|desktop&#8221; custom_css_main_element=&#8221;display: none;&#8221; global_colors_info=&#8221;{}&#8221; overflow-x__hover_enabled=&#8221;off|desktop&#8221; overflow-x__hover=&#8221;visible&#8221; overflow-y__hover_enabled=&#8221;off|desktop&#8221; overflow-y__hover=&#8221;visible&#8221;]<\/p>\n<p style=\"text-align: right; cursor: pointer;\">x<\/p>\n<h5>Taller: <strong>Ficcions socials<\/strong><\/h5>\n<p>Roger Bernat &#8211; ESP<\/p>\n<p>El teatre \u00e9s l\u2019elaboraci\u00f3 col\u00b7lectiva d\u2019una hip\u00f2tesi de treball que nom\u00e9s es dona quan, en sortir de l\u2019espectacle, la consci\u00e8ncia de no haver interpretat prou b\u00e9 el paper de p\u00fablic es barreja amb la intu\u00efci\u00f3 de les moltes maneres d\u2019haver-ho fet millor. En un m\u00f3n on la participaci\u00f3 \u00e9s un fet per\u00f2 gaire b\u00e9 mai \u00e9s real, el teatre assumeix la tasca gens f\u00e0cil de desplegar una participaci\u00f3 que, sense ser necess\u00e0riament un fet (o precisament pel fet de no ser-ho), aconsegueixi ser real. El taller es planteja, doncs, com a laboratori de ficcions socials per tal de desplegar amb els assistents diferents hip\u00f2tesis de participaci\u00f3 real.<\/p>\n<p>[\/et_pb_text][et_pb_text disabled_on=&#8221;off|off|off&#8221; admin_label=&#8221;Tooltip Taller Estrategias&#8221; module_id=&#8221;estrategias&#8221; _builder_version=&#8221;4.18.0&#8243; _module_preset=&#8221;default&#8221; text_font=&#8221;Helvetica Regular||||||||&#8221; text_text_color=&#8221;#dcdcd7&#8243; text_font_size=&#8221;18px&#8221; text_letter_spacing=&#8221;-0.01px&#8221; text_line_height=&#8221;22px&#8221; header_5_font=&#8221;Epicene Text Light||||||||&#8221; header_5_text_color=&#8221;#dcdcd7&#8243; header_5_font_size=&#8221;24px&#8221; header_5_letter_spacing=&#8221;-0.01em&#8221; header_5_line_height=&#8221;26px&#8221; background_color=&#8221;#000000&#8243; positioning=&#8221;absolute&#8221; position_origin_a=&#8221;bottom_center&#8221; vertical_offset=&#8221;35rem&#8221; z_index=&#8221;10&#8243; vertical_offset_tablet=&#8221;35rem&#8221; vertical_offset_phone=&#8221;0rem&#8221; vertical_offset_last_edited=&#8221;on|phone&#8221; width=&#8221;98%&#8221; custom_padding=&#8221;20px|20px|20px|20px|true|true&#8221; overflow-x_last_edited=&#8221;off|desktop&#8221; custom_css_main_element=&#8221;display: none;&#8221; global_colors_info=&#8221;{}&#8221; overflow-x__hover_enabled=&#8221;off|desktop&#8221; overflow-x__hover=&#8221;visible&#8221; overflow-y__hover_enabled=&#8221;off|desktop&#8221; overflow-y__hover=&#8221;visible&#8221;]<\/p>\n<p style=\"text-align: right; cursor: pointer;\">x<\/p>\n<h5>Taller: <strong>Estrat\u00e8gies cr\u00edtiques en l&#8217;era de l&#8217;algoritme<\/strong><\/h5>\n<p>Zavel Castro &#8211; MEX<\/p>\n<p>En aquest taller reflexionarem sobre els mecanismes de control de les representacions teatrals i les estrat\u00e8gies de manipulaci\u00f3 de l&#8217;era digital. A partir d&#8217;aix\u00f2, assajarem algunes estrat\u00e8gies per resistir els esfor\u00e7os per controlar la forma en qu\u00e8 pensem el teatre i la manera en qu\u00e8 &#8220;hem de&#8221; comportar-nos.<\/p>\n<p>[\/et_pb_text][et_pb_text admin_label=&#8221;Visita a la Sala Beckett&#8221; _builder_version=&#8221;4.18.0&#8243; _module_preset=&#8221;default&#8221; text_font=&#8221;Helvetica Regular||||||||&#8221; text_text_color=&#8221;#dcdcd7&#8243; text_font_size=&#8221;18px&#8221; text_letter_spacing=&#8221;-0.01em&#8221; text_line_height=&#8221;22px&#8221; link_text_color=&#8221;#dcdcd7&#8243; header_4_font=&#8221;Epicene Text Light||||||||&#8221; header_4_font_size=&#8221;28px&#8221; header_4_letter_spacing=&#8221;-0.01em&#8221; header_4_line_height=&#8221;32px&#8221; header_6_font=&#8221;Epicene Text Light||||||||&#8221; header_6_font_size=&#8221;22px&#8221; header_6_letter_spacing=&#8221;-0.01px&#8221; header_6_line_height=&#8221;26px&#8221; background_color=&#8221;#000000&#8243; custom_margin=&#8221;||2px||false|false&#8221; custom_padding=&#8221;20px|20px|20px|20px|true|true&#8221; global_colors_info=&#8221;{}&#8221; link_text_color__hover_enabled=&#8221;on|hover&#8221; link_text_color__hover=&#8221;#dcdcd7&#8243;]<\/p>\n<p style=\"text-align: right;\"><strong>18:30 &#8211; 20:00h<\/strong><\/p>\n<p><strong>Visita a la Sala Beckett<br \/><\/strong>activitat exclusiva per a convidats internacionals<strong><br \/><\/strong><\/p>\n<p>[\/et_pb_text][et_pb_text admin_label=&#8221;Sopar oficial&#8221; _builder_version=&#8221;4.18.0&#8243; _module_preset=&#8221;default&#8221; text_font=&#8221;Helvetica Regular||||||||&#8221; text_text_color=&#8221;#dcdcd7&#8243; text_font_size=&#8221;18px&#8221; text_letter_spacing=&#8221;-0.01em&#8221; text_line_height=&#8221;22px&#8221; link_text_color=&#8221;#dcdcd7&#8243; header_4_font=&#8221;Epicene Text Light||||||||&#8221; header_4_font_size=&#8221;28px&#8221; header_4_letter_spacing=&#8221;-0.01em&#8221; header_4_line_height=&#8221;32px&#8221; header_6_font=&#8221;Epicene Text Light||||||||&#8221; header_6_font_size=&#8221;22px&#8221; header_6_letter_spacing=&#8221;-0.01px&#8221; header_6_line_height=&#8221;26px&#8221; background_color=&#8221;#000000&#8243; custom_margin=&#8221;||||false|false&#8221; custom_margin_tablet=&#8221;||||false|false&#8221; custom_margin_phone=&#8221;||20px||false|false&#8221; custom_margin_last_edited=&#8221;on|phone&#8221; custom_padding=&#8221;20px|20px|43px|20px|false|true&#8221; custom_padding_tablet=&#8221;||20px||false|true&#8221; custom_padding_phone=&#8221;||||false|true&#8221; custom_padding_last_edited=&#8221;on|phone&#8221; global_colors_info=&#8221;{}&#8221; link_text_color__hover_enabled=&#8221;on|hover&#8221; link_text_color__hover=&#8221;#dcdcd7&#8243;]<\/p>\n<p style=\"text-align: right;\"><strong>21:00 &#8211; 23:00<\/strong><\/p>\n<p><strong>Sopar oficial<\/strong><br \/>Antiga F\u00e0brica Damm<br \/>activitat exclusiva per a convidats internacionals<\/p>\n<p>[\/et_pb_text][\/et_pb_column][et_pb_column type=&#8221;1_3&#8243; _builder_version=&#8221;4.18.0&#8243; _module_preset=&#8221;default&#8221; custom_padding=&#8221;|5px||5px|false|false&#8221; border_style_top=&#8221;dashed&#8221; border_width_left=&#8221;1px&#8221; border_style_left=&#8221;dashed&#8221; border_width_top_tablet=&#8221;&#8221; border_width_top_phone=&#8221;1px&#8221; border_width_top_last_edited=&#8221;on|phone&#8221; border_width_left_tablet=&#8221;1px&#8221; border_width_left_phone=&#8221;0px&#8221; border_width_left_last_edited=&#8221;on|phone&#8221; global_colors_info=&#8221;{}&#8221;][et_pb_text admin_label=&#8221;Dimecres&#8221; _builder_version=&#8221;4.18.0&#8243; _module_preset=&#8221;default&#8221; text_font=&#8221;Helvetica Regular||||||||&#8221; text_font_size=&#8221;18px&#8221; text_letter_spacing=&#8221;-0.01em&#8221; text_line_height=&#8221;22px&#8221; link_text_color=&#8221;#dcdcd7&#8243; header_3_font=&#8221;Epicene Text Light|600|||||||&#8221; header_3_font_size=&#8221;28px&#8221; header_3_letter_spacing=&#8221;-0.01em&#8221; header_3_line_height=&#8221;32px&#8221; header_4_font=&#8221;Epicene Text Light||||||||&#8221; header_4_font_size=&#8221;28px&#8221; header_4_letter_spacing=&#8221;-0.01em&#8221; header_4_line_height=&#8221;32px&#8221; custom_padding=&#8221;20px|20px|20px|20px|true|true&#8221; global_colors_info=&#8221;{}&#8221; link_text_color__hover_enabled=&#8221;on|hover&#8221; link_text_color__hover=&#8221;#dcdcd7&#8243;]<\/p>\n<h3>Jornada 3<\/h3>\n<p><em>DIMECRES 26 d&#8217;octubre de 2022<br \/><\/em>Teatre Romea, Barcelona<\/p>\n<p>[\/et_pb_text][et_pb_text admin_label=&#8221;Informaci\u00f3, registre i recepci\u00f3 d&#8217;assitents&#8221; _builder_version=&#8221;4.18.0&#8243; _module_preset=&#8221;default&#8221; text_font=&#8221;Helvetica Regular||||||||&#8221; text_font_size=&#8221;18px&#8221; text_letter_spacing=&#8221;-0.01em&#8221; text_line_height=&#8221;22px&#8221; link_text_color=&#8221;#dcdcd7&#8243; header_4_font=&#8221;Epicene Text Light||||||||&#8221; header_4_font_size=&#8221;28px&#8221; header_4_letter_spacing=&#8221;-0.01em&#8221; header_4_line_height=&#8221;32px&#8221; header_6_font=&#8221;Epicene Text Light||||||||&#8221; header_6_font_size=&#8221;22px&#8221; header_6_letter_spacing=&#8221;-0.01px&#8221; header_6_line_height=&#8221;26px&#8221; background_color=&#8221;#dc323c&#8221; custom_margin=&#8221;||2px||false|false&#8221; custom_padding=&#8221;20px|20px|20px|20px|true|true&#8221; global_colors_info=&#8221;{}&#8221; link_text_color__hover_enabled=&#8221;on|hover&#8221; link_text_color__hover=&#8221;#dcdcd7&#8243;]<\/p>\n<p style=\"text-align: right;\"><strong>8:30 &#8211; 17:00h<\/strong><\/p>\n<p>Informaci\u00f3, registre i recepci\u00f3 d&#8217;assistents<\/p>\n<p>[\/et_pb_text][et_pb_text admin_label=&#8221;Presentaci\u00f3 jornada mat\u00ed&#8221; _builder_version=&#8221;4.18.0&#8243; _module_preset=&#8221;default&#8221; text_font=&#8221;Helvetica Regular||||||||&#8221; text_font_size=&#8221;18px&#8221; text_letter_spacing=&#8221;-0.01em&#8221; text_line_height=&#8221;22px&#8221; link_text_color=&#8221;#dcdcd7&#8243; header_4_font=&#8221;Epicene Text Light||||||||&#8221; header_4_font_size=&#8221;28px&#8221; header_4_letter_spacing=&#8221;-0.01em&#8221; header_4_line_height=&#8221;32px&#8221; header_6_font=&#8221;Epicene Text Light||||||||&#8221; header_6_font_size=&#8221;22px&#8221; header_6_letter_spacing=&#8221;-0.01px&#8221; header_6_line_height=&#8221;26px&#8221; background_color=&#8221;#dc323c&#8221; custom_margin=&#8221;||2px||false|false&#8221; custom_padding=&#8221;20px|20px|20px|20px|true|true&#8221; global_colors_info=&#8221;{}&#8221; link_text_color__hover_enabled=&#8221;on|hover&#8221; link_text_color__hover=&#8221;#dcdcd7&#8243;]<\/p>\n<p style=\"text-align: right;\"><strong>9:00 &#8211; 9:05h<\/strong><\/p>\n<p><strong>Presentaci\u00f3 de la jornada de mat\u00ed<\/strong><\/p>\n<p><a title=\"Pepe Zapata\" href=\"#pepe-zapata\">Pepe Zapata<\/a>, comissari del Congr\u00e9s<\/p>\n<p>[\/et_pb_text][et_pb_text admin_label=&#8221;Taula de debat i experi\u00e8ncies: Participaci\u00f3&#8221; _builder_version=&#8221;4.18.0&#8243; _module_preset=&#8221;default&#8221; text_font=&#8221;Helvetica Regular||||||||&#8221; text_font_size=&#8221;18px&#8221; text_letter_spacing=&#8221;-0.01em&#8221; text_line_height=&#8221;22px&#8221; link_text_color=&#8221;#dcdcd7&#8243; header_4_font=&#8221;Epicene Text Light||||||||&#8221; header_4_font_size=&#8221;28px&#8221; header_4_letter_spacing=&#8221;-0.01em&#8221; header_4_line_height=&#8221;32px&#8221; header_6_font=&#8221;Epicene Text Light||||||||&#8221; header_6_font_size=&#8221;22px&#8221; header_6_letter_spacing=&#8221;-0.01px&#8221; header_6_line_height=&#8221;26px&#8221; background_color=&#8221;#dc323c&#8221; height_tablet=&#8221;&#8221; height_phone=&#8221;&#8221; height_last_edited=&#8221;on|desktop&#8221; custom_margin=&#8221;||2px||false|false&#8221; custom_padding=&#8221;20px|20px|20px|20px|true|true&#8221; global_colors_info=&#8221;{}&#8221; link_text_color__hover_enabled=&#8221;on|hover&#8221; link_text_color__hover=&#8221;#dcdcd7&#8243;]<\/p>\n<p style=\"text-align: right;\"><strong>09:05 &#8211; 10:00h<\/strong><\/p>\n<p>Taula de debat i experi\u00e8ncies: <strong>La participaci\u00f3 dels espectadors<\/strong><\/p>\n<p><a title=\"Jo\u00e2o Branco\" href=\"#joao-branco\">Jo\u00e2o Branco<\/a> \u2013 CPV<br \/><a title=\"S\u00edlvia Sanfeliu\" href=\"#silvia-sanfeliu\">S\u00edlvia Sanfeliu<\/a> \u2013 ESP<br \/><a title=\"Alice Bricca\" href=\"#alice-bricca\">Alice Bricca<\/a> \u2013 ITA<br \/><a title=\"Rucera Seethal\" href=\"#rucera-seethal\">Rucera Seethal<\/a> &#8211; ZAF<br \/><a title=\"Pere Riera\" href=\"#pere-riera\">Pere Riera<\/a> &#8211; ESP<br \/><a title=\"Chadi Saad\" href=\"#chadi-saad\">Chadi Saad<\/a> &#8211; LBN<br \/><a title=\"Ifman Huerta\" href=\"#ifman-huerta\">Ifman Huerta<\/a> \u2013 CHL<\/p>\n<p>modera: <a title=\"Alberto Rizzo\" href=\"#alberto-rizzo\">Alberto Rizzo<\/a> &#8211; ESP<\/p>\n<p>[\/et_pb_text][et_pb_text admin_label=&#8221;Taula de debat i experi\u00e8ncies: Com connectar&#8221; _builder_version=&#8221;4.18.0&#8243; _module_preset=&#8221;default&#8221; text_font=&#8221;Helvetica Regular||||||||&#8221; text_font_size=&#8221;18px&#8221; text_letter_spacing=&#8221;-0.01em&#8221; text_line_height=&#8221;22px&#8221; link_text_color=&#8221;#dcdcd7&#8243; header_4_font=&#8221;Epicene Text Light||||||||&#8221; header_4_font_size=&#8221;28px&#8221; header_4_letter_spacing=&#8221;-0.01em&#8221; header_4_line_height=&#8221;32px&#8221; header_6_font=&#8221;Epicene Text Light||||||||&#8221; header_6_font_size=&#8221;22px&#8221; header_6_letter_spacing=&#8221;-0.01px&#8221; header_6_line_height=&#8221;26px&#8221; background_color=&#8221;#dc323c&#8221; custom_margin=&#8221;||||false|false&#8221; custom_padding=&#8221;20px|20px|42px|20px|false|true&#8221; custom_padding_tablet=&#8221;||20px||false|true&#8221; custom_padding_phone=&#8221;||||false|true&#8221; custom_padding_last_edited=&#8221;on|phone&#8221; global_colors_info=&#8221;{}&#8221; link_text_color__hover_enabled=&#8221;on|hover&#8221; link_text_color__hover=&#8221;#dcdcd7&#8243;]<\/p>\n<p style=\"text-align: right;\"><strong>10:00 &#8211; 11:00h<\/strong><\/p>\n<p>Taula de debat i experi\u00e8ncies: <strong>Com connectar amb joves espectadors<\/strong><\/p>\n<p><a title=\"Judit\" href=\"#judit\">Judit Mart\u00ednez Gili<\/a> \u2013 ESP<br \/><a title=\"Tara Senicic\" href=\"#tara-senicic\">Tara Senicic<\/a> \u2013 SRB<br \/><a title=\"Ivana Antic\" href=\"#ivana-antic\">Ivana Antic<\/a> &#8211; SRB<br \/><a title=\"Elisabeth Glesne\" href=\"#elisabeth-glesne\">Elisabeth Glesne<\/a> \u2013 NOR<br \/><a title=\"Laura Szab\u00f3\" href=\"#laura-szabo\">Laura Szab\u00f3<\/a> \u2013 HUN<br \/><a title=\"Anja Pirnat\" href=\"#anja-pirnat\">Anja Pirnat<\/a> \u2013 SVN<br \/><a title=\"Andrea M\u00f3nica Berman\" href=\"#andrea-monica-berman\">Andrea M\u00f3nica Berman<\/a> &#8211; ARG<\/p>\n<p>modera: <a title=\"S\u00edlvia Sanfeliu Morros\" href=\"#silvia-sanfeliu-morros\">S\u00edlvia Sanfeliu Morros<\/a>\u00a0 &#8211; ESP<\/p>\n<p>[\/et_pb_text][et_pb_text admin_label=&#8221;Coffe break&#8221; _builder_version=&#8221;4.18.0&#8243; _module_preset=&#8221;default&#8221; text_font=&#8221;Helvetica Regular||||||||&#8221; text_font_size=&#8221;18px&#8221; text_letter_spacing=&#8221;-0.01em&#8221; text_line_height=&#8221;22px&#8221; link_text_color=&#8221;#dcdcd7&#8243; header_4_font=&#8221;Epicene Text Light||||||||&#8221; header_4_font_size=&#8221;28px&#8221; header_4_letter_spacing=&#8221;-0.01em&#8221; header_4_line_height=&#8221;32px&#8221; header_6_font=&#8221;Epicene Text Light||||||||&#8221; header_6_font_size=&#8221;22px&#8221; header_6_letter_spacing=&#8221;-0.01px&#8221; header_6_line_height=&#8221;26px&#8221; background_color=&#8221;#dcdcd7&#8243; custom_margin=&#8221;||||false|false&#8221; custom_padding=&#8221;20px|20px|20px|20px|true|true&#8221; global_colors_info=&#8221;{}&#8221; link_text_color__hover_enabled=&#8221;on|hover&#8221; link_text_color__hover=&#8221;#dcdcd7&#8243;]<\/p>\n<p style=\"text-align: right;\"><strong>11:00 &#8211; 11:30h<\/strong><\/p>\n<p>Coffee break<\/p>\n<p>[\/et_pb_text][et_pb_text admin_label=&#8221;Taula de debat i experi\u00e8ncies: L&#8217;experi\u00e8ncia&#8221; _builder_version=&#8221;4.18.0&#8243; _module_preset=&#8221;default&#8221; text_font=&#8221;Helvetica Regular||||||||&#8221; text_font_size=&#8221;18px&#8221; text_letter_spacing=&#8221;-0.01em&#8221; text_line_height=&#8221;22px&#8221; link_text_color=&#8221;#dcdcd7&#8243; header_4_font=&#8221;Epicene Text Light||||||||&#8221; header_4_font_size=&#8221;28px&#8221; header_4_letter_spacing=&#8221;-0.01em&#8221; header_4_line_height=&#8221;32px&#8221; header_6_font=&#8221;Epicene Text Light||||||||&#8221; header_6_font_size=&#8221;22px&#8221; header_6_letter_spacing=&#8221;-0.01px&#8221; header_6_line_height=&#8221;26px&#8221; background_color=&#8221;#dc323c&#8221; custom_margin=&#8221;||2px||false|false&#8221; custom_padding=&#8221;20px|20px|20px|20px|true|true&#8221; global_colors_info=&#8221;{}&#8221; link_text_color__hover_enabled=&#8221;on|hover&#8221; link_text_color__hover=&#8221;#dcdcd7&#8243;]<\/p>\n<p style=\"text-align: right;\"><strong>11:30 &#8211; 12:30<\/strong><\/p>\n<p>Taula de debat i experi\u00e8ncies: <strong>Experi\u00e8ncies creatives amb espectadors<\/strong><\/p>\n<p><a title=\"Sandrine Grataloup\" href=\"#sandrine-grataloup\">Sandrine Grataloup<\/a> \u2013 FRA<br \/><a title=\"Stuart Kandell\" href=\"#stuart-kandell\">Stuart Kandell<\/a> \u2013 DEU\/USA<br \/><a title=\"Caterina Giangrasso\" href=\"#caterina-giangrasso\">Caterina Giangrasso<\/a> \u2013 ITA<br \/><a title=\"Cinthia Vanessa Arrebola\" href=\"#cinthia-vanessa-arrebola\">Cinthia Arrebola<\/a> &#8211; MEX<br \/><a title=\"Roberto S\u00e1nchez\" href=\"#roberto-sanchez\">Roberto S\u00e1nchez<\/a> \u2013 PER<br \/><a title=\"Luca Ricci\" href=\"#luca-ricci\">Luca Ricci<\/a> \u2013 ITA<br \/><a title=\"Alberto Rizzo\" href=\"#alberto-rizzo\">Alberto Rizzo<\/a> &#8211; ESP<\/p>\n<p>modera: <a title=\"Judit\" href=\"#judit\">Judit Mart\u00ednez Gili<\/a> \u2013 ESP<\/p>\n<p>[\/et_pb_text][et_pb_text admin_label=&#8221;Confer\u00e8ncia: El valor social de la cultura&#8221; _builder_version=&#8221;4.18.0&#8243; _module_preset=&#8221;default&#8221; text_font=&#8221;Helvetica Regular||||||||&#8221; text_font_size=&#8221;18px&#8221; text_letter_spacing=&#8221;-0.01em&#8221; text_line_height=&#8221;22px&#8221; link_text_color=&#8221;#dcdcd7&#8243; header_4_font=&#8221;Epicene Text Light||||||||&#8221; header_4_font_size=&#8221;28px&#8221; header_4_letter_spacing=&#8221;-0.01em&#8221; header_4_line_height=&#8221;32px&#8221; header_6_font=&#8221;Epicene Text Light||||||||&#8221; header_6_font_size=&#8221;22px&#8221; header_6_letter_spacing=&#8221;-0.01px&#8221; header_6_line_height=&#8221;26px&#8221; background_color=&#8221;#dc323c&#8221; custom_margin=&#8221;||0px||false|false&#8221; custom_padding=&#8221;20px|20px|20px|20px|true|true&#8221; global_colors_info=&#8221;{}&#8221; link_text_color__hover_enabled=&#8221;on|hover&#8221; link_text_color__hover=&#8221;#dcdcd7&#8243;]<\/p>\n<p style=\"text-align: right;\"><strong>12:30 &#8211; 13:30h<\/strong><\/p>\n<p>Confer\u00e8ncia <strong>El valor social de la cultura i els espectadors<\/strong><\/p>\n<p><a title=\"Antonio Monegal\" href=\"#antonio-monegal\">Antonio Monegal<\/a> &#8211; ESP<\/p>\n<p>[\/et_pb_text][et_pb_text admin_label=&#8221;Confer\u00e8ncia: El valor social de la cultura&#8221; _builder_version=&#8221;4.18.0&#8243; _module_preset=&#8221;default&#8221; text_font=&#8221;Helvetica Regular||||||||&#8221; text_font_size=&#8221;18px&#8221; text_letter_spacing=&#8221;-0.01em&#8221; text_line_height=&#8221;22px&#8221; link_text_color=&#8221;#dcdcd7&#8243; header_4_font=&#8221;Epicene Text Light||||||||&#8221; header_4_font_size=&#8221;28px&#8221; header_4_letter_spacing=&#8221;-0.01em&#8221; header_4_line_height=&#8221;32px&#8221; header_6_font=&#8221;Epicene Text Light||||||||&#8221; header_6_font_size=&#8221;22px&#8221; header_6_letter_spacing=&#8221;-0.01px&#8221; header_6_line_height=&#8221;26px&#8221; background_color=&#8221;#dc323c&#8221; custom_margin=&#8221;||||false|false&#8221; custom_padding=&#8221;20px|20px|128px|20px|false|true&#8221; custom_padding_tablet=&#8221;||20px||false|true&#8221; custom_padding_phone=&#8221;||0px||false|true&#8221; custom_padding_last_edited=&#8221;on|desktop&#8221; global_colors_info=&#8221;{}&#8221; link_text_color__hover_enabled=&#8221;on|hover&#8221; link_text_color__hover=&#8221;#dcdcd7&#8243;][\/et_pb_text][et_pb_text admin_label=&#8221;Esmorzar lliure&#8221; _builder_version=&#8221;4.18.0&#8243; _module_preset=&#8221;default&#8221; text_font=&#8221;Helvetica Regular||||||||&#8221; text_font_size=&#8221;18px&#8221; text_letter_spacing=&#8221;-0.01em&#8221; text_line_height=&#8221;22px&#8221; link_text_color=&#8221;#dcdcd7&#8243; header_4_font=&#8221;Epicene Text Light||||||||&#8221; header_4_font_size=&#8221;28px&#8221; header_4_letter_spacing=&#8221;-0.01em&#8221; header_4_line_height=&#8221;32px&#8221; header_6_font=&#8221;Epicene Text Light||||||||&#8221; header_6_font_size=&#8221;22px&#8221; header_6_letter_spacing=&#8221;-0.01px&#8221; header_6_line_height=&#8221;26px&#8221; background_color=&#8221;#dcdcd7&#8243; custom_margin=&#8221;||||false|false&#8221; custom_padding=&#8221;20px|20px|20px|20px|true|true&#8221; global_colors_info=&#8221;{}&#8221; link_text_color__hover_enabled=&#8221;on|hover&#8221; link_text_color__hover=&#8221;#dcdcd7&#8243;]<\/p>\n<p style=\"text-align: right;\"><strong>13:30 &#8211; 15:30h<\/strong><\/p>\n<p>Esmorzar lliure<\/p>\n<p>[\/et_pb_text][et_pb_text admin_label=&#8221;Relatoria i conclusions&#8221; _builder_version=&#8221;4.18.0&#8243; _module_preset=&#8221;default&#8221; text_font=&#8221;Helvetica Regular||||||||&#8221; text_font_size=&#8221;18px&#8221; text_letter_spacing=&#8221;-0.01em&#8221; text_line_height=&#8221;22px&#8221; link_text_color=&#8221;#dcdcd7&#8243; header_4_font=&#8221;Epicene Text Light||||||||&#8221; header_4_font_size=&#8221;28px&#8221; header_4_letter_spacing=&#8221;-0.01em&#8221; header_4_line_height=&#8221;32px&#8221; header_6_font=&#8221;Epicene Text Light||||||||&#8221; header_6_font_size=&#8221;22px&#8221; header_6_letter_spacing=&#8221;-0.01px&#8221; header_6_line_height=&#8221;26px&#8221; background_color=&#8221;#a17d52&#8243; custom_margin=&#8221;||2px||false|false&#8221; custom_padding=&#8221;20px|20px|20px|20px|true|true&#8221; global_colors_info=&#8221;{}&#8221; link_text_color__hover_enabled=&#8221;on|hover&#8221; link_text_color__hover=&#8221;#dcdcd7&#8243;]<\/p>\n<p style=\"text-align: right;\"><strong>15:30 &#8211; 15:45h<\/strong><\/p>\n<p><strong>Relatoria i conclusions<\/strong><\/p>\n<p><a title=\"Pepe Zapata\" href=\"#pepe-zapata\">Pepe Zapata<\/a>, comissari del Congr\u00e9s<br \/><a title=\"Miquel Valls\" href=\"#miquel-valls\">Miquel Valls<\/a>, coordinador del Precongr\u00e9s<\/p>\n<p>[\/et_pb_text][et_pb_text admin_label=&#8221;Lectura del manifest&#8221; _builder_version=&#8221;4.18.0&#8243; _module_preset=&#8221;default&#8221; text_font=&#8221;Helvetica Regular||||||||&#8221; text_font_size=&#8221;18px&#8221; text_letter_spacing=&#8221;-0.01em&#8221; text_line_height=&#8221;22px&#8221; link_text_color=&#8221;#dcdcd7&#8243; header_4_font=&#8221;Epicene Text Light||||||||&#8221; header_4_font_size=&#8221;28px&#8221; header_4_letter_spacing=&#8221;-0.01em&#8221; header_4_line_height=&#8221;32px&#8221; header_6_font=&#8221;Epicene Text Light||||||||&#8221; header_6_font_size=&#8221;22px&#8221; header_6_letter_spacing=&#8221;-0.01px&#8221; header_6_line_height=&#8221;26px&#8221; background_color=&#8221;#a17d52&#8243; custom_margin=&#8221;||2px||false|false&#8221; custom_padding=&#8221;20px|20px|20px|20px|true|true&#8221; global_colors_info=&#8221;{}&#8221; link_text_color__hover_enabled=&#8221;on|hover&#8221; link_text_color__hover=&#8221;#dcdcd7&#8243;]<\/p>\n<p style=\"text-align: right;\"><strong>15:45 &#8211; 16:15h<\/strong><\/p>\n<p><strong>Lectura del Manifest de Barcelona dels espectadors de teatre<\/strong><\/p>\n<p>[\/et_pb_text][et_pb_text admin_label=&#8221;Cloenda institucional&#8221; _builder_version=&#8221;4.18.0&#8243; _module_preset=&#8221;default&#8221; text_font=&#8221;Helvetica Regular||||||||&#8221; text_font_size=&#8221;18px&#8221; text_letter_spacing=&#8221;-0.01em&#8221; text_line_height=&#8221;22px&#8221; link_text_color=&#8221;#dcdcd7&#8243; header_4_font=&#8221;Epicene Text Light||||||||&#8221; header_4_font_size=&#8221;28px&#8221; header_4_letter_spacing=&#8221;-0.01em&#8221; header_4_line_height=&#8221;32px&#8221; header_6_font=&#8221;Epicene Text Light||||||||&#8221; header_6_font_size=&#8221;22px&#8221; header_6_letter_spacing=&#8221;-0.01px&#8221; header_6_line_height=&#8221;26px&#8221; background_color=&#8221;#a17d52&#8243; custom_margin=&#8221;||2px||false|false&#8221; custom_padding=&#8221;20px|20px|20px|20px|true|true&#8221; global_colors_info=&#8221;{}&#8221; link_text_color__hover_enabled=&#8221;on|hover&#8221; link_text_color__hover=&#8221;#dcdcd7&#8243;]<\/p>\n<p style=\"text-align: right;\"><strong>16:15 &#8211; 16:30h<\/strong><\/p>\n<p><strong>Cloenda oficial<br \/><\/strong>amb representants de la Generalitat de Catalunya, el Ministeri de Cultura, la Diputaci\u00f3 de Barcelona i l&#8217;Ajuntament de Barcelona<\/p>\n<p>[\/et_pb_text][et_pb_text admin_label=&#8221;copa de cava de comiat&#8221; _builder_version=&#8221;4.18.0&#8243; _module_preset=&#8221;default&#8221; text_font=&#8221;Helvetica Regular||||||||&#8221; text_font_size=&#8221;18px&#8221; text_letter_spacing=&#8221;-0.01em&#8221; text_line_height=&#8221;22px&#8221; link_text_color=&#8221;#dcdcd7&#8243; header_4_font=&#8221;Epicene Text Light||||||||&#8221; header_4_font_size=&#8221;28px&#8221; header_4_letter_spacing=&#8221;-0.01em&#8221; header_4_line_height=&#8221;32px&#8221; header_6_font=&#8221;Epicene Text Light||||||||&#8221; header_6_font_size=&#8221;22px&#8221; header_6_letter_spacing=&#8221;-0.01px&#8221; header_6_line_height=&#8221;26px&#8221; background_color=&#8221;#a17d52&#8243; custom_margin=&#8221;||2px||false|false&#8221; custom_padding=&#8221;20px|20px|352px|20px|false|true&#8221; custom_padding_tablet=&#8221;||20px||false|true&#8221; custom_padding_phone=&#8221;||||false|true&#8221; custom_padding_last_edited=&#8221;on|phone&#8221; custom_css_main_element=&#8221;flex: 1;&#8221; global_colors_info=&#8221;{}&#8221; link_text_color__hover_enabled=&#8221;on|hover&#8221; link_text_color__hover=&#8221;#dcdcd7&#8243;]<\/p>\n<p style=\"text-align: right;\"><strong>16:30 &#8211; 17:00h<\/strong><\/p>\n<p><strong>Copa de cava de comiat<\/strong><\/p>\n<p>[\/et_pb_text][et_pb_text admin_label=&#8221;Visita al Gran Teatre del Liceu&#8221; _builder_version=&#8221;4.18.0&#8243; _module_preset=&#8221;default&#8221; text_font=&#8221;Helvetica Regular||||||||&#8221; text_text_color=&#8221;#dcdcd7&#8243; text_font_size=&#8221;18px&#8221; text_letter_spacing=&#8221;-0.01em&#8221; text_line_height=&#8221;22px&#8221; link_text_color=&#8221;#dcdcd7&#8243; header_4_font=&#8221;Epicene Text Light||||||||&#8221; header_4_font_size=&#8221;28px&#8221; header_4_letter_spacing=&#8221;-0.01em&#8221; header_4_line_height=&#8221;32px&#8221; header_6_font=&#8221;Epicene Text Light||||||||&#8221; header_6_font_size=&#8221;22px&#8221; header_6_letter_spacing=&#8221;-0.01px&#8221; header_6_line_height=&#8221;26px&#8221; background_color=&#8221;#000000&#8243; custom_margin=&#8221;||2px||false|false&#8221; custom_padding=&#8221;20px|20px|20px|20px|true|true&#8221; global_colors_info=&#8221;{}&#8221; link_text_color__hover_enabled=&#8221;on|hover&#8221; link_text_color__hover=&#8221;#dcdcd7&#8243;]<\/p>\n<p style=\"text-align: right;\"><strong>17:00 &#8211; 19:00h<\/strong><\/p>\n<p><strong>Visita al Gran Teatre del Liceu<br \/><\/strong>activitat exclusiva per a convidats internacionals<strong><br \/><\/strong><\/p>\n<p>[\/et_pb_text][et_pb_text admin_label=&#8221;Estrena de Para\u00edso Perdido&#8221; _builder_version=&#8221;4.18.0&#8243; _module_preset=&#8221;default&#8221; text_font=&#8221;Helvetica Regular||||||||&#8221; text_text_color=&#8221;#dcdcd7&#8243; text_font_size=&#8221;18px&#8221; text_letter_spacing=&#8221;-0.01em&#8221; text_line_height=&#8221;22px&#8221; link_text_color=&#8221;#dcdcd7&#8243; header_4_font=&#8221;Epicene Text Light||||||||&#8221; header_4_font_size=&#8221;28px&#8221; header_4_letter_spacing=&#8221;-0.01em&#8221; header_4_line_height=&#8221;32px&#8221; header_6_font=&#8221;Epicene Text Light||||||||&#8221; header_6_font_size=&#8221;22px&#8221; header_6_letter_spacing=&#8221;-0.01px&#8221; header_6_line_height=&#8221;26px&#8221; background_color=&#8221;#000000&#8243; custom_margin=&#8221;||||false|false&#8221; custom_padding=&#8221;20px|20px|20px|20px|true|true&#8221; global_colors_info=&#8221;{}&#8221; link_text_color__hover_enabled=&#8221;on|hover&#8221; link_text_color__hover=&#8221;#dcdcd7&#8243;]<\/p>\n<p style=\"text-align: right;\"><strong>22:00 &#8211; 23:30h<\/strong><\/p>\n<p><strong>Estrena de <a title=\"&quot;Para\u00edso Perdido&quot;\" href=\"https:\/\/www.teatreromea.cat\/es\/ex\/1933\/paraiso-perdido\/\">&#8220;Para\u00edso Perdido&#8221;<\/a><\/strong><br \/>(versi\u00f3 subtitulada en angl\u00e8s). Teatre Romea<br \/>activitat exclusiva per a convidats internacionals<\/p>\n<p>[\/et_pb_text][\/et_pb_column][\/et_pb_row][\/et_pb_section][et_pb_section fb_built=&#8221;1&#8243; _builder_version=&#8221;4.18.0&#8243; _module_preset=&#8221;default&#8221; background_color=&#8221;#a17d52&#8243; background_last_edited=&#8221;off|desktop&#8221; da_disable_devices=&#8221;off|off|off&#8221; collapsed=&#8221;on&#8221; global_colors_info=&#8221;{}&#8221; da_is_popup=&#8221;off&#8221; da_exit_intent=&#8221;off&#8221; da_has_close=&#8221;on&#8221; da_alt_close=&#8221;off&#8221; da_dark_close=&#8221;off&#8221; da_not_modal=&#8221;on&#8221; da_is_singular=&#8221;off&#8221; da_with_loader=&#8221;off&#8221; da_has_shadow=&#8221;on&#8221;][et_pb_row column_structure=&#8221;1_4,1_4,1_4,1_4&#8243; use_custom_gutter=&#8221;on&#8221; gutter_width=&#8221;1&#8243; make_equal=&#8221;on&#8221; admin_label=&#8221;Data i dia&#8221; _builder_version=&#8221;4.18.0&#8243; _module_preset=&#8221;default&#8221; background_color=&#8221;#dcdcd7&#8243; custom_margin=&#8221;||0px||false|false&#8221; custom_padding=&#8221;|20px|0px|20px|false|true&#8221; collapsed=&#8221;on&#8221; global_colors_info=&#8221;{}&#8221;][et_pb_column type=&#8221;1_4&#8243; _builder_version=&#8221;4.18.0&#8243; _module_preset=&#8221;default&#8221; custom_css_main_element=&#8221;width: 10% !important;||align-self: center;&#8221; global_colors_info=&#8221;{}&#8221;][\/et_pb_column][et_pb_column type=&#8221;1_4&#8243; _builder_version=&#8221;4.18.0&#8243; _module_preset=&#8221;default&#8221; background_enable_color=&#8221;off&#8221; custom_css_main_element=&#8221;width: 30% !important;&#8221; global_colors_info=&#8221;{}&#8221;][et_pb_text admin_label=&#8221;Dilluns&#8221; _builder_version=&#8221;4.18.0&#8243; _module_preset=&#8221;default&#8221; text_font=&#8221;Helvetica Regular||||||||&#8221; text_font_size=&#8221;18px&#8221; text_letter_spacing=&#8221;-0.01em&#8221; text_line_height=&#8221;22px&#8221; link_text_color=&#8221;#dcdcd7&#8243; header_3_font=&#8221;Epicene Text Light|600|||||||&#8221; header_3_font_size=&#8221;28px&#8221; header_3_letter_spacing=&#8221;-0.01em&#8221; header_3_line_height=&#8221;32px&#8221; header_4_font=&#8221;Epicene Text Light||||||||&#8221; header_4_font_size=&#8221;28px&#8221; header_4_letter_spacing=&#8221;-0.01em&#8221; header_4_line_height=&#8221;32px&#8221; custom_padding=&#8221;20px|20px|20px|20px|true|true&#8221; global_colors_info=&#8221;{}&#8221; link_text_color__hover_enabled=&#8221;on|hover&#8221; link_text_color__hover=&#8221;#dcdcd7&#8243;]<\/p>\n<h3>Dilluns<\/h3>\n<p><em>24 d&#8217;octubre de 2022<\/em><br \/>Jornada 1<\/p>\n<p>[\/et_pb_text][\/et_pb_column][et_pb_column type=&#8221;1_4&#8243; _builder_version=&#8221;4.18.0&#8243; _module_preset=&#8221;default&#8221; custom_css_main_element=&#8221;width: 30% !important;&#8221; border_width_left=&#8221;1px&#8221; border_style_left=&#8221;dashed&#8221; global_colors_info=&#8221;{}&#8221;][et_pb_text admin_label=&#8221;Dimarts&#8221; _builder_version=&#8221;4.18.0&#8243; _module_preset=&#8221;default&#8221; text_font=&#8221;Helvetica Regular||||||||&#8221; text_font_size=&#8221;18px&#8221; text_letter_spacing=&#8221;-0.01em&#8221; text_line_height=&#8221;22px&#8221; link_text_color=&#8221;#dcdcd7&#8243; header_3_font=&#8221;Epicene Text Light|600|||||||&#8221; header_3_font_size=&#8221;28px&#8221; header_3_letter_spacing=&#8221;-0.01em&#8221; header_3_line_height=&#8221;32px&#8221; header_4_font=&#8221;Epicene Text Light||||||||&#8221; header_4_font_size=&#8221;28px&#8221; header_4_letter_spacing=&#8221;-0.01em&#8221; header_4_line_height=&#8221;32px&#8221; custom_padding=&#8221;20px|20px|20px|20px|true|true&#8221; global_colors_info=&#8221;{}&#8221; link_text_color__hover_enabled=&#8221;on|hover&#8221; link_text_color__hover=&#8221;#dcdcd7&#8243;]<\/p>\n<h3>Dimarts<\/h3>\n<p><em>25 d&#8217;octubre de 2022<\/em><br \/>Jornada 2<\/p>\n<p>[\/et_pb_text][\/et_pb_column][et_pb_column type=&#8221;1_4&#8243; _builder_version=&#8221;4.18.0&#8243; _module_preset=&#8221;default&#8221; custom_css_main_element=&#8221;width: 30% !important;&#8221; border_width_left=&#8221;1px&#8221; border_style_left=&#8221;dashed&#8221; global_colors_info=&#8221;{}&#8221;][et_pb_text admin_label=&#8221;Dimecres&#8221; _builder_version=&#8221;4.18.0&#8243; _module_preset=&#8221;default&#8221; text_font=&#8221;Helvetica Regular||||||||&#8221; text_font_size=&#8221;18px&#8221; text_letter_spacing=&#8221;-0.01em&#8221; text_line_height=&#8221;22px&#8221; link_text_color=&#8221;#dcdcd7&#8243; header_3_font=&#8221;Epicene Text Light|600|||||||&#8221; header_3_font_size=&#8221;28px&#8221; header_3_letter_spacing=&#8221;-0.01em&#8221; header_3_line_height=&#8221;32px&#8221; header_4_font=&#8221;Epicene Text Light||||||||&#8221; header_4_font_size=&#8221;28px&#8221; header_4_letter_spacing=&#8221;-0.01em&#8221; header_4_line_height=&#8221;32px&#8221; custom_padding=&#8221;20px|20px|20px|20px|true|true&#8221; global_colors_info=&#8221;{}&#8221; link_text_color__hover_enabled=&#8221;on|hover&#8221; link_text_color__hover=&#8221;#dcdcd7&#8243;]<\/p>\n<h3>Dimecres<\/h3>\n<p><em>26 d&#8217;octubre de 2022<\/em><br \/>Jornada 3<\/p>\n<p>[\/et_pb_text][\/et_pb_column][\/et_pb_row][et_pb_row column_structure=&#8221;1_4,1_4,1_4,1_4&#8243; use_custom_gutter=&#8221;on&#8221; gutter_width=&#8221;1&#8243; make_equal=&#8221;on&#8221; admin_label=&#8221;Actes i horari mat\u00ed de 8:30 a 10:00&#8243; module_id=&#8221;mati&#8221; _builder_version=&#8221;4.18.0&#8243; _module_preset=&#8221;default&#8221; background_color=&#8221;#dcdcd7&#8243; custom_margin=&#8221;0px||||false|false&#8221; custom_padding=&#8221;0px|20px|0px|20px|false|true&#8221; collapsed=&#8221;on&#8221; global_colors_info=&#8221;{}&#8221;][et_pb_column type=&#8221;1_4&#8243; _builder_version=&#8221;4.18.0&#8243; _module_preset=&#8221;default&#8221; custom_css_main_element=&#8221;width: 10% !important;&#8221; global_colors_info=&#8221;{}&#8221;][et_pb_text admin_label=&#8221;Mat\u00ed&#8221; _builder_version=&#8221;4.18.0&#8243; _module_preset=&#8221;default&#8221; text_font=&#8221;Helvetica Regular||||||||&#8221; text_font_size=&#8221;18px&#8221; text_letter_spacing=&#8221;-0.01em&#8221; text_line_height=&#8221;22px&#8221; link_text_color=&#8221;#000000&#8243; header_4_font=&#8221;Epicene Text Light||||||||&#8221; header_4_font_size=&#8221;28px&#8221; header_4_letter_spacing=&#8221;-0.01em&#8221; header_4_line_height=&#8221;32px&#8221; positioning=&#8221;relative&#8221; z_index=&#8221;3&#8243; width=&#8221;100%&#8221; custom_margin=&#8221;||||false|false&#8221; custom_padding=&#8221;||85px|20px|false|false&#8221; sticky_position=&#8221;top&#8221; sticky_offset_top=&#8221;120px&#8221; sticky_limit_top=&#8221;section&#8221; sticky_limit_bottom=&#8221;section&#8221; motion_trigger_start=&#8221;bottom&#8221; global_colors_info=&#8221;{}&#8221; link_text_color__hover_enabled=&#8221;on|hover&#8221; link_text_color__hover=&#8221;#000000&#8243;]<\/p>\n<p class=\"programMenu\"><a title=\"Mat\u00ed\" href=\"#mati\">Mat\u00ed<\/a><br \/><a title=\"Tarda\" href=\"#tarda\">Tarda<\/a><br \/><a title=\"Nit\" href=\"#nit\">Nit<\/a><\/p>\n<p>[\/et_pb_text][\/et_pb_column][et_pb_column type=&#8221;1_4&#8243; _builder_version=&#8221;4.18.0&#8243; _module_preset=&#8221;default&#8221; background_enable_color=&#8221;off&#8221; custom_padding=&#8221;|5px||5px|false|true&#8221; custom_css_main_element=&#8221;width: 30% !important;&#8221; global_colors_info=&#8221;{}&#8221;][et_pb_text admin_label=&#8221;Informaci\u00f3, registre i recepci\u00f3 d&#8217;assitents&#8221; _builder_version=&#8221;4.18.0&#8243; _module_preset=&#8221;default&#8221; text_font=&#8221;Helvetica Regular||||||||&#8221; text_font_size=&#8221;18px&#8221; text_letter_spacing=&#8221;-0.01em&#8221; text_line_height=&#8221;22px&#8221; link_text_color=&#8221;#dcdcd7&#8243; header_4_font=&#8221;Epicene Text Light||||||||&#8221; header_4_font_size=&#8221;28px&#8221; header_4_letter_spacing=&#8221;-0.01em&#8221; header_4_line_height=&#8221;32px&#8221; background_color=&#8221;#dc323c&#8221; custom_margin=&#8221;||2px||false|false&#8221; custom_padding=&#8221;20px|20px|20px|20px|true|true&#8221; global_colors_info=&#8221;{}&#8221; link_text_color__hover_enabled=&#8221;on|hover&#8221; link_text_color__hover=&#8221;#dcdcd7&#8243;]<\/p>\n<p style=\"text-align: right;\"><strong>8:30 &#8211; 17:30h<\/strong><\/p>\n<p>Informaci\u00f3, registre i recepci\u00f3 d&#8217;assistents.<\/p>\n<p>[\/et_pb_text][et_pb_text admin_label=&#8221;Presentaci\u00f3 Congr\u00e9s&#8221; _builder_version=&#8221;4.18.0&#8243; _module_preset=&#8221;default&#8221; text_font=&#8221;Helvetica Regular||||||||&#8221; text_font_size=&#8221;18px&#8221; text_letter_spacing=&#8221;-0.01em&#8221; text_line_height=&#8221;22px&#8221; link_text_color=&#8221;#dcdcd7&#8243; header_4_font=&#8221;Epicene Text Light||||||||&#8221; header_4_font_size=&#8221;28px&#8221; header_4_letter_spacing=&#8221;-0.01em&#8221; header_4_line_height=&#8221;32px&#8221; header_6_font=&#8221;Epicene Text Light||||||||&#8221; header_6_font_size=&#8221;22px&#8221; header_6_letter_spacing=&#8221;-0.01px&#8221; header_6_line_height=&#8221;26px&#8221; background_color=&#8221;#dc323c&#8221; custom_margin=&#8221;||2px||false|false&#8221; custom_padding=&#8221;20px|20px|20px|20px|true|true&#8221; global_colors_info=&#8221;{}&#8221; link_text_color__hover_enabled=&#8221;on|hover&#8221; link_text_color__hover=&#8221;#dcdcd7&#8243;]<\/p>\n<p style=\"text-align: right;\"><strong>9:00 &#8211; 9:15h<\/strong><\/p>\n<p><strong>Presentaci\u00f3 Congr\u00e9s<\/strong><\/p>\n<h6>Participants:<\/h6>\n<p>Daniel Mart\u00ednez, President del Grup Focus<br \/><a title=\"Pepe Zapata\" href=\"#pepe-zapata\">Pepe Zapata<\/a>, comissari del Congr\u00e9s<\/p>\n<p>[\/et_pb_text][et_pb_text admin_label=&#8221;Inauguraci\u00f3 Institucional&#8221; _builder_version=&#8221;4.18.0&#8243; _module_preset=&#8221;default&#8221; text_font=&#8221;Helvetica Regular||||||||&#8221; text_font_size=&#8221;18px&#8221; text_letter_spacing=&#8221;-0.01em&#8221; text_line_height=&#8221;22px&#8221; link_text_color=&#8221;#dcdcd7&#8243; header_4_font=&#8221;Epicene Text Light||||||||&#8221; header_4_font_size=&#8221;28px&#8221; header_4_letter_spacing=&#8221;-0.01em&#8221; header_4_line_height=&#8221;32px&#8221; header_6_font=&#8221;Epicene Text Light||||||||&#8221; header_6_font_size=&#8221;22px&#8221; header_6_letter_spacing=&#8221;-0.01px&#8221; header_6_line_height=&#8221;26px&#8221; background_color=&#8221;#dc323c&#8221; height=&#8221;45.6%&#8221; custom_margin=&#8221;||2px||false|false&#8221; custom_padding=&#8221;20px|20px|20px|20px|true|true&#8221; global_colors_info=&#8221;{}&#8221; link_text_color__hover_enabled=&#8221;on|hover&#8221; link_text_color__hover=&#8221;#dcdcd7&#8243;]<\/p>\n<p style=\"text-align: right;\"><strong>9:15 &#8211; 9:30h<\/strong><\/p>\n<p><strong>Inauguraci\u00f3 institucional<\/strong><\/p>\n<h6>Participants:<\/h6>\n<p>Jordi Mart\u00edn, Tinent d&#8217;Alcalde de Cultura de Barcelona<br \/>Miquel Iceta, Ministre de Cultura<br \/>Pere Aragon\u00e8s, President de la Generalitat de Catalunya<\/p>\n<p>[\/et_pb_text][\/et_pb_column][et_pb_column type=&#8221;1_4&#8243; _builder_version=&#8221;4.18.0&#8243; _module_preset=&#8221;default&#8221; custom_padding=&#8221;|5px||5px|false|true&#8221; custom_css_main_element=&#8221;width: 30% !important;&#8221; border_width_left=&#8221;1px&#8221; border_style_left=&#8221;dashed&#8221; global_colors_info=&#8221;{}&#8221;][et_pb_text admin_label=&#8221;Informaci\u00f3, registre i recepci\u00f3 d&#8217;assitents&#8221; _builder_version=&#8221;4.18.0&#8243; _module_preset=&#8221;default&#8221; text_font=&#8221;Helvetica Regular||||||||&#8221; text_font_size=&#8221;18px&#8221; text_letter_spacing=&#8221;-0.01em&#8221; text_line_height=&#8221;22px&#8221; link_text_color=&#8221;#dcdcd7&#8243; header_4_font=&#8221;Epicene Text Light||||||||&#8221; header_4_font_size=&#8221;28px&#8221; header_4_letter_spacing=&#8221;-0.01em&#8221; header_4_line_height=&#8221;32px&#8221; header_6_font=&#8221;Epicene Text Light||||||||&#8221; header_6_font_size=&#8221;22px&#8221; header_6_letter_spacing=&#8221;-0.01px&#8221; header_6_line_height=&#8221;26px&#8221; background_color=&#8221;#a17d52&#8243; custom_margin=&#8221;||2px||false|false&#8221; custom_padding=&#8221;20px|20px|20px|20px|true|true&#8221; global_colors_info=&#8221;{}&#8221; link_text_color__hover_enabled=&#8221;on|hover&#8221; link_text_color__hover=&#8221;#dcdcd7&#8243;]<\/p>\n<p style=\"text-align: right;\"><strong>8:30 &#8211; 18:30h<\/strong><\/p>\n<p>Informaci\u00f3, registre i recepci\u00f3 d&#8217;assistents.<\/p>\n<p>[\/et_pb_text][et_pb_text admin_label=&#8221;Presentaci\u00f3 jornada mat\u00ed&#8221; _builder_version=&#8221;4.18.0&#8243; _module_preset=&#8221;default&#8221; text_font=&#8221;Helvetica Regular||||||||&#8221; text_font_size=&#8221;18px&#8221; text_letter_spacing=&#8221;-0.01em&#8221; text_line_height=&#8221;22px&#8221; link_text_color=&#8221;#dcdcd7&#8243; header_4_font=&#8221;Epicene Text Light||||||||&#8221; header_4_font_size=&#8221;28px&#8221; header_4_letter_spacing=&#8221;-0.01em&#8221; header_4_line_height=&#8221;32px&#8221; header_6_font=&#8221;Epicene Text Light||||||||&#8221; header_6_font_size=&#8221;22px&#8221; header_6_letter_spacing=&#8221;-0.01px&#8221; header_6_line_height=&#8221;26px&#8221; background_color=&#8221;#a17d52&#8243; custom_margin=&#8221;||2px||false|false&#8221; custom_padding=&#8221;20px|20px|20px|20px|true|true&#8221; global_colors_info=&#8221;{}&#8221; link_text_color__hover_enabled=&#8221;on|hover&#8221; link_text_color__hover=&#8221;#dcdcd7&#8243;]<\/p>\n<p style=\"text-align: right;\"><strong>9:00 &#8211; 9:05h<\/strong><\/p>\n<p><strong>Presentaci\u00f3 jornada mat\u00ed<\/strong><\/p>\n<p>Conduexi: <a title=\"Pepe Zapata\" href=\"#pepe-zapata\">Pepe Zapata<\/a><\/p>\n<p>[\/et_pb_text][et_pb_text admin_label=&#8221;Confer\u00e8ncia: El teatre com eina&#8221; _builder_version=&#8221;4.18.0&#8243; _module_preset=&#8221;default&#8221; text_font=&#8221;Helvetica Regular||||||||&#8221; text_font_size=&#8221;18px&#8221; text_letter_spacing=&#8221;-0.01em&#8221; text_line_height=&#8221;22px&#8221; link_text_color=&#8221;#dcdcd7&#8243; header_4_font=&#8221;Epicene Text Light||||||||&#8221; header_4_font_size=&#8221;28px&#8221; header_4_letter_spacing=&#8221;-0.01em&#8221; header_4_line_height=&#8221;32px&#8221; header_6_font=&#8221;Epicene Text Light||||||||&#8221; header_6_font_size=&#8221;22px&#8221; header_6_letter_spacing=&#8221;-0.01px&#8221; header_6_line_height=&#8221;26px&#8221; background_color=&#8221;#a17d52&#8243; height=&#8221;58%&#8221; custom_margin=&#8221;||2px||false|false&#8221; custom_padding=&#8221;20px|20px|20px|20px|true|true&#8221; global_colors_info=&#8221;{}&#8221; link_text_color__hover_enabled=&#8221;on|hover&#8221; link_text_color__hover=&#8221;#dcdcd7&#8243;]<\/p>\n<p style=\"text-align: right;\"><strong>9:05 &#8211; 10:00h<\/strong><\/p>\n<p>Confer\u00e8ncia: <strong>El teatre com a eina d&#8217;innovaci\u00f3 social<\/strong><\/p>\n<p>Participant: <a title=\"Antonella Broglia\" href=\"#antonella-broglia\">Antonella Broglia<\/a><br \/>Condueix: <a title=\"Pepe Zapata\" href=\"#pepe-zapata\">Pepe Zapata<\/a><\/p>\n<p>[\/et_pb_text][\/et_pb_column][et_pb_column type=&#8221;1_4&#8243; _builder_version=&#8221;4.18.0&#8243; _module_preset=&#8221;default&#8221; custom_padding=&#8221;|5px||5px|false|true&#8221; custom_css_main_element=&#8221;width: 30% !important;&#8221; border_width_left=&#8221;1px&#8221; border_style_left=&#8221;dashed&#8221; global_colors_info=&#8221;{}&#8221;][et_pb_text admin_label=&#8221;Informaci\u00f3, registre i recepci\u00f3 d&#8217;assitents&#8221; _builder_version=&#8221;4.18.0&#8243; _module_preset=&#8221;default&#8221; text_font=&#8221;Helvetica Regular||||||||&#8221; text_font_size=&#8221;18px&#8221; text_letter_spacing=&#8221;-0.01em&#8221; text_line_height=&#8221;22px&#8221; link_text_color=&#8221;#dcdcd7&#8243; header_4_font=&#8221;Epicene Text Light||||||||&#8221; header_4_font_size=&#8221;28px&#8221; header_4_letter_spacing=&#8221;-0.01em&#8221; header_4_line_height=&#8221;32px&#8221; header_6_font=&#8221;Epicene Text Light||||||||&#8221; header_6_font_size=&#8221;22px&#8221; header_6_letter_spacing=&#8221;-0.01px&#8221; header_6_line_height=&#8221;26px&#8221; background_color=&#8221;#dc323c&#8221; custom_margin=&#8221;||2px||false|false&#8221; custom_padding=&#8221;20px|20px|20px|20px|true|true&#8221; global_colors_info=&#8221;{}&#8221; link_text_color__hover_enabled=&#8221;on|hover&#8221; link_text_color__hover=&#8221;#dcdcd7&#8243;]<\/p>\n<p style=\"text-align: right;\"><strong>8:30 &#8211; 17:00h<\/strong><\/p>\n<p>Informaci\u00f3, registre i recepci\u00f3 d&#8217;assistents.<\/p>\n<p>[\/et_pb_text][et_pb_text admin_label=&#8221;Presentaci\u00f3 jornada mat\u00ed&#8221; _builder_version=&#8221;4.18.0&#8243; _module_preset=&#8221;default&#8221; text_font=&#8221;Helvetica Regular||||||||&#8221; text_font_size=&#8221;18px&#8221; text_letter_spacing=&#8221;-0.01em&#8221; text_line_height=&#8221;22px&#8221; link_text_color=&#8221;#dcdcd7&#8243; header_4_font=&#8221;Epicene Text Light||||||||&#8221; header_4_font_size=&#8221;28px&#8221; header_4_letter_spacing=&#8221;-0.01em&#8221; header_4_line_height=&#8221;32px&#8221; header_6_font=&#8221;Epicene Text Light||||||||&#8221; header_6_font_size=&#8221;22px&#8221; header_6_letter_spacing=&#8221;-0.01px&#8221; header_6_line_height=&#8221;26px&#8221; background_color=&#8221;#dc323c&#8221; custom_margin=&#8221;||2px||false|false&#8221; custom_padding=&#8221;20px|20px|20px|20px|true|true&#8221; global_colors_info=&#8221;{}&#8221; link_text_color__hover_enabled=&#8221;on|hover&#8221; link_text_color__hover=&#8221;#dcdcd7&#8243;]<\/p>\n<p style=\"text-align: right;\"><strong>9:00 &#8211; 9:05h<\/strong><\/p>\n<p><strong>Presentaci\u00f3 jornada mat\u00ed<\/strong><\/p>\n<p>Conduexi: <a title=\"Pepe Zapata\" href=\"#pepe-zapata\">Pepe Zapata<\/a><\/p>\n<p>[\/et_pb_text][et_pb_text admin_label=&#8221;Taula de debat i experi\u00e8ncies: Experi\u00e8ncies creatives&#8221; _builder_version=&#8221;4.18.0&#8243; _module_preset=&#8221;default&#8221; text_font=&#8221;Helvetica Regular||||||||&#8221; text_font_size=&#8221;18px&#8221; text_letter_spacing=&#8221;-0.01em&#8221; text_line_height=&#8221;22px&#8221; link_text_color=&#8221;#dcdcd7&#8243; header_4_font=&#8221;Epicene Text Light||||||||&#8221; header_4_font_size=&#8221;28px&#8221; header_4_letter_spacing=&#8221;-0.01em&#8221; header_4_line_height=&#8221;32px&#8221; header_6_font=&#8221;Epicene Text Light||||||||&#8221; header_6_font_size=&#8221;22px&#8221; header_6_letter_spacing=&#8221;-0.01px&#8221; header_6_line_height=&#8221;26px&#8221; background_color=&#8221;#dc323c&#8221; custom_margin=&#8221;||2px||false|false&#8221; custom_padding=&#8221;20px|20px|20px|20px|true|true&#8221; global_colors_info=&#8221;{}&#8221; link_text_color__hover_enabled=&#8221;on|hover&#8221; link_text_color__hover=&#8221;#dcdcd7&#8243;]<\/p>\n<p style=\"text-align: right;\"><strong>09:05 &#8211; 10:00h<\/strong><\/p>\n<p>Taula de debat i experi\u00e8ncies: <strong>Experi\u00e8ncies creatives amb espectadors<\/strong><\/p>\n<h6>Participants<\/h6>\n<p><a title=\"Sandrine Grateloup\" href=\"#sandrine-grateloup\">Sandrine Grateloup<\/a> \u2013 Fr<br \/><a title=\"Stuart Kandell\" href=\"#stuart-kandell\">Stuart Kandell<\/a> \u2013 Germany\/USA<br \/><a title=\"Caterina Giangrasso\" href=\"#caterina-giangrasso\">Caterina Giangrasso<\/a> \u2013 It (woman made)<br \/><a title=\"Cinthia Vanessa Arrebola\" href=\"#cinthia-vanessa-arrebola\">Cinthia Vanessa Arrebola<\/a><br \/><a title=\"Roberto Alfredo S\u00e1nchez\" href=\"#roberto-alfredo-sanchez\">Roberto Alfredo S\u00e1nchez<\/a> \u2013 Per\u00fa<br \/><a title=\"Rucera Seethal\" href=\"#rucera-seethal\">Rucera Seethal<\/a> \u2013 South Africa<br \/><a title=\"Moez Mrabet\" href=\"#moez-mrabet\">Moez Mrabet<\/a> &#8211; TUN<\/p>\n<p>[\/et_pb_text][\/et_pb_column][\/et_pb_row][et_pb_row column_structure=&#8221;1_4,1_4,1_4,1_4&#8243; use_custom_gutter=&#8221;on&#8221; gutter_width=&#8221;1&#8243; make_equal=&#8221;on&#8221; admin_label=&#8221;Actes i horari mat\u00ed de 10:00 a 11:00&#8243; _builder_version=&#8221;4.18.0&#8243; _module_preset=&#8221;default&#8221; background_color=&#8221;#dcdcd7&#8243; custom_margin=&#8221;0px||||false|false&#8221; custom_padding=&#8221;0px|20px|0px|20px|false|true&#8221; collapsed=&#8221;on&#8221; global_colors_info=&#8221;{}&#8221;][et_pb_column type=&#8221;1_4&#8243; _builder_version=&#8221;4.18.0&#8243; _module_preset=&#8221;default&#8221; custom_css_main_element=&#8221;width: 10% !important;||align-self: center;&#8221; global_colors_info=&#8221;{}&#8221;][\/et_pb_column][et_pb_column type=&#8221;1_4&#8243; _builder_version=&#8221;4.18.0&#8243; _module_preset=&#8221;default&#8221; background_enable_color=&#8221;off&#8221; custom_padding=&#8221;|5px||5px|false|true&#8221; custom_css_main_element=&#8221;width: 30% !important;&#8221; global_colors_info=&#8221;{}&#8221;][et_pb_text admin_label=&#8221;Confer\u00e8ncia inaugural&#8221; _builder_version=&#8221;4.18.0&#8243; _module_preset=&#8221;default&#8221; text_font=&#8221;Helvetica Regular||||||||&#8221; text_font_size=&#8221;18px&#8221; text_letter_spacing=&#8221;-0.01em&#8221; text_line_height=&#8221;22px&#8221; link_text_color=&#8221;#dcdcd7&#8243; header_4_font=&#8221;Epicene Text Light||||||||&#8221; header_4_font_size=&#8221;28px&#8221; header_4_letter_spacing=&#8221;-0.01em&#8221; header_4_line_height=&#8221;32px&#8221; header_6_font=&#8221;Epicene Text Light||||||||&#8221; header_6_font_size=&#8221;22px&#8221; header_6_letter_spacing=&#8221;-0.01px&#8221; header_6_line_height=&#8221;26px&#8221; background_color=&#8221;#dc323c&#8221; height=&#8221;99.3%&#8221; custom_margin=&#8221;||2px||false|false&#8221; custom_padding=&#8221;20px|20px|20px|20px|true|true&#8221; global_colors_info=&#8221;{}&#8221; link_text_color__hover_enabled=&#8221;on|hover&#8221; link_text_color__hover=&#8221;#dcdcd7&#8243;]<\/p>\n<p style=\"text-align: right;\"><strong>10:00 &#8211; 11:00h<\/strong><\/p>\n<p>Confer\u00e8ncia inaugural <strong>The paradox of audiences<\/strong><\/p>\n<p>Partipant: <a title=\"Katya Johanson\" href=\"#katya-johanson\">Katya Johanson<\/a><br \/>Condueix: <a title=\"Pepe Zapata\" href=\"#pepe-zapata\">Pepe Zapata<\/a><\/p>\n<p>[\/et_pb_text][\/et_pb_column][et_pb_column type=&#8221;1_4&#8243; _builder_version=&#8221;4.18.0&#8243; _module_preset=&#8221;default&#8221; custom_padding=&#8221;|5px||5px|false|true&#8221; custom_css_main_element=&#8221;width: 30% !important;&#8221; border_width_left=&#8221;1px&#8221; border_style_left=&#8221;dashed&#8221; global_colors_info=&#8221;{}&#8221;][et_pb_text admin_label=&#8221;Taula de debat i experi\u00e8ncies: Teatre social&#8221; _builder_version=&#8221;4.18.0&#8243; _module_preset=&#8221;default&#8221; text_font=&#8221;Helvetica Regular||||||||&#8221; text_font_size=&#8221;18px&#8221; text_letter_spacing=&#8221;-0.01em&#8221; text_line_height=&#8221;22px&#8221; link_text_color=&#8221;#dcdcd7&#8243; header_4_font=&#8221;Epicene Text Light||||||||&#8221; header_4_font_size=&#8221;28px&#8221; header_4_letter_spacing=&#8221;-0.01em&#8221; header_4_line_height=&#8221;32px&#8221; header_6_font=&#8221;Epicene Text Light||||||||&#8221; header_6_font_size=&#8221;22px&#8221; header_6_letter_spacing=&#8221;-0.01px&#8221; header_6_line_height=&#8221;26px&#8221; background_color=&#8221;#a17d52&#8243; custom_margin=&#8221;||2px||false|false&#8221; custom_padding=&#8221;20px|20px|20px|20px|true|true&#8221; global_colors_info=&#8221;{}&#8221; link_text_color__hover_enabled=&#8221;on|hover&#8221; link_text_color__hover=&#8221;#dcdcd7&#8243;]<\/p>\n<p style=\"text-align: right;\"><strong>10:00 &#8211; 11:00h<\/strong><\/p>\n<p>Taula de debat i experi\u00e8ncies <strong>Teatre social, inclusi\u00f3, accessibilitat<\/strong><\/p>\n<h6>Participants<\/h6>\n<p><a title=\"Isis Abell\u00e1n\" href=\"#isis-abellan\">Isis Abell\u00e1n<\/a> \u2013 ESP (Ca\u00eddos del Cielo)<br \/><a title=\"Michelle\" href=\"#michelle\">Michelle<\/a> \u2013 UK (Stagesisht)<br \/><a title=\"Argelia E Rojas Mu\u00f1oz\" href=\"#argelia-rojas\">Argelia E Rojas Mu\u00f1oz<\/a> (Transmetodolog\u00eda de Artes Integradas)<br \/><a title=\"Z\u00e9 Pires\" href=\"#ze-pires\">Z\u00e9 Pires<\/a> (Arena Ensemble)<br \/><a title=\"Jaime Plaza\" href=\"#jaime-plaza\">Jaime Plaza<\/a> (Teatro La Plaza)<br \/><a title=\"Alberto Rizzo\" href=\"#albertor-rizzo\">Alberto Rizzo<\/a> &#8211; CAT<br \/><a title=\"Andrew kaggwa\" href=\"#andrew-kaggwa\">Andrew kaggwa<\/a> &#8211; UGA<\/p>\n<p>[\/et_pb_text][\/et_pb_column][et_pb_column type=&#8221;1_4&#8243; _builder_version=&#8221;4.18.0&#8243; _module_preset=&#8221;default&#8221; custom_padding=&#8221;|5px||5px|false|true&#8221; custom_css_main_element=&#8221;width: 30% !important;&#8221; border_width_left=&#8221;1px&#8221; border_style_left=&#8221;dashed&#8221; global_colors_info=&#8221;{}&#8221;][et_pb_text admin_label=&#8221;Taula de debat i experi\u00e8ncies: Com connectar&#8221; _builder_version=&#8221;4.18.0&#8243; _module_preset=&#8221;default&#8221; text_font=&#8221;Helvetica Regular||||||||&#8221; text_font_size=&#8221;18px&#8221; text_letter_spacing=&#8221;-0.01em&#8221; text_line_height=&#8221;22px&#8221; link_text_color=&#8221;#dcdcd7&#8243; header_4_font=&#8221;Epicene Text Light||||||||&#8221; header_4_font_size=&#8221;28px&#8221; header_4_letter_spacing=&#8221;-0.01em&#8221; header_4_line_height=&#8221;32px&#8221; header_6_font=&#8221;Epicene Text Light||||||||&#8221; header_6_font_size=&#8221;22px&#8221; header_6_letter_spacing=&#8221;-0.01px&#8221; header_6_line_height=&#8221;26px&#8221; background_color=&#8221;#dc323c&#8221; height=&#8221;99.3%&#8221; custom_margin=&#8221;||2px||false|false&#8221; custom_padding=&#8221;20px|20px|20px|20px|true|true&#8221; global_colors_info=&#8221;{}&#8221; link_text_color__hover_enabled=&#8221;on|hover&#8221; link_text_color__hover=&#8221;#dcdcd7&#8243;]<\/p>\n<p style=\"text-align: right;\"><strong>10:00 &#8211; 11:00h<\/strong><\/p>\n<p>Taula de debat i experi\u00e8ncies: <strong>Com connectar amb joves espectadors<\/strong><\/p>\n<h6>Participants<\/h6>\n<p><a title=\"Judit\" href=\"#judit\">Judit<\/a> \u2013 CAT (Novaveu)<br \/><a title=\"Tara Senicic\" href=\"#tara-senicic\">Tara Senicic<\/a> \u2013 SER<br \/><a title=\"Ivana Antic\" href=\"#ivana-antic\">Ivana Antic<\/a><br \/><a title=\"Elisabeth Glesne\" href=\"#elisabeth-glesne\">Elisabeth Glesne<\/a> \u2013 NOR<br \/><a title=\"Laura Szab\u00f3\" href=\"#laura-szab\u00f3\">Laura Szab\u00f3<\/a> \u2013 HUN<br \/><a title=\"Anja Pirnat\" href=\"#anja-pirnat\">Anja Pirnat<\/a> \u2013 SLO<br \/><a title=\"Chadi Saad\" href=\"#chadi-saad\">Chadi Saad<\/a> &#8211; LEB<\/p>\n<p>[\/et_pb_text][\/et_pb_column][\/et_pb_row][et_pb_row column_structure=&#8221;1_4,1_4,1_4,1_4&#8243; use_custom_gutter=&#8221;on&#8221; gutter_width=&#8221;1&#8243; make_equal=&#8221;on&#8221; admin_label=&#8221;Coffe break mat\u00ed&#8221; _builder_version=&#8221;4.18.0&#8243; _module_preset=&#8221;default&#8221; background_color=&#8221;#dcdcd7&#8243; custom_margin=&#8221;0px||||false|false&#8221; custom_padding=&#8221;0px|20px|0px|20px|false|true&#8221; collapsed=&#8221;on&#8221; global_colors_info=&#8221;{}&#8221;][et_pb_column type=&#8221;1_4&#8243; _builder_version=&#8221;4.18.0&#8243; _module_preset=&#8221;default&#8221; custom_css_main_element=&#8221;width: 10% !important;||align-self: center;&#8221; global_colors_info=&#8221;{}&#8221;][\/et_pb_column][et_pb_column type=&#8221;1_4&#8243; _builder_version=&#8221;4.18.0&#8243; _module_preset=&#8221;default&#8221; background_enable_color=&#8221;off&#8221; custom_padding=&#8221;|5px||5px|false|true&#8221; custom_css_main_element=&#8221;width: 30% !important;&#8221; global_colors_info=&#8221;{}&#8221;][et_pb_text admin_label=&#8221;Coffe break&#8221; _builder_version=&#8221;4.18.0&#8243; _module_preset=&#8221;default&#8221; text_font=&#8221;Helvetica Regular||||||||&#8221; text_font_size=&#8221;18px&#8221; text_letter_spacing=&#8221;-0.01em&#8221; text_line_height=&#8221;22px&#8221; link_text_color=&#8221;#dcdcd7&#8243; header_4_font=&#8221;Epicene Text Light||||||||&#8221; header_4_font_size=&#8221;28px&#8221; header_4_letter_spacing=&#8221;-0.01em&#8221; header_4_line_height=&#8221;32px&#8221; header_6_font=&#8221;Epicene Text Light||||||||&#8221; header_6_font_size=&#8221;22px&#8221; header_6_letter_spacing=&#8221;-0.01px&#8221; header_6_line_height=&#8221;26px&#8221; background_color=&#8221;#dcdcd7&#8243; custom_margin=&#8221;||||false|false&#8221; custom_padding=&#8221;20px|20px|20px|20px|true|true&#8221; global_colors_info=&#8221;{}&#8221; link_text_color__hover_enabled=&#8221;on|hover&#8221; link_text_color__hover=&#8221;#dcdcd7&#8243;]<\/p>\n<p style=\"text-align: right;\"><strong>11:00 &#8211; 11:30h<\/strong><\/p>\n<p>Coffe break<\/p>\n<p>[\/et_pb_text][\/et_pb_column][et_pb_column type=&#8221;1_4&#8243; _builder_version=&#8221;4.18.0&#8243; _module_preset=&#8221;default&#8221; custom_padding=&#8221;|5px||5px|false|true&#8221; custom_css_main_element=&#8221;width: 30% !important;&#8221; border_width_left=&#8221;1px&#8221; border_style_left=&#8221;dashed&#8221; global_colors_info=&#8221;{}&#8221;][et_pb_text admin_label=&#8221;Coffe break&#8221; _builder_version=&#8221;4.18.0&#8243; _module_preset=&#8221;default&#8221; text_font=&#8221;Helvetica Regular||||||||&#8221; text_font_size=&#8221;18px&#8221; text_letter_spacing=&#8221;-0.01em&#8221; text_line_height=&#8221;22px&#8221; link_text_color=&#8221;#dcdcd7&#8243; header_4_font=&#8221;Epicene Text Light||||||||&#8221; header_4_font_size=&#8221;28px&#8221; header_4_letter_spacing=&#8221;-0.01em&#8221; header_4_line_height=&#8221;32px&#8221; header_6_font=&#8221;Epicene Text Light||||||||&#8221; header_6_font_size=&#8221;22px&#8221; header_6_letter_spacing=&#8221;-0.01px&#8221; header_6_line_height=&#8221;26px&#8221; background_color=&#8221;#dcdcd7&#8243; custom_margin=&#8221;||||false|false&#8221; custom_padding=&#8221;20px|20px|20px|20px|true|true&#8221; global_colors_info=&#8221;{}&#8221; link_text_color__hover_enabled=&#8221;on|hover&#8221; link_text_color__hover=&#8221;#dcdcd7&#8243;]<\/p>\n<p style=\"text-align: right;\"><strong>11:00 &#8211; 11:30h<\/strong><\/p>\n<p>Coffe break<\/p>\n<p>[\/et_pb_text][\/et_pb_column][et_pb_column type=&#8221;1_4&#8243; _builder_version=&#8221;4.18.0&#8243; _module_preset=&#8221;default&#8221; custom_padding=&#8221;|5px||5px|false|true&#8221; custom_css_main_element=&#8221;width: 30% !important;&#8221; border_width_left=&#8221;1px&#8221; border_style_left=&#8221;dashed&#8221; global_colors_info=&#8221;{}&#8221;][et_pb_text admin_label=&#8221;Coffe break&#8221; _builder_version=&#8221;4.18.0&#8243; _module_preset=&#8221;default&#8221; text_font=&#8221;Helvetica Regular||||||||&#8221; text_font_size=&#8221;18px&#8221; text_letter_spacing=&#8221;-0.01em&#8221; text_line_height=&#8221;22px&#8221; link_text_color=&#8221;#dcdcd7&#8243; header_4_font=&#8221;Epicene Text Light||||||||&#8221; header_4_font_size=&#8221;28px&#8221; header_4_letter_spacing=&#8221;-0.01em&#8221; header_4_line_height=&#8221;32px&#8221; header_6_font=&#8221;Epicene Text Light||||||||&#8221; header_6_font_size=&#8221;22px&#8221; header_6_letter_spacing=&#8221;-0.01px&#8221; header_6_line_height=&#8221;26px&#8221; background_color=&#8221;#dcdcd7&#8243; custom_margin=&#8221;||||false|false&#8221; custom_padding=&#8221;20px|20px|20px|20px|true|true&#8221; global_colors_info=&#8221;{}&#8221; link_text_color__hover_enabled=&#8221;on|hover&#8221; link_text_color__hover=&#8221;#dcdcd7&#8243;]<\/p>\n<p style=\"text-align: right;\"><strong>11:00 &#8211; 11:30h<\/strong><\/p>\n<p>Coffe break<\/p>\n<p>[\/et_pb_text][\/et_pb_column][\/et_pb_row][et_pb_row column_structure=&#8221;1_4,1_4,1_4,1_4&#8243; use_custom_gutter=&#8221;on&#8221; gutter_width=&#8221;1&#8243; make_equal=&#8221;on&#8221; admin_label=&#8221;Actes i horari mat\u00ed de 11:30 a 13:00&#8243; _builder_version=&#8221;4.18.0&#8243; _module_preset=&#8221;default&#8221; background_color=&#8221;#dcdcd7&#8243; custom_margin=&#8221;0px||||false|false&#8221; custom_padding=&#8221;0px|20px|0px|20px|false|true&#8221; collapsed=&#8221;on&#8221; global_colors_info=&#8221;{}&#8221;][et_pb_column type=&#8221;1_4&#8243; _builder_version=&#8221;4.18.0&#8243; _module_preset=&#8221;default&#8221; custom_css_main_element=&#8221;width: 10% !important;||align-self: center;&#8221; global_colors_info=&#8221;{}&#8221;][\/et_pb_column][et_pb_column type=&#8221;1_4&#8243; _builder_version=&#8221;4.18.0&#8243; _module_preset=&#8221;default&#8221; background_enable_color=&#8221;off&#8221; custom_padding=&#8221;|5px||5px|false|true&#8221; custom_css_main_element=&#8221;width: 30% !important;&#8221; global_colors_info=&#8221;{}&#8221;][et_pb_text admin_label=&#8221;Presentaci\u00f3 Jornada Mat\u00ed&#8221; _builder_version=&#8221;4.18.0&#8243; _module_preset=&#8221;default&#8221; text_font=&#8221;Helvetica Regular||||||||&#8221; text_font_size=&#8221;18px&#8221; text_letter_spacing=&#8221;-0.01em&#8221; text_line_height=&#8221;22px&#8221; link_text_color=&#8221;#dcdcd7&#8243; header_4_font=&#8221;Epicene Text Light||||||||&#8221; header_4_font_size=&#8221;28px&#8221; header_4_letter_spacing=&#8221;-0.01em&#8221; header_4_line_height=&#8221;32px&#8221; header_6_font=&#8221;Epicene Text Light||||||||&#8221; header_6_font_size=&#8221;22px&#8221; header_6_letter_spacing=&#8221;-0.01px&#8221; header_6_line_height=&#8221;26px&#8221; background_color=&#8221;#dc323c&#8221; custom_margin=&#8221;||2px||false|false&#8221; custom_padding=&#8221;20px|20px|20px|20px|true|true&#8221; global_colors_info=&#8221;{}&#8221; link_text_color__hover_enabled=&#8221;on|hover&#8221; link_text_color__hover=&#8221;#dcdcd7&#8243;]<\/p>\n<p style=\"text-align: right;\"><strong>11:30 &#8211; 11:35h<\/strong><\/p>\n<p><strong>Presentaci\u00f3 jornada mat\u00ed<\/strong><\/p>\n<p>Condueix: <a title=\"Pepe Zapata\" href=\"#pepe-zapata\">Pepe Zapata<\/a><\/p>\n<p>[\/et_pb_text][et_pb_text admin_label=&#8221;Presentaci\u00f3 dels espectadors (sessi\u00f3 1)&#8221; _builder_version=&#8221;4.18.0&#8243; _module_preset=&#8221;default&#8221; text_font=&#8221;Helvetica Regular||||||||&#8221; text_font_size=&#8221;18px&#8221; text_letter_spacing=&#8221;-0.01em&#8221; text_line_height=&#8221;22px&#8221; link_text_color=&#8221;#dcdcd7&#8243; header_4_font=&#8221;Epicene Text Light||||||||&#8221; header_4_font_size=&#8221;28px&#8221; header_4_letter_spacing=&#8221;-0.01em&#8221; header_4_line_height=&#8221;32px&#8221; header_6_font=&#8221;Epicene Text Light||||||||&#8221; header_6_font_size=&#8221;22px&#8221; header_6_letter_spacing=&#8221;-0.01px&#8221; header_6_line_height=&#8221;26px&#8221; background_color=&#8221;#dc323c&#8221; height=&#8221;73%&#8221; custom_margin=&#8221;||||false|false&#8221; custom_padding=&#8221;20px|20px|20px|20px|true|true&#8221; global_colors_info=&#8221;{}&#8221; link_text_color__hover_enabled=&#8221;on|hover&#8221; link_text_color__hover=&#8221;#dcdcd7&#8243;]<\/p>\n<p style=\"text-align: right;\"><strong>11:35 &#8211; 13:00h<\/strong><\/p>\n<p><strong>Presentaci\u00f3 dels espectadors internacionals convidats (sessi\u00f3 1)<\/strong><\/p>\n<p>Condueix: <a title=\"Pepe Zapata\" href=\"#pepe-zapata\">Pepe Zapata<\/a><\/p>\n<p>[\/et_pb_text][\/et_pb_column][et_pb_column type=&#8221;1_4&#8243; _builder_version=&#8221;4.18.0&#8243; _module_preset=&#8221;default&#8221; custom_padding=&#8221;|5px||5px|false|true&#8221; custom_css_main_element=&#8221;width: 30% !important;&#8221; border_width_left=&#8221;1px&#8221; border_style_left=&#8221;dashed&#8221; global_colors_info=&#8221;{}&#8221;][et_pb_text admin_label=&#8221;Presentaci\u00f3 dels espectador (sessi\u00f3 3)&#8221; _builder_version=&#8221;4.18.0&#8243; _module_preset=&#8221;default&#8221; text_font=&#8221;Helvetica Regular||||||||&#8221; text_font_size=&#8221;18px&#8221; text_letter_spacing=&#8221;-0.01em&#8221; text_line_height=&#8221;22px&#8221; link_text_color=&#8221;#dcdcd7&#8243; header_4_font=&#8221;Epicene Text Light||||||||&#8221; header_4_font_size=&#8221;28px&#8221; header_4_letter_spacing=&#8221;-0.01em&#8221; header_4_line_height=&#8221;32px&#8221; header_6_font=&#8221;Epicene Text Light||||||||&#8221; header_6_font_size=&#8221;22px&#8221; header_6_letter_spacing=&#8221;-0.01px&#8221; header_6_line_height=&#8221;26px&#8221; background_color=&#8221;#a17d52&#8243; custom_margin=&#8221;||2px||false|false&#8221; custom_padding=&#8221;20px|20px|20px|20px|true|true&#8221; global_colors_info=&#8221;{}&#8221; link_text_color__hover_enabled=&#8221;on|hover&#8221; link_text_color__hover=&#8221;#dcdcd7&#8243;]<\/p>\n<p style=\"text-align: right;\"><strong>11:30 &#8211; 12:15h<\/strong><\/p>\n<p><strong>Presentaci\u00f3 dels espectadors internacionals convidat<\/strong>s (sessi\u00f3 3)<\/p>\n<p>Condueix: <a title=\"Pepe Zapata\" href=\"#pepe-zapata\">Pepe Zapata<\/a><\/p>\n<p>[\/et_pb_text][et_pb_text admin_label=&#8221;Taula de debat i experi\u00e8ncies: Escoles d&#8217;espectadors&#8221; _builder_version=&#8221;4.18.0&#8243; _module_preset=&#8221;default&#8221; text_font=&#8221;Helvetica Regular||||||||&#8221; text_font_size=&#8221;18px&#8221; text_letter_spacing=&#8221;-0.01em&#8221; text_line_height=&#8221;22px&#8221; link_text_color=&#8221;#dcdcd7&#8243; header_4_font=&#8221;Epicene Text Light||||||||&#8221; header_4_font_size=&#8221;28px&#8221; header_4_letter_spacing=&#8221;-0.01em&#8221; header_4_line_height=&#8221;32px&#8221; header_6_font=&#8221;Epicene Text Light||||||||&#8221; header_6_font_size=&#8221;22px&#8221; header_6_letter_spacing=&#8221;-0.01px&#8221; header_6_line_height=&#8221;26px&#8221; background_color=&#8221;#a17d52&#8243; height=&#8221;69%&#8221; custom_margin=&#8221;||||false|false&#8221; custom_padding=&#8221;20px|20px|20px|20px|true|true&#8221; global_colors_info=&#8221;{}&#8221; link_text_color__hover_enabled=&#8221;on|hover&#8221; link_text_color__hover=&#8221;#dcdcd7&#8243;]<\/p>\n<p style=\"text-align: right;\"><strong>12:15 -13:00h<\/strong><\/p>\n<p>Taula de debat i experi\u00e8ncies: <strong>Escoles d&#8217;espectadors a Llatinoam\u00e8rica i Catalunya: evoluci\u00f3 i reptes de futur<\/strong><\/p>\n<h6>Participants<\/h6>\n<p><a title=\"Rosa Paseggi\" href=\"#rosa-paseggi\">Rosa Paseggi<\/a> \u2013 Uruguay<br \/><a title=\"Camilo Gil\" href=\"#camilo-gil\">Camilo Gil<\/a> \u2013 Bol\u00edvia<br \/><a title=\"Anna Guix\" href=\"#anna-guix\">Anna Guix<\/a> \u2013 CAT<br \/><a title=\"\u00c1ngeles\" href=\"#angeles\">\u00c1ngeles<\/a> \u2013 CAT<br \/><a title=\"Marc Pineda\" href=\"#marc-pineda\">Marc Pineda<\/a> \u2013 CAT<br \/><a title=\"Pablo Mascare\u00f1o\" href=\"#pablo-mascare\u00f1o\">Pablo Mascare\u00f1o<\/a> \u2013 BBAA&#8221;<\/p>\n<p>[\/et_pb_text][\/et_pb_column][et_pb_column type=&#8221;1_4&#8243; _builder_version=&#8221;4.18.0&#8243; _module_preset=&#8221;default&#8221; custom_padding=&#8221;|5px||5px|false|true&#8221; custom_css_main_element=&#8221;width: 30% !important;&#8221; border_width_left=&#8221;1px&#8221; border_style_left=&#8221;dashed&#8221; global_colors_info=&#8221;{}&#8221;][et_pb_text admin_label=&#8221;Taula de debat i experi\u00e8ncies: La participaci\u00f3&#8221; _builder_version=&#8221;4.18.0&#8243; _module_preset=&#8221;default&#8221; text_font=&#8221;Helvetica Regular||||||||&#8221; text_font_size=&#8221;18px&#8221; text_letter_spacing=&#8221;-0.01em&#8221; text_line_height=&#8221;22px&#8221; link_text_color=&#8221;#dcdcd7&#8243; header_4_font=&#8221;Epicene Text Light||||||||&#8221; header_4_font_size=&#8221;28px&#8221; header_4_letter_spacing=&#8221;-0.01em&#8221; header_4_line_height=&#8221;32px&#8221; header_6_font=&#8221;Epicene Text Light||||||||&#8221; header_6_font_size=&#8221;22px&#8221; header_6_letter_spacing=&#8221;-0.01px&#8221; header_6_line_height=&#8221;26px&#8221; background_color=&#8221;#dc323c&#8221; custom_margin=&#8221;||2px||false|false&#8221; custom_padding=&#8221;20px|20px|20px|20px|true|true&#8221; global_colors_info=&#8221;{}&#8221; link_text_color__hover_enabled=&#8221;on|hover&#8221; link_text_color__hover=&#8221;#dcdcd7&#8243;]<\/p>\n<p style=\"text-align: right;\"><strong>11:30 &#8211; 12:30h<\/strong><\/p>\n<p>Taula de debat i experi\u00e8ncies: <strong>La participaci\u00f3 dels espectadors<\/strong><\/p>\n<h6>Participants<\/h6>\n<p><a title=\"Jo\u00e2o Branco\" href=\"#joao-branco\">Jo\u00e2o Branco<\/a> \u2013 Cabo Verde<br \/><a title=\"S\u00edlvia Sanfeliu\" href=\"#silvia-sanfeliu\">S\u00edlvia Sanfeliu<\/a> \u2013 CAT<br \/><a title=\"Alice Bricca\" href=\"#alice-bricca\">Alice Bricca<\/a> \u2013 IT<br \/><a title=\"Luca Ricci\" href=\"#luca-ricci\">Luca Ricci<\/a> \u2013 It<br \/><a title=\"Lara Alonso\" href=\"#lara-alonso\">Lara Alonso<\/a>\/Anyone of Assocperla \u2013 CAT<br \/><a title=\"Pere Riera\" href=\"#pere-riera\">Pere Riera<\/a> &#8211; CAT<br \/><a title=\"Ifman Huerta\" href=\"#ifman-huerta\">Ifman Huerta<\/a> \u2013 Chile<\/p>\n<p>[\/et_pb_text][et_pb_text admin_label=&#8221;Confer\u00e8ncia: El valor social de la cultura&#8221; _builder_version=&#8221;4.18.0&#8243; _module_preset=&#8221;default&#8221; text_font=&#8221;Helvetica Regular||||||||&#8221; text_font_size=&#8221;18px&#8221; text_letter_spacing=&#8221;-0.01em&#8221; text_line_height=&#8221;22px&#8221; link_text_color=&#8221;#dcdcd7&#8243; header_4_font=&#8221;Epicene Text Light||||||||&#8221; header_4_font_size=&#8221;28px&#8221; header_4_letter_spacing=&#8221;-0.01em&#8221; header_4_line_height=&#8221;32px&#8221; header_6_font=&#8221;Epicene Text Light||||||||&#8221; header_6_font_size=&#8221;22px&#8221; header_6_letter_spacing=&#8221;-0.01px&#8221; header_6_line_height=&#8221;26px&#8221; background_color=&#8221;#dc323c&#8221; custom_margin=&#8221;||0px||false|false&#8221; custom_padding=&#8221;20px|20px|20px|20px|true|true&#8221; global_colors_info=&#8221;{}&#8221; link_text_color__hover_enabled=&#8221;on|hover&#8221; link_text_color__hover=&#8221;#dcdcd7&#8243;]<\/p>\n<p style=\"text-align: right;\"><strong>12:30 &#8211; 13:30h<\/strong><\/p>\n<p>Confer\u00e8ncia <strong>El valor social de la cultura i els espectadors<\/strong><\/p>\n<p>Participant: <a title=\"Antonio Monegal\" href=\"#antonio-monegal\">Antonio Monegal<\/a><br \/>Condueix: <a title=\"Pepe Zapata\" href=\"#pepe-zapata\">Pepe Zapata<\/a><\/p>\n<p>[\/et_pb_text][\/et_pb_column][\/et_pb_row][et_pb_row column_structure=&#8221;1_4,1_4,1_4,1_4&#8243; use_custom_gutter=&#8221;on&#8221; gutter_width=&#8221;1&#8243; make_equal=&#8221;on&#8221; admin_label=&#8221;Actes i horari mat\u00ed de 13:00 a 13:30&#8243; _builder_version=&#8221;4.18.0&#8243; _module_preset=&#8221;default&#8221; background_color=&#8221;#dcdcd7&#8243; custom_margin=&#8221;0px||||false|false&#8221; custom_padding=&#8221;0px|20px|0px|20px|false|true&#8221; collapsed=&#8221;on&#8221; global_colors_info=&#8221;{}&#8221;][et_pb_column type=&#8221;1_4&#8243; _builder_version=&#8221;4.18.0&#8243; _module_preset=&#8221;default&#8221; custom_css_main_element=&#8221;width: 10% !important;||align-self: center;&#8221; global_colors_info=&#8221;{}&#8221;][\/et_pb_column][et_pb_column type=&#8221;1_4&#8243; _builder_version=&#8221;4.18.0&#8243; _module_preset=&#8221;default&#8221; background_enable_color=&#8221;off&#8221; custom_padding=&#8221;|5px||5px|false|true&#8221; custom_css_main_element=&#8221;width: 30% !important;&#8221; global_colors_info=&#8221;{}&#8221;][et_pb_text admin_label=&#8221;Confer\u00e8ncia Uti et abuti&#8221; _builder_version=&#8221;4.18.0&#8243; _module_preset=&#8221;default&#8221; text_font=&#8221;Helvetica Regular||||||||&#8221; text_font_size=&#8221;18px&#8221; text_letter_spacing=&#8221;-0.01em&#8221; text_line_height=&#8221;22px&#8221; link_text_color=&#8221;#dcdcd7&#8243; header_4_font=&#8221;Epicene Text Light||||||||&#8221; header_4_font_size=&#8221;28px&#8221; header_4_letter_spacing=&#8221;-0.01em&#8221; header_4_line_height=&#8221;32px&#8221; header_6_font=&#8221;Epicene Text Light||||||||&#8221; header_6_font_size=&#8221;22px&#8221; header_6_letter_spacing=&#8221;-0.01px&#8221; header_6_line_height=&#8221;26px&#8221; background_color=&#8221;#dc323c&#8221; height=&#8221;100%&#8221; custom_margin=&#8221;||||false|false&#8221; custom_padding=&#8221;20px|20px|20px|20px|true|true&#8221; global_colors_info=&#8221;{}&#8221; link_text_color__hover_enabled=&#8221;on|hover&#8221; link_text_color__hover=&#8221;#dcdcd7&#8243;]<\/p>\n<p style=\"text-align: right;\"><strong>13:00 &#8211; 13:30h<\/strong><\/p>\n<p>Confer\u00e8ncia: <strong>Uti et abuti &#8211; L&#8217;\u00fas i l&#8217;ab\u00fas<\/strong><\/p>\n<p>Participant: <a title=\"Roger Bernat\" href=\"#roger-bernat\">Roger Bernat<\/a><\/p>\n<p>[\/et_pb_text][\/et_pb_column][et_pb_column type=&#8221;1_4&#8243; _builder_version=&#8221;4.18.0&#8243; _module_preset=&#8221;default&#8221; custom_padding=&#8221;|5px||5px|false|true&#8221; custom_css_main_element=&#8221;width: 30% !important;&#8221; border_width_left=&#8221;1px&#8221; border_style_left=&#8221;dashed&#8221; global_colors_info=&#8221;{}&#8221;][et_pb_text admin_label=&#8221;Acci\u00f3 art\u00edstica&#8221; _builder_version=&#8221;4.18.0&#8243; _module_preset=&#8221;default&#8221; text_font=&#8221;Helvetica Regular||||||||&#8221; text_font_size=&#8221;18px&#8221; text_letter_spacing=&#8221;-0.01em&#8221; text_line_height=&#8221;22px&#8221; link_text_color=&#8221;#dcdcd7&#8243; header_4_font=&#8221;Epicene Text Light||||||||&#8221; header_4_font_size=&#8221;28px&#8221; header_4_letter_spacing=&#8221;-0.01em&#8221; header_4_line_height=&#8221;32px&#8221; header_6_font=&#8221;Epicene Text Light||||||||&#8221; header_6_font_size=&#8221;22px&#8221; header_6_letter_spacing=&#8221;-0.01px&#8221; header_6_line_height=&#8221;26px&#8221; background_color=&#8221;#a17d52&#8243; height=&#8221;100%&#8221; custom_margin=&#8221;||||false|false&#8221; custom_padding=&#8221;20px|20px|20px|20px|true|true&#8221; global_colors_info=&#8221;{}&#8221; link_text_color__hover_enabled=&#8221;on|hover&#8221; link_text_color__hover=&#8221;#dcdcd7&#8243;]<\/p>\n<p style=\"text-align: right;\"><strong>13:00 &#8211; 13:30h<\/strong><\/p>\n<p>Acci\u00f3 art\u00edstica: <strong>El cos dels espectadors<\/strong><\/p>\n<h6>Participants:<\/h6>\n<p><a title=\"Toni Jodar\" href=\"#toni-jodar\">Toni Jodar<\/a><br \/>Explica Dansa<\/p>\n<p>[\/et_pb_text][\/et_pb_column][et_pb_column type=&#8221;1_4&#8243; _builder_version=&#8221;4.18.0&#8243; _module_preset=&#8221;default&#8221; custom_padding=&#8221;|5px||5px|false|true&#8221; custom_css_main_element=&#8221;width: 30% !important;&#8221; border_width_left=&#8221;1px&#8221; border_style_left=&#8221;dashed&#8221; global_colors_info=&#8221;{}&#8221;][et_pb_text admin_label=&#8221;Confer\u00e8ncia: El valor social de la cultura&#8221; _builder_version=&#8221;4.18.0&#8243; _module_preset=&#8221;default&#8221; text_font=&#8221;Helvetica Regular||||||||&#8221; text_font_size=&#8221;18px&#8221; text_letter_spacing=&#8221;-0.01em&#8221; text_line_height=&#8221;22px&#8221; link_text_color=&#8221;#dcdcd7&#8243; header_4_font=&#8221;Epicene Text Light||||||||&#8221; header_4_font_size=&#8221;28px&#8221; header_4_letter_spacing=&#8221;-0.01em&#8221; header_4_line_height=&#8221;32px&#8221; header_6_font=&#8221;Epicene Text Light||||||||&#8221; header_6_font_size=&#8221;22px&#8221; header_6_letter_spacing=&#8221;-0.01px&#8221; header_6_line_height=&#8221;26px&#8221; background_color=&#8221;#dc323c&#8221; height=&#8221;100%&#8221; custom_margin=&#8221;||||false|false&#8221; custom_padding=&#8221;20px|20px|20px|20px|true|true&#8221; global_colors_info=&#8221;{}&#8221; link_text_color__hover_enabled=&#8221;on|hover&#8221; link_text_color__hover=&#8221;#dcdcd7&#8243;][\/et_pb_text][\/et_pb_column][\/et_pb_row][et_pb_row column_structure=&#8221;1_4,1_4,1_4,1_4&#8243; use_custom_gutter=&#8221;on&#8221; gutter_width=&#8221;1&#8243; make_equal=&#8221;on&#8221; admin_label=&#8221;Esmor\u00e7ar lliure&#8221; _builder_version=&#8221;4.18.0&#8243; _module_preset=&#8221;default&#8221; background_color=&#8221;#dcdcd7&#8243; custom_margin=&#8221;0px||||false|false&#8221; custom_padding=&#8221;0px|20px|0px|20px|false|true&#8221; collapsed=&#8221;on&#8221; global_colors_info=&#8221;{}&#8221;][et_pb_column type=&#8221;1_4&#8243; _builder_version=&#8221;4.18.0&#8243; _module_preset=&#8221;default&#8221; custom_css_main_element=&#8221;width: 10% !important;||align-self: center;&#8221; global_colors_info=&#8221;{}&#8221;][\/et_pb_column][et_pb_column type=&#8221;1_4&#8243; _builder_version=&#8221;4.18.0&#8243; _module_preset=&#8221;default&#8221; background_enable_color=&#8221;off&#8221; custom_padding=&#8221;|5px||5px|false|true&#8221; custom_css_main_element=&#8221;width: 30% !important;&#8221; global_colors_info=&#8221;{}&#8221;][et_pb_text admin_label=&#8221;Esmor\u00e7ar lliure&#8221; _builder_version=&#8221;4.18.0&#8243; _module_preset=&#8221;default&#8221; text_font=&#8221;Helvetica Regular||||||||&#8221; text_font_size=&#8221;18px&#8221; text_letter_spacing=&#8221;-0.01em&#8221; text_line_height=&#8221;22px&#8221; link_text_color=&#8221;#dcdcd7&#8243; header_4_font=&#8221;Epicene Text Light||||||||&#8221; header_4_font_size=&#8221;28px&#8221; header_4_letter_spacing=&#8221;-0.01em&#8221; header_4_line_height=&#8221;32px&#8221; header_6_font=&#8221;Epicene Text Light||||||||&#8221; header_6_font_size=&#8221;22px&#8221; header_6_letter_spacing=&#8221;-0.01px&#8221; header_6_line_height=&#8221;26px&#8221; background_color=&#8221;#dcdcd7&#8243; custom_margin=&#8221;||||false|false&#8221; custom_padding=&#8221;20px|20px|20px|20px|true|true&#8221; global_colors_info=&#8221;{}&#8221; link_text_color__hover_enabled=&#8221;on|hover&#8221; link_text_color__hover=&#8221;#dcdcd7&#8243;]<\/p>\n<p style=\"text-align: right;\"><strong>13:30 &#8211; 15:30h<\/strong><\/p>\n<p>Esmor\u00e7ar lliure<\/p>\n<p>[\/et_pb_text][\/et_pb_column][et_pb_column type=&#8221;1_4&#8243; _builder_version=&#8221;4.18.0&#8243; _module_preset=&#8221;default&#8221; custom_padding=&#8221;|5px||5px|false|true&#8221; custom_css_main_element=&#8221;width: 30% !important;&#8221; border_width_left=&#8221;1px&#8221; border_style_left=&#8221;dashed&#8221; global_colors_info=&#8221;{}&#8221;][et_pb_text admin_label=&#8221;Esmor\u00e7ar lliure&#8221; _builder_version=&#8221;4.18.0&#8243; _module_preset=&#8221;default&#8221; text_font=&#8221;Helvetica Regular||||||||&#8221; text_font_size=&#8221;18px&#8221; text_letter_spacing=&#8221;-0.01em&#8221; text_line_height=&#8221;22px&#8221; link_text_color=&#8221;#dcdcd7&#8243; header_4_font=&#8221;Epicene Text Light||||||||&#8221; header_4_font_size=&#8221;28px&#8221; header_4_letter_spacing=&#8221;-0.01em&#8221; header_4_line_height=&#8221;32px&#8221; header_6_font=&#8221;Epicene Text Light||||||||&#8221; header_6_font_size=&#8221;22px&#8221; header_6_letter_spacing=&#8221;-0.01px&#8221; header_6_line_height=&#8221;26px&#8221; background_color=&#8221;#dcdcd7&#8243; custom_margin=&#8221;||||false|false&#8221; custom_padding=&#8221;20px|20px|20px|20px|true|true&#8221; global_colors_info=&#8221;{}&#8221; link_text_color__hover_enabled=&#8221;on|hover&#8221; link_text_color__hover=&#8221;#dcdcd7&#8243;]<\/p>\n<p style=\"text-align: right;\"><strong>13:30 &#8211; 15:30h<\/strong><\/p>\n<p>Esmor\u00e7ar lliure<\/p>\n<p>[\/et_pb_text][\/et_pb_column][et_pb_column type=&#8221;1_4&#8243; _builder_version=&#8221;4.18.0&#8243; _module_preset=&#8221;default&#8221; custom_padding=&#8221;|5px||5px|false|true&#8221; custom_css_main_element=&#8221;width: 30% !important;&#8221; border_width_left=&#8221;1px&#8221; border_style_left=&#8221;dashed&#8221; global_colors_info=&#8221;{}&#8221;][et_pb_text admin_label=&#8221;Esmor\u00e7ar lliure&#8221; _builder_version=&#8221;4.18.0&#8243; _module_preset=&#8221;default&#8221; text_font=&#8221;Helvetica Regular||||||||&#8221; text_font_size=&#8221;18px&#8221; text_letter_spacing=&#8221;-0.01em&#8221; text_line_height=&#8221;22px&#8221; link_text_color=&#8221;#dcdcd7&#8243; header_4_font=&#8221;Epicene Text Light||||||||&#8221; header_4_font_size=&#8221;28px&#8221; header_4_letter_spacing=&#8221;-0.01em&#8221; header_4_line_height=&#8221;32px&#8221; header_6_font=&#8221;Epicene Text Light||||||||&#8221; header_6_font_size=&#8221;22px&#8221; header_6_letter_spacing=&#8221;-0.01px&#8221; header_6_line_height=&#8221;26px&#8221; background_color=&#8221;#dcdcd7&#8243; custom_margin=&#8221;||||false|false&#8221; custom_padding=&#8221;20px|20px|20px|20px|true|true&#8221; global_colors_info=&#8221;{}&#8221; link_text_color__hover_enabled=&#8221;on|hover&#8221; link_text_color__hover=&#8221;#dcdcd7&#8243;]<\/p>\n<p style=\"text-align: right;\"><strong>13:30 &#8211; 15:30h<\/strong><\/p>\n<p>Esmor\u00e7ar lliure<\/p>\n<p>[\/et_pb_text][\/et_pb_column][\/et_pb_row][et_pb_row column_structure=&#8221;1_4,1_4,1_4,1_4&#8243; use_custom_gutter=&#8221;on&#8221; gutter_width=&#8221;1&#8243; make_equal=&#8221;on&#8221; admin_label=&#8221;Actes i horari tarda&#8221; module_id=&#8221;tarda&#8221; _builder_version=&#8221;4.18.0&#8243; _module_preset=&#8221;default&#8221; background_color=&#8221;#dcdcd7&#8243; custom_margin=&#8221;0px||||false|false&#8221; custom_padding=&#8221;0px|20px|0px|20px|false|true&#8221; collapsed=&#8221;off&#8221; global_colors_info=&#8221;{}&#8221;][et_pb_column type=&#8221;1_4&#8243; _builder_version=&#8221;4.18.0&#8243; _module_preset=&#8221;default&#8221; custom_css_main_element=&#8221;width: 10% !important;||align-self: center;&#8221; global_colors_info=&#8221;{}&#8221;][\/et_pb_column][et_pb_column type=&#8221;1_4&#8243; _builder_version=&#8221;4.18.0&#8243; _module_preset=&#8221;default&#8221; background_enable_color=&#8221;off&#8221; custom_padding=&#8221;|5px||5px|false|true&#8221; custom_css_main_element=&#8221;width: 30% !important;&#8221; global_colors_info=&#8221;{}&#8221;][et_pb_text admin_label=&#8221;Presentaci\u00f3 jornada tarda&#8221; _builder_version=&#8221;4.18.0&#8243; _module_preset=&#8221;default&#8221; text_font=&#8221;Helvetica Regular||||||||&#8221; text_font_size=&#8221;18px&#8221; text_letter_spacing=&#8221;-0.01em&#8221; text_line_height=&#8221;22px&#8221; link_text_color=&#8221;#dcdcd7&#8243; header_4_font=&#8221;Epicene Text Light||||||||&#8221; header_4_font_size=&#8221;28px&#8221; header_4_letter_spacing=&#8221;-0.01em&#8221; header_4_line_height=&#8221;32px&#8221; header_6_font=&#8221;Epicene Text Light||||||||&#8221; header_6_font_size=&#8221;22px&#8221; header_6_letter_spacing=&#8221;-0.01px&#8221; header_6_line_height=&#8221;26px&#8221; background_color=&#8221;#a17d52&#8243; custom_margin=&#8221;||2px||false|false&#8221; custom_padding=&#8221;20px|20px|20px|20px|true|true&#8221; global_colors_info=&#8221;{}&#8221; link_text_color__hover_enabled=&#8221;on|hover&#8221; link_text_color__hover=&#8221;#dcdcd7&#8243;]<\/p>\n<p style=\"text-align: right;\"><strong>15:30 &#8211; 15:35h<\/strong><\/p>\n<p><strong>Presentaci\u00f3 jornada tarda<\/strong> Condueix: <a title=\"Pepe Zapata\" href=\"#pepe-zapata\">Pepe Zapata<\/a>, comissari<\/p>\n<p>[\/et_pb_text][et_pb_text admin_label=&#8221;Confer\u00e8ncia: El p\u00fablico&#8221; _builder_version=&#8221;4.18.0&#8243; _module_preset=&#8221;default&#8221; text_font=&#8221;Helvetica Regular||||||||&#8221; text_font_size=&#8221;18px&#8221; text_letter_spacing=&#8221;-0.01em&#8221; text_line_height=&#8221;22px&#8221; link_text_color=&#8221;#dcdcd7&#8243; header_4_font=&#8221;Epicene Text Light||||||||&#8221; header_4_font_size=&#8221;28px&#8221; header_4_letter_spacing=&#8221;-0.01em&#8221; header_4_line_height=&#8221;32px&#8221; header_6_font=&#8221;Epicene Text Light||||||||&#8221; header_6_font_size=&#8221;22px&#8221; header_6_letter_spacing=&#8221;-0.01px&#8221; header_6_line_height=&#8221;26px&#8221; background_color=&#8221;#a17d52&#8243; custom_margin=&#8221;||2px||false|false&#8221; custom_padding=&#8221;20px|20px|20px|20px|true|true&#8221; global_colors_info=&#8221;{}&#8221; link_text_color__hover_enabled=&#8221;on|hover&#8221; link_text_color__hover=&#8221;#dcdcd7&#8243;]<\/p>\n<p style=\"text-align: right;\"><strong>15:35 -16:30h<\/strong><\/p>\n<p>Confer\u00e8ncia: <strong>El p\u00fablico: recuerdos, rumores y presagios<\/strong> Participant: <a title=\"Zavel Castro\" href=\"#zavel-castro\">Zavel Castro<\/a> Condueix: <a title=\"Pepe Zapata\" href=\"#pepe-zapata\">Pepe Zapata<\/a>, comissari<\/p>\n<p>[\/et_pb_text][et_pb_text admin_label=&#8221;Coffe break&#8221; _builder_version=&#8221;4.18.0&#8243; _module_preset=&#8221;default&#8221; text_font=&#8221;Helvetica Regular||||||||&#8221; text_font_size=&#8221;18px&#8221; text_letter_spacing=&#8221;-0.01em&#8221; text_line_height=&#8221;22px&#8221; link_text_color=&#8221;#dcdcd7&#8243; header_4_font=&#8221;Epicene Text Light||||||||&#8221; header_4_font_size=&#8221;28px&#8221; header_4_letter_spacing=&#8221;-0.01em&#8221; header_4_line_height=&#8221;32px&#8221; header_6_font=&#8221;Epicene Text Light||||||||&#8221; header_6_font_size=&#8221;22px&#8221; header_6_letter_spacing=&#8221;-0.01px&#8221; header_6_line_height=&#8221;26px&#8221; background_color=&#8221;#dcdcd7&#8243; custom_margin=&#8221;||2px||false|false&#8221; custom_padding=&#8221;20px|20px|20px|20px|true|true&#8221; global_colors_info=&#8221;{}&#8221; link_text_color__hover_enabled=&#8221;on|hover&#8221; link_text_color__hover=&#8221;#dcdcd7&#8243;]<\/p>\n<p style=\"text-align: right;\"><strong>16:30 &#8211; 17:00h<\/strong><\/p>\n<p>Coffe break<\/p>\n<p>[\/et_pb_text][et_pb_text admin_label=&#8221;Presentaci\u00f3 dels espectadors (sessi\u00f3 2)&#8221; _builder_version=&#8221;4.18.0&#8243; _module_preset=&#8221;default&#8221; text_font=&#8221;Helvetica Regular||||||||&#8221; text_font_size=&#8221;18px&#8221; text_letter_spacing=&#8221;-0.01em&#8221; text_line_height=&#8221;22px&#8221; link_text_color=&#8221;#dcdcd7&#8243; header_4_font=&#8221;Epicene Text Light||||||||&#8221; header_4_font_size=&#8221;28px&#8221; header_4_letter_spacing=&#8221;-0.01em&#8221; header_4_line_height=&#8221;32px&#8221; header_6_font=&#8221;Epicene Text Light||||||||&#8221; header_6_font_size=&#8221;22px&#8221; header_6_letter_spacing=&#8221;-0.01px&#8221; header_6_line_height=&#8221;26px&#8221; background_color=&#8221;#a17d52&#8243; custom_margin=&#8221;||2px||false|false&#8221; custom_padding=&#8221;20px|20px|20px|20px|true|true&#8221; global_colors_info=&#8221;{}&#8221; link_text_color__hover_enabled=&#8221;on|hover&#8221; link_text_color__hover=&#8221;#dcdcd7&#8243;]<\/p>\n<p style=\"text-align: right;\"><strong>17:00 &#8211; 18:00h<\/strong><\/p>\n<p><strong>Presentaci\u00f3 dels espectadors internacionals convidats<\/strong> (sessi\u00f3 2) Condueix: <a title=\"Pepe Zapata\" href=\"#pepe-zapata\">Pepe Zapata<\/a>, comissari<\/p>\n<p>[\/et_pb_text][et_pb_text admin_label=&#8221;Taula de debat i experi\u00e8ncies: Escoles d&#8217;espectadors&#8221; _builder_version=&#8221;4.18.0&#8243; _module_preset=&#8221;default&#8221; text_font=&#8221;Helvetica Regular||||||||&#8221; text_font_size=&#8221;18px&#8221; text_letter_spacing=&#8221;-0.01em&#8221; text_line_height=&#8221;22px&#8221; link_text_color=&#8221;#dcdcd7&#8243; header_4_font=&#8221;Epicene Text Light||||||||&#8221; header_4_font_size=&#8221;28px&#8221; header_4_letter_spacing=&#8221;-0.01em&#8221; header_4_line_height=&#8221;32px&#8221; header_6_font=&#8221;Epicene Text Light||||||||&#8221; header_6_font_size=&#8221;22px&#8221; header_6_letter_spacing=&#8221;-0.01px&#8221; header_6_line_height=&#8221;26px&#8221; background_color=&#8221;#a17d52&#8243; custom_margin=&#8221;||2px||false|false&#8221; custom_padding=&#8221;20px|20px|20px|20px|true|true&#8221; global_colors_info=&#8221;{}&#8221; link_text_color__hover_enabled=&#8221;on|hover&#8221; link_text_color__hover=&#8221;#dcdcd7&#8243;]<\/p>\n<p style=\"text-align: right;\"><strong>18:00 &#8211; 19:00h<\/strong><\/p>\n<p>Taula de debat i experi\u00e8ncies: <strong>Escoles d&#8217;espectadors a Llatinoam\u00e8rica: evoluci\u00f3 i reptes de futur<\/strong><\/p>\n<h6>Participants<\/h6>\n<p><a title=\"Luis Conde\" href=\"#luis-conde\">Luis Conde<\/a> \u2013 Mex (El aula del espectador)<br \/><a title=\" Jos\u00e9 Montero\" href=\"#jose-montero\"> Jos\u00e9 Montero<\/a> \u2013 Costa Rica (Di\u00e1logos espectadores)<br \/><a title=\"Renato Recalde\" href=\"#renato-recalde\">Renato Recalde<\/a> \u2013 Paraguai (Escuela de Espectadores de Paraguay)<br \/><a title=\"Olivia Camboim\" href=\"#olivia-camboim\">Olivia Camboim<\/a> \u2013 Brasil (EE Brasil)<br \/><a title=\"Paola R\u00edos\" href=\"#paola-rios\">Paola R\u00edos<\/a> \u2013 Bol\u00edvia (EE Bol\u00edvia)<br \/><a title=\"Laura Ruiz\" href=\"#laura-ruiz\">Laura Ruiz<\/a> \u2013 El Salvador<\/p>\n<p>[\/et_pb_text][\/et_pb_column][et_pb_column type=&#8221;1_4&#8243; _builder_version=&#8221;4.18.0&#8243; _module_preset=&#8221;default&#8221; z_index=&#8221;3&#8243; overflow-x=&#8221;visible&#8221; custom_padding=&#8221;|5px||5px|false|true&#8221; custom_css_main_element=&#8221;width: 30% !important;&#8221; border_width_left=&#8221;1px&#8221; border_style_left=&#8221;dashed&#8221; global_colors_info=&#8221;{}&#8221;][et_pb_text admin_label=&#8221;Presentaci\u00f3 tallers&#8221; _builder_version=&#8221;4.18.0&#8243; _module_preset=&#8221;default&#8221; text_font=&#8221;Helvetica Regular||||||||&#8221; text_font_size=&#8221;18px&#8221; text_letter_spacing=&#8221;-0.01em&#8221; text_line_height=&#8221;22px&#8221; link_text_color=&#8221;#dcdcd7&#8243; header_4_font=&#8221;Epicene Text Light||||||||&#8221; header_4_font_size=&#8221;28px&#8221; header_4_letter_spacing=&#8221;-0.01em&#8221; header_4_line_height=&#8221;32px&#8221; header_6_font=&#8221;Epicene Text Light||||||||&#8221; header_6_font_size=&#8221;22px&#8221; header_6_letter_spacing=&#8221;-0.01px&#8221; header_6_line_height=&#8221;26px&#8221; background_color=&#8221;#dc323c&#8221; height=&#8221;21.6%&#8221; custom_margin=&#8221;||2px||false|false&#8221; custom_padding=&#8221;20px|20px|20px|20px|true|true&#8221; global_colors_info=&#8221;{}&#8221; link_text_color__hover_enabled=&#8221;on|hover&#8221; link_text_color__hover=&#8221;#dcdcd7&#8243;]<\/p>\n<p style=\"text-align: right;\"><strong>15:30 &#8211; 15:45h<\/strong><\/p>\n<p><strong>Presentaci\u00f3 tallers<\/strong><\/p>\n<p>Condueix: <a title=\"Pepe Zapata\" href=\"#pepe-zapata\">Pepe Zapata<\/a>, comissari<\/p>\n<p>[\/et_pb_text][et_pb_text admin_label=&#8221;Tallers&#8221; _builder_version=&#8221;4.18.0&#8243; _module_preset=&#8221;default&#8221; text_font=&#8221;Helvetica Regular||||||||&#8221; text_font_size=&#8221;18px&#8221; text_letter_spacing=&#8221;-0.01em&#8221; text_line_height=&#8221;22px&#8221; link_text_color=&#8221;#dcdcd7&#8243; header_4_font=&#8221;Epicene Text Light||||||||&#8221; header_4_font_size=&#8221;28px&#8221; header_4_letter_spacing=&#8221;-0.01em&#8221; header_4_line_height=&#8221;32px&#8221; header_5_font=&#8221;Helvetica Regular||||||||&#8221; header_5_text_color=&#8221;#dcdcd7&#8243; header_5_font_size=&#8221;18px&#8221; header_5_letter_spacing=&#8221;-0.01px&#8221; header_5_line_height=&#8221;22px&#8221; header_6_font=&#8221;Epicene Text Light||||||||&#8221; header_6_font_size=&#8221;22px&#8221; header_6_letter_spacing=&#8221;-0.01px&#8221; header_6_line_height=&#8221;26px&#8221; background_color=&#8221;#dc323c&#8221; height=&#8221;78%&#8221; custom_margin=&#8221;||2px||false|false&#8221; custom_padding=&#8221;20px|20px|20px|20px|true|true&#8221; global_colors_info=&#8221;{}&#8221; link_text_color__hover_enabled=&#8221;on|hover&#8221; link_text_color__hover=&#8221;#dcdcd7&#8243;]<\/p>\n<p style=\"text-align: right;\"><strong>15:45 &#8211; 18:00<\/strong><\/p>\n<p>Taller <strong>Working with the audiences of the future<\/strong><br \/>Teatre Romea. Platea<br \/>Participant: <a title=\"Katya Johanson\" href=\"#katya-johanson\">Katya Johanson<\/a><br \/><span style=\"color: #dcdcd7; cursor: pointer;\">+info<\/span><\/p>\n<p>Taller <strong>Ficcions socials<\/strong><br \/>Teatre Romea. Vest\u00edbul<br \/>Participant: <a title=\"Roger Bernat\" href=\"#roger-bernat\">Roger Bernat<\/a><br \/><span style=\"color: #dcdcd7; cursor: pointer;\">+info<\/span><\/p>\n<p>Taller <strong>Estrategias cr\u00edticas en la era del algoritmo<\/strong><br \/>Teatre Romea. Vest\u00edbul 1er pis<br \/>Participant: <a title=\"Zavel Castro\" href=\"#zavel-castro\">Zavel Castro<\/a><br \/><span style=\"color: #dcdcd7; cursor: pointer;\">+info<\/span><\/p>\n<p>[\/et_pb_text][et_pb_text disabled_on=&#8221;off|off|off&#8221; admin_label=&#8221;Tooltip Taller Working&#8221; module_id=&#8221;working&#8221; _builder_version=&#8221;4.18.0&#8243; _module_preset=&#8221;default&#8221; text_font=&#8221;Helvetica Regular||||||||&#8221; text_text_color=&#8221;#dcdcd7&#8243; text_font_size=&#8221;18px&#8221; text_letter_spacing=&#8221;-0.01px&#8221; text_line_height=&#8221;22px&#8221; header_5_font=&#8221;Epicene Text Light||||||||&#8221; header_5_text_color=&#8221;#dcdcd7&#8243; header_5_font_size=&#8221;24px&#8221; header_5_letter_spacing=&#8221;-0.01em&#8221; header_5_line_height=&#8221;26px&#8221; background_color=&#8221;#000000&#8243; positioning=&#8221;absolute&#8221; position_origin_a=&#8221;top_center&#8221; vertical_offset=&#8221;40px&#8221; z_index=&#8221;10&#8243; width=&#8221;650px&#8221; height=&#8221;400px&#8221; custom_padding=&#8221;20px|20px|20px|20px|true|true&#8221; overflow-x_last_edited=&#8221;off|desktop&#8221; custom_css_main_element=&#8221;display: none;&#8221; global_colors_info=&#8221;{}&#8221; overflow-x__hover_enabled=&#8221;off|desktop&#8221; overflow-x__hover=&#8221;visible&#8221; overflow-y__hover_enabled=&#8221;off|desktop&#8221; overflow-y__hover=&#8221;visible&#8221;]<\/p>\n<p style=\"text-align: right; cursor: pointer;\">x<\/p>\n<h5>Taller Working with the audiences of the future<\/h5>\n<p>Participant:\u00a0Katya Johanson<\/p>\n<p>What capacities and capabilities will audiences bring to a performance in 2 years\u2019 time? In 20 years\u2019 time? In 200 years\u2019 time? What about 2000 years\u2019 time? In this seminar, we look at the ways that audiences are changing, and what we know about future trends that are likely to influence how audiences experience a live performance. This includes changing demographics, tastes and political mindsets but also technological developments: virtual and augmented reality, artificial intelligence and the non-human. Given these trends, many organisations \u2013 particularly in heritage artforms \u2013 are now in the process of trying to adapt to diversifying and changing audiences. We will recommend ways that theatre companies might imagine and respond to their future audiences.<\/p>\n<p>[\/et_pb_text][et_pb_text disabled_on=&#8221;off|off|off&#8221; admin_label=&#8221;Tooltip Taller Ficcions socials&#8221; module_id=&#8221;ficcions&#8221; _builder_version=&#8221;4.18.0&#8243; _module_preset=&#8221;default&#8221; text_font=&#8221;Helvetica Regular||||||||&#8221; text_text_color=&#8221;#dcdcd7&#8243; text_font_size=&#8221;18px&#8221; text_letter_spacing=&#8221;-0.01px&#8221; text_line_height=&#8221;22px&#8221; header_5_font=&#8221;Epicene Text Light||||||||&#8221; header_5_text_color=&#8221;#dcdcd7&#8243; header_5_font_size=&#8221;24px&#8221; header_5_letter_spacing=&#8221;-0.01em&#8221; header_5_line_height=&#8221;26px&#8221; background_color=&#8221;#000000&#8243; positioning=&#8221;absolute&#8221; position_origin_a=&#8221;top_center&#8221; vertical_offset=&#8221;180px&#8221; z_index=&#8221;10&#8243; width=&#8221;650px&#8221; height=&#8221;360px&#8221; custom_padding=&#8221;20px|20px|20px|20px|true|true&#8221; overflow-x_last_edited=&#8221;off|desktop&#8221; custom_css_main_element=&#8221;display: none;&#8221; global_colors_info=&#8221;{}&#8221; overflow-x__hover_enabled=&#8221;off|desktop&#8221; overflow-x__hover=&#8221;visible&#8221; overflow-y__hover_enabled=&#8221;off|desktop&#8221; overflow-y__hover=&#8221;visible&#8221;]<\/p>\n<p style=\"text-align: right; cursor: pointer;\">x<\/p>\n<h5>Taller Ficcions socials<\/h5>\n<p>Roger Bernat<\/p>\n<p>El teatre \u00e9s l\u2019elaboraci\u00f3 col\u00b7lectiva d\u2019una hip\u00f2tesi de treball que nom\u00e9s es dona quan, en sortir de l\u2019espectacle, la consci\u00e8ncia de no haver interpretat prou b\u00e9 el paper de p\u00fablic es barreja amb la intu\u00efci\u00f3 de les moltes maneres d\u2019haver-ho fet millor. En un m\u00f3n on la Participaci\u00f3 \u00e9s un fet per\u00f2 gaire b\u00e9 mai \u00e9s real, el teatre assumeix la tasca gens f\u00e0cil de desplegar una participaci\u00f3 que, sense ser necess\u00e0riament un fet (o precisament pel fet de no ser-ho), aconsegueixi ser real. El taller es planteja, doncs, com a laboratori de ficcions socials per tal de desplegar amb els assistents diferents hip\u00f2tesis de participaci\u00f3 real.<\/p>\n<p>[\/et_pb_text][et_pb_text disabled_on=&#8221;off|off|off&#8221; admin_label=&#8221;Tooltip Taller Estrategias&#8221; module_id=&#8221;estrategias&#8221; _builder_version=&#8221;4.18.0&#8243; _module_preset=&#8221;default&#8221; text_font=&#8221;Helvetica Regular||||||||&#8221; text_text_color=&#8221;#dcdcd7&#8243; text_font_size=&#8221;18px&#8221; text_letter_spacing=&#8221;-0.01px&#8221; text_line_height=&#8221;22px&#8221; header_5_font=&#8221;Epicene Text Light||||||||&#8221; header_5_text_color=&#8221;#dcdcd7&#8243; header_5_font_size=&#8221;24px&#8221; header_5_letter_spacing=&#8221;-0.01em&#8221; header_5_line_height=&#8221;26px&#8221; background_color=&#8221;#000000&#8243; positioning=&#8221;absolute&#8221; position_origin_a=&#8221;top_center&#8221; vertical_offset=&#8221;400px&#8221; z_index=&#8221;10&#8243; width=&#8221;650px&#8221; height=&#8221;270px&#8221; custom_padding=&#8221;20px|20px|20px|20px|true|true&#8221; overflow-x_last_edited=&#8221;off|desktop&#8221; custom_css_main_element=&#8221;display: none;&#8221; global_colors_info=&#8221;{}&#8221; overflow-x__hover_enabled=&#8221;off|desktop&#8221; overflow-x__hover=&#8221;visible&#8221; overflow-y__hover_enabled=&#8221;off|desktop&#8221; overflow-y__hover=&#8221;visible&#8221;]<\/p>\n<p style=\"text-align: right; cursor: pointer;\">x<\/p>\n<h5>Taller Estrategias cr\u00edticas en la era del algoritmo<\/h5>\n<p>Participant: Zavel Castro<\/p>\n<p>En este espacio reflexionaremos sobre los mecanismos de control de las representaciones teatrales y las estrategias de manipulaci\u00f3n de la era digital. A partir de esto, ensayaremos algunas estrategias para resistir los esfuerzos por controlar la forma en que pensamos el teatro y la manera en que &#8220;debemos&#8221; comportarnos.<\/p>\n<p>[\/et_pb_text][\/et_pb_column][et_pb_column type=&#8221;1_4&#8243; _builder_version=&#8221;4.18.0&#8243; _module_preset=&#8221;default&#8221; custom_padding=&#8221;|5px||5px|false|true&#8221; custom_css_main_element=&#8221;width: 30% !important;&#8221; border_width_left=&#8221;1px&#8221; border_style_left=&#8221;dashed&#8221; global_colors_info=&#8221;{}&#8221;][et_pb_text admin_label=&#8221;Relatoria i conclusions&#8221; _builder_version=&#8221;4.18.0&#8243; _module_preset=&#8221;default&#8221; text_font=&#8221;Helvetica Regular||||||||&#8221; text_font_size=&#8221;18px&#8221; text_letter_spacing=&#8221;-0.01em&#8221; text_line_height=&#8221;22px&#8221; link_text_color=&#8221;#dcdcd7&#8243; header_4_font=&#8221;Epicene Text Light||||||||&#8221; header_4_font_size=&#8221;28px&#8221; header_4_letter_spacing=&#8221;-0.01em&#8221; header_4_line_height=&#8221;32px&#8221; header_6_font=&#8221;Epicene Text Light||||||||&#8221; header_6_font_size=&#8221;22px&#8221; header_6_letter_spacing=&#8221;-0.01px&#8221; header_6_line_height=&#8221;26px&#8221; background_color=&#8221;#a17d52&#8243; custom_margin=&#8221;||2px||false|false&#8221; custom_padding=&#8221;20px|20px|20px|20px|true|true&#8221; global_colors_info=&#8221;{}&#8221; link_text_color__hover_enabled=&#8221;on|hover&#8221; link_text_color__hover=&#8221;#dcdcd7&#8243;]<\/p>\n<p style=\"text-align: right;\"><strong>15:30 &#8211; 15:45h<\/strong><\/p>\n<p><strong>Relatoria i conclusions<\/strong><\/p>\n<h6>Participants:<\/h6>\n<p><a title=\"Pepe Zapata\" href=\"#pepe-zapata\">Pepe Zapata<\/a>, comissari del Congr\u00e9s<br \/><a title=\"Miquel Valls\" href=\"#miquel-valls\">Miquel Valls<\/a>, coordinador del precongr\u00e9s<\/p>\n<p>[\/et_pb_text][et_pb_text admin_label=&#8221;Lectura del manifest&#8221; _builder_version=&#8221;4.18.0&#8243; _module_preset=&#8221;default&#8221; text_font=&#8221;Helvetica Regular||||||||&#8221; text_font_size=&#8221;18px&#8221; text_letter_spacing=&#8221;-0.01em&#8221; text_line_height=&#8221;22px&#8221; link_text_color=&#8221;#dcdcd7&#8243; header_4_font=&#8221;Epicene Text Light||||||||&#8221; header_4_font_size=&#8221;28px&#8221; header_4_letter_spacing=&#8221;-0.01em&#8221; header_4_line_height=&#8221;32px&#8221; header_6_font=&#8221;Epicene Text Light||||||||&#8221; header_6_font_size=&#8221;22px&#8221; header_6_letter_spacing=&#8221;-0.01px&#8221; header_6_line_height=&#8221;26px&#8221; background_color=&#8221;#a17d52&#8243; custom_margin=&#8221;||2px||false|false&#8221; custom_padding=&#8221;20px|20px|20px|20px|true|true&#8221; global_colors_info=&#8221;{}&#8221; link_text_color__hover_enabled=&#8221;on|hover&#8221; link_text_color__hover=&#8221;#dcdcd7&#8243;]<\/p>\n<p style=\"text-align: right;\"><strong>15:45 &#8211; 16:15h<\/strong><\/p>\n<p><strong>Lectura del Manifest de Barcelona dels espectadors de teatre<\/strong><\/p>\n<p>[\/et_pb_text][et_pb_text admin_label=&#8221;Cloenda institucional&#8221; _builder_version=&#8221;4.18.0&#8243; _module_preset=&#8221;default&#8221; text_font=&#8221;Helvetica Regular||||||||&#8221; text_font_size=&#8221;18px&#8221; text_letter_spacing=&#8221;-0.01em&#8221; text_line_height=&#8221;22px&#8221; link_text_color=&#8221;#dcdcd7&#8243; header_4_font=&#8221;Epicene Text Light||||||||&#8221; header_4_font_size=&#8221;28px&#8221; header_4_letter_spacing=&#8221;-0.01em&#8221; header_4_line_height=&#8221;32px&#8221; header_6_font=&#8221;Epicene Text Light||||||||&#8221; header_6_font_size=&#8221;22px&#8221; header_6_letter_spacing=&#8221;-0.01px&#8221; header_6_line_height=&#8221;26px&#8221; background_color=&#8221;#a17d52&#8243; custom_margin=&#8221;||2px||false|false&#8221; custom_padding=&#8221;20px|20px|20px|20px|true|true&#8221; global_colors_info=&#8221;{}&#8221; link_text_color__hover_enabled=&#8221;on|hover&#8221; link_text_color__hover=&#8221;#dcdcd7&#8243;]<\/p>\n<p style=\"text-align: right;\"><strong>16:15 &#8211; 16:30h<\/strong><\/p>\n<p><strong>Cloenda institucional<\/strong><\/p>\n<h6>Participants<\/h6>\n<p>Joan Francesc Marco, Director General de l&#8217;INAEM &#8211; Ministeri de Cultura<br \/>Nat\u00e0lia Garriga, Consellera de Cultura, Generalitat de Catalunya<br \/>Ada Colau, Alcaldesa de Barcelona<\/p>\n<p>[\/et_pb_text][et_pb_text admin_label=&#8221;copa de cava de comiat&#8221; _builder_version=&#8221;4.18.0&#8243; _module_preset=&#8221;default&#8221; text_font=&#8221;Helvetica Regular||||||||&#8221; text_font_size=&#8221;18px&#8221; text_letter_spacing=&#8221;-0.01em&#8221; text_line_height=&#8221;22px&#8221; link_text_color=&#8221;#dcdcd7&#8243; header_4_font=&#8221;Epicene Text Light||||||||&#8221; header_4_font_size=&#8221;28px&#8221; header_4_letter_spacing=&#8221;-0.01em&#8221; header_4_line_height=&#8221;32px&#8221; header_6_font=&#8221;Epicene Text Light||||||||&#8221; header_6_font_size=&#8221;22px&#8221; header_6_letter_spacing=&#8221;-0.01px&#8221; header_6_line_height=&#8221;26px&#8221; background_color=&#8221;#a17d52&#8243; height=&#8221;37.3%&#8221; custom_margin=&#8221;||2px||false|false&#8221; custom_padding=&#8221;20px|20px|20px|20px|true|true&#8221; global_colors_info=&#8221;{}&#8221; link_text_color__hover_enabled=&#8221;on|hover&#8221; link_text_color__hover=&#8221;#dcdcd7&#8243;]<\/p>\n<p style=\"text-align: right;\"><strong>16:30 &#8211; 17:00h<\/strong><\/p>\n<p><strong>Copa de cava de comiat<\/strong><\/p>\n<p>[\/et_pb_text][\/et_pb_column][\/et_pb_row][et_pb_row column_structure=&#8221;1_4,1_4,1_4,1_4&#8243; use_custom_gutter=&#8221;on&#8221; gutter_width=&#8221;1&#8243; make_equal=&#8221;on&#8221; admin_label=&#8221;Actes i horari nit&#8221; module_id=&#8221;nit&#8221; _builder_version=&#8221;4.18.0&#8243; _module_preset=&#8221;default&#8221; background_color=&#8221;#dcdcd7&#8243; custom_margin=&#8221;0px||||false|false&#8221; custom_padding=&#8221;0px|20px||20px|false|true&#8221; collapsed=&#8221;on&#8221; global_colors_info=&#8221;{}&#8221;][et_pb_column type=&#8221;1_4&#8243; _builder_version=&#8221;4.18.0&#8243; _module_preset=&#8221;default&#8221; custom_css_main_element=&#8221;width: 10% !important;||align-self: center;&#8221; global_colors_info=&#8221;{}&#8221;][\/et_pb_column][et_pb_column type=&#8221;1_4&#8243; _builder_version=&#8221;4.18.0&#8243; _module_preset=&#8221;default&#8221; background_enable_color=&#8221;off&#8221; custom_padding=&#8221;|5px||5px|false|true&#8221; custom_css_main_element=&#8221;width: 30% !important;&#8221; global_colors_info=&#8221;{}&#8221;][et_pb_text admin_label=&#8221;Visita al Teatre Romea i al Teatre Goya&#8221; _builder_version=&#8221;4.18.0&#8243; _module_preset=&#8221;default&#8221; text_font=&#8221;Helvetica Regular||||||||&#8221; text_text_color=&#8221;#dcdcd7&#8243; text_font_size=&#8221;18px&#8221; text_letter_spacing=&#8221;-0.01em&#8221; text_line_height=&#8221;22px&#8221; link_text_color=&#8221;#dcdcd7&#8243; header_4_font=&#8221;Epicene Text Light||||||||&#8221; header_4_font_size=&#8221;28px&#8221; header_4_letter_spacing=&#8221;-0.01em&#8221; header_4_line_height=&#8221;32px&#8221; header_6_font=&#8221;Epicene Text Light||||||||&#8221; header_6_font_size=&#8221;22px&#8221; header_6_letter_spacing=&#8221;-0.01px&#8221; header_6_line_height=&#8221;26px&#8221; background_color=&#8221;#000000&#8243; height=&#8221;100%&#8221; custom_margin=&#8221;||||false|false&#8221; custom_padding=&#8221;20px|20px|20px|20px|true|true&#8221; global_colors_info=&#8221;{}&#8221; link_text_color__hover_enabled=&#8221;on|hover&#8221; link_text_color__hover=&#8221;#dcdcd7&#8243;]<\/p>\n<p style=\"text-align: right;\"><strong>19:00 &#8211; 20:30h<\/strong><\/p>\n<p><strong>Visita al Teatre Romea i al Teatre Goya<\/strong><\/p>\n<p>[\/et_pb_text][\/et_pb_column][et_pb_column type=&#8221;1_4&#8243; _builder_version=&#8221;4.18.0&#8243; _module_preset=&#8221;default&#8221; custom_padding=&#8221;|5px||5px|false|true&#8221; custom_css_main_element=&#8221;width: 30% !important;&#8221; border_width_left=&#8221;1px&#8221; border_style_left=&#8221;dashed&#8221; global_colors_info=&#8221;{}&#8221;][et_pb_text admin_label=&#8221;Visita a la Sala Beckett&#8221; _builder_version=&#8221;4.18.0&#8243; _module_preset=&#8221;default&#8221; text_font=&#8221;Helvetica Regular||||||||&#8221; text_text_color=&#8221;#dcdcd7&#8243; text_font_size=&#8221;18px&#8221; text_letter_spacing=&#8221;-0.01em&#8221; text_line_height=&#8221;22px&#8221; link_text_color=&#8221;#dcdcd7&#8243; header_4_font=&#8221;Epicene Text Light||||||||&#8221; header_4_font_size=&#8221;28px&#8221; header_4_letter_spacing=&#8221;-0.01em&#8221; header_4_line_height=&#8221;32px&#8221; header_6_font=&#8221;Epicene Text Light||||||||&#8221; header_6_font_size=&#8221;22px&#8221; header_6_letter_spacing=&#8221;-0.01px&#8221; header_6_line_height=&#8221;26px&#8221; background_color=&#8221;#000000&#8243; custom_margin=&#8221;||2px||false|false&#8221; custom_padding=&#8221;20px|20px|20px|20px|true|true&#8221; global_colors_info=&#8221;{}&#8221; link_text_color__hover_enabled=&#8221;on|hover&#8221; link_text_color__hover=&#8221;#dcdcd7&#8243;]<\/p>\n<p style=\"text-align: right;\"><strong>18:30 &#8211; 20:00h<\/strong><\/p>\n<p><strong>Visita a la Sala Beckett<\/strong><\/p>\n<p>[\/et_pb_text][et_pb_text admin_label=&#8221;Sopar oficial&#8221; _builder_version=&#8221;4.18.0&#8243; _module_preset=&#8221;default&#8221; text_font=&#8221;Helvetica Regular||||||||&#8221; text_text_color=&#8221;#dcdcd7&#8243; text_font_size=&#8221;18px&#8221; text_letter_spacing=&#8221;-0.01em&#8221; text_line_height=&#8221;22px&#8221; link_text_color=&#8221;#dcdcd7&#8243; header_4_font=&#8221;Epicene Text Light||||||||&#8221; header_4_font_size=&#8221;28px&#8221; header_4_letter_spacing=&#8221;-0.01em&#8221; header_4_line_height=&#8221;32px&#8221; header_6_font=&#8221;Epicene Text Light||||||||&#8221; header_6_font_size=&#8221;22px&#8221; header_6_letter_spacing=&#8221;-0.01px&#8221; header_6_line_height=&#8221;26px&#8221; background_color=&#8221;#000000&#8243; custom_margin=&#8221;||||false|false&#8221; custom_padding=&#8221;20px|20px|20px|20px|true|true&#8221; global_colors_info=&#8221;{}&#8221; link_text_color__hover_enabled=&#8221;on|hover&#8221; link_text_color__hover=&#8221;#dcdcd7&#8243;]<\/p>\n<p style=\"text-align: right;\"><strong>21:00 &#8211; 23:00<\/strong><\/p>\n<p><strong>Sopar oficial<\/strong><br \/>Antiga F\u00e0brica Damm<\/p>\n<p>[\/et_pb_text][\/et_pb_column][et_pb_column type=&#8221;1_4&#8243; _builder_version=&#8221;4.18.0&#8243; _module_preset=&#8221;default&#8221; custom_padding=&#8221;|5px||5px|false|true&#8221; custom_css_main_element=&#8221;width: 30% !important;&#8221; border_width_left=&#8221;1px&#8221; border_style_left=&#8221;dashed&#8221; global_colors_info=&#8221;{}&#8221;][et_pb_text admin_label=&#8221;Visita al Gran Teatre del Liceu&#8221; _builder_version=&#8221;4.18.0&#8243; _module_preset=&#8221;default&#8221; text_font=&#8221;Helvetica Regular||||||||&#8221; text_text_color=&#8221;#dcdcd7&#8243; text_font_size=&#8221;18px&#8221; text_letter_spacing=&#8221;-0.01em&#8221; text_line_height=&#8221;22px&#8221; link_text_color=&#8221;#dcdcd7&#8243; header_4_font=&#8221;Epicene Text Light||||||||&#8221; header_4_font_size=&#8221;28px&#8221; header_4_letter_spacing=&#8221;-0.01em&#8221; header_4_line_height=&#8221;32px&#8221; header_6_font=&#8221;Epicene Text Light||||||||&#8221; header_6_font_size=&#8221;22px&#8221; header_6_letter_spacing=&#8221;-0.01px&#8221; header_6_line_height=&#8221;26px&#8221; background_color=&#8221;#000000&#8243; custom_margin=&#8221;||2px||false|false&#8221; custom_padding=&#8221;20px|20px|20px|20px|true|true&#8221; global_colors_info=&#8221;{}&#8221; link_text_color__hover_enabled=&#8221;on|hover&#8221; link_text_color__hover=&#8221;#dcdcd7&#8243;]<\/p>\n<p style=\"text-align: right;\"><strong>17:00 &#8211; 19:00h<\/strong><\/p>\n<p><strong>Visita al Gran Teatre del Liceu<\/strong><\/p>\n<p>[\/et_pb_text][et_pb_text admin_label=&#8221;Estrena de Para\u00edso Perdido&#8221; _builder_version=&#8221;4.18.0&#8243; _module_preset=&#8221;default&#8221; text_font=&#8221;Helvetica Regular||||||||&#8221; text_text_color=&#8221;#dcdcd7&#8243; text_font_size=&#8221;18px&#8221; text_letter_spacing=&#8221;-0.01em&#8221; text_line_height=&#8221;22px&#8221; link_text_color=&#8221;#dcdcd7&#8243; header_4_font=&#8221;Epicene Text Light||||||||&#8221; header_4_font_size=&#8221;28px&#8221; header_4_letter_spacing=&#8221;-0.01em&#8221; header_4_line_height=&#8221;32px&#8221; header_6_font=&#8221;Epicene Text Light||||||||&#8221; header_6_font_size=&#8221;22px&#8221; header_6_letter_spacing=&#8221;-0.01px&#8221; header_6_line_height=&#8221;26px&#8221; background_color=&#8221;#000000&#8243; custom_margin=&#8221;||||false|false&#8221; custom_padding=&#8221;20px|20px|20px|20px|true|true&#8221; global_colors_info=&#8221;{}&#8221; link_text_color__hover_enabled=&#8221;on|hover&#8221; link_text_color__hover=&#8221;#dcdcd7&#8243;]<\/p>\n<p style=\"text-align: right;\"><strong>22:00 &#8211; 23:30h<\/strong><\/p>\n<p><strong>Estrena de Para\u00edso Perdido<\/strong> (versi\u00f3 subtitulada a l&#8217;angl\u00e8s)<\/p>\n<p>[\/et_pb_text][\/et_pb_column][\/et_pb_row][\/et_pb_section][et_pb_section fb_built=&#8221;1&#8243; custom_padding_last_edited=&#8221;on|tablet&#8221; admin_label=&#8221;Equip&#8221; module_id=&#8221;team&#8221; _builder_version=&#8221;4.16&#8243; _module_preset=&#8221;default&#8221; background_color=&#8221;RGBA(255,255,255,0)&#8221; min_height_last_edited=&#8221;off|desktop&#8221; custom_margin_last_edited=&#8221;off|phone&#8221; custom_padding=&#8221;||||false|false&#8221; custom_padding_tablet=&#8221;|20px||20px|false|true&#8221; custom_padding_phone=&#8221;40px|20px|0px|20px|false|true&#8221; da_disable_devices=&#8221;off|off|off&#8221; collapsed=&#8221;on&#8221; global_colors_info=&#8221;{}&#8221; da_is_popup=&#8221;off&#8221; da_exit_intent=&#8221;off&#8221; da_has_close=&#8221;on&#8221; da_alt_close=&#8221;off&#8221; da_dark_close=&#8221;off&#8221; da_not_modal=&#8221;on&#8221; da_is_singular=&#8221;off&#8221; da_with_loader=&#8221;off&#8221; da_has_shadow=&#8221;on&#8221;][et_pb_row custom_padding_last_edited=&#8221;on|phone&#8221; disabled_on=&#8221;off|off|off&#8221; admin_label=&#8221;Curator&#8221; module_id=&#8221;pepe-zapata&#8221; _builder_version=&#8221;4.18.0&#8243; _module_preset=&#8221;default&#8221; width=&#8221;100%&#8221; width_last_edited=&#8221;off|phone&#8221; max_width=&#8221;940px&#8221; max_width_last_edited=&#8221;off|phone&#8221; min_height_last_edited=&#8221;off|phone&#8221; height_last_edited=&#8221;off|phone&#8221; max_height_last_edited=&#8221;off|phone&#8221; custom_margin=&#8221;||55px||false|false&#8221; custom_margin_tablet=&#8221;||55px||false|false&#8221; custom_margin_phone=&#8221;||5px||false|false&#8221; custom_margin_last_edited=&#8221;on|phone&#8221; custom_padding=&#8221;61px||||false|false&#8221; custom_padding_tablet=&#8221;61px||||false|false&#8221; custom_padding_phone=&#8221;0px||0px||false|false&#8221; collapsed=&#8221;on&#8221; global_colors_info=&#8221;{}&#8221;][et_pb_column type=&#8221;4_4&#8243; _builder_version=&#8221;4.16&#8243; _module_preset=&#8221;default&#8221; global_colors_info=&#8221;{}&#8221;][et_pb_text admin_label=&#8221;Comisari&#8221; _builder_version=&#8221;4.16&#8243; _module_preset=&#8221;default&#8221; header_2_font=&#8221;Epicene Text Light||||||||&#8221; header_2_text_align=&#8221;left&#8221; header_2_text_color=&#8221;#000000&#8243; header_2_font_size=&#8221;42px&#8221; header_2_letter_spacing=&#8221;-0.01em&#8221; header_2_line_height=&#8221;42px&#8221; custom_margin=&#8221;||64px||false|false&#8221; custom_margin_tablet=&#8221;||64px||false|false&#8221; custom_margin_phone=&#8221;||21px||false|false&#8221; custom_margin_last_edited=&#8221;on|phone&#8221; header_2_font_size_tablet=&#8221;42px&#8221; header_2_font_size_phone=&#8221;34px&#8221; header_2_font_size_last_edited=&#8221;on|phone&#8221; header_2_line_height_last_edited=&#8221;off|phone&#8221; global_colors_info=&#8221;{}&#8221;]<\/p>\n<h2>Curator<\/h2>\n<p>[\/et_pb_text][et_pb_blurb title=&#8221;Pepe Zapata&#8221; image=&#8221;https:\/\/www.aforafocus.cat\/wp-content\/uploads\/2022\/01\/pepe-zapata-300&#215;300.jpg&#8221; image_icon_width=&#8221;250px&#8221; icon_alignment=&#8221;left&#8221; image_icon_width_tablet=&#8221;250px&#8221; image_icon_width_phone=&#8221;200px&#8221; image_icon_width_last_edited=&#8221;on|phone&#8221; admin_label=&#8221;Pepe Zapata&#8221; _builder_version=&#8221;4.18.0&#8243; _module_preset=&#8221;default&#8221; header_font=&#8221;Epicene Text Light||||||||&#8221; header_text_color=&#8221;#000000&#8243; header_font_size=&#8221;28px&#8221; header_letter_spacing=&#8221;-0.01em&#8221; header_line_height=&#8221;32px&#8221; body_font=&#8221;Helvetica Regular||||||||&#8221; body_text_align=&#8221;left&#8221; body_text_color=&#8221;#000000&#8243; body_font_size=&#8221;18px&#8221; body_letter_spacing=&#8221;-0.01em&#8221; body_line_height=&#8221;22px&#8221; body_link_text_color=&#8221;#dc323c&#8221; background_color=&#8221;#dcdcd7&#8243; image_icon_custom_margin=&#8221;||10px||false|false&#8221; image_icon_custom_margin_last_edited=&#8221;off|phone&#8221; width=&#8221;300px&#8221; child_mix_blend_mode=&#8221;multiply&#8221; animation=&#8221;off&#8221; header_font_size_tablet=&#8221;28px&#8221; header_font_size_phone=&#8221;22px&#8221; header_font_size_last_edited=&#8221;on|phone&#8221; header_line_height_tablet=&#8221;32px&#8221; header_line_height_phone=&#8221;26px&#8221; header_line_height_last_edited=&#8221;on|phone&#8221; body_font_size_tablet=&#8221;18px&#8221; body_font_size_phone=&#8221;14px&#8221; body_font_size_last_edited=&#8221;on|phone&#8221; body_line_height_tablet=&#8221;22px&#8221; body_line_height_phone=&#8221;18px&#8221; body_line_height_last_edited=&#8221;on|phone&#8221; custom_css_blurb_title=&#8221;margin-bottom: 22px;&#8221; border_radii_image=&#8221;on|500px|500px|500px|500px&#8221; global_colors_info=&#8221;{}&#8221; body_link_text_color__hover_enabled=&#8221;on|hover&#8221; body_link_text_color__hover=&#8221;#000000&#8243;]<\/p>\n<p>Expert in cultural audiences. Currently, Director of TRESC \u2013 the largest and most active Cultural Community of public of culture in the Catalonia.<br \/><a title=\"LinkedIn Pepe Zapata\" href=\"https:\/\/www.linkedin.com\/in\/pepezapata\" target=\"_blank\" rel=\"noopener\">LinkedIn<\/a><\/p>\n<p>[\/et_pb_blurb][\/et_pb_column][\/et_pb_row][et_pb_row custom_padding_last_edited=&#8221;on|phone&#8221; admin_label=&#8221;Advisory Board&#8221; _builder_version=&#8221;4.16&#8243; _module_preset=&#8221;default&#8221; width=&#8221;100%&#8221; max_width=&#8221;940px&#8221; custom_margin=&#8221;||9px||false|false&#8221; custom_margin_tablet=&#8221;||9px||false|false&#8221; custom_margin_phone=&#8221;||0px||false|false&#8221; custom_margin_last_edited=&#8221;on|phone&#8221; custom_padding_tablet=&#8221;&#8221; custom_padding_phone=&#8221;||0px||false|false&#8221; collapsed=&#8221;on&#8221; global_colors_info=&#8221;{}&#8221;][et_pb_column type=&#8221;4_4&#8243; _builder_version=&#8221;4.16&#8243; _module_preset=&#8221;default&#8221; global_colors_info=&#8221;{}&#8221;][et_pb_text admin_label=&#8221;Consell Assessor&#8221; _builder_version=&#8221;4.16&#8243; _module_preset=&#8221;default&#8221; header_2_font=&#8221;Epicene Text Light||||||||&#8221; header_2_text_align=&#8221;left&#8221; header_2_text_color=&#8221;#000000&#8243; header_2_font_size=&#8221;42px&#8221; header_2_letter_spacing=&#8221;-0.01em&#8221; header_2_line_height=&#8221;42px&#8221; custom_margin_last_edited=&#8221;off|desktop&#8221; header_2_font_size_tablet=&#8221;42px&#8221; header_2_font_size_phone=&#8221;34px&#8221; header_2_font_size_last_edited=&#8221;on|phone&#8221; header_2_line_height_last_edited=&#8221;off|phone&#8221; global_colors_info=&#8221;{}&#8221;]<\/p>\n<h2>Advisory Board<\/h2>\n<p>[\/et_pb_text][\/et_pb_column][\/et_pb_row][et_pb_row column_structure=&#8221;1_6,1_6,1_6,1_6,1_6,1_6&#8243; use_custom_gutter=&#8221;on&#8221; gutter_width=&#8221;1&#8243; custom_padding_last_edited=&#8221;on|phone&#8221; admin_label=&#8221;Marta Buchaca, Macarena Cuenca, Xavier Fina, Eva Garc\u00eda, Javier Ibacache, Esteve Le\u00f3n&#8221; _builder_version=&#8221;4.16&#8243; _module_preset=&#8221;default&#8221; width=&#8221;100%&#8221; max_width=&#8221;940px&#8221; custom_margin=&#8221;||52px||false|false&#8221; custom_margin_tablet=&#8221;||54px||false|false&#8221; custom_margin_phone=&#8221;||45px||false|false&#8221; custom_margin_last_edited=&#8221;on|phone&#8221; custom_padding=&#8221;||0px||false|false&#8221; custom_padding_tablet=&#8221;&#8221; custom_padding_phone=&#8221;20px||||false|false&#8221; collapsed=&#8221;on&#8221; global_colors_info=&#8221;{}&#8221;][et_pb_column type=&#8221;1_6&#8243; _builder_version=&#8221;4.16&#8243; _module_preset=&#8221;default&#8221; custom_css_main_element=&#8221;width: 33.3333% !important;||height: 442px !important;||margin-bottom: 55px !important;&#8221; global_colors_info=&#8221;{}&#8221; custom_css_main_element_last_edited=&#8221;on|phone&#8221; custom_css_main_element_tablet=&#8221;width: 50% !important;||margin-bottom: 55px !important;&#8221; custom_css_main_element_phone=&#8221;width: 100% !important;||padding-bottom: 52px !important;&#8221;][et_pb_blurb title=&#8221;Marta Buchaca&#8221; image=&#8221;https:\/\/www.aforafocus.cat\/wp-content\/uploads\/2022\/01\/marta-buchaca-300&#215;300.jpg&#8221; image_icon_width=&#8221;250px&#8221; icon_alignment=&#8221;left&#8221; image_icon_width_tablet=&#8221;250px&#8221; image_icon_width_phone=&#8221;200px&#8221; image_icon_width_last_edited=&#8221;on|phone&#8221; admin_label=&#8221;Marta Buchaca&#8221; _builder_version=&#8221;4.16&#8243; _module_preset=&#8221;default&#8221; header_font=&#8221;Epicene Text Light||||||||&#8221; header_text_color=&#8221;#000000&#8243; header_font_size=&#8221;28px&#8221; header_letter_spacing=&#8221;-0.01em&#8221; header_line_height=&#8221;32px&#8221; body_font=&#8221;Helvetica Regular||||||||&#8221; body_text_align=&#8221;left&#8221; body_text_color=&#8221;#000000&#8243; body_font_size=&#8221;18px&#8221; body_letter_spacing=&#8221;-0.01em&#8221; body_line_height=&#8221;22px&#8221; background_color=&#8221;#dcdcd7&#8243; image_icon_custom_margin=&#8221;||10px||false|false&#8221; width=&#8221;300px&#8221; height_last_edited=&#8221;off|tablet&#8221; custom_margin=&#8221;||||false|false&#8221; custom_margin_tablet=&#8221;||||false|false&#8221; custom_margin_last_edited=&#8221;off|phone&#8221; child_mix_blend_mode=&#8221;multiply&#8221; animation=&#8221;off&#8221; header_font_size_tablet=&#8221;28px&#8221; header_font_size_phone=&#8221;22px&#8221; header_font_size_last_edited=&#8221;on|phone&#8221; header_line_height_tablet=&#8221;32px&#8221; header_line_height_phone=&#8221;26px&#8221; header_line_height_last_edited=&#8221;on|phone&#8221; body_font_size_tablet=&#8221;18px&#8221; body_font_size_phone=&#8221;14px&#8221; body_font_size_last_edited=&#8221;on|phone&#8221; body_line_height_tablet=&#8221;22px&#8221; body_line_height_phone=&#8221;18px&#8221; body_line_height_last_edited=&#8221;on|phone&#8221; custom_css_blurb_title=&#8221;margin-bottom: 22px;&#8221; border_radii_image=&#8221;on|500px|500px|500px|500px&#8221; global_colors_info=&#8221;{}&#8221; custom_css_blurb_title_last_edited=&#8221;on|phone&#8221; custom_css_blurb_title_phone=&#8221;margin-bottom: 20px;&#8221; custom_css_blurb_title_tablet=&#8221;margin-bottom: 22px;&#8221;]<\/p>\n<p>Author, writer and theatre director.<\/p>\n<p>[\/et_pb_blurb][\/et_pb_column][et_pb_column type=&#8221;1_6&#8243; _builder_version=&#8221;4.16&#8243; _module_preset=&#8221;default&#8221; custom_css_main_element=&#8221;width: 33.3333% !important;||height: 442px !important;||margin-bottom: 55px !important;&#8221; global_colors_info=&#8221;{}&#8221; custom_css_main_element_last_edited=&#8221;on|desktop&#8221; custom_css_main_element_tablet=&#8221;width: 50% !important;||margin-bottom: 55px !important;&#8221; custom_css_main_element_phone=&#8221;width: 100% !important;||padding-bottom: 52px !important;&#8221;][et_pb_blurb title=&#8221;Macarena Cuenca&#8221; image=&#8221;https:\/\/www.aforafocus.cat\/wp-content\/uploads\/2022\/01\/macarena-cuenca-300&#215;300.jpg&#8221; image_icon_width=&#8221;250px&#8221; icon_alignment=&#8221;left&#8221; image_icon_width_tablet=&#8221;250px&#8221; image_icon_width_phone=&#8221;200px&#8221; image_icon_width_last_edited=&#8221;on|phone&#8221; admin_label=&#8221;Macarena Cuenca&#8221; _builder_version=&#8221;4.16&#8243; _module_preset=&#8221;default&#8221; header_font=&#8221;Epicene Text Light||||||||&#8221; header_text_color=&#8221;#000000&#8243; header_font_size=&#8221;28px&#8221; header_letter_spacing=&#8221;-0.01em&#8221; header_line_height=&#8221;32px&#8221; body_font=&#8221;Helvetica Regular||||||||&#8221; body_text_align=&#8221;left&#8221; body_text_color=&#8221;#000000&#8243; body_font_size=&#8221;18px&#8221; body_letter_spacing=&#8221;-0.01em&#8221; body_line_height=&#8221;22px&#8221; body_link_text_color=&#8221;#dc323c&#8221; background_color=&#8221;#dcdcd7&#8243; image_icon_custom_margin=&#8221;||10px||false|false&#8221; width=&#8221;300px&#8221; custom_margin=&#8221;||||false|false&#8221; custom_margin_tablet=&#8221;||||false|false&#8221; custom_margin_last_edited=&#8221;off|phone&#8221; child_mix_blend_mode=&#8221;multiply&#8221; animation=&#8221;off&#8221; header_font_size_tablet=&#8221;28px&#8221; header_font_size_phone=&#8221;22px&#8221; header_font_size_last_edited=&#8221;on|phone&#8221; header_line_height_tablet=&#8221;32px&#8221; header_line_height_phone=&#8221;26px&#8221; header_line_height_last_edited=&#8221;on|phone&#8221; body_font_size_tablet=&#8221;18px&#8221; body_font_size_phone=&#8221;14px&#8221; body_font_size_last_edited=&#8221;on|phone&#8221; body_line_height_tablet=&#8221;22px&#8221; body_line_height_phone=&#8221;18px&#8221; body_line_height_last_edited=&#8221;on|phone&#8221; custom_css_blurb_title=&#8221;margin-bottom: 22px;&#8221; border_radii_image=&#8221;on|500px|500px|500px|500px&#8221; global_colors_info=&#8221;{}&#8221; body_link_text_color__hover_enabled=&#8221;on|hover&#8221; body_link_text_color__hover=&#8221;#000000&#8243;]<\/p>\n<p>Professor at the University of Deusto, specialized on audience development.<br \/><a title=\"LinkedIn Macarena Cuenca\" href=\"https:\/\/www.linkedin.com\/in\/macarena-cuenca-a637a720\" target=\"_blank\" rel=\"noopener\">LinkedIn<\/a><\/p>\n<p>[\/et_pb_blurb][\/et_pb_column][et_pb_column type=&#8221;1_6&#8243; _builder_version=&#8221;4.16&#8243; _module_preset=&#8221;default&#8221; custom_css_main_element=&#8221;width: 33.3333% !important;||height: 442px !important;||margin-bottom: 55px !important;&#8221; global_colors_info=&#8221;{}&#8221; custom_css_main_element_last_edited=&#8221;on|phone&#8221; custom_css_main_element_tablet=&#8221;width: 50% !important;||margin-bottom: 55px !important;&#8221; custom_css_main_element_phone=&#8221;width: 100% !important;||padding-bottom: 52px !important;&#8221;][et_pb_blurb title=&#8221;Xavier Fina&#8221; image=&#8221;https:\/\/www.aforafocus.cat\/wp-content\/uploads\/2022\/01\/xavier-fina-300&#215;300.jpg&#8221; image_icon_width=&#8221;250px&#8221; icon_alignment=&#8221;left&#8221; image_icon_width_tablet=&#8221;250px&#8221; image_icon_width_phone=&#8221;200px&#8221; image_icon_width_last_edited=&#8221;on|phone&#8221; admin_label=&#8221;Xavier Fina&#8221; _builder_version=&#8221;4.16&#8243; _module_preset=&#8221;default&#8221; header_font=&#8221;Epicene Text Light||||||||&#8221; header_text_color=&#8221;#000000&#8243; header_font_size=&#8221;28px&#8221; header_letter_spacing=&#8221;-0.01em&#8221; header_line_height=&#8221;32px&#8221; body_font=&#8221;Helvetica Regular||||||||&#8221; body_text_align=&#8221;left&#8221; body_text_color=&#8221;#000000&#8243; body_font_size=&#8221;18px&#8221; body_letter_spacing=&#8221;-0.01em&#8221; body_line_height=&#8221;22px&#8221; background_color=&#8221;#dcdcd7&#8243; image_icon_custom_margin=&#8221;||10px||false|false&#8221; width=&#8221;300px&#8221; custom_margin_last_edited=&#8221;off|phone&#8221; child_mix_blend_mode=&#8221;multiply&#8221; animation=&#8221;off&#8221; header_font_size_tablet=&#8221;28px&#8221; header_font_size_phone=&#8221;22px&#8221; header_font_size_last_edited=&#8221;on|phone&#8221; header_line_height_tablet=&#8221;32px&#8221; header_line_height_phone=&#8221;26px&#8221; header_line_height_last_edited=&#8221;on|phone&#8221; body_font_size_tablet=&#8221;18px&#8221; body_font_size_phone=&#8221;14px&#8221; body_font_size_last_edited=&#8221;on|phone&#8221; body_line_height_tablet=&#8221;22px&#8221; body_line_height_phone=&#8221;18px&#8221; body_line_height_last_edited=&#8221;on|phone&#8221; custom_css_blurb_title=&#8221;margin-bottom: 22px;&#8221; border_radii_image=&#8221;on|500px|500px|500px|500px&#8221; global_colors_info=&#8221;{}&#8221;]<\/p>\n<p>Cultural consultant.<\/p>\n<p>[\/et_pb_blurb][\/et_pb_column][et_pb_column type=&#8221;1_6&#8243; _builder_version=&#8221;4.16&#8243; _module_preset=&#8221;default&#8221; custom_css_main_element=&#8221;width: 33.3333% !important;&#8221; global_colors_info=&#8221;{}&#8221; custom_css_main_element_last_edited=&#8221;on|tablet&#8221; custom_css_main_element_tablet=&#8221;width: 50% !important;||margin-bottom: 55px !important;&#8221; custom_css_main_element_phone=&#8221;width: 100% !important;||padding-bottom: 52px !important;&#8221;][et_pb_blurb title=&#8221;Eva Garc\u00eda&#8221; image=&#8221;https:\/\/www.aforafocus.cat\/wp-content\/uploads\/2022\/02\/Eva-Garcia.jpg&#8221; image_icon_width=&#8221;250px&#8221; icon_alignment=&#8221;left&#8221; image_icon_width_tablet=&#8221;250px&#8221; image_icon_width_phone=&#8221;200px&#8221; image_icon_width_last_edited=&#8221;on|phone&#8221; admin_label=&#8221;Eva Garc\u00eda&#8221; _builder_version=&#8221;4.16&#8243; _module_preset=&#8221;default&#8221; header_font=&#8221;Epicene Text Light||||||||&#8221; header_text_color=&#8221;#000000&#8243; header_font_size=&#8221;28px&#8221; header_letter_spacing=&#8221;-0.01em&#8221; header_line_height=&#8221;32px&#8221; body_font=&#8221;Helvetica Regular||||||||&#8221; body_text_align=&#8221;left&#8221; body_text_color=&#8221;#000000&#8243; body_font_size=&#8221;18px&#8221; body_letter_spacing=&#8221;-0.01em&#8221; body_line_height=&#8221;22px&#8221; body_link_text_color=&#8221;#dc323c&#8221; background_color=&#8221;#dcdcd7&#8243; image_icon_custom_margin=&#8221;||10px||false|false&#8221; width=&#8221;300px&#8221; custom_margin=&#8221;||||false|false&#8221; custom_margin_tablet=&#8221;||||false|false&#8221; custom_margin_last_edited=&#8221;off|phone&#8221; child_mix_blend_mode=&#8221;multiply&#8221; animation=&#8221;off&#8221; header_font_size_tablet=&#8221;28px&#8221; header_font_size_phone=&#8221;22px&#8221; header_font_size_last_edited=&#8221;on|phone&#8221; header_line_height_tablet=&#8221;32px&#8221; header_line_height_phone=&#8221;26px&#8221; header_line_height_last_edited=&#8221;on|phone&#8221; body_font_size_tablet=&#8221;18px&#8221; body_font_size_phone=&#8221;14px&#8221; body_font_size_last_edited=&#8221;on|phone&#8221; body_line_height_tablet=&#8221;22px&#8221; body_line_height_phone=&#8221;18px&#8221; body_line_height_last_edited=&#8221;on|phone&#8221; custom_css_blurb_title=&#8221;margin-bottom: 22px;&#8221; border_radii_image=&#8221;on|500px|500px|500px|500px&#8221; global_colors_info=&#8221;{}&#8221; body_link_text_color__hover_enabled=&#8221;on|hover&#8221; body_link_text_color__hover=&#8221;#000000&#8243;]<\/p>\n<p>Expert on community arts.<br \/><a title=\"LinkedIn Eva Garc\u00eda\" href=\"https:\/\/www.linkedin.com\/in\/eva-garc%C3%ADa-63963031\" target=\"_blank\" rel=\"noopener\">LinkedIn<\/a><\/p>\n<p>[\/et_pb_blurb][\/et_pb_column][et_pb_column type=&#8221;1_6&#8243; _builder_version=&#8221;4.16&#8243; _module_preset=&#8221;default&#8221; custom_css_main_element=&#8221;width: 33.3333% !important;&#8221; global_colors_info=&#8221;{}&#8221; custom_css_main_element_last_edited=&#8221;on|tablet&#8221; custom_css_main_element_tablet=&#8221;width: 50% !important;&#8221; custom_css_main_element_phone=&#8221;width: 100% !important;||padding-bottom: 52px !important;&#8221;][et_pb_blurb title=&#8221;Javier Ibacache&#8221; image=&#8221;https:\/\/www.aforafocus.cat\/wp-content\/uploads\/2022\/02\/Javier-Ibacache.jpg&#8221; image_icon_width=&#8221;250px&#8221; icon_alignment=&#8221;left&#8221; image_icon_width_tablet=&#8221;250px&#8221; image_icon_width_phone=&#8221;200px&#8221; image_icon_width_last_edited=&#8221;on|phone&#8221; admin_label=&#8221;Javier Ibacache&#8221; _builder_version=&#8221;4.16&#8243; _module_preset=&#8221;default&#8221; header_font=&#8221;Epicene Text Light||||||||&#8221; header_text_color=&#8221;#000000&#8243; header_font_size=&#8221;28px&#8221; header_letter_spacing=&#8221;-0.01em&#8221; header_line_height=&#8221;32px&#8221; body_font=&#8221;Helvetica Regular||||||||&#8221; body_text_align=&#8221;left&#8221; body_text_color=&#8221;#000000&#8243; body_font_size=&#8221;18px&#8221; body_letter_spacing=&#8221;-0.01em&#8221; body_line_height=&#8221;22px&#8221; body_link_text_color=&#8221;#dc323c&#8221; background_color=&#8221;#dcdcd7&#8243; image_icon_custom_margin=&#8221;||10px||false|false&#8221; width=&#8221;300px&#8221; custom_margin=&#8221;||||false|false&#8221; custom_margin_tablet=&#8221;||||false|false&#8221; custom_margin_last_edited=&#8221;off|phone&#8221; child_mix_blend_mode=&#8221;multiply&#8221; animation=&#8221;off&#8221; header_font_size_tablet=&#8221;28px&#8221; header_font_size_phone=&#8221;22px&#8221; header_font_size_last_edited=&#8221;on|phone&#8221; header_line_height_tablet=&#8221;32px&#8221; header_line_height_phone=&#8221;26px&#8221; header_line_height_last_edited=&#8221;on|phone&#8221; body_font_size_tablet=&#8221;18px&#8221; body_font_size_phone=&#8221;14px&#8221; body_font_size_last_edited=&#8221;on|phone&#8221; body_line_height_tablet=&#8221;22px&#8221; body_line_height_phone=&#8221;18px&#8221; body_line_height_last_edited=&#8221;on|phone&#8221; custom_css_blurb_title=&#8221;margin-bottom: 22px;&#8221; border_radii_image=&#8221;on|500px|500px|500px|500px&#8221; global_colors_info=&#8221;{}&#8221; body_link_text_color__hover_enabled=&#8221;on|hover&#8221; body_link_text_color__hover=&#8221;#000000&#8243;]<\/p>\n<p>Head of the Audience and Programmes department at the Ministry of Culture. Chile.<br \/><a title=\"LinkedIn Javier Ibacache\" href=\"https:\/\/www.linkedin.com\/in\/javieribacache\" target=\"_blank\" rel=\"noopener\">LinkedIn<\/a><\/p>\n<p>[\/et_pb_blurb][\/et_pb_column][et_pb_column type=&#8221;1_6&#8243; _builder_version=&#8221;4.16&#8243; _module_preset=&#8221;default&#8221; custom_css_main_element=&#8221;width: 33.3333% !important;&#8221; global_colors_info=&#8221;{}&#8221; custom_css_main_element_last_edited=&#8221;on|tablet&#8221; custom_css_main_element_tablet=&#8221;width: 50% !important;&#8221; custom_css_main_element_phone=&#8221;width: 100% !important;&#8221;][et_pb_blurb title=&#8221;Esteve Le\u00f3n&#8221; image=&#8221;https:\/\/www.aforafocus.cat\/wp-content\/uploads\/2022\/02\/Esteve-Leon.jpg&#8221; image_icon_width=&#8221;250px&#8221; icon_alignment=&#8221;left&#8221; image_icon_width_tablet=&#8221;250px&#8221; image_icon_width_phone=&#8221;200px&#8221; image_icon_width_last_edited=&#8221;on|phone&#8221; admin_label=&#8221;Esteve Le\u00f3n&#8221; _builder_version=&#8221;4.16&#8243; _module_preset=&#8221;default&#8221; header_font=&#8221;Epicene Text Light||||||||&#8221; header_text_color=&#8221;#000000&#8243; header_font_size=&#8221;28px&#8221; header_letter_spacing=&#8221;-0.01em&#8221; header_line_height=&#8221;32px&#8221; body_font=&#8221;Helvetica Regular||||||||&#8221; body_text_align=&#8221;left&#8221; body_text_color=&#8221;#000000&#8243; body_font_size=&#8221;18px&#8221; body_letter_spacing=&#8221;-0.01em&#8221; body_line_height=&#8221;22px&#8221; background_color=&#8221;#dcdcd7&#8243; image_icon_custom_margin=&#8221;||10px||false|false&#8221; width=&#8221;300px&#8221; child_mix_blend_mode=&#8221;multiply&#8221; animation=&#8221;off&#8221; header_font_size_tablet=&#8221;28px&#8221; header_font_size_phone=&#8221;22px&#8221; header_font_size_last_edited=&#8221;on|phone&#8221; header_line_height_tablet=&#8221;32px&#8221; header_line_height_phone=&#8221;26px&#8221; header_line_height_last_edited=&#8221;on|phone&#8221; body_font_size_tablet=&#8221;18px&#8221; body_font_size_phone=&#8221;14px&#8221; body_font_size_last_edited=&#8221;on|phone&#8221; body_line_height_tablet=&#8221;22px&#8221; body_line_height_phone=&#8221;18px&#8221; body_line_height_last_edited=&#8221;on|phone&#8221; custom_css_blurb_title=&#8221;margin-bottom: 22px;&#8221; border_radii_image=&#8221;on|500px|500px|500px|500px&#8221; global_colors_info=&#8221;{}&#8221;]<\/p>\n<p>Board member at Fundaci\u00f3 Teatre Lliure.<\/p>\n<p>[\/et_pb_blurb][\/et_pb_column][\/et_pb_row][et_pb_row column_structure=&#8221;1_2,1_2&#8243; use_custom_gutter=&#8221;on&#8221; gutter_width=&#8221;1&#8243; custom_padding_last_edited=&#8221;on|desktop&#8221; admin_label=&#8221;Joan Morros, Marta Turu&#8221; _builder_version=&#8221;4.16&#8243; _module_preset=&#8221;default&#8221; width=&#8221;100%&#8221; max_width=&#8221;940px&#8221; custom_margin=&#8221;||33px||false|false&#8221; custom_margin_tablet=&#8221;||33px||false|false&#8221; custom_margin_phone=&#8221;||31px||false|false&#8221; custom_margin_last_edited=&#8221;on|phone&#8221; custom_padding=&#8221;0px||||false|false&#8221; custom_padding_tablet=&#8221;0px||||false|false&#8221; custom_padding_phone=&#8221;||4px||false|false&#8221; collapsed=&#8221;on&#8221; global_colors_info=&#8221;{}&#8221;][et_pb_column type=&#8221;1_2&#8243; _builder_version=&#8221;4.16&#8243; _module_preset=&#8221;default&#8221; custom_css_main_element=&#8221;width: 33.3333% !important;||height: 442px !important;&#8221; global_colors_info=&#8221;{}&#8221; custom_css_main_element_last_edited=&#8221;on|phone&#8221; custom_css_main_element_tablet=&#8221;width: 50% !important;&#8221; custom_css_main_element_phone=&#8221;width: 100% !important;||padding-bottom: 52px !important;&#8221;][et_pb_blurb title=&#8221;Joan Morros&#8221; image=&#8221;https:\/\/www.aforafocus.cat\/wp-content\/uploads\/2022\/02\/Joan-Mortos.jpg&#8221; image_icon_width=&#8221;250px&#8221; icon_alignment=&#8221;left&#8221; image_icon_width_tablet=&#8221;250px&#8221; image_icon_width_phone=&#8221;200px&#8221; image_icon_width_last_edited=&#8221;on|phone&#8221; admin_label=&#8221;Joan Morros&#8221; _builder_version=&#8221;4.16&#8243; _module_preset=&#8221;default&#8221; header_font=&#8221;Epicene Text Light||||||||&#8221; header_text_color=&#8221;#000000&#8243; header_font_size=&#8221;28px&#8221; header_letter_spacing=&#8221;-0.01em&#8221; header_line_height=&#8221;32px&#8221; body_font=&#8221;Helvetica Regular||||||||&#8221; body_text_align=&#8221;left&#8221; body_text_color=&#8221;#000000&#8243; body_font_size=&#8221;18px&#8221; body_letter_spacing=&#8221;-0.01em&#8221; body_line_height=&#8221;22px&#8221; body_link_text_color=&#8221;#dc323c&#8221; background_color=&#8221;#dcdcd7&#8243; image_icon_custom_margin=&#8221;||10px||false|false&#8221; width=&#8221;300px&#8221; custom_margin=&#8221;||||false|false&#8221; custom_margin_tablet=&#8221;||||false|false&#8221; custom_margin_last_edited=&#8221;off|phone&#8221; child_mix_blend_mode=&#8221;multiply&#8221; animation=&#8221;off&#8221; header_font_size_tablet=&#8221;28px&#8221; header_font_size_phone=&#8221;22px&#8221; header_font_size_last_edited=&#8221;on|phone&#8221; header_line_height_tablet=&#8221;32px&#8221; header_line_height_phone=&#8221;26px&#8221; header_line_height_last_edited=&#8221;on|phone&#8221; body_font_size_tablet=&#8221;18px&#8221; body_font_size_phone=&#8221;14px&#8221; body_font_size_last_edited=&#8221;on|phone&#8221; body_line_height_tablet=&#8221;22px&#8221; body_line_height_phone=&#8221;18px&#8221; body_line_height_last_edited=&#8221;on|phone&#8221; custom_css_blurb_title=&#8221;margin-bottom: 22px;&#8221; border_radii_image=&#8221;on|500px|500px|500px|500px&#8221; global_colors_info=&#8221;{}&#8221; body_link_text_color__hover_enabled=&#8221;on|hover&#8221; body_link_text_color__hover=&#8221;#000000&#8243;]<\/p>\n<p>Member of El Galliner and curator at Teatre Kursaal in Manresa.<br \/><a title=\"LinkedIn Joan Morros\" href=\"https:\/\/www.linkedin.com\/in\/joan-morros-torn%C3%A9-47762023\" target=\"_blank\" rel=\"noopener\">LinkedIn<\/a><\/p>\n<p>[\/et_pb_blurb][\/et_pb_column][et_pb_column type=&#8221;1_2&#8243; _builder_version=&#8221;4.16&#8243; _module_preset=&#8221;default&#8221; custom_css_main_element=&#8221;width: 33.3333% !important;||height: 442px !important;&#8221; global_colors_info=&#8221;{}&#8221; custom_css_main_element_last_edited=&#8221;on|phone&#8221; custom_css_main_element_tablet=&#8221;width: 50% !important;&#8221; custom_css_main_element_phone=&#8221;width: 100% !important;&#8221;][et_pb_blurb title=&#8221;Marta Turu&#8221; image=&#8221;https:\/\/www.aforafocus.cat\/wp-content\/uploads\/2022\/02\/Marta-Turu.jpg&#8221; image_icon_width=&#8221;250px&#8221; icon_alignment=&#8221;left&#8221; image_icon_width_tablet=&#8221;250px&#8221; image_icon_width_phone=&#8221;200px&#8221; image_icon_width_last_edited=&#8221;on|phone&#8221; admin_label=&#8221;Marta Turu&#8221; _builder_version=&#8221;4.16&#8243; _module_preset=&#8221;default&#8221; header_font=&#8221;Epicene Text Light||||||||&#8221; header_text_color=&#8221;#000000&#8243; header_font_size=&#8221;28px&#8221; header_letter_spacing=&#8221;-0.01em&#8221; header_line_height=&#8221;32px&#8221; body_font=&#8221;Helvetica Regular||||||||&#8221; body_text_align=&#8221;left&#8221; body_text_color=&#8221;#000000&#8243; body_font_size=&#8221;18px&#8221; body_letter_spacing=&#8221;-0.01em&#8221; body_line_height=&#8221;22px&#8221; background_color=&#8221;#dcdcd7&#8243; image_icon_custom_margin=&#8221;||10px||false|false&#8221; width=&#8221;300px&#8221; child_mix_blend_mode=&#8221;multiply&#8221; animation=&#8221;off&#8221; header_font_size_tablet=&#8221;28px&#8221; header_font_size_phone=&#8221;22px&#8221; header_font_size_last_edited=&#8221;on|phone&#8221; header_line_height_tablet=&#8221;32px&#8221; header_line_height_phone=&#8221;26px&#8221; header_line_height_last_edited=&#8221;on|phone&#8221; body_font_size_tablet=&#8221;18px&#8221; body_font_size_phone=&#8221;14px&#8221; body_font_size_last_edited=&#8221;on|phone&#8221; body_line_height_tablet=&#8221;22px&#8221; body_line_height_phone=&#8221;18px&#8221; body_line_height_last_edited=&#8221;on|phone&#8221; custom_css_blurb_title=&#8221;margin-bottom: 22px;&#8221; border_radii_image=&#8221;on|500px|500px|500px|500px&#8221; global_colors_info=&#8221;{}&#8221;]<\/p>\n<p>Theatre spectator and socia of TRESC \u2013 Comunitat de Cultura.<\/p>\n<p>[\/et_pb_blurb][\/et_pb_column][\/et_pb_row][\/et_pb_section][et_pb_section fb_built=&#8221;1&#8243; admin_label=&#8221;Organitzaci\u00f3&#8221; module_id=&#8221;organization&#8221; _builder_version=&#8221;4.16&#8243; _module_preset=&#8221;default&#8221; background_color=&#8221;#a17d52&#8243; height_phone=&#8221;auto&#8221; height_last_edited=&#8221;off|desktop&#8221; da_disable_devices=&#8221;off|off|off&#8221; collapsed=&#8221;on&#8221; global_colors_info=&#8221;{}&#8221; da_is_popup=&#8221;off&#8221; da_exit_intent=&#8221;off&#8221; da_has_close=&#8221;on&#8221; da_alt_close=&#8221;off&#8221; da_dark_close=&#8221;off&#8221; da_not_modal=&#8221;on&#8221; da_is_singular=&#8221;off&#8221; da_with_loader=&#8221;off&#8221; da_has_shadow=&#8221;on&#8221;][et_pb_row custom_padding_last_edited=&#8221;on|phone&#8221; _builder_version=&#8221;4.16&#8243; _module_preset=&#8221;default&#8221; width=&#8221;100%&#8221; max_width=&#8221;940px&#8221; custom_margin=&#8221;||32px||false|false&#8221; custom_margin_tablet=&#8221;||||false|false&#8221; custom_margin_phone=&#8221;||0px||false|false&#8221; custom_margin_last_edited=&#8221;on|phone&#8221; custom_padding=&#8221;66px||||false|false&#8221; custom_padding_tablet=&#8221;66px|19px||19px|false|true&#8221; custom_padding_phone=&#8221;30px|20px|27px|20px|false|false&#8221; global_colors_info=&#8221;{}&#8221;][et_pb_column type=&#8221;4_4&#8243; _builder_version=&#8221;4.16&#8243; _module_preset=&#8221;default&#8221; global_colors_info=&#8221;{}&#8221;][et_pb_text admin_label=&#8221;T\u00edtol&#8221; _builder_version=&#8221;4.16&#8243; _module_preset=&#8221;default&#8221; header_2_font=&#8221;Epicene Text Light||||||||&#8221; header_2_text_align=&#8221;center&#8221; header_2_text_color=&#8221;#000000&#8243; header_2_font_size=&#8221;42px&#8221; header_2_letter_spacing=&#8221;-0.01em&#8221; header_2_line_height=&#8221;42px&#8221; custom_margin=&#8221;||64px||false|false&#8221; custom_margin_tablet=&#8221;||64px||false|false&#8221; custom_margin_phone=&#8221;||25px||false|false&#8221; custom_margin_last_edited=&#8221;on|phone&#8221; header_2_font_size_tablet=&#8221;42px&#8221; header_2_font_size_phone=&#8221;34px&#8221; header_2_font_size_last_edited=&#8221;on|phone&#8221; header_2_line_height_tablet=&#8221;42px&#8221; header_2_line_height_phone=&#8221;34px&#8221; header_2_line_height_last_edited=&#8221;on|phone&#8221; global_colors_info=&#8221;{}&#8221;]<\/p>\n<h2>Organization<\/h2>\n<p>[\/et_pb_text][et_pb_text admin_label=&#8221;El congr\u00e9s est\u00e0 organitzat per \u00c0fora Focus&#8221; _builder_version=&#8221;4.16&#8243; _module_preset=&#8221;default&#8221; text_font=&#8221;Epicene Text Light||||||||&#8221; text_text_color=&#8221;#000000&#8243; text_font_size=&#8221;28px&#8221; text_letter_spacing=&#8221;-0.01em&#8221; text_line_height=&#8221;32px&#8221; link_text_color=&#8221;#dcdcd7&#8243; custom_margin_phone=&#8221;||0px||false|false&#8221; custom_margin_last_edited=&#8221;off|desktop&#8221; text_font_size_tablet=&#8221;28px&#8221; text_font_size_phone=&#8221;22px&#8221; text_font_size_last_edited=&#8221;on|phone&#8221; text_line_height_tablet=&#8221;32px&#8221; text_line_height_phone=&#8221;26px&#8221; text_line_height_last_edited=&#8221;on|phone&#8221; global_colors_info=&#8221;{}&#8221; link_text_color__hover_enabled=&#8221;on|hover&#8221; link_text_color__hover=&#8221;#000000&#8243;]<\/p>\n<p>The congress is organized by <a title=\"\u00c1fora Focus\" href=\"https:\/\/www.aforafocus.cat\/en\/\" target=\"_blank\" rel=\"noopener\">\u00c1fora Focus<\/a>. \u00c1fora is the agora of the Grup Focus, an area of reflection and activities that, based on the scenic experience, has the intention of influencing artistic, cultural and social life.. A thought hub that wants to enhance human space as a field of relationship, debate, curiosity, and shared intelligence; providing views of the different sensitivities of theatrical activity.<\/p>\n<p>[\/et_pb_text][\/et_pb_column][\/et_pb_row][\/et_pb_section][et_pb_section fb_built=&#8221;1&#8243; custom_padding_last_edited=&#8221;on|desktop&#8221; admin_label=&#8221;Contacte&#8221; module_id=&#8221;contact&#8221; _builder_version=&#8221;4.16&#8243; _module_preset=&#8221;default&#8221; background_color=&#8221;RGBA(255,255,255,0)&#8221; height_phone=&#8221;auto&#8221; height_last_edited=&#8221;off|desktop&#8221; custom_padding=&#8221;||58px||false|false&#8221; custom_padding_tablet=&#8221;&#8221; custom_padding_phone=&#8221;||40px||false|false&#8221; da_disable_devices=&#8221;off|off|off&#8221; collapsed=&#8221;on&#8221; global_colors_info=&#8221;{}&#8221; da_is_popup=&#8221;off&#8221; da_exit_intent=&#8221;off&#8221; da_has_close=&#8221;on&#8221; da_alt_close=&#8221;off&#8221; da_dark_close=&#8221;off&#8221; da_not_modal=&#8221;on&#8221; da_is_singular=&#8221;off&#8221; da_with_loader=&#8221;off&#8221; da_has_shadow=&#8221;on&#8221;][et_pb_row custom_padding_last_edited=&#8221;on|tablet&#8221; _builder_version=&#8221;4.16&#8243; _module_preset=&#8221;default&#8221; width=&#8221;100%&#8221; max_width=&#8221;940px&#8221; custom_margin=&#8221;||32px||false|false&#8221; custom_margin_tablet=&#8221;||||false|false&#8221; custom_margin_phone=&#8221;||0px||false|false&#8221; custom_margin_last_edited=&#8221;on|phone&#8221; custom_padding=&#8221;66px||||false|false&#8221; custom_padding_tablet=&#8221;66px|19px||19px|false|true&#8221; custom_padding_phone=&#8221;25px|20px|0px|20px|false|true&#8221; global_colors_info=&#8221;{}&#8221;][et_pb_column type=&#8221;4_4&#8243; _builder_version=&#8221;4.16&#8243; _module_preset=&#8221;default&#8221; global_colors_info=&#8221;{}&#8221;][et_pb_text admin_label=&#8221;T\u00edtol&#8221; _builder_version=&#8221;4.16&#8243; _module_preset=&#8221;default&#8221; header_2_font=&#8221;Epicene Text Light||||||||&#8221; header_2_text_align=&#8221;center&#8221; header_2_text_color=&#8221;#000000&#8243; header_2_font_size=&#8221;42px&#8221; header_2_letter_spacing=&#8221;-0.01em&#8221; header_2_line_height=&#8221;42px&#8221; custom_margin=&#8221;||49px||false|false&#8221; custom_margin_tablet=&#8221;||49px||false|false&#8221; custom_margin_phone=&#8221;||18px||false|false&#8221; custom_margin_last_edited=&#8221;on|phone&#8221; header_2_font_size_tablet=&#8221;42px&#8221; header_2_font_size_phone=&#8221;34px&#8221; header_2_font_size_last_edited=&#8221;on|phone&#8221; header_2_line_height_tablet=&#8221;42px&#8221; header_2_line_height_phone=&#8221;34px&#8221; header_2_line_height_last_edited=&#8221;on|phone&#8221; global_colors_info=&#8221;{}&#8221;]<\/p>\n<h2>Contact<\/h2>\n<p>[\/et_pb_text][et_pb_contact_form captcha=&#8221;off&#8221; email=&#8221;congresespectadorsbcn@aforafocus.cat&#8221; submit_button_text=&#8221;Send&#8221; admin_label=&#8221;Formulari de contacte&#8221; module_class=&#8221;contact-form&#8221; _builder_version=&#8221;4.16&#8243; _module_preset=&#8221;default&#8221; _unique_id=&#8221;5ecb8fe6-ca5e-48ab-ab27-d418ceaa5801&#8243; form_field_background_color=&#8221;#dcdcd7&#8243; form_field_text_color=&#8221;rgba(0,0,0,0.25)&#8221; form_field_focus_text_color=&#8221;#000000&#8243; form_field_custom_padding=&#8221;0px|0px|0px|0px|false|false&#8221; title_font=&#8221;Epicene Text Light||||||||&#8221; title_text_align=&#8221;left&#8221; title_text_color=&#8221;#000000&#8243; title_font_size=&#8221;28px&#8221; title_letter_spacing=&#8221;-0.01em&#8221; title_line_height=&#8221;32px&#8221; form_field_text_align=&#8221;left&#8221; form_field_font_size=&#8221;28px&#8221; form_field_letter_spacing=&#8221;-0.01em&#8221; form_field_line_height=&#8221;33px&#8221; custom_button=&#8221;on&#8221; button_text_size=&#8221;28px&#8221; button_text_color=&#8221;#dc323c&#8221; button_bg_color=&#8221;#dcdcd7&#8243; button_border_width=&#8221;0px&#8221; button_border_color=&#8221;#dcdcd7&#8243; button_border_radius=&#8221;0px&#8221; button_letter_spacing=&#8221;-0.01em&#8221; button_font=&#8221;Epicene Text Light||||||||&#8221; button_use_icon=&#8221;off&#8221; button_custom_padding=&#8221;0px|0px|0px|0px|true|true&#8221; text_orientation=&#8221;left&#8221; custom_margin=&#8221;||25px||false|false&#8221; custom_margin_tablet=&#8221;||24px||false|false&#8221; custom_margin_phone=&#8221;||27px||false|false&#8221; custom_margin_last_edited=&#8221;on|desktop&#8221; custom_padding=&#8221;|0px||||&#8221; title_font_size_tablet=&#8221;28px&#8221; title_font_size_phone=&#8221;22px&#8221; title_font_size_last_edited=&#8221;on|phone&#8221; title_line_height_tablet=&#8221;32px&#8221; title_line_height_phone=&#8221;26px&#8221; title_line_height_last_edited=&#8221;on|phone&#8221; form_field_font_size_tablet=&#8221;28px&#8221; form_field_font_size_phone=&#8221;22px&#8221; form_field_font_size_last_edited=&#8221;on|phone&#8221; form_field_line_height_tablet=&#8221;33px&#8221; form_field_line_height_phone=&#8221;27px&#8221; form_field_line_height_last_edited=&#8221;on|phone&#8221; button_text_size_tablet=&#8221;28px&#8221; button_text_size_phone=&#8221;22px&#8221; button_text_size_last_edited=&#8221;on|phone&#8221; custom_css_contact_fields=&#8221;padding: 15px 0 2px 0 !important;&#8221; global_colors_info=&#8221;{}&#8221; custom_css_contact_fields_last_edited=&#8221;on|phone&#8221; custom_css_contact_fields_phone=&#8221;padding: 7px 0 4px 0 !important;&#8221; custom_css_contact_fields_tablet=&#8221;padding: 15px 0 2px 0 !important;&#8221; button_text_color__hover_enabled=&#8221;on|hover&#8221; button_text_color__hover=&#8221;#000000&#8243;][et_pb_contact_field field_id=&#8221;Nom&#8221; field_title=&#8221;Full name&#8221; required_mark=&#8221;off&#8221; fullwidth_field=&#8221;on&#8221; _builder_version=&#8221;4.16&#8243; form_field_font=&#8221;Epicene Text Light||||||||&#8221; custom_margin=&#8221;||13px||false|false&#8221; custom_padding=&#8221;|||28px|false|false&#8221; custom_padding_tablet=&#8221;|||28px|false|false&#8221; custom_padding_phone=&#8221;|||11px|false|false&#8221; custom_padding_last_edited=&#8221;on|phone&#8221; border_width_bottom=&#8221;1px&#8221; global_colors_info=&#8221;{}&#8221; button_text_size__hover_enabled=&#8221;off&#8221; button_one_text_size__hover_enabled=&#8221;off&#8221; button_two_text_size__hover_enabled=&#8221;off&#8221; button_text_color__hover_enabled=&#8221;off&#8221; button_one_text_color__hover_enabled=&#8221;off&#8221; button_two_text_color__hover_enabled=&#8221;off&#8221; button_border_width__hover_enabled=&#8221;off&#8221; button_one_border_width__hover_enabled=&#8221;off&#8221; button_two_border_width__hover_enabled=&#8221;off&#8221; button_border_color__hover_enabled=&#8221;off&#8221; button_one_border_color__hover_enabled=&#8221;off&#8221; button_two_border_color__hover_enabled=&#8221;off&#8221; button_border_radius__hover_enabled=&#8221;off&#8221; button_one_border_radius__hover_enabled=&#8221;off&#8221; button_two_border_radius__hover_enabled=&#8221;off&#8221; button_letter_spacing__hover_enabled=&#8221;off&#8221; button_one_letter_spacing__hover_enabled=&#8221;off&#8221; button_two_letter_spacing__hover_enabled=&#8221;off&#8221; button_bg_color__hover_enabled=&#8221;off&#8221; button_one_bg_color__hover_enabled=&#8221;off&#8221; button_two_bg_color__hover_enabled=&#8221;off&#8221;][\/et_pb_contact_field][et_pb_contact_field field_id=&#8221;Pais&#8221; field_title=&#8221;Country of origin&#8221; required_mark=&#8221;off&#8221; fullwidth_field=&#8221;on&#8221; _builder_version=&#8221;4.16&#8243; form_field_font=&#8221;Epicene Text Light||||||||&#8221; custom_margin=&#8221;||13px||false|false&#8221; custom_padding=&#8221;|||28px|false|false&#8221; custom_padding_tablet=&#8221;|||28px|false|false&#8221; custom_padding_phone=&#8221;|||11px|false|false&#8221; custom_padding_last_edited=&#8221;on|phone&#8221; border_width_bottom=&#8221;1px&#8221; global_colors_info=&#8221;{}&#8221; button_text_size__hover_enabled=&#8221;off&#8221; button_one_text_size__hover_enabled=&#8221;off&#8221; button_two_text_size__hover_enabled=&#8221;off&#8221; button_text_color__hover_enabled=&#8221;off&#8221; button_one_text_color__hover_enabled=&#8221;off&#8221; button_two_text_color__hover_enabled=&#8221;off&#8221; button_border_width__hover_enabled=&#8221;off&#8221; button_one_border_width__hover_enabled=&#8221;off&#8221; button_two_border_width__hover_enabled=&#8221;off&#8221; button_border_color__hover_enabled=&#8221;off&#8221; button_one_border_color__hover_enabled=&#8221;off&#8221; button_two_border_color__hover_enabled=&#8221;off&#8221; button_border_radius__hover_enabled=&#8221;off&#8221; button_one_border_radius__hover_enabled=&#8221;off&#8221; button_two_border_radius__hover_enabled=&#8221;off&#8221; button_letter_spacing__hover_enabled=&#8221;off&#8221; button_one_letter_spacing__hover_enabled=&#8221;off&#8221; button_two_letter_spacing__hover_enabled=&#8221;off&#8221; button_bg_color__hover_enabled=&#8221;off&#8221; button_one_bg_color__hover_enabled=&#8221;off&#8221; button_two_bg_color__hover_enabled=&#8221;off&#8221;][\/et_pb_contact_field][et_pb_contact_field field_id=&#8221;Email&#8221; field_title=&#8221;Email&#8221; field_type=&#8221;email&#8221; fullwidth_field=&#8221;on&#8221; _builder_version=&#8221;4.16&#8243; form_field_font=&#8221;Epicene Text Light||||||||&#8221; custom_margin=&#8221;||27px||false|false&#8221; custom_margin_tablet=&#8221;||27px||false|false&#8221; custom_margin_phone=&#8221;||20px||false|false&#8221; custom_margin_last_edited=&#8221;on|phone&#8221; custom_padding=&#8221;|||28px|false|false&#8221; custom_padding_tablet=&#8221;|||28px|false|false&#8221; custom_padding_phone=&#8221;|||11px|false|false&#8221; custom_padding_last_edited=&#8221;on|phone&#8221; border_width_bottom=&#8221;1px&#8221; global_colors_info=&#8221;{}&#8221; button_text_size__hover_enabled=&#8221;off&#8221; button_one_text_size__hover_enabled=&#8221;off&#8221; button_two_text_size__hover_enabled=&#8221;off&#8221; button_text_color__hover_enabled=&#8221;off&#8221; button_one_text_color__hover_enabled=&#8221;off&#8221; button_two_text_color__hover_enabled=&#8221;off&#8221; button_border_width__hover_enabled=&#8221;off&#8221; button_one_border_width__hover_enabled=&#8221;off&#8221; button_two_border_width__hover_enabled=&#8221;off&#8221; button_border_color__hover_enabled=&#8221;off&#8221; button_one_border_color__hover_enabled=&#8221;off&#8221; button_two_border_color__hover_enabled=&#8221;off&#8221; button_border_radius__hover_enabled=&#8221;off&#8221; button_one_border_radius__hover_enabled=&#8221;off&#8221; button_two_border_radius__hover_enabled=&#8221;off&#8221; button_letter_spacing__hover_enabled=&#8221;off&#8221; button_one_letter_spacing__hover_enabled=&#8221;off&#8221; button_two_letter_spacing__hover_enabled=&#8221;off&#8221; button_bg_color__hover_enabled=&#8221;off&#8221; button_one_bg_color__hover_enabled=&#8221;off&#8221; button_two_bg_color__hover_enabled=&#8221;off&#8221;][\/et_pb_contact_field][et_pb_contact_field field_id=&#8221;Missatge&#8221; field_title=&#8221;Message&#8230;&#8221; field_type=&#8221;text&#8221; required_mark=&#8221;off&#8221; fullwidth_field=&#8221;on&#8221; _builder_version=&#8221;4.16&#8243; form_field_font=&#8221;Epicene Text Light||||||||&#8221; width=&#8221;100%&#8221; max_width=&#8221;100%&#8221; min_height_tablet=&#8221;&#8221; min_height_phone=&#8221;80px&#8221; min_height_last_edited=&#8221;on|phone&#8221; height=&#8221;389px&#8221; height_tablet=&#8221;389px&#8221; height_phone=&#8221;80px&#8221; height_last_edited=&#8221;on|phone&#8221; custom_margin=&#8221;||36px||false|false&#8221; custom_margin_tablet=&#8221;||36px||false|false&#8221; custom_margin_phone=&#8221;||21px||false|false&#8221; custom_margin_last_edited=&#8221;on|phone&#8221; custom_padding=&#8221;|||28px|false|false&#8221; custom_padding_tablet=&#8221;|||28px|false|false&#8221; custom_padding_phone=&#8221;|||11px|false|false&#8221; custom_padding_last_edited=&#8221;on|phone&#8221; border_width_bottom=&#8221;1px&#8221; global_colors_info=&#8221;{}&#8221; button_text_size__hover_enabled=&#8221;off&#8221; button_one_text_size__hover_enabled=&#8221;off&#8221; button_two_text_size__hover_enabled=&#8221;off&#8221; button_text_color__hover_enabled=&#8221;off&#8221; button_one_text_color__hover_enabled=&#8221;off&#8221; button_two_text_color__hover_enabled=&#8221;off&#8221; button_border_width__hover_enabled=&#8221;off&#8221; button_one_border_width__hover_enabled=&#8221;off&#8221; button_two_border_width__hover_enabled=&#8221;off&#8221; button_border_color__hover_enabled=&#8221;off&#8221; button_one_border_color__hover_enabled=&#8221;off&#8221; button_two_border_color__hover_enabled=&#8221;off&#8221; button_border_radius__hover_enabled=&#8221;off&#8221; button_one_border_radius__hover_enabled=&#8221;off&#8221; button_two_border_radius__hover_enabled=&#8221;off&#8221; button_letter_spacing__hover_enabled=&#8221;off&#8221; button_one_letter_spacing__hover_enabled=&#8221;off&#8221; button_two_letter_spacing__hover_enabled=&#8221;off&#8221; button_bg_color__hover_enabled=&#8221;off&#8221; button_one_bg_color__hover_enabled=&#8221;off&#8221; button_two_bg_color__hover_enabled=&#8221;off&#8221;][\/et_pb_contact_field][\/et_pb_contact_form][et_pb_text admin_label=&#8221;Protecci\u00f3 de dades&#8221; _builder_version=&#8221;4.16&#8243; _module_preset=&#8221;default&#8221; text_font=&#8221;Helvetica Regular||||||||&#8221; text_text_color=&#8221;#000000&#8243; text_font_size=&#8221;12px&#8221; text_letter_spacing=&#8221;-0.01em&#8221; text_line_height=&#8221;14px&#8221; link_text_color=&#8221;#dc323c&#8221; text_font_size_tablet=&#8221;12px&#8221; text_font_size_phone=&#8221;10px&#8221; text_font_size_last_edited=&#8221;on|phone&#8221; text_line_height_tablet=&#8221;14px&#8221; text_line_height_phone=&#8221;12px&#8221; text_line_height_last_edited=&#8221;on|phone&#8221; global_colors_info=&#8221;{}&#8221; link_text_color__hover_enabled=&#8221;on|hover&#8221; link_text_color__hover=&#8221;#000000&#8243;]<\/p>\n<p>We inform you that the personal data you provide in this form will become part of a file under the responsibility of SERVEIS DE L\u2019ESPECTACLE FOCUS, SA, as the parent company of the Focus Group, and that they will be treated in accordance with the provisions of the regulations. Regulation (EU) 2016\/679 of 27 April 2016 on personal data protection (GDPR), so we provide you with the following information on the processing: the purpose of this processing is to send informative newsletters with the ability to perform profile segmentation for this purpose. You can exercise the rights of access, rectification, portability and deletion of your data and the limitation or opposition to the processing to the e-mail dataprotection@grupfocus.cat or at the address located at c \/ \u00c1vila, 149-155, 08018 of Barcelona. You also have the right to file a complaint with the Control Authority (agpd.es) if you consider that the treatment does not comply with current regulations. No data will be communicated to third parties other than Focus Group companies, except by legal obligation. (by submitting the form you accept ours <a title=\"Privacy policy\" href=\"https:\/\/ad.focus.cat\/politica-de-privacidad\/\" target=\"_blank\" rel=\"noopener\">privacy policy<\/a>).<\/p>\n<p>[\/et_pb_text][\/et_pb_column][\/et_pb_row][\/et_pb_section]<\/p>\n","protected":false},"excerpt":{"rendered":"<p>I International Congress of Theater SpectatorsBarcelona, 24th \u2013 26th october 2022AboutProgramInscriptionTeamOrganizationContactCA \/ ES \/ ENI International Congress of Theater SpectatorsBarcelona, 24th \u2013 26th october 2022&nbsp;AboutProgramInscriptionTeamOrganizationContactCA \/ ES \/ ENA congress of, by and for theatrical spectators. Art and part.By subscribing, you accept our privacy policy.You can be one of the 50 international spectators invited to [&hellip;]<\/p>\n","protected":false},"author":1,"featured_media":0,"parent":0,"menu_order":0,"comment_status":"closed","ping_status":"closed","template":"","meta":{"_et_pb_use_builder":"on","_et_pb_old_content":"","_et_gb_content_width":"","_editorskit_title_hidden":false,"_editorskit_reading_time":0,"_editorskit_is_block_options_detached":false,"_editorskit_block_options_position":"{}","footnotes":""},"class_list":["post-243585","page","type-page","status-publish","hentry"],"yoast_head":"<!-- This site is optimized with the Yoast SEO plugin v27.5 - https:\/\/yoast.com\/product\/yoast-seo-wordpress\/ -->\n<title>International Congress of Spectators OLD - \u00c0fora Focus<\/title>\n<meta name=\"description\" content=\"I International Congress of Theater Spectators. Barcelona, 24th \u2013 26th october 2022. A congress of, by and for theatrical spectators. Art and part.\" \/>\n<meta name=\"robots\" content=\"index, follow, max-snippet:-1, max-image-preview:large, max-video-preview:-1\" \/>\n<link rel=\"canonical\" href=\"https:\/\/www.aforafocus.cat\/en\/congressspectatorsbcn-old\/\" \/>\n<meta property=\"og:locale\" content=\"en_US\" \/>\n<meta property=\"og:type\" content=\"article\" \/>\n<meta property=\"og:title\" content=\"I International Congress of Theater Spectators\" \/>\n<meta property=\"og:description\" content=\"I International Congress of Theater Spectators. Barcelona, 24th \u2013 26th october 2022. A congress of, by and for theatrical spectators. Art and part.\" \/>\n<meta property=\"og:url\" content=\"https:\/\/www.aforafocus.cat\/en\/congressspectatorsbcn-old\/\" \/>\n<meta property=\"og:site_name\" content=\"\u00c0fora Focus\" \/>\n<meta property=\"article:modified_time\" content=\"2023-10-09T11:57:00+00:00\" \/>\n<meta property=\"og:image\" content=\"https:\/\/www.aforafocus.cat\/wp-content\/uploads\/2022\/02\/congress-spectators.jpg\" \/>\n<meta name=\"twitter:card\" content=\"summary_large_image\" \/>\n<meta name=\"twitter:title\" content=\"I International Congress of Theater Spectators\" \/>\n<meta name=\"twitter:description\" content=\"I International Congress of Theater Spectators. Barcelona, 24th \u2013 26th october 2022. A congress of, by and for theatrical spectators. Art and part.\" \/>\n<meta name=\"twitter:image\" content=\"https:\/\/www.aforafocus.cat\/wp-content\/uploads\/2022\/02\/congress-spectators.jpg\" \/>\n<meta name=\"twitter:site\" content=\"@aforafocus\" \/>\n<script type=\"application\/ld+json\" class=\"yoast-schema-graph\">{\"@context\":\"https:\\\/\\\/schema.org\",\"@graph\":[{\"@type\":\"WebPage\",\"@id\":\"https:\\\/\\\/www.aforafocus.cat\\\/en\\\/congressspectatorsbcn-old\\\/\",\"url\":\"https:\\\/\\\/www.aforafocus.cat\\\/en\\\/congressspectatorsbcn-old\\\/\",\"name\":\"International Congress of Spectators OLD - \u00c0fora Focus\",\"isPartOf\":{\"@id\":\"https:\\\/\\\/www.aforafocus.cat\\\/en\\\/#website\"},\"datePublished\":\"2022-01-28T12:03:28+00:00\",\"dateModified\":\"2023-10-09T11:57:00+00:00\",\"description\":\"I International Congress of Theater Spectators. Barcelona, 24th \u2013 26th october 2022. A congress of, by and for theatrical spectators. Art and part.\",\"breadcrumb\":{\"@id\":\"https:\\\/\\\/www.aforafocus.cat\\\/en\\\/congressspectatorsbcn-old\\\/#breadcrumb\"},\"inLanguage\":\"en-US\",\"potentialAction\":[{\"@type\":\"ReadAction\",\"target\":[\"https:\\\/\\\/www.aforafocus.cat\\\/en\\\/congressspectatorsbcn-old\\\/\"]}]},{\"@type\":\"BreadcrumbList\",\"@id\":\"https:\\\/\\\/www.aforafocus.cat\\\/en\\\/congressspectatorsbcn-old\\\/#breadcrumb\",\"itemListElement\":[{\"@type\":\"ListItem\",\"position\":1,\"name\":\"Inici\",\"item\":\"https:\\\/\\\/www.aforafocus.cat\\\/en\\\/\"},{\"@type\":\"ListItem\",\"position\":2,\"name\":\"International Congress of Spectators OLD\"}]},{\"@type\":\"WebSite\",\"@id\":\"https:\\\/\\\/www.aforafocus.cat\\\/en\\\/#website\",\"url\":\"https:\\\/\\\/www.aforafocus.cat\\\/en\\\/\",\"name\":\"\u00c0fora Focus\",\"description\":\"\u00c0fora \u00e9s l\u2019\u00e0gora del Grup Focus, un \u00e0mbit de reflexi\u00f3 i d\u2019activitats que t\u00e9 l\u2019\u00e0nim d\u2019incidir en la vida art\u00edstica, cultural i social.\",\"publisher\":{\"@id\":\"https:\\\/\\\/www.aforafocus.cat\\\/en\\\/#organization\"},\"potentialAction\":[{\"@type\":\"SearchAction\",\"target\":{\"@type\":\"EntryPoint\",\"urlTemplate\":\"https:\\\/\\\/www.aforafocus.cat\\\/en\\\/?s={search_term_string}\"},\"query-input\":{\"@type\":\"PropertyValueSpecification\",\"valueRequired\":true,\"valueName\":\"search_term_string\"}}],\"inLanguage\":\"en-US\"},{\"@type\":\"Organization\",\"@id\":\"https:\\\/\\\/www.aforafocus.cat\\\/en\\\/#organization\",\"name\":\"\u00c0fora Focus\",\"url\":\"https:\\\/\\\/www.aforafocus.cat\\\/en\\\/\",\"logo\":{\"@type\":\"ImageObject\",\"inLanguage\":\"en-US\",\"@id\":\"https:\\\/\\\/www.aforafocus.cat\\\/en\\\/#\\\/schema\\\/logo\\\/image\\\/\",\"url\":\"https:\\\/\\\/www.aforafocus.cat\\\/wp-content\\\/uploads\\\/2021\\\/12\\\/logo-afora-focus.png\",\"contentUrl\":\"https:\\\/\\\/www.aforafocus.cat\\\/wp-content\\\/uploads\\\/2021\\\/12\\\/logo-afora-focus.png\",\"width\":662,\"height\":662,\"caption\":\"\u00c0fora Focus\"},\"image\":{\"@id\":\"https:\\\/\\\/www.aforafocus.cat\\\/en\\\/#\\\/schema\\\/logo\\\/image\\\/\"},\"sameAs\":[\"https:\\\/\\\/x.com\\\/aforafocus\",\"https:\\\/\\\/www.instagram.com\\\/aforafocus\\\/\"]}]}<\/script>\n<!-- \/ Yoast SEO plugin. -->","yoast_head_json":{"title":"International Congress of Spectators OLD - \u00c0fora Focus","description":"I International Congress of Theater Spectators. Barcelona, 24th \u2013 26th october 2022. A congress of, by and for theatrical spectators. Art and part.","robots":{"index":"index","follow":"follow","max-snippet":"max-snippet:-1","max-image-preview":"max-image-preview:large","max-video-preview":"max-video-preview:-1"},"canonical":"https:\/\/www.aforafocus.cat\/en\/congressspectatorsbcn-old\/","og_locale":"en_US","og_type":"article","og_title":"I International Congress of Theater Spectators","og_description":"I International Congress of Theater Spectators. Barcelona, 24th \u2013 26th october 2022. A congress of, by and for theatrical spectators. Art and part.","og_url":"https:\/\/www.aforafocus.cat\/en\/congressspectatorsbcn-old\/","og_site_name":"\u00c0fora Focus","article_modified_time":"2023-10-09T11:57:00+00:00","og_image":[{"url":"https:\/\/www.aforafocus.cat\/wp-content\/uploads\/2022\/02\/congress-spectators.jpg","type":"","width":"","height":""}],"twitter_card":"summary_large_image","twitter_title":"I International Congress of Theater Spectators","twitter_description":"I International Congress of Theater Spectators. Barcelona, 24th \u2013 26th october 2022. A congress of, by and for theatrical spectators. Art and part.","twitter_image":"https:\/\/www.aforafocus.cat\/wp-content\/uploads\/2022\/02\/congress-spectators.jpg","twitter_site":"@aforafocus","schema":{"@context":"https:\/\/schema.org","@graph":[{"@type":"WebPage","@id":"https:\/\/www.aforafocus.cat\/en\/congressspectatorsbcn-old\/","url":"https:\/\/www.aforafocus.cat\/en\/congressspectatorsbcn-old\/","name":"International Congress of Spectators OLD - \u00c0fora Focus","isPartOf":{"@id":"https:\/\/www.aforafocus.cat\/en\/#website"},"datePublished":"2022-01-28T12:03:28+00:00","dateModified":"2023-10-09T11:57:00+00:00","description":"I International Congress of Theater Spectators. Barcelona, 24th \u2013 26th october 2022. A congress of, by and for theatrical spectators. Art and part.","breadcrumb":{"@id":"https:\/\/www.aforafocus.cat\/en\/congressspectatorsbcn-old\/#breadcrumb"},"inLanguage":"en-US","potentialAction":[{"@type":"ReadAction","target":["https:\/\/www.aforafocus.cat\/en\/congressspectatorsbcn-old\/"]}]},{"@type":"BreadcrumbList","@id":"https:\/\/www.aforafocus.cat\/en\/congressspectatorsbcn-old\/#breadcrumb","itemListElement":[{"@type":"ListItem","position":1,"name":"Inici","item":"https:\/\/www.aforafocus.cat\/en\/"},{"@type":"ListItem","position":2,"name":"International Congress of Spectators OLD"}]},{"@type":"WebSite","@id":"https:\/\/www.aforafocus.cat\/en\/#website","url":"https:\/\/www.aforafocus.cat\/en\/","name":"\u00c0fora Focus","description":"\u00c0fora \u00e9s l\u2019\u00e0gora del Grup Focus, un \u00e0mbit de reflexi\u00f3 i d\u2019activitats que t\u00e9 l\u2019\u00e0nim d\u2019incidir en la vida art\u00edstica, cultural i social.","publisher":{"@id":"https:\/\/www.aforafocus.cat\/en\/#organization"},"potentialAction":[{"@type":"SearchAction","target":{"@type":"EntryPoint","urlTemplate":"https:\/\/www.aforafocus.cat\/en\/?s={search_term_string}"},"query-input":{"@type":"PropertyValueSpecification","valueRequired":true,"valueName":"search_term_string"}}],"inLanguage":"en-US"},{"@type":"Organization","@id":"https:\/\/www.aforafocus.cat\/en\/#organization","name":"\u00c0fora Focus","url":"https:\/\/www.aforafocus.cat\/en\/","logo":{"@type":"ImageObject","inLanguage":"en-US","@id":"https:\/\/www.aforafocus.cat\/en\/#\/schema\/logo\/image\/","url":"https:\/\/www.aforafocus.cat\/wp-content\/uploads\/2021\/12\/logo-afora-focus.png","contentUrl":"https:\/\/www.aforafocus.cat\/wp-content\/uploads\/2021\/12\/logo-afora-focus.png","width":662,"height":662,"caption":"\u00c0fora Focus"},"image":{"@id":"https:\/\/www.aforafocus.cat\/en\/#\/schema\/logo\/image\/"},"sameAs":["https:\/\/x.com\/aforafocus","https:\/\/www.instagram.com\/aforafocus\/"]}]}},"_links":{"self":[{"href":"https:\/\/www.aforafocus.cat\/en\/wp-json\/wp\/v2\/pages\/243585","targetHints":{"allow":["GET"]}}],"collection":[{"href":"https:\/\/www.aforafocus.cat\/en\/wp-json\/wp\/v2\/pages"}],"about":[{"href":"https:\/\/www.aforafocus.cat\/en\/wp-json\/wp\/v2\/types\/page"}],"author":[{"embeddable":true,"href":"https:\/\/www.aforafocus.cat\/en\/wp-json\/wp\/v2\/users\/1"}],"replies":[{"embeddable":true,"href":"https:\/\/www.aforafocus.cat\/en\/wp-json\/wp\/v2\/comments?post=243585"}],"version-history":[{"count":0,"href":"https:\/\/www.aforafocus.cat\/en\/wp-json\/wp\/v2\/pages\/243585\/revisions"}],"wp:attachment":[{"href":"https:\/\/www.aforafocus.cat\/en\/wp-json\/wp\/v2\/media?parent=243585"}],"curies":[{"name":"wp","href":"https:\/\/api.w.org\/{rel}","templated":true}]}}