{"id":1477,"date":"2022-01-21T09:42:54","date_gmt":"2022-01-21T08:42:54","guid":{"rendered":"https:\/\/www.aforafocus.cat\/acte\/presentacion-afora\/"},"modified":"2022-03-07T09:53:38","modified_gmt":"2022-03-07T08:53:38","slug":"presentacion-afora","status":"publish","type":"acte","link":"https:\/\/www.aforafocus.cat\/es\/acto\/presentacion-afora\/","title":{"rendered":"Presentaci\u00f3n \u00c1fora"},"content":{"rendered":"\n<h2 class=\"wp-block-heading\" id=\"neix-afora-l-agora-del-grup-focus\"><strong>Nace \u00c1fora, el \u00e1gora del Grup Focus<\/strong><\/h2>\n\n<blockquote class=\"wp-block-quote is-layout-flow wp-block-quote-is-layout-flow\"><p>Un nuevo \u00e1mbito de reflexi\u00f3n y actividades que, tomando como base la vivencia esc\u00e9nica quiere incidir en la vida art\u00edstica, cultural y social.<\/p><cite>Est\u00e1 formada por 5 ramas: Fundaci\u00f3n Romea, \u00c1fora Ediciones, Quinta Pared, Platea 618 y Espectadores.<\/cite><\/blockquote>\n\n<p class=\"has-text-align-justify\">Anoche el Teatre Romea acogi\u00f3 con gran \u00e9xito la presentaci\u00f3n de <strong>\u00c1fora<\/strong>, el \u00e1gora del Grup Focus. Con una espectacular puesta en escena audiovisual \u2013creada por los equipos de Focus- capaz de combinar la recreaci\u00f3n de un senado romano en el escenario con una DJ Lorena en el palco, la cita congreg\u00f3 a destacados creadores, representantes del sector, representantes de la sociedad civil y los medios de comunicaci\u00f3n, as\u00ed como a las m\u00e1ximas autoridades pol\u00edticas catalanas. En el acto participaron<strong>Daniel Mart\u00ednez<\/strong>, presidente del Grupo Focus; <strong>Isabel Vidal<\/strong>, directora general del Grupo y presidenta de ADETCA; <strong>F\u00e9lix Riera<\/strong>, director de la Fundaci\u00f3n Romea; <strong>Pepe Zapata<\/strong>, director del TRESC y comisario del Primer Congreso Internacional de Espectadores de Teatro; <strong>M\u00e0rius Serra<\/strong>, periodista y escritor; <strong>Josep Maria Pou<\/strong>, actor y director art\u00edstico del Teatre Romea; <strong>Javier Gom\u00e1<\/strong>, fil\u00f3sofo y director de la Fundaci\u00f3n March; <strong>Andr\u00e9s Lima<\/strong>, dramaturgo; y la escritora\u00a0<strong>Emma Riverola<\/strong>. Tanto\u00a0<strong>Ada Colau<\/strong>, alcaldesa de Barcelona, \u200b\u200bcomo\u00a0<strong>Pere Aragon\u00e8s<\/strong>, presidente de la Generalitat de Catalu\u00f1a, aplaudieron y felicitaron el proyecto en sus respectivas intervenciones al final del acto . Tampoco quisieron perderse el bautizo de \u00c0fora\u00a0<strong>Nat\u00e0lia Garriga<\/strong>, consejera de Cultura de la Generalitat; <strong>Jaume Collboni<\/strong>, 1er teniente de alcalde \u00a0del Ayuntamiento de Barcelona; <strong>Jordi Mart\u00ed<\/strong>, teniente de alcalde de Cultura, Educaci\u00f3n, Ciencia y Comunidad; <strong>Xavier Marc\u00e9<\/strong>, concejal de Turismo e Industrias Creatives, as\u00ed como\u00a0<strong>Fernando Cer\u00f3n<\/strong>, subdirector general de Teatro del INAEM,\u00a0<strong>Josep Vives<\/strong>, director general de Promoci\u00f3n Cultural y Bibliotecas y\u00a0<strong>Miquel Curanta<\/strong>, director del ICEC. Esta relevante iniciativa llega en el marco de celebraci\u00f3n del <strong>35 Aniversario del Grupo Focus<\/strong> justo un mes despu\u00e9s de inaugurar la temporada teatral con m\u00e1s inversi\u00f3n de su historia y de presentar\u00a0<strong>Lantia Esc\u00e9nica strong&gt;, una nueva unidad de producci\u00f3n de la empresa con sede en Madrid.<\/strong><\/p>\n\n<hr class=\"wp-block-separator has-text-color has-background has-black-background-color has-black-color is-style-wide\"\/>\n\n<h2 class=\"wp-block-heading\" id=\"les-5-branques-d-afora\"><strong>Las 5 ramas de \u00c1fora<\/strong><\/h2>\n\n<h3 class=\"wp-block-heading\" id=\"afora-compta-amb-cinc-branques-que-defineixen-la-seva-activitat\">\u00c1fora cuenta con cinco ramas que definen su actividad:<\/h3>\n\n<ul class=\"has-text-align-justify wp-block-list\"><li><strong>Fundaci\u00f3n Romea\u00a0<\/strong>&#8211; Hace veinte a\u00f1os Focus cre\u00f3 la Fundaci\u00f3n Romea con la voluntad de investigar formas art\u00edsticas para activar t\u00e9rminos como el fervor, la pasi\u00f3n, lo sublime, la belleza o la inspiraci\u00f3n que parad\u00f3jicamente provocan incomodidad. \u00c0fora potenciar\u00e1 las actividades de la Fundaci\u00f3 Romea.<\/li><li><strong>\u00c1fora Ediciones\u00a0<\/strong>&#8211; El sello de la empresa para amparar la voluntad de permanencia de la actividad de \u00c1fora, y la relevancia conceptual y est\u00e9tica de seleccionados textos y creadores. El pistoletazo de salida lo marcar\u00e1n M\u00e0rius Serra con la publicaci\u00f3n de\u00a0<em>Fer Mutis (Mutandis). 35 focos verbales en las artes esc\u00e9nicas<\/em>, la tercera edici\u00f3n de Pre-Ocupaciones, y\u00a0<em>El Para\u00edso perdido<\/em>, publicaci\u00f3n de la adaptaci\u00f3n teatral de Helena Tornero del texto de John Milton con ilustraciones de Paula Bonet.<\/li><li><strong>Quinta Paret\u00a0<\/strong>&#8211; El muro y el punto de intersecci\u00f3n entre el teatro y la calle, entre los artistas y la sociedad. Es un punto de encuentro que nos permitir\u00e1 atrapar conceptos surgidos del escenario y llevarlos al campo de la filosof\u00eda, para analizarlos desde distintos \u00e1ngulos y formatos.<\/li><li><strong>Platea 618<\/strong>\u00a0&#8211; Para contribuir a un mayor conocimiento entre los profesionales del sector de Barcelona y Madrid, \u00c0fora promover\u00e1 diversas actividades entre las que se encuentra la creaci\u00f3n de un portal web profesional al servicio de los agentes del sector, de los medios de comunicaci\u00f3n especializados y de las instituciones, que incluir\u00e1 informaci\u00f3n conjunta de las carteleras y de la actividad esc\u00e9nica de ambas ciudades.<\/li><li><strong>Espectadors<\/strong>\u00a0&#8211; Una l\u00ednia directa de relaci\u00f3 amb els p\u00fablics, que iniciarem amb el I Congr\u00e9s Internacional d&#8217;Espectadors de Teatre que se celebrar\u00e0 a Barcelona el proper mes de maig. Un congr\u00e9s de, per a i amb els espectadors de teatre, que el formaran una 50\u00aa\u00a0d\u2019espectadors, de 25 pa\u00efsos dels 5 continents.<\/li><\/ul>","protected":false},"featured_media":232,"template":"","branca":[131],"idioma":[41],"class_list":["post-1477","acte","type-acte","status-publish","has-post-thumbnail","hentry","branca-afora-ediciones","idioma-catalan"],"yoast_head":"<!-- This site is optimized with the Yoast SEO plugin v27.4 - https:\/\/yoast.com\/product\/yoast-seo-wordpress\/ -->\n<title>Presentaci\u00f3n \u00c1fora - \u00c0fora Focus<\/title>\n<meta name=\"robots\" content=\"noindex, follow\" \/>\n<meta property=\"og:locale\" content=\"es_ES\" \/>\n<meta property=\"og:type\" content=\"article\" \/>\n<meta property=\"og:title\" content=\"Presentaci\u00f3n \u00c1fora - \u00c0fora Focus\" \/>\n<meta property=\"og:description\" content=\"Nace \u00c1fora, el \u00e1gora del Grup Focus Un nuevo \u00e1mbito de reflexi\u00f3n y actividades que, tomando como base la vivencia esc\u00e9nica quiere incidir en la vida art\u00edstica, cultural y social. Est\u00e1 formada por 5 ramas: Fundaci\u00f3n Romea, \u00c1fora Ediciones, Quinta Pared, Platea 618 y Espectadores. Anoche el Teatre Romea acogi\u00f3 con gran \u00e9xito la presentaci\u00f3n [&hellip;]\" \/>\n<meta property=\"og:url\" content=\"https:\/\/www.aforafocus.cat\/es\/acto\/presentacion-afora\/\" \/>\n<meta property=\"og:site_name\" content=\"\u00c0fora Focus\" \/>\n<meta property=\"article:modified_time\" content=\"2022-03-07T08:53:38+00:00\" \/>\n<meta property=\"og:image\" content=\"https:\/\/www.aforafocus.cat\/wp-content\/uploads\/2022\/01\/0fbe6342-0459-cdb6-659c-04148feb6bec-1.jpg\" \/>\n\t<meta property=\"og:image:width\" content=\"900\" \/>\n\t<meta property=\"og:image:height\" content=\"476\" \/>\n\t<meta property=\"og:image:type\" content=\"image\/jpeg\" \/>\n<meta name=\"twitter:card\" content=\"summary_large_image\" \/>\n<meta name=\"twitter:site\" content=\"@aforafocus\" \/>\n<script type=\"application\/ld+json\" class=\"yoast-schema-graph\">{\"@context\":\"https:\\\/\\\/schema.org\",\"@graph\":[{\"@type\":\"WebPage\",\"@id\":\"https:\\\/\\\/www.aforafocus.cat\\\/es\\\/acto\\\/presentacion-afora\\\/\",\"url\":\"https:\\\/\\\/www.aforafocus.cat\\\/es\\\/acto\\\/presentacion-afora\\\/\",\"name\":\"Presentaci\u00f3n \u00c1fora - \u00c0fora Focus\",\"isPartOf\":{\"@id\":\"https:\\\/\\\/www.aforafocus.cat\\\/es\\\/#website\"},\"primaryImageOfPage\":{\"@id\":\"https:\\\/\\\/www.aforafocus.cat\\\/es\\\/acto\\\/presentacion-afora\\\/#primaryimage\"},\"image\":{\"@id\":\"https:\\\/\\\/www.aforafocus.cat\\\/es\\\/acto\\\/presentacion-afora\\\/#primaryimage\"},\"thumbnailUrl\":\"https:\\\/\\\/www.aforafocus.cat\\\/wp-content\\\/uploads\\\/2022\\\/01\\\/0fbe6342-0459-cdb6-659c-04148feb6bec-1.jpg\",\"datePublished\":\"2022-01-21T08:42:54+00:00\",\"dateModified\":\"2022-03-07T08:53:38+00:00\",\"breadcrumb\":{\"@id\":\"https:\\\/\\\/www.aforafocus.cat\\\/es\\\/acto\\\/presentacion-afora\\\/#breadcrumb\"},\"inLanguage\":\"es\",\"potentialAction\":[{\"@type\":\"ReadAction\",\"target\":[\"https:\\\/\\\/www.aforafocus.cat\\\/es\\\/acto\\\/presentacion-afora\\\/\"]}]},{\"@type\":\"ImageObject\",\"inLanguage\":\"es\",\"@id\":\"https:\\\/\\\/www.aforafocus.cat\\\/es\\\/acto\\\/presentacion-afora\\\/#primaryimage\",\"url\":\"https:\\\/\\\/www.aforafocus.cat\\\/wp-content\\\/uploads\\\/2022\\\/01\\\/0fbe6342-0459-cdb6-659c-04148feb6bec-1.jpg\",\"contentUrl\":\"https:\\\/\\\/www.aforafocus.cat\\\/wp-content\\\/uploads\\\/2022\\\/01\\\/0fbe6342-0459-cdb6-659c-04148feb6bec-1.jpg\",\"width\":900,\"height\":476},{\"@type\":\"BreadcrumbList\",\"@id\":\"https:\\\/\\\/www.aforafocus.cat\\\/es\\\/acto\\\/presentacion-afora\\\/#breadcrumb\",\"itemListElement\":[{\"@type\":\"ListItem\",\"position\":1,\"name\":\"Inici\",\"item\":\"https:\\\/\\\/www.aforafocus.cat\\\/es\\\/\"},{\"@type\":\"ListItem\",\"position\":2,\"name\":\"Actos\",\"item\":\"https:\\\/\\\/www.aforafocus.cat\\\/es\\\/acto\\\/\"},{\"@type\":\"ListItem\",\"position\":3,\"name\":\"Presentaci\u00f3n \u00c1fora\"}]},{\"@type\":\"WebSite\",\"@id\":\"https:\\\/\\\/www.aforafocus.cat\\\/es\\\/#website\",\"url\":\"https:\\\/\\\/www.aforafocus.cat\\\/es\\\/\",\"name\":\"\u00c0fora Focus\",\"description\":\"\u00c0fora \u00e9s l\u2019\u00e0gora del Grup Focus, un \u00e0mbit de reflexi\u00f3 i d\u2019activitats que t\u00e9 l\u2019\u00e0nim d\u2019incidir en la vida art\u00edstica, cultural i social.\",\"publisher\":{\"@id\":\"https:\\\/\\\/www.aforafocus.cat\\\/es\\\/#organization\"},\"potentialAction\":[{\"@type\":\"SearchAction\",\"target\":{\"@type\":\"EntryPoint\",\"urlTemplate\":\"https:\\\/\\\/www.aforafocus.cat\\\/es\\\/?s={search_term_string}\"},\"query-input\":{\"@type\":\"PropertyValueSpecification\",\"valueRequired\":true,\"valueName\":\"search_term_string\"}}],\"inLanguage\":\"es\"},{\"@type\":\"Organization\",\"@id\":\"https:\\\/\\\/www.aforafocus.cat\\\/es\\\/#organization\",\"name\":\"\u00c0fora Focus\",\"url\":\"https:\\\/\\\/www.aforafocus.cat\\\/es\\\/\",\"logo\":{\"@type\":\"ImageObject\",\"inLanguage\":\"es\",\"@id\":\"https:\\\/\\\/www.aforafocus.cat\\\/es\\\/#\\\/schema\\\/logo\\\/image\\\/\",\"url\":\"https:\\\/\\\/www.aforafocus.cat\\\/wp-content\\\/uploads\\\/2021\\\/12\\\/logo-afora-focus.png\",\"contentUrl\":\"https:\\\/\\\/www.aforafocus.cat\\\/wp-content\\\/uploads\\\/2021\\\/12\\\/logo-afora-focus.png\",\"width\":662,\"height\":662,\"caption\":\"\u00c0fora Focus\"},\"image\":{\"@id\":\"https:\\\/\\\/www.aforafocus.cat\\\/es\\\/#\\\/schema\\\/logo\\\/image\\\/\"},\"sameAs\":[\"https:\\\/\\\/x.com\\\/aforafocus\",\"https:\\\/\\\/www.instagram.com\\\/aforafocus\\\/\"]}]}<\/script>\n<!-- \/ Yoast SEO plugin. -->","yoast_head_json":{"title":"Presentaci\u00f3n \u00c1fora - \u00c0fora Focus","robots":{"index":"noindex","follow":"follow"},"og_locale":"es_ES","og_type":"article","og_title":"Presentaci\u00f3n \u00c1fora - \u00c0fora Focus","og_description":"Nace \u00c1fora, el \u00e1gora del Grup Focus Un nuevo \u00e1mbito de reflexi\u00f3n y actividades que, tomando como base la vivencia esc\u00e9nica quiere incidir en la vida art\u00edstica, cultural y social. Est\u00e1 formada por 5 ramas: Fundaci\u00f3n Romea, \u00c1fora Ediciones, Quinta Pared, Platea 618 y Espectadores. Anoche el Teatre Romea acogi\u00f3 con gran \u00e9xito la presentaci\u00f3n [&hellip;]","og_url":"https:\/\/www.aforafocus.cat\/es\/acto\/presentacion-afora\/","og_site_name":"\u00c0fora Focus","article_modified_time":"2022-03-07T08:53:38+00:00","og_image":[{"width":900,"height":476,"url":"https:\/\/www.aforafocus.cat\/wp-content\/uploads\/2022\/01\/0fbe6342-0459-cdb6-659c-04148feb6bec-1.jpg","type":"image\/jpeg"}],"twitter_card":"summary_large_image","twitter_site":"@aforafocus","schema":{"@context":"https:\/\/schema.org","@graph":[{"@type":"WebPage","@id":"https:\/\/www.aforafocus.cat\/es\/acto\/presentacion-afora\/","url":"https:\/\/www.aforafocus.cat\/es\/acto\/presentacion-afora\/","name":"Presentaci\u00f3n \u00c1fora - \u00c0fora Focus","isPartOf":{"@id":"https:\/\/www.aforafocus.cat\/es\/#website"},"primaryImageOfPage":{"@id":"https:\/\/www.aforafocus.cat\/es\/acto\/presentacion-afora\/#primaryimage"},"image":{"@id":"https:\/\/www.aforafocus.cat\/es\/acto\/presentacion-afora\/#primaryimage"},"thumbnailUrl":"https:\/\/www.aforafocus.cat\/wp-content\/uploads\/2022\/01\/0fbe6342-0459-cdb6-659c-04148feb6bec-1.jpg","datePublished":"2022-01-21T08:42:54+00:00","dateModified":"2022-03-07T08:53:38+00:00","breadcrumb":{"@id":"https:\/\/www.aforafocus.cat\/es\/acto\/presentacion-afora\/#breadcrumb"},"inLanguage":"es","potentialAction":[{"@type":"ReadAction","target":["https:\/\/www.aforafocus.cat\/es\/acto\/presentacion-afora\/"]}]},{"@type":"ImageObject","inLanguage":"es","@id":"https:\/\/www.aforafocus.cat\/es\/acto\/presentacion-afora\/#primaryimage","url":"https:\/\/www.aforafocus.cat\/wp-content\/uploads\/2022\/01\/0fbe6342-0459-cdb6-659c-04148feb6bec-1.jpg","contentUrl":"https:\/\/www.aforafocus.cat\/wp-content\/uploads\/2022\/01\/0fbe6342-0459-cdb6-659c-04148feb6bec-1.jpg","width":900,"height":476},{"@type":"BreadcrumbList","@id":"https:\/\/www.aforafocus.cat\/es\/acto\/presentacion-afora\/#breadcrumb","itemListElement":[{"@type":"ListItem","position":1,"name":"Inici","item":"https:\/\/www.aforafocus.cat\/es\/"},{"@type":"ListItem","position":2,"name":"Actos","item":"https:\/\/www.aforafocus.cat\/es\/acto\/"},{"@type":"ListItem","position":3,"name":"Presentaci\u00f3n \u00c1fora"}]},{"@type":"WebSite","@id":"https:\/\/www.aforafocus.cat\/es\/#website","url":"https:\/\/www.aforafocus.cat\/es\/","name":"\u00c0fora Focus","description":"\u00c0fora \u00e9s l\u2019\u00e0gora del Grup Focus, un \u00e0mbit de reflexi\u00f3 i d\u2019activitats que t\u00e9 l\u2019\u00e0nim d\u2019incidir en la vida art\u00edstica, cultural i social.","publisher":{"@id":"https:\/\/www.aforafocus.cat\/es\/#organization"},"potentialAction":[{"@type":"SearchAction","target":{"@type":"EntryPoint","urlTemplate":"https:\/\/www.aforafocus.cat\/es\/?s={search_term_string}"},"query-input":{"@type":"PropertyValueSpecification","valueRequired":true,"valueName":"search_term_string"}}],"inLanguage":"es"},{"@type":"Organization","@id":"https:\/\/www.aforafocus.cat\/es\/#organization","name":"\u00c0fora Focus","url":"https:\/\/www.aforafocus.cat\/es\/","logo":{"@type":"ImageObject","inLanguage":"es","@id":"https:\/\/www.aforafocus.cat\/es\/#\/schema\/logo\/image\/","url":"https:\/\/www.aforafocus.cat\/wp-content\/uploads\/2021\/12\/logo-afora-focus.png","contentUrl":"https:\/\/www.aforafocus.cat\/wp-content\/uploads\/2021\/12\/logo-afora-focus.png","width":662,"height":662,"caption":"\u00c0fora Focus"},"image":{"@id":"https:\/\/www.aforafocus.cat\/es\/#\/schema\/logo\/image\/"},"sameAs":["https:\/\/x.com\/aforafocus","https:\/\/www.instagram.com\/aforafocus\/"]}]}},"_links":{"self":[{"href":"https:\/\/www.aforafocus.cat\/es\/wp-json\/wp\/v2\/acte\/1477","targetHints":{"allow":["GET"]}}],"collection":[{"href":"https:\/\/www.aforafocus.cat\/es\/wp-json\/wp\/v2\/acte"}],"about":[{"href":"https:\/\/www.aforafocus.cat\/es\/wp-json\/wp\/v2\/types\/acte"}],"wp:featuredmedia":[{"embeddable":true,"href":"https:\/\/www.aforafocus.cat\/es\/wp-json\/wp\/v2\/media\/232"}],"wp:attachment":[{"href":"https:\/\/www.aforafocus.cat\/es\/wp-json\/wp\/v2\/media?parent=1477"}],"wp:term":[{"taxonomy":"branca","embeddable":true,"href":"https:\/\/www.aforafocus.cat\/es\/wp-json\/wp\/v2\/branca?post=1477"},{"taxonomy":"idioma","embeddable":true,"href":"https:\/\/www.aforafocus.cat\/es\/wp-json\/wp\/v2\/idioma?post=1477"}],"curies":[{"name":"wp","href":"https:\/\/api.w.org\/{rel}","templated":true}]}}