{"id":1996,"date":"2022-01-21T18:03:31","date_gmt":"2022-01-21T17:03:31","guid":{"rendered":"https:\/\/www.aforafocus.cat\/acte\/1er-encuentro-consejo-asesores-del-1er-congreso-internacional-de-teatro\/"},"modified":"2022-03-07T09:27:56","modified_gmt":"2022-03-07T08:27:56","slug":"1er-encuentro-consejo-asesores-del-1er-congreso-internacional-de-teatro","status":"publish","type":"acte","link":"https:\/\/www.aforafocus.cat\/es\/acto\/1er-encuentro-consejo-asesores-del-1er-congreso-internacional-de-teatro\/","title":{"rendered":"1r Encuentro del Consejo Asesor del I Congreso Internacional de Espectadores de Teatro"},"content":{"rendered":"\n<h2 class=\"wp-block-heading\" id=\"constituit-el-consell-assessor-del-i-congres-internacional-d-espectadors-de-teatre\"><strong>Constituido el Consejo Asesor del I Congreso Internacional de Espectadores de Teatro<\/strong><\/h2>\n\n<blockquote class=\"wp-block-quote is-style-default is-layout-flow wp-block-quote-is-layout-flow\"><p><strong>Barcelona, 12 de noviembre de 2021<\/strong><\/p><cite>Ayer por la tarde la sede central de Focus acogi\u00f3 la primera reuni\u00f3n del Consejo Asesor del I Congreso Internacional de Espectadores de Teatro, que tendr\u00e1 lugar en Barcelona.<\/cite><\/blockquote>\n\n<h3 class=\"wp-block-heading\" id=\"el-consell-assessor-esta-format-per\">El Consejo Asesor est\u00e1 formado por:<\/h3>\n\n<p class=\"has-text-align-justify\"><strong>Marta Buchaca,\u00a0<\/strong>dramaturga, guionista y directora<br\/><strong>Macarena Cuenca,\u00a0<\/strong>responsable de iniciativas europeas relevantes para el desarrollo de audiencias (Universidad de Deusto)<br\/>Xavier Fina,\u00a0consultor cultural<br\/><strong>Eva Garc\u00eda,\u00a0<\/strong>experta en creaci\u00f3n art\u00edstica comunitaria<br\/><strong>Javier Ibacache,\u00a0<\/strong>jefe de la Unidad de Programaci\u00f3n y P\u00fablicos del Ministerio de las Culturas del Gobierno de Chile<br\/><strong>Esteve Le\u00f3n,\u00a0<\/strong>patr\u00f3n de la Fundaci\u00f3n Teatre Lliure<br\/><strong>Joan Morros,\u00a0<\/strong>gestor y programador del teatro Kursaal de Manresa<br\/><strong>Marta Turu,\u00a0<\/strong>espectadora teatral y socia del TRESC<\/p>\n\n<blockquote class=\"wp-block-quote is-style-large is-layout-flow wp-block-quote-is-layout-flow\"><p>El I Congreso Internacional de Espectadores de Teatro est\u00e1 comisariado por Pepe Zapata y forma parte de las actividades de \u00c1fora, el \u00e1gora del Grup Focus.<\/p><\/blockquote>\n","protected":false},"featured_media":226,"template":"","branca":[33],"idioma":[41],"class_list":["post-1996","acte","type-acte","status-publish","has-post-thumbnail","hentry","branca-espectadores","idioma-catalan"],"yoast_head":"<!-- This site is optimized with the Yoast SEO plugin v27.5 - https:\/\/yoast.com\/product\/yoast-seo-wordpress\/ -->\n<title>1r Encuentro del Consejo Asesor del I Congreso Internacional de Espectadores de Teatro - \u00c0fora Focus<\/title>\n<meta name=\"robots\" content=\"noindex, follow\" \/>\n<meta property=\"og:locale\" content=\"es_ES\" \/>\n<meta property=\"og:type\" content=\"article\" \/>\n<meta property=\"og:title\" content=\"1r Encuentro del Consejo Asesor del I Congreso Internacional de Espectadores de Teatro - \u00c0fora Focus\" \/>\n<meta property=\"og:description\" content=\"Constituido el Consejo Asesor del I Congreso Internacional de Espectadores de Teatro Barcelona, 12 de noviembre de 2021 Ayer por la tarde la sede central de Focus acogi\u00f3 la primera reuni\u00f3n del Consejo Asesor del I Congreso Internacional de Espectadores de Teatro, que tendr\u00e1 lugar en Barcelona. El Consejo Asesor est\u00e1 formado por: Marta Buchaca,\u00a0dramaturga, [&hellip;]\" \/>\n<meta property=\"og:url\" content=\"https:\/\/www.aforafocus.cat\/es\/acto\/1er-encuentro-consejo-asesores-del-1er-congreso-internacional-de-teatro\/\" \/>\n<meta property=\"og:site_name\" content=\"\u00c0fora Focus\" \/>\n<meta property=\"article:modified_time\" content=\"2022-03-07T08:27:56+00:00\" \/>\n<meta property=\"og:image\" content=\"https:\/\/www.aforafocus.cat\/wp-content\/uploads\/2022\/01\/ad3b3133-f827-695c-baaf-580476fda375.jpg\" \/>\n\t<meta property=\"og:image:width\" content=\"900\" \/>\n\t<meta property=\"og:image:height\" content=\"476\" \/>\n\t<meta property=\"og:image:type\" content=\"image\/jpeg\" \/>\n<meta name=\"twitter:card\" content=\"summary_large_image\" \/>\n<meta name=\"twitter:site\" content=\"@aforafocus\" \/>\n<script type=\"application\/ld+json\" class=\"yoast-schema-graph\">{\"@context\":\"https:\\\/\\\/schema.org\",\"@graph\":[{\"@type\":\"WebPage\",\"@id\":\"https:\\\/\\\/www.aforafocus.cat\\\/es\\\/acto\\\/1er-encuentro-consejo-asesores-del-1er-congreso-internacional-de-teatro\\\/\",\"url\":\"https:\\\/\\\/www.aforafocus.cat\\\/es\\\/acto\\\/1er-encuentro-consejo-asesores-del-1er-congreso-internacional-de-teatro\\\/\",\"name\":\"1r Encuentro del Consejo Asesor del I Congreso Internacional de Espectadores de Teatro - \u00c0fora Focus\",\"isPartOf\":{\"@id\":\"https:\\\/\\\/www.aforafocus.cat\\\/es\\\/#website\"},\"primaryImageOfPage\":{\"@id\":\"https:\\\/\\\/www.aforafocus.cat\\\/es\\\/acto\\\/1er-encuentro-consejo-asesores-del-1er-congreso-internacional-de-teatro\\\/#primaryimage\"},\"image\":{\"@id\":\"https:\\\/\\\/www.aforafocus.cat\\\/es\\\/acto\\\/1er-encuentro-consejo-asesores-del-1er-congreso-internacional-de-teatro\\\/#primaryimage\"},\"thumbnailUrl\":\"https:\\\/\\\/www.aforafocus.cat\\\/wp-content\\\/uploads\\\/2022\\\/01\\\/ad3b3133-f827-695c-baaf-580476fda375.jpg\",\"datePublished\":\"2022-01-21T17:03:31+00:00\",\"dateModified\":\"2022-03-07T08:27:56+00:00\",\"breadcrumb\":{\"@id\":\"https:\\\/\\\/www.aforafocus.cat\\\/es\\\/acto\\\/1er-encuentro-consejo-asesores-del-1er-congreso-internacional-de-teatro\\\/#breadcrumb\"},\"inLanguage\":\"es\",\"potentialAction\":[{\"@type\":\"ReadAction\",\"target\":[\"https:\\\/\\\/www.aforafocus.cat\\\/es\\\/acto\\\/1er-encuentro-consejo-asesores-del-1er-congreso-internacional-de-teatro\\\/\"]}]},{\"@type\":\"ImageObject\",\"inLanguage\":\"es\",\"@id\":\"https:\\\/\\\/www.aforafocus.cat\\\/es\\\/acto\\\/1er-encuentro-consejo-asesores-del-1er-congreso-internacional-de-teatro\\\/#primaryimage\",\"url\":\"https:\\\/\\\/www.aforafocus.cat\\\/wp-content\\\/uploads\\\/2022\\\/01\\\/ad3b3133-f827-695c-baaf-580476fda375.jpg\",\"contentUrl\":\"https:\\\/\\\/www.aforafocus.cat\\\/wp-content\\\/uploads\\\/2022\\\/01\\\/ad3b3133-f827-695c-baaf-580476fda375.jpg\",\"width\":900,\"height\":476},{\"@type\":\"BreadcrumbList\",\"@id\":\"https:\\\/\\\/www.aforafocus.cat\\\/es\\\/acto\\\/1er-encuentro-consejo-asesores-del-1er-congreso-internacional-de-teatro\\\/#breadcrumb\",\"itemListElement\":[{\"@type\":\"ListItem\",\"position\":1,\"name\":\"Inici\",\"item\":\"https:\\\/\\\/www.aforafocus.cat\\\/es\\\/\"},{\"@type\":\"ListItem\",\"position\":2,\"name\":\"Actos\",\"item\":\"https:\\\/\\\/www.aforafocus.cat\\\/es\\\/acto\\\/\"},{\"@type\":\"ListItem\",\"position\":3,\"name\":\"1r Encuentro del Consejo Asesor del I Congreso Internacional de Espectadores de Teatro\"}]},{\"@type\":\"WebSite\",\"@id\":\"https:\\\/\\\/www.aforafocus.cat\\\/es\\\/#website\",\"url\":\"https:\\\/\\\/www.aforafocus.cat\\\/es\\\/\",\"name\":\"\u00c0fora Focus\",\"description\":\"\u00c0fora \u00e9s l\u2019\u00e0gora del Grup Focus, un \u00e0mbit de reflexi\u00f3 i d\u2019activitats que t\u00e9 l\u2019\u00e0nim d\u2019incidir en la vida art\u00edstica, cultural i social.\",\"publisher\":{\"@id\":\"https:\\\/\\\/www.aforafocus.cat\\\/es\\\/#organization\"},\"potentialAction\":[{\"@type\":\"SearchAction\",\"target\":{\"@type\":\"EntryPoint\",\"urlTemplate\":\"https:\\\/\\\/www.aforafocus.cat\\\/es\\\/?s={search_term_string}\"},\"query-input\":{\"@type\":\"PropertyValueSpecification\",\"valueRequired\":true,\"valueName\":\"search_term_string\"}}],\"inLanguage\":\"es\"},{\"@type\":\"Organization\",\"@id\":\"https:\\\/\\\/www.aforafocus.cat\\\/es\\\/#organization\",\"name\":\"\u00c0fora Focus\",\"url\":\"https:\\\/\\\/www.aforafocus.cat\\\/es\\\/\",\"logo\":{\"@type\":\"ImageObject\",\"inLanguage\":\"es\",\"@id\":\"https:\\\/\\\/www.aforafocus.cat\\\/es\\\/#\\\/schema\\\/logo\\\/image\\\/\",\"url\":\"https:\\\/\\\/www.aforafocus.cat\\\/wp-content\\\/uploads\\\/2021\\\/12\\\/logo-afora-focus.png\",\"contentUrl\":\"https:\\\/\\\/www.aforafocus.cat\\\/wp-content\\\/uploads\\\/2021\\\/12\\\/logo-afora-focus.png\",\"width\":662,\"height\":662,\"caption\":\"\u00c0fora Focus\"},\"image\":{\"@id\":\"https:\\\/\\\/www.aforafocus.cat\\\/es\\\/#\\\/schema\\\/logo\\\/image\\\/\"},\"sameAs\":[\"https:\\\/\\\/x.com\\\/aforafocus\",\"https:\\\/\\\/www.instagram.com\\\/aforafocus\\\/\"]}]}<\/script>\n<!-- \/ Yoast SEO plugin. -->","yoast_head_json":{"title":"1r Encuentro del Consejo Asesor del I Congreso Internacional de Espectadores de Teatro - \u00c0fora Focus","robots":{"index":"noindex","follow":"follow"},"og_locale":"es_ES","og_type":"article","og_title":"1r Encuentro del Consejo Asesor del I Congreso Internacional de Espectadores de Teatro - \u00c0fora Focus","og_description":"Constituido el Consejo Asesor del I Congreso Internacional de Espectadores de Teatro Barcelona, 12 de noviembre de 2021 Ayer por la tarde la sede central de Focus acogi\u00f3 la primera reuni\u00f3n del Consejo Asesor del I Congreso Internacional de Espectadores de Teatro, que tendr\u00e1 lugar en Barcelona. El Consejo Asesor est\u00e1 formado por: Marta Buchaca,\u00a0dramaturga, [&hellip;]","og_url":"https:\/\/www.aforafocus.cat\/es\/acto\/1er-encuentro-consejo-asesores-del-1er-congreso-internacional-de-teatro\/","og_site_name":"\u00c0fora Focus","article_modified_time":"2022-03-07T08:27:56+00:00","og_image":[{"width":900,"height":476,"url":"https:\/\/www.aforafocus.cat\/wp-content\/uploads\/2022\/01\/ad3b3133-f827-695c-baaf-580476fda375.jpg","type":"image\/jpeg"}],"twitter_card":"summary_large_image","twitter_site":"@aforafocus","schema":{"@context":"https:\/\/schema.org","@graph":[{"@type":"WebPage","@id":"https:\/\/www.aforafocus.cat\/es\/acto\/1er-encuentro-consejo-asesores-del-1er-congreso-internacional-de-teatro\/","url":"https:\/\/www.aforafocus.cat\/es\/acto\/1er-encuentro-consejo-asesores-del-1er-congreso-internacional-de-teatro\/","name":"1r Encuentro del Consejo Asesor del I Congreso Internacional de Espectadores de Teatro - \u00c0fora Focus","isPartOf":{"@id":"https:\/\/www.aforafocus.cat\/es\/#website"},"primaryImageOfPage":{"@id":"https:\/\/www.aforafocus.cat\/es\/acto\/1er-encuentro-consejo-asesores-del-1er-congreso-internacional-de-teatro\/#primaryimage"},"image":{"@id":"https:\/\/www.aforafocus.cat\/es\/acto\/1er-encuentro-consejo-asesores-del-1er-congreso-internacional-de-teatro\/#primaryimage"},"thumbnailUrl":"https:\/\/www.aforafocus.cat\/wp-content\/uploads\/2022\/01\/ad3b3133-f827-695c-baaf-580476fda375.jpg","datePublished":"2022-01-21T17:03:31+00:00","dateModified":"2022-03-07T08:27:56+00:00","breadcrumb":{"@id":"https:\/\/www.aforafocus.cat\/es\/acto\/1er-encuentro-consejo-asesores-del-1er-congreso-internacional-de-teatro\/#breadcrumb"},"inLanguage":"es","potentialAction":[{"@type":"ReadAction","target":["https:\/\/www.aforafocus.cat\/es\/acto\/1er-encuentro-consejo-asesores-del-1er-congreso-internacional-de-teatro\/"]}]},{"@type":"ImageObject","inLanguage":"es","@id":"https:\/\/www.aforafocus.cat\/es\/acto\/1er-encuentro-consejo-asesores-del-1er-congreso-internacional-de-teatro\/#primaryimage","url":"https:\/\/www.aforafocus.cat\/wp-content\/uploads\/2022\/01\/ad3b3133-f827-695c-baaf-580476fda375.jpg","contentUrl":"https:\/\/www.aforafocus.cat\/wp-content\/uploads\/2022\/01\/ad3b3133-f827-695c-baaf-580476fda375.jpg","width":900,"height":476},{"@type":"BreadcrumbList","@id":"https:\/\/www.aforafocus.cat\/es\/acto\/1er-encuentro-consejo-asesores-del-1er-congreso-internacional-de-teatro\/#breadcrumb","itemListElement":[{"@type":"ListItem","position":1,"name":"Inici","item":"https:\/\/www.aforafocus.cat\/es\/"},{"@type":"ListItem","position":2,"name":"Actos","item":"https:\/\/www.aforafocus.cat\/es\/acto\/"},{"@type":"ListItem","position":3,"name":"1r Encuentro del Consejo Asesor del I Congreso Internacional de Espectadores de Teatro"}]},{"@type":"WebSite","@id":"https:\/\/www.aforafocus.cat\/es\/#website","url":"https:\/\/www.aforafocus.cat\/es\/","name":"\u00c0fora Focus","description":"\u00c0fora \u00e9s l\u2019\u00e0gora del Grup Focus, un \u00e0mbit de reflexi\u00f3 i d\u2019activitats que t\u00e9 l\u2019\u00e0nim d\u2019incidir en la vida art\u00edstica, cultural i social.","publisher":{"@id":"https:\/\/www.aforafocus.cat\/es\/#organization"},"potentialAction":[{"@type":"SearchAction","target":{"@type":"EntryPoint","urlTemplate":"https:\/\/www.aforafocus.cat\/es\/?s={search_term_string}"},"query-input":{"@type":"PropertyValueSpecification","valueRequired":true,"valueName":"search_term_string"}}],"inLanguage":"es"},{"@type":"Organization","@id":"https:\/\/www.aforafocus.cat\/es\/#organization","name":"\u00c0fora Focus","url":"https:\/\/www.aforafocus.cat\/es\/","logo":{"@type":"ImageObject","inLanguage":"es","@id":"https:\/\/www.aforafocus.cat\/es\/#\/schema\/logo\/image\/","url":"https:\/\/www.aforafocus.cat\/wp-content\/uploads\/2021\/12\/logo-afora-focus.png","contentUrl":"https:\/\/www.aforafocus.cat\/wp-content\/uploads\/2021\/12\/logo-afora-focus.png","width":662,"height":662,"caption":"\u00c0fora Focus"},"image":{"@id":"https:\/\/www.aforafocus.cat\/es\/#\/schema\/logo\/image\/"},"sameAs":["https:\/\/x.com\/aforafocus","https:\/\/www.instagram.com\/aforafocus\/"]}]}},"_links":{"self":[{"href":"https:\/\/www.aforafocus.cat\/es\/wp-json\/wp\/v2\/acte\/1996","targetHints":{"allow":["GET"]}}],"collection":[{"href":"https:\/\/www.aforafocus.cat\/es\/wp-json\/wp\/v2\/acte"}],"about":[{"href":"https:\/\/www.aforafocus.cat\/es\/wp-json\/wp\/v2\/types\/acte"}],"wp:featuredmedia":[{"embeddable":true,"href":"https:\/\/www.aforafocus.cat\/es\/wp-json\/wp\/v2\/media\/226"}],"wp:attachment":[{"href":"https:\/\/www.aforafocus.cat\/es\/wp-json\/wp\/v2\/media?parent=1996"}],"wp:term":[{"taxonomy":"branca","embeddable":true,"href":"https:\/\/www.aforafocus.cat\/es\/wp-json\/wp\/v2\/branca?post=1996"},{"taxonomy":"idioma","embeddable":true,"href":"https:\/\/www.aforafocus.cat\/es\/wp-json\/wp\/v2\/idioma?post=1996"}],"curies":[{"name":"wp","href":"https:\/\/api.w.org\/{rel}","templated":true}]}}