{"id":245258,"date":"2022-03-01T11:29:45","date_gmt":"2022-03-01T10:29:45","guid":{"rendered":"https:\/\/www.aforafocus.cat\/acte\/pedalead-mucho-o-poco-largo-o-corto-pero-pedalead\/"},"modified":"2022-03-07T09:48:37","modified_gmt":"2022-03-07T08:48:37","slug":"pedalead-mucho-o-poco-largo-o-corto-pero-pedalead","status":"publish","type":"acte","link":"https:\/\/www.aforafocus.cat\/es\/acto\/pedalead-mucho-o-poco-largo-o-corto-pero-pedalead\/","title":{"rendered":"Pedalead mucho o poco, largo o corto, pero pedalead"},"content":{"rendered":"\n<p>En el declive de la civilizaci\u00f3n\u00a0del autom\u00f3vil, las ciudades se han llenado de bicicletas. En pleno siglo XXI, el imperio de la tecnolog\u00eda debe compartir la vida con un artefacto del siglo XIX que, a pesar de que los retr\u00f3grados augurios de los ex\u00e9getas del crecimiento sin l\u00edmites, es un sin\u00f3nimo de progreso, armon\u00eda y felicidad.<\/p>\n\n<p>El uso de la bicicleta sit\u00faa al ser humano en el centro de la existencia, porque la bici es parte de la historia de cada uno de nosotros. Con \u00e9sta hemos vivido pasajes inolvidables de la infancia y hemos probado las primeras proezas de la adolescencia; y ahora, confundidos y atemorizados por el fracaso colectivo que anuncian los nuevos tiempos, con ella conquistamos de nuevo la experiencia de la libertad a la que el ciclismo est\u00e1 estrechamente relacionado.<\/p>\n\n<p>El ciclismo es un humanismo moderno. El ser humano que pedalea encuentra un nuevo sentido en la aventura de vivir. Los ciclistas replantean buena parte del porvenir cultural de las. Las bicicletas reescriben la peque\u00f1a historia de cada uno; cambian la vida.<\/p>\n\n<p>Pedaleamos, entonces existimos.<\/p>\n","protected":false},"featured_media":245801,"template":"","branca":[80],"idioma":[41],"class_list":["post-245258","acte","type-acte","status-publish","has-post-thumbnail","hentry","branca-fundacio-romea-es","idioma-catalan"],"yoast_head":"<!-- This site is optimized with the Yoast SEO plugin v27.4 - https:\/\/yoast.com\/product\/yoast-seo-wordpress\/ -->\n<title>Pedalead mucho o poco, largo o corto, pero pedalead - \u00c0fora Focus<\/title>\n<meta name=\"robots\" content=\"noindex, follow\" \/>\n<meta property=\"og:locale\" content=\"es_ES\" \/>\n<meta property=\"og:type\" content=\"article\" \/>\n<meta property=\"og:title\" content=\"Pedalead mucho o poco, largo o corto, pero pedalead - \u00c0fora Focus\" \/>\n<meta property=\"og:description\" content=\"En el declive de la civilizaci\u00f3n\u00a0del autom\u00f3vil, las ciudades se han llenado de bicicletas. En pleno siglo XXI, el imperio de la tecnolog\u00eda debe compartir la vida con un artefacto del siglo XIX que, a pesar de que los retr\u00f3grados augurios de los ex\u00e9getas del crecimiento sin l\u00edmites, es un sin\u00f3nimo de progreso, armon\u00eda y [&hellip;]\" \/>\n<meta property=\"og:url\" content=\"https:\/\/www.aforafocus.cat\/es\/acto\/pedalead-mucho-o-poco-largo-o-corto-pero-pedalead\/\" \/>\n<meta property=\"og:site_name\" content=\"\u00c0fora Focus\" \/>\n<meta property=\"article:modified_time\" content=\"2022-03-07T08:48:37+00:00\" \/>\n<meta property=\"og:image\" content=\"https:\/\/www.aforafocus.cat\/wp-content\/uploads\/2022\/03\/f22_fun_pedaleu_030-2-scaled.jpg\" \/>\n\t<meta property=\"og:image:width\" content=\"2880\" \/>\n\t<meta property=\"og:image:height\" content=\"1920\" \/>\n\t<meta property=\"og:image:type\" content=\"image\/jpeg\" \/>\n<meta name=\"twitter:card\" content=\"summary_large_image\" \/>\n<meta name=\"twitter:site\" content=\"@aforafocus\" \/>\n<script type=\"application\/ld+json\" class=\"yoast-schema-graph\">{\"@context\":\"https:\\\/\\\/schema.org\",\"@graph\":[{\"@type\":\"WebPage\",\"@id\":\"https:\\\/\\\/www.aforafocus.cat\\\/es\\\/acto\\\/pedalead-mucho-o-poco-largo-o-corto-pero-pedalead\\\/\",\"url\":\"https:\\\/\\\/www.aforafocus.cat\\\/es\\\/acto\\\/pedalead-mucho-o-poco-largo-o-corto-pero-pedalead\\\/\",\"name\":\"Pedalead mucho o poco, largo o corto, pero pedalead - \u00c0fora Focus\",\"isPartOf\":{\"@id\":\"https:\\\/\\\/www.aforafocus.cat\\\/es\\\/#website\"},\"primaryImageOfPage\":{\"@id\":\"https:\\\/\\\/www.aforafocus.cat\\\/es\\\/acto\\\/pedalead-mucho-o-poco-largo-o-corto-pero-pedalead\\\/#primaryimage\"},\"image\":{\"@id\":\"https:\\\/\\\/www.aforafocus.cat\\\/es\\\/acto\\\/pedalead-mucho-o-poco-largo-o-corto-pero-pedalead\\\/#primaryimage\"},\"thumbnailUrl\":\"https:\\\/\\\/www.aforafocus.cat\\\/wp-content\\\/uploads\\\/2022\\\/03\\\/f22_fun_pedaleu_030-2-scaled.jpg\",\"datePublished\":\"2022-03-01T10:29:45+00:00\",\"dateModified\":\"2022-03-07T08:48:37+00:00\",\"breadcrumb\":{\"@id\":\"https:\\\/\\\/www.aforafocus.cat\\\/es\\\/acto\\\/pedalead-mucho-o-poco-largo-o-corto-pero-pedalead\\\/#breadcrumb\"},\"inLanguage\":\"es\",\"potentialAction\":[{\"@type\":\"ReadAction\",\"target\":[\"https:\\\/\\\/www.aforafocus.cat\\\/es\\\/acto\\\/pedalead-mucho-o-poco-largo-o-corto-pero-pedalead\\\/\"]}]},{\"@type\":\"ImageObject\",\"inLanguage\":\"es\",\"@id\":\"https:\\\/\\\/www.aforafocus.cat\\\/es\\\/acto\\\/pedalead-mucho-o-poco-largo-o-corto-pero-pedalead\\\/#primaryimage\",\"url\":\"https:\\\/\\\/www.aforafocus.cat\\\/wp-content\\\/uploads\\\/2022\\\/03\\\/f22_fun_pedaleu_030-2-scaled.jpg\",\"contentUrl\":\"https:\\\/\\\/www.aforafocus.cat\\\/wp-content\\\/uploads\\\/2022\\\/03\\\/f22_fun_pedaleu_030-2-scaled.jpg\",\"width\":2880,\"height\":1920},{\"@type\":\"BreadcrumbList\",\"@id\":\"https:\\\/\\\/www.aforafocus.cat\\\/es\\\/acto\\\/pedalead-mucho-o-poco-largo-o-corto-pero-pedalead\\\/#breadcrumb\",\"itemListElement\":[{\"@type\":\"ListItem\",\"position\":1,\"name\":\"Inici\",\"item\":\"https:\\\/\\\/www.aforafocus.cat\\\/es\\\/\"},{\"@type\":\"ListItem\",\"position\":2,\"name\":\"Actos\",\"item\":\"https:\\\/\\\/www.aforafocus.cat\\\/es\\\/acto\\\/\"},{\"@type\":\"ListItem\",\"position\":3,\"name\":\"Pedalead mucho o poco, largo o corto, pero pedalead\"}]},{\"@type\":\"WebSite\",\"@id\":\"https:\\\/\\\/www.aforafocus.cat\\\/es\\\/#website\",\"url\":\"https:\\\/\\\/www.aforafocus.cat\\\/es\\\/\",\"name\":\"\u00c0fora Focus\",\"description\":\"\u00c0fora \u00e9s l\u2019\u00e0gora del Grup Focus, un \u00e0mbit de reflexi\u00f3 i d\u2019activitats que t\u00e9 l\u2019\u00e0nim d\u2019incidir en la vida art\u00edstica, cultural i social.\",\"publisher\":{\"@id\":\"https:\\\/\\\/www.aforafocus.cat\\\/es\\\/#organization\"},\"potentialAction\":[{\"@type\":\"SearchAction\",\"target\":{\"@type\":\"EntryPoint\",\"urlTemplate\":\"https:\\\/\\\/www.aforafocus.cat\\\/es\\\/?s={search_term_string}\"},\"query-input\":{\"@type\":\"PropertyValueSpecification\",\"valueRequired\":true,\"valueName\":\"search_term_string\"}}],\"inLanguage\":\"es\"},{\"@type\":\"Organization\",\"@id\":\"https:\\\/\\\/www.aforafocus.cat\\\/es\\\/#organization\",\"name\":\"\u00c0fora Focus\",\"url\":\"https:\\\/\\\/www.aforafocus.cat\\\/es\\\/\",\"logo\":{\"@type\":\"ImageObject\",\"inLanguage\":\"es\",\"@id\":\"https:\\\/\\\/www.aforafocus.cat\\\/es\\\/#\\\/schema\\\/logo\\\/image\\\/\",\"url\":\"https:\\\/\\\/www.aforafocus.cat\\\/wp-content\\\/uploads\\\/2021\\\/12\\\/logo-afora-focus.png\",\"contentUrl\":\"https:\\\/\\\/www.aforafocus.cat\\\/wp-content\\\/uploads\\\/2021\\\/12\\\/logo-afora-focus.png\",\"width\":662,\"height\":662,\"caption\":\"\u00c0fora Focus\"},\"image\":{\"@id\":\"https:\\\/\\\/www.aforafocus.cat\\\/es\\\/#\\\/schema\\\/logo\\\/image\\\/\"},\"sameAs\":[\"https:\\\/\\\/x.com\\\/aforafocus\",\"https:\\\/\\\/www.instagram.com\\\/aforafocus\\\/\"]}]}<\/script>\n<!-- \/ Yoast SEO plugin. -->","yoast_head_json":{"title":"Pedalead mucho o poco, largo o corto, pero pedalead - \u00c0fora Focus","robots":{"index":"noindex","follow":"follow"},"og_locale":"es_ES","og_type":"article","og_title":"Pedalead mucho o poco, largo o corto, pero pedalead - \u00c0fora Focus","og_description":"En el declive de la civilizaci\u00f3n\u00a0del autom\u00f3vil, las ciudades se han llenado de bicicletas. En pleno siglo XXI, el imperio de la tecnolog\u00eda debe compartir la vida con un artefacto del siglo XIX que, a pesar de que los retr\u00f3grados augurios de los ex\u00e9getas del crecimiento sin l\u00edmites, es un sin\u00f3nimo de progreso, armon\u00eda y [&hellip;]","og_url":"https:\/\/www.aforafocus.cat\/es\/acto\/pedalead-mucho-o-poco-largo-o-corto-pero-pedalead\/","og_site_name":"\u00c0fora Focus","article_modified_time":"2022-03-07T08:48:37+00:00","og_image":[{"width":2880,"height":1920,"url":"https:\/\/www.aforafocus.cat\/wp-content\/uploads\/2022\/03\/f22_fun_pedaleu_030-2-scaled.jpg","type":"image\/jpeg"}],"twitter_card":"summary_large_image","twitter_site":"@aforafocus","schema":{"@context":"https:\/\/schema.org","@graph":[{"@type":"WebPage","@id":"https:\/\/www.aforafocus.cat\/es\/acto\/pedalead-mucho-o-poco-largo-o-corto-pero-pedalead\/","url":"https:\/\/www.aforafocus.cat\/es\/acto\/pedalead-mucho-o-poco-largo-o-corto-pero-pedalead\/","name":"Pedalead mucho o poco, largo o corto, pero pedalead - \u00c0fora Focus","isPartOf":{"@id":"https:\/\/www.aforafocus.cat\/es\/#website"},"primaryImageOfPage":{"@id":"https:\/\/www.aforafocus.cat\/es\/acto\/pedalead-mucho-o-poco-largo-o-corto-pero-pedalead\/#primaryimage"},"image":{"@id":"https:\/\/www.aforafocus.cat\/es\/acto\/pedalead-mucho-o-poco-largo-o-corto-pero-pedalead\/#primaryimage"},"thumbnailUrl":"https:\/\/www.aforafocus.cat\/wp-content\/uploads\/2022\/03\/f22_fun_pedaleu_030-2-scaled.jpg","datePublished":"2022-03-01T10:29:45+00:00","dateModified":"2022-03-07T08:48:37+00:00","breadcrumb":{"@id":"https:\/\/www.aforafocus.cat\/es\/acto\/pedalead-mucho-o-poco-largo-o-corto-pero-pedalead\/#breadcrumb"},"inLanguage":"es","potentialAction":[{"@type":"ReadAction","target":["https:\/\/www.aforafocus.cat\/es\/acto\/pedalead-mucho-o-poco-largo-o-corto-pero-pedalead\/"]}]},{"@type":"ImageObject","inLanguage":"es","@id":"https:\/\/www.aforafocus.cat\/es\/acto\/pedalead-mucho-o-poco-largo-o-corto-pero-pedalead\/#primaryimage","url":"https:\/\/www.aforafocus.cat\/wp-content\/uploads\/2022\/03\/f22_fun_pedaleu_030-2-scaled.jpg","contentUrl":"https:\/\/www.aforafocus.cat\/wp-content\/uploads\/2022\/03\/f22_fun_pedaleu_030-2-scaled.jpg","width":2880,"height":1920},{"@type":"BreadcrumbList","@id":"https:\/\/www.aforafocus.cat\/es\/acto\/pedalead-mucho-o-poco-largo-o-corto-pero-pedalead\/#breadcrumb","itemListElement":[{"@type":"ListItem","position":1,"name":"Inici","item":"https:\/\/www.aforafocus.cat\/es\/"},{"@type":"ListItem","position":2,"name":"Actos","item":"https:\/\/www.aforafocus.cat\/es\/acto\/"},{"@type":"ListItem","position":3,"name":"Pedalead mucho o poco, largo o corto, pero pedalead"}]},{"@type":"WebSite","@id":"https:\/\/www.aforafocus.cat\/es\/#website","url":"https:\/\/www.aforafocus.cat\/es\/","name":"\u00c0fora Focus","description":"\u00c0fora \u00e9s l\u2019\u00e0gora del Grup Focus, un \u00e0mbit de reflexi\u00f3 i d\u2019activitats que t\u00e9 l\u2019\u00e0nim d\u2019incidir en la vida art\u00edstica, cultural i social.","publisher":{"@id":"https:\/\/www.aforafocus.cat\/es\/#organization"},"potentialAction":[{"@type":"SearchAction","target":{"@type":"EntryPoint","urlTemplate":"https:\/\/www.aforafocus.cat\/es\/?s={search_term_string}"},"query-input":{"@type":"PropertyValueSpecification","valueRequired":true,"valueName":"search_term_string"}}],"inLanguage":"es"},{"@type":"Organization","@id":"https:\/\/www.aforafocus.cat\/es\/#organization","name":"\u00c0fora Focus","url":"https:\/\/www.aforafocus.cat\/es\/","logo":{"@type":"ImageObject","inLanguage":"es","@id":"https:\/\/www.aforafocus.cat\/es\/#\/schema\/logo\/image\/","url":"https:\/\/www.aforafocus.cat\/wp-content\/uploads\/2021\/12\/logo-afora-focus.png","contentUrl":"https:\/\/www.aforafocus.cat\/wp-content\/uploads\/2021\/12\/logo-afora-focus.png","width":662,"height":662,"caption":"\u00c0fora Focus"},"image":{"@id":"https:\/\/www.aforafocus.cat\/es\/#\/schema\/logo\/image\/"},"sameAs":["https:\/\/x.com\/aforafocus","https:\/\/www.instagram.com\/aforafocus\/"]}]}},"_links":{"self":[{"href":"https:\/\/www.aforafocus.cat\/es\/wp-json\/wp\/v2\/acte\/245258","targetHints":{"allow":["GET"]}}],"collection":[{"href":"https:\/\/www.aforafocus.cat\/es\/wp-json\/wp\/v2\/acte"}],"about":[{"href":"https:\/\/www.aforafocus.cat\/es\/wp-json\/wp\/v2\/types\/acte"}],"wp:featuredmedia":[{"embeddable":true,"href":"https:\/\/www.aforafocus.cat\/es\/wp-json\/wp\/v2\/media\/245801"}],"wp:attachment":[{"href":"https:\/\/www.aforafocus.cat\/es\/wp-json\/wp\/v2\/media?parent=245258"}],"wp:term":[{"taxonomy":"branca","embeddable":true,"href":"https:\/\/www.aforafocus.cat\/es\/wp-json\/wp\/v2\/branca?post=245258"},{"taxonomy":"idioma","embeddable":true,"href":"https:\/\/www.aforafocus.cat\/es\/wp-json\/wp\/v2\/idioma?post=245258"}],"curies":[{"name":"wp","href":"https:\/\/api.w.org\/{rel}","templated":true}]}}