{"id":248871,"date":"2022-03-29T13:59:53","date_gmt":"2022-03-29T12:59:53","guid":{"rendered":"https:\/\/www.aforafocus.cat\/acte\/confesiones-de-un-artista\/"},"modified":"2022-07-07T11:40:34","modified_gmt":"2022-07-07T10:40:34","slug":"confesiones-de-un-artista","status":"publish","type":"acte","link":"https:\/\/www.aforafocus.cat\/es\/acto\/confesiones-de-un-artista\/","title":{"rendered":"Confesiones de un artista"},"content":{"rendered":"\n<p>En el Teatre Romea de Barcelona se presenta Confessions de un artista. El evento contar\u00e1 con la presencia de Andreu Rif\u00e9 -artista m\u00fasico y esc\u00e9nico- y Miquel Jord\u00e0 -m\u00fasico-.<\/p>\n\n<p>\u00ab\u00bfQu\u00e9 hay realmente de m\u00ed en cada obra que hago? \u00bfEn cada canci\u00f3n? \u00bfQu\u00e9 hay de los dem\u00e1s? Mi obra est\u00e1 llena de copias, de imitaciones, de manosear material de los dem\u00e1s y hac\u00e9rmelo m\u00edo.<\/p>\n\n<p>En el Teatre Romea, compartiremos por primera vez algunos secretos y \u00abdelitos\u00bb creativos que he cometido a lo largo de mi obra musical y teatral, aquellos que no queda bien decir en un programa de radio o televisi\u00f3n por miedo a ser tachado de mal artista, de poco original y aut\u00e9ntico. \u00bfD\u00f3nde comienza la copia y termina la inspiraci\u00f3n? Yo no lo s\u00e9; la audiencia ver\u00e1.\u00bb (Andreu Rif\u00e9)<\/p>\n","protected":false},"featured_media":254845,"template":"","branca":[80],"idioma":[41],"class_list":["post-248871","acte","type-acte","status-publish","has-post-thumbnail","hentry","branca-fundacio-romea-es","idioma-catalan"],"yoast_head":"<!-- This site is optimized with the Yoast SEO plugin v27.5 - https:\/\/yoast.com\/product\/yoast-seo-wordpress\/ -->\n<title>Confesiones de un artista - \u00c0fora Focus<\/title>\n<meta name=\"robots\" content=\"noindex, follow\" \/>\n<meta property=\"og:locale\" content=\"es_ES\" \/>\n<meta property=\"og:type\" content=\"article\" \/>\n<meta property=\"og:title\" content=\"Confesiones de un artista - \u00c0fora Focus\" \/>\n<meta property=\"og:description\" content=\"En el Teatre Romea de Barcelona se presenta Confessions de un artista. El evento contar\u00e1 con la presencia de Andreu Rif\u00e9 -artista m\u00fasico y esc\u00e9nico- y Miquel Jord\u00e0 -m\u00fasico-. \u00ab\u00bfQu\u00e9 hay realmente de m\u00ed en cada obra que hago? \u00bfEn cada canci\u00f3n? \u00bfQu\u00e9 hay de los dem\u00e1s? Mi obra est\u00e1 llena de copias, de imitaciones, [&hellip;]\" \/>\n<meta property=\"og:url\" content=\"https:\/\/www.aforafocus.cat\/es\/acto\/confesiones-de-un-artista\/\" \/>\n<meta property=\"og:site_name\" content=\"\u00c0fora Focus\" \/>\n<meta property=\"article:modified_time\" content=\"2022-07-07T10:40:34+00:00\" \/>\n<meta property=\"og:image\" content=\"https:\/\/www.aforafocus.cat\/wp-content\/uploads\/2022\/03\/F22_fun_andreu-rife_028-scaled.jpg\" \/>\n\t<meta property=\"og:image:width\" content=\"2880\" \/>\n\t<meta property=\"og:image:height\" content=\"1920\" \/>\n\t<meta property=\"og:image:type\" content=\"image\/jpeg\" \/>\n<meta name=\"twitter:card\" content=\"summary_large_image\" \/>\n<meta name=\"twitter:site\" content=\"@aforafocus\" \/>\n<script type=\"application\/ld+json\" class=\"yoast-schema-graph\">{\"@context\":\"https:\\\/\\\/schema.org\",\"@graph\":[{\"@type\":\"WebPage\",\"@id\":\"https:\\\/\\\/www.aforafocus.cat\\\/es\\\/acto\\\/confesiones-de-un-artista\\\/\",\"url\":\"https:\\\/\\\/www.aforafocus.cat\\\/es\\\/acto\\\/confesiones-de-un-artista\\\/\",\"name\":\"Confesiones de un artista - \u00c0fora Focus\",\"isPartOf\":{\"@id\":\"https:\\\/\\\/www.aforafocus.cat\\\/es\\\/#website\"},\"primaryImageOfPage\":{\"@id\":\"https:\\\/\\\/www.aforafocus.cat\\\/es\\\/acto\\\/confesiones-de-un-artista\\\/#primaryimage\"},\"image\":{\"@id\":\"https:\\\/\\\/www.aforafocus.cat\\\/es\\\/acto\\\/confesiones-de-un-artista\\\/#primaryimage\"},\"thumbnailUrl\":\"https:\\\/\\\/www.aforafocus.cat\\\/wp-content\\\/uploads\\\/2022\\\/03\\\/308b1d7d-951a-2a84-ebbc-5ff938a443c4.jpg\",\"datePublished\":\"2022-03-29T12:59:53+00:00\",\"dateModified\":\"2022-07-07T10:40:34+00:00\",\"breadcrumb\":{\"@id\":\"https:\\\/\\\/www.aforafocus.cat\\\/es\\\/acto\\\/confesiones-de-un-artista\\\/#breadcrumb\"},\"inLanguage\":\"es\",\"potentialAction\":[{\"@type\":\"ReadAction\",\"target\":[\"https:\\\/\\\/www.aforafocus.cat\\\/es\\\/acto\\\/confesiones-de-un-artista\\\/\"]}]},{\"@type\":\"ImageObject\",\"inLanguage\":\"es\",\"@id\":\"https:\\\/\\\/www.aforafocus.cat\\\/es\\\/acto\\\/confesiones-de-un-artista\\\/#primaryimage\",\"url\":\"https:\\\/\\\/www.aforafocus.cat\\\/wp-content\\\/uploads\\\/2022\\\/03\\\/308b1d7d-951a-2a84-ebbc-5ff938a443c4.jpg\",\"contentUrl\":\"https:\\\/\\\/www.aforafocus.cat\\\/wp-content\\\/uploads\\\/2022\\\/03\\\/308b1d7d-951a-2a84-ebbc-5ff938a443c4.jpg\",\"width\":640,\"height\":360},{\"@type\":\"BreadcrumbList\",\"@id\":\"https:\\\/\\\/www.aforafocus.cat\\\/es\\\/acto\\\/confesiones-de-un-artista\\\/#breadcrumb\",\"itemListElement\":[{\"@type\":\"ListItem\",\"position\":1,\"name\":\"Inici\",\"item\":\"https:\\\/\\\/www.aforafocus.cat\\\/es\\\/\"},{\"@type\":\"ListItem\",\"position\":2,\"name\":\"Actos\",\"item\":\"https:\\\/\\\/www.aforafocus.cat\\\/es\\\/acto\\\/\"},{\"@type\":\"ListItem\",\"position\":3,\"name\":\"Confesiones de un artista\"}]},{\"@type\":\"WebSite\",\"@id\":\"https:\\\/\\\/www.aforafocus.cat\\\/es\\\/#website\",\"url\":\"https:\\\/\\\/www.aforafocus.cat\\\/es\\\/\",\"name\":\"\u00c0fora Focus\",\"description\":\"\u00c0fora \u00e9s l\u2019\u00e0gora del Grup Focus, un \u00e0mbit de reflexi\u00f3 i d\u2019activitats que t\u00e9 l\u2019\u00e0nim d\u2019incidir en la vida art\u00edstica, cultural i social.\",\"publisher\":{\"@id\":\"https:\\\/\\\/www.aforafocus.cat\\\/es\\\/#organization\"},\"potentialAction\":[{\"@type\":\"SearchAction\",\"target\":{\"@type\":\"EntryPoint\",\"urlTemplate\":\"https:\\\/\\\/www.aforafocus.cat\\\/es\\\/?s={search_term_string}\"},\"query-input\":{\"@type\":\"PropertyValueSpecification\",\"valueRequired\":true,\"valueName\":\"search_term_string\"}}],\"inLanguage\":\"es\"},{\"@type\":\"Organization\",\"@id\":\"https:\\\/\\\/www.aforafocus.cat\\\/es\\\/#organization\",\"name\":\"\u00c0fora Focus\",\"url\":\"https:\\\/\\\/www.aforafocus.cat\\\/es\\\/\",\"logo\":{\"@type\":\"ImageObject\",\"inLanguage\":\"es\",\"@id\":\"https:\\\/\\\/www.aforafocus.cat\\\/es\\\/#\\\/schema\\\/logo\\\/image\\\/\",\"url\":\"https:\\\/\\\/www.aforafocus.cat\\\/wp-content\\\/uploads\\\/2021\\\/12\\\/logo-afora-focus.png\",\"contentUrl\":\"https:\\\/\\\/www.aforafocus.cat\\\/wp-content\\\/uploads\\\/2021\\\/12\\\/logo-afora-focus.png\",\"width\":662,\"height\":662,\"caption\":\"\u00c0fora Focus\"},\"image\":{\"@id\":\"https:\\\/\\\/www.aforafocus.cat\\\/es\\\/#\\\/schema\\\/logo\\\/image\\\/\"},\"sameAs\":[\"https:\\\/\\\/x.com\\\/aforafocus\",\"https:\\\/\\\/www.instagram.com\\\/aforafocus\\\/\"]}]}<\/script>\n<!-- \/ Yoast SEO plugin. -->","yoast_head_json":{"title":"Confesiones de un artista - \u00c0fora Focus","robots":{"index":"noindex","follow":"follow"},"og_locale":"es_ES","og_type":"article","og_title":"Confesiones de un artista - \u00c0fora Focus","og_description":"En el Teatre Romea de Barcelona se presenta Confessions de un artista. El evento contar\u00e1 con la presencia de Andreu Rif\u00e9 -artista m\u00fasico y esc\u00e9nico- y Miquel Jord\u00e0 -m\u00fasico-. \u00ab\u00bfQu\u00e9 hay realmente de m\u00ed en cada obra que hago? \u00bfEn cada canci\u00f3n? \u00bfQu\u00e9 hay de los dem\u00e1s? Mi obra est\u00e1 llena de copias, de imitaciones, [&hellip;]","og_url":"https:\/\/www.aforafocus.cat\/es\/acto\/confesiones-de-un-artista\/","og_site_name":"\u00c0fora Focus","article_modified_time":"2022-07-07T10:40:34+00:00","og_image":[{"width":2880,"height":1920,"url":"https:\/\/www.aforafocus.cat\/wp-content\/uploads\/2022\/03\/F22_fun_andreu-rife_028-scaled.jpg","type":"image\/jpeg"}],"twitter_card":"summary_large_image","twitter_site":"@aforafocus","schema":{"@context":"https:\/\/schema.org","@graph":[{"@type":"WebPage","@id":"https:\/\/www.aforafocus.cat\/es\/acto\/confesiones-de-un-artista\/","url":"https:\/\/www.aforafocus.cat\/es\/acto\/confesiones-de-un-artista\/","name":"Confesiones de un artista - \u00c0fora Focus","isPartOf":{"@id":"https:\/\/www.aforafocus.cat\/es\/#website"},"primaryImageOfPage":{"@id":"https:\/\/www.aforafocus.cat\/es\/acto\/confesiones-de-un-artista\/#primaryimage"},"image":{"@id":"https:\/\/www.aforafocus.cat\/es\/acto\/confesiones-de-un-artista\/#primaryimage"},"thumbnailUrl":"https:\/\/www.aforafocus.cat\/wp-content\/uploads\/2022\/03\/308b1d7d-951a-2a84-ebbc-5ff938a443c4.jpg","datePublished":"2022-03-29T12:59:53+00:00","dateModified":"2022-07-07T10:40:34+00:00","breadcrumb":{"@id":"https:\/\/www.aforafocus.cat\/es\/acto\/confesiones-de-un-artista\/#breadcrumb"},"inLanguage":"es","potentialAction":[{"@type":"ReadAction","target":["https:\/\/www.aforafocus.cat\/es\/acto\/confesiones-de-un-artista\/"]}]},{"@type":"ImageObject","inLanguage":"es","@id":"https:\/\/www.aforafocus.cat\/es\/acto\/confesiones-de-un-artista\/#primaryimage","url":"https:\/\/www.aforafocus.cat\/wp-content\/uploads\/2022\/03\/308b1d7d-951a-2a84-ebbc-5ff938a443c4.jpg","contentUrl":"https:\/\/www.aforafocus.cat\/wp-content\/uploads\/2022\/03\/308b1d7d-951a-2a84-ebbc-5ff938a443c4.jpg","width":640,"height":360},{"@type":"BreadcrumbList","@id":"https:\/\/www.aforafocus.cat\/es\/acto\/confesiones-de-un-artista\/#breadcrumb","itemListElement":[{"@type":"ListItem","position":1,"name":"Inici","item":"https:\/\/www.aforafocus.cat\/es\/"},{"@type":"ListItem","position":2,"name":"Actos","item":"https:\/\/www.aforafocus.cat\/es\/acto\/"},{"@type":"ListItem","position":3,"name":"Confesiones de un artista"}]},{"@type":"WebSite","@id":"https:\/\/www.aforafocus.cat\/es\/#website","url":"https:\/\/www.aforafocus.cat\/es\/","name":"\u00c0fora Focus","description":"\u00c0fora \u00e9s l\u2019\u00e0gora del Grup Focus, un \u00e0mbit de reflexi\u00f3 i d\u2019activitats que t\u00e9 l\u2019\u00e0nim d\u2019incidir en la vida art\u00edstica, cultural i social.","publisher":{"@id":"https:\/\/www.aforafocus.cat\/es\/#organization"},"potentialAction":[{"@type":"SearchAction","target":{"@type":"EntryPoint","urlTemplate":"https:\/\/www.aforafocus.cat\/es\/?s={search_term_string}"},"query-input":{"@type":"PropertyValueSpecification","valueRequired":true,"valueName":"search_term_string"}}],"inLanguage":"es"},{"@type":"Organization","@id":"https:\/\/www.aforafocus.cat\/es\/#organization","name":"\u00c0fora Focus","url":"https:\/\/www.aforafocus.cat\/es\/","logo":{"@type":"ImageObject","inLanguage":"es","@id":"https:\/\/www.aforafocus.cat\/es\/#\/schema\/logo\/image\/","url":"https:\/\/www.aforafocus.cat\/wp-content\/uploads\/2021\/12\/logo-afora-focus.png","contentUrl":"https:\/\/www.aforafocus.cat\/wp-content\/uploads\/2021\/12\/logo-afora-focus.png","width":662,"height":662,"caption":"\u00c0fora Focus"},"image":{"@id":"https:\/\/www.aforafocus.cat\/es\/#\/schema\/logo\/image\/"},"sameAs":["https:\/\/x.com\/aforafocus","https:\/\/www.instagram.com\/aforafocus\/"]}]}},"_links":{"self":[{"href":"https:\/\/www.aforafocus.cat\/es\/wp-json\/wp\/v2\/acte\/248871","targetHints":{"allow":["GET"]}}],"collection":[{"href":"https:\/\/www.aforafocus.cat\/es\/wp-json\/wp\/v2\/acte"}],"about":[{"href":"https:\/\/www.aforafocus.cat\/es\/wp-json\/wp\/v2\/types\/acte"}],"wp:featuredmedia":[{"embeddable":true,"href":"https:\/\/www.aforafocus.cat\/es\/wp-json\/wp\/v2\/media\/254845"}],"wp:attachment":[{"href":"https:\/\/www.aforafocus.cat\/es\/wp-json\/wp\/v2\/media?parent=248871"}],"wp:term":[{"taxonomy":"branca","embeddable":true,"href":"https:\/\/www.aforafocus.cat\/es\/wp-json\/wp\/v2\/branca?post=248871"},{"taxonomy":"idioma","embeddable":true,"href":"https:\/\/www.aforafocus.cat\/es\/wp-json\/wp\/v2\/idioma?post=248871"}],"curies":[{"name":"wp","href":"https:\/\/api.w.org\/{rel}","templated":true}]}}