{"id":249156,"date":"2022-07-19T13:19:53","date_gmt":"2022-07-19T12:19:53","guid":{"rendered":"https:\/\/www.aforafocus.cat\/acte\/la-figura-del-maligno-en-milton-y-moliere\/"},"modified":"2022-07-19T14:16:57","modified_gmt":"2022-07-19T13:16:57","slug":"la-figura-del-maligno-en-milton-y-moliere","status":"publish","type":"acte","link":"https:\/\/www.aforafocus.cat\/es\/acto\/la-figura-del-maligno-en-milton-y-moliere\/","title":{"rendered":"La figura del maligno en Milton y Moli\u00e8re"},"content":{"rendered":"\n<p>Andr\u00e9s Lima y Sergi Belbel explicar\u00e1n las claves de la dramaturgia de Moli\u00e8re y de la obra po\u00e9tica de Milton y c\u00f3mo la fascinaci\u00f3n por la figura del Maligno en ambos autores puede ser rele\u00edda en clave actual: d\u00f3nde encontramos, en la actualidad, los rastros m\u00e1s visibles, y tambi\u00e9n m\u00e1s ocultos, del \u00abmal\u00bb? \u00bfSigue nuestra sociedad tan influida por la maldad? O m\u00e1s concretamente: \u00bfpor la \u201cmalignidad\u201d?<\/p>\n\n<p>En la programaci\u00f3n del Teatre Grec, vinculados a la empresa Focus, coinciden dos grandes t\u00edtulos de dos de los autores europeos cl\u00e1sicos m\u00e1s reputados (y coet\u00e1neos: ambos nacidos y muertos durante el siglo XVII): el poeta ingl\u00e9s John Milton y el dramaturgo franc\u00e9s Jean -Baptiste Poquelin, Moli\u00e8re.<\/p>\n\n<p>Ambos, cada uno en su \u00e1mbito, presentan en sus obras grandes reflexiones \u00e9ticas, morales y filos\u00f3ficas sobre su \u00e9poca. Moli\u00e8re tiene una gran fascinaci\u00f3n por retratar personajes tenebrosos, malignos (la hip\u00f3crita Tartufo, pero tambi\u00e9n el avaro Harpagon, el libertino Dom Juan, en cierta medida tambi\u00e9n el mis\u00e1ntropo Alceste y muchos otros) y tambi\u00e9n por pintar con iron\u00eda y humor los vicios m\u00e1s reprobables de su \u00e9poca: la falsedad, el abuso de poder, la corrupci\u00f3n y la frivolidad. Al mismo tiempo, Milton reinterpreta la Biblia en su extenso poema y toma la figura de Satan\u00e1s, \u00e1ngel ca\u00eddo en el infierno, para contarnos la historia de la humanidad desde su poderosa influencia: \u201ces mejor reinar en el infierno que servir al cielo\u201d.<\/p>\n\n<p>Durante el acto, la charla sobre la obra de ambos autores y sobre su vigencia actual se complementar\u00e1 con la lectura de fragmentos de Para\u00edso perdido de Jon Milton, en la versi\u00f3n de Helena Tornero que se estrenar\u00e1 en el Teatre Grec a finales de julio, y extractos de las obras Tartufo, El avaro, El mis\u00e1ntropo y Don Juan, con un actor y una actriz.<\/p>\n","protected":false},"featured_media":249255,"template":"","branca":[80],"idioma":[39,41],"class_list":["post-249156","acte","type-acte","status-publish","has-post-thumbnail","hentry","branca-fundacio-romea-es","idioma-castellano","idioma-catalan"],"yoast_head":"<!-- This site is optimized with the Yoast SEO plugin v27.5 - https:\/\/yoast.com\/product\/yoast-seo-wordpress\/ -->\n<title>La figura del maligno en Milton y Moli\u00e8re - \u00c0fora Focus<\/title>\n<meta name=\"robots\" content=\"noindex, follow\" \/>\n<meta property=\"og:locale\" content=\"es_ES\" \/>\n<meta property=\"og:type\" content=\"article\" \/>\n<meta property=\"og:title\" content=\"La figura del maligno en Milton y Moli\u00e8re - \u00c0fora Focus\" \/>\n<meta property=\"og:description\" content=\"Andr\u00e9s Lima y Sergi Belbel explicar\u00e1n las claves de la dramaturgia de Moli\u00e8re y de la obra po\u00e9tica de Milton y c\u00f3mo la fascinaci\u00f3n por la figura del Maligno en ambos autores puede ser rele\u00edda en clave actual: d\u00f3nde encontramos, en la actualidad, los rastros m\u00e1s visibles, y tambi\u00e9n m\u00e1s ocultos, del \u00abmal\u00bb? \u00bfSigue nuestra [&hellip;]\" \/>\n<meta property=\"og:url\" content=\"https:\/\/www.aforafocus.cat\/es\/acto\/la-figura-del-maligno-en-milton-y-moliere\/\" \/>\n<meta property=\"og:site_name\" content=\"\u00c0fora Focus\" \/>\n<meta property=\"article:modified_time\" content=\"2022-07-19T13:16:57+00:00\" \/>\n<meta property=\"og:image\" content=\"https:\/\/www.aforafocus.cat\/wp-content\/uploads\/2022\/07\/Captura-de-pantalla-2022-07-30-a-les-17.28.18-1024x623.png\" \/>\n\t<meta property=\"og:image:width\" content=\"1024\" \/>\n\t<meta property=\"og:image:height\" content=\"623\" \/>\n\t<meta property=\"og:image:type\" content=\"image\/png\" \/>\n<meta name=\"twitter:card\" content=\"summary_large_image\" \/>\n<meta name=\"twitter:site\" content=\"@aforafocus\" \/>\n<script type=\"application\/ld+json\" class=\"yoast-schema-graph\">{\"@context\":\"https:\\\/\\\/schema.org\",\"@graph\":[{\"@type\":\"WebPage\",\"@id\":\"https:\\\/\\\/www.aforafocus.cat\\\/es\\\/acto\\\/la-figura-del-maligno-en-milton-y-moliere\\\/\",\"url\":\"https:\\\/\\\/www.aforafocus.cat\\\/es\\\/acto\\\/la-figura-del-maligno-en-milton-y-moliere\\\/\",\"name\":\"La figura del maligno en Milton y Moli\u00e8re - \u00c0fora Focus\",\"isPartOf\":{\"@id\":\"https:\\\/\\\/www.aforafocus.cat\\\/es\\\/#website\"},\"primaryImageOfPage\":{\"@id\":\"https:\\\/\\\/www.aforafocus.cat\\\/es\\\/acto\\\/la-figura-del-maligno-en-milton-y-moliere\\\/#primaryimage\"},\"image\":{\"@id\":\"https:\\\/\\\/www.aforafocus.cat\\\/es\\\/acto\\\/la-figura-del-maligno-en-milton-y-moliere\\\/#primaryimage\"},\"thumbnailUrl\":\"https:\\\/\\\/www.aforafocus.cat\\\/wp-content\\\/uploads\\\/2022\\\/07\\\/Captura-de-pantalla-2022-07-30-a-les-17.28.18.png\",\"datePublished\":\"2022-07-19T12:19:53+00:00\",\"dateModified\":\"2022-07-19T13:16:57+00:00\",\"breadcrumb\":{\"@id\":\"https:\\\/\\\/www.aforafocus.cat\\\/es\\\/acto\\\/la-figura-del-maligno-en-milton-y-moliere\\\/#breadcrumb\"},\"inLanguage\":\"es\",\"potentialAction\":[{\"@type\":\"ReadAction\",\"target\":[\"https:\\\/\\\/www.aforafocus.cat\\\/es\\\/acto\\\/la-figura-del-maligno-en-milton-y-moliere\\\/\"]}]},{\"@type\":\"ImageObject\",\"inLanguage\":\"es\",\"@id\":\"https:\\\/\\\/www.aforafocus.cat\\\/es\\\/acto\\\/la-figura-del-maligno-en-milton-y-moliere\\\/#primaryimage\",\"url\":\"https:\\\/\\\/www.aforafocus.cat\\\/wp-content\\\/uploads\\\/2022\\\/07\\\/Captura-de-pantalla-2022-07-30-a-les-17.28.18.png\",\"contentUrl\":\"https:\\\/\\\/www.aforafocus.cat\\\/wp-content\\\/uploads\\\/2022\\\/07\\\/Captura-de-pantalla-2022-07-30-a-les-17.28.18.png\",\"width\":1532,\"height\":932},{\"@type\":\"BreadcrumbList\",\"@id\":\"https:\\\/\\\/www.aforafocus.cat\\\/es\\\/acto\\\/la-figura-del-maligno-en-milton-y-moliere\\\/#breadcrumb\",\"itemListElement\":[{\"@type\":\"ListItem\",\"position\":1,\"name\":\"Inici\",\"item\":\"https:\\\/\\\/www.aforafocus.cat\\\/es\\\/\"},{\"@type\":\"ListItem\",\"position\":2,\"name\":\"Actos\",\"item\":\"https:\\\/\\\/www.aforafocus.cat\\\/es\\\/acto\\\/\"},{\"@type\":\"ListItem\",\"position\":3,\"name\":\"La figura del maligno en Milton y Moli\u00e8re\"}]},{\"@type\":\"WebSite\",\"@id\":\"https:\\\/\\\/www.aforafocus.cat\\\/es\\\/#website\",\"url\":\"https:\\\/\\\/www.aforafocus.cat\\\/es\\\/\",\"name\":\"\u00c0fora Focus\",\"description\":\"\u00c0fora \u00e9s l\u2019\u00e0gora del Grup Focus, un \u00e0mbit de reflexi\u00f3 i d\u2019activitats que t\u00e9 l\u2019\u00e0nim d\u2019incidir en la vida art\u00edstica, cultural i social.\",\"publisher\":{\"@id\":\"https:\\\/\\\/www.aforafocus.cat\\\/es\\\/#organization\"},\"potentialAction\":[{\"@type\":\"SearchAction\",\"target\":{\"@type\":\"EntryPoint\",\"urlTemplate\":\"https:\\\/\\\/www.aforafocus.cat\\\/es\\\/?s={search_term_string}\"},\"query-input\":{\"@type\":\"PropertyValueSpecification\",\"valueRequired\":true,\"valueName\":\"search_term_string\"}}],\"inLanguage\":\"es\"},{\"@type\":\"Organization\",\"@id\":\"https:\\\/\\\/www.aforafocus.cat\\\/es\\\/#organization\",\"name\":\"\u00c0fora Focus\",\"url\":\"https:\\\/\\\/www.aforafocus.cat\\\/es\\\/\",\"logo\":{\"@type\":\"ImageObject\",\"inLanguage\":\"es\",\"@id\":\"https:\\\/\\\/www.aforafocus.cat\\\/es\\\/#\\\/schema\\\/logo\\\/image\\\/\",\"url\":\"https:\\\/\\\/www.aforafocus.cat\\\/wp-content\\\/uploads\\\/2021\\\/12\\\/logo-afora-focus.png\",\"contentUrl\":\"https:\\\/\\\/www.aforafocus.cat\\\/wp-content\\\/uploads\\\/2021\\\/12\\\/logo-afora-focus.png\",\"width\":662,\"height\":662,\"caption\":\"\u00c0fora Focus\"},\"image\":{\"@id\":\"https:\\\/\\\/www.aforafocus.cat\\\/es\\\/#\\\/schema\\\/logo\\\/image\\\/\"},\"sameAs\":[\"https:\\\/\\\/x.com\\\/aforafocus\",\"https:\\\/\\\/www.instagram.com\\\/aforafocus\\\/\"]}]}<\/script>\n<!-- \/ Yoast SEO plugin. -->","yoast_head_json":{"title":"La figura del maligno en Milton y Moli\u00e8re - \u00c0fora Focus","robots":{"index":"noindex","follow":"follow"},"og_locale":"es_ES","og_type":"article","og_title":"La figura del maligno en Milton y Moli\u00e8re - \u00c0fora Focus","og_description":"Andr\u00e9s Lima y Sergi Belbel explicar\u00e1n las claves de la dramaturgia de Moli\u00e8re y de la obra po\u00e9tica de Milton y c\u00f3mo la fascinaci\u00f3n por la figura del Maligno en ambos autores puede ser rele\u00edda en clave actual: d\u00f3nde encontramos, en la actualidad, los rastros m\u00e1s visibles, y tambi\u00e9n m\u00e1s ocultos, del \u00abmal\u00bb? \u00bfSigue nuestra [&hellip;]","og_url":"https:\/\/www.aforafocus.cat\/es\/acto\/la-figura-del-maligno-en-milton-y-moliere\/","og_site_name":"\u00c0fora Focus","article_modified_time":"2022-07-19T13:16:57+00:00","og_image":[{"width":1024,"height":623,"url":"https:\/\/www.aforafocus.cat\/wp-content\/uploads\/2022\/07\/Captura-de-pantalla-2022-07-30-a-les-17.28.18-1024x623.png","type":"image\/png"}],"twitter_card":"summary_large_image","twitter_site":"@aforafocus","schema":{"@context":"https:\/\/schema.org","@graph":[{"@type":"WebPage","@id":"https:\/\/www.aforafocus.cat\/es\/acto\/la-figura-del-maligno-en-milton-y-moliere\/","url":"https:\/\/www.aforafocus.cat\/es\/acto\/la-figura-del-maligno-en-milton-y-moliere\/","name":"La figura del maligno en Milton y Moli\u00e8re - \u00c0fora Focus","isPartOf":{"@id":"https:\/\/www.aforafocus.cat\/es\/#website"},"primaryImageOfPage":{"@id":"https:\/\/www.aforafocus.cat\/es\/acto\/la-figura-del-maligno-en-milton-y-moliere\/#primaryimage"},"image":{"@id":"https:\/\/www.aforafocus.cat\/es\/acto\/la-figura-del-maligno-en-milton-y-moliere\/#primaryimage"},"thumbnailUrl":"https:\/\/www.aforafocus.cat\/wp-content\/uploads\/2022\/07\/Captura-de-pantalla-2022-07-30-a-les-17.28.18.png","datePublished":"2022-07-19T12:19:53+00:00","dateModified":"2022-07-19T13:16:57+00:00","breadcrumb":{"@id":"https:\/\/www.aforafocus.cat\/es\/acto\/la-figura-del-maligno-en-milton-y-moliere\/#breadcrumb"},"inLanguage":"es","potentialAction":[{"@type":"ReadAction","target":["https:\/\/www.aforafocus.cat\/es\/acto\/la-figura-del-maligno-en-milton-y-moliere\/"]}]},{"@type":"ImageObject","inLanguage":"es","@id":"https:\/\/www.aforafocus.cat\/es\/acto\/la-figura-del-maligno-en-milton-y-moliere\/#primaryimage","url":"https:\/\/www.aforafocus.cat\/wp-content\/uploads\/2022\/07\/Captura-de-pantalla-2022-07-30-a-les-17.28.18.png","contentUrl":"https:\/\/www.aforafocus.cat\/wp-content\/uploads\/2022\/07\/Captura-de-pantalla-2022-07-30-a-les-17.28.18.png","width":1532,"height":932},{"@type":"BreadcrumbList","@id":"https:\/\/www.aforafocus.cat\/es\/acto\/la-figura-del-maligno-en-milton-y-moliere\/#breadcrumb","itemListElement":[{"@type":"ListItem","position":1,"name":"Inici","item":"https:\/\/www.aforafocus.cat\/es\/"},{"@type":"ListItem","position":2,"name":"Actos","item":"https:\/\/www.aforafocus.cat\/es\/acto\/"},{"@type":"ListItem","position":3,"name":"La figura del maligno en Milton y Moli\u00e8re"}]},{"@type":"WebSite","@id":"https:\/\/www.aforafocus.cat\/es\/#website","url":"https:\/\/www.aforafocus.cat\/es\/","name":"\u00c0fora Focus","description":"\u00c0fora \u00e9s l\u2019\u00e0gora del Grup Focus, un \u00e0mbit de reflexi\u00f3 i d\u2019activitats que t\u00e9 l\u2019\u00e0nim d\u2019incidir en la vida art\u00edstica, cultural i social.","publisher":{"@id":"https:\/\/www.aforafocus.cat\/es\/#organization"},"potentialAction":[{"@type":"SearchAction","target":{"@type":"EntryPoint","urlTemplate":"https:\/\/www.aforafocus.cat\/es\/?s={search_term_string}"},"query-input":{"@type":"PropertyValueSpecification","valueRequired":true,"valueName":"search_term_string"}}],"inLanguage":"es"},{"@type":"Organization","@id":"https:\/\/www.aforafocus.cat\/es\/#organization","name":"\u00c0fora Focus","url":"https:\/\/www.aforafocus.cat\/es\/","logo":{"@type":"ImageObject","inLanguage":"es","@id":"https:\/\/www.aforafocus.cat\/es\/#\/schema\/logo\/image\/","url":"https:\/\/www.aforafocus.cat\/wp-content\/uploads\/2021\/12\/logo-afora-focus.png","contentUrl":"https:\/\/www.aforafocus.cat\/wp-content\/uploads\/2021\/12\/logo-afora-focus.png","width":662,"height":662,"caption":"\u00c0fora Focus"},"image":{"@id":"https:\/\/www.aforafocus.cat\/es\/#\/schema\/logo\/image\/"},"sameAs":["https:\/\/x.com\/aforafocus","https:\/\/www.instagram.com\/aforafocus\/"]}]}},"_links":{"self":[{"href":"https:\/\/www.aforafocus.cat\/es\/wp-json\/wp\/v2\/acte\/249156","targetHints":{"allow":["GET"]}}],"collection":[{"href":"https:\/\/www.aforafocus.cat\/es\/wp-json\/wp\/v2\/acte"}],"about":[{"href":"https:\/\/www.aforafocus.cat\/es\/wp-json\/wp\/v2\/types\/acte"}],"wp:featuredmedia":[{"embeddable":true,"href":"https:\/\/www.aforafocus.cat\/es\/wp-json\/wp\/v2\/media\/249255"}],"wp:attachment":[{"href":"https:\/\/www.aforafocus.cat\/es\/wp-json\/wp\/v2\/media?parent=249156"}],"wp:term":[{"taxonomy":"branca","embeddable":true,"href":"https:\/\/www.aforafocus.cat\/es\/wp-json\/wp\/v2\/branca?post=249156"},{"taxonomy":"idioma","embeddable":true,"href":"https:\/\/www.aforafocus.cat\/es\/wp-json\/wp\/v2\/idioma?post=249156"}],"curies":[{"name":"wp","href":"https:\/\/api.w.org\/{rel}","templated":true}]}}