{"id":249269,"date":"2022-07-29T12:49:22","date_gmt":"2022-07-29T11:49:22","guid":{"rendered":"https:\/\/www.aforafocus.cat\/acte\/ciclo-de-conferencias-john-milton-su-vida-su-obra-su-tiempo\/"},"modified":"2022-07-31T15:01:11","modified_gmt":"2022-07-31T14:01:11","slug":"ciclo-de-conferencias-john-milton-su-vida-su-obra-su-tiempo","status":"publish","type":"acte","link":"https:\/\/www.aforafocus.cat\/es\/acto\/ciclo-de-conferencias-john-milton-su-vida-su-obra-su-tiempo\/","title":{"rendered":"Ciclo de conferencias: John Milton: su vida, su obra, su tiempo"},"content":{"rendered":"\n<p>Los d\u00edas 3 y 5 de mayo a las 18.30h la Fundaci\u00f3n Juan March program\u00f3 \u00abJohn Milton: su vida, su obra, su tiempo\u00bb, un ciclo de conferencias que permiti\u00f3 conocer mejor al poeta ingl\u00e9s John Milton. Su coordinador, el profesor de Filolog\u00eda Inglesa de la Universidad Aut\u00f3noma de Barcelona Joan Curbet, abordar\u00e1 en dos conferencias la vida y obra de este pol\u00edglota, autor de obras maestras como Aeropag\u00edtica o El Para\u00edso Perdido y considerado como uno de los mejores poetas de todos los tiempos<\/p>\n\n<p>En la primera conferencia, Curbet trazar\u00f3 el martes 3, un parecido de Milton. Pol\u00edglota y graduado por la Universidad de Cambridge, John Milton (1608-1674) es el padre de obras maestras como El Para\u00edso Perdido (1667) o Aeropagitica (1644), un ensayo en el que defend\u00eda la libertad de expresi\u00f3n y de prensa. Considerado el poeta ingl\u00e9s de mayor influencia despu\u00e9s de Shakespeare, cre\u00f3 un riqu\u00edsimo mundo po\u00e9tico y explor\u00f3 la relaci\u00f3n entre el lenguaje y la libertad individual. Guiado por su compromiso republicano, particip\u00f3 muy activamente en la Guerra Civil inglesa, tomando partido por Cromwell y asumiendo una postura ferozmente antimon\u00e1rquica. Su actividad literaria y pol\u00edtica le cost\u00f3 la vista, y gener\u00f3 tambi\u00e9n algunos de los sonetos y poemas dram\u00e1ticos m\u00e1s maduros y bellos, que abordar\u00e1 Curbet en esta primera sesi\u00f3n.<\/p>\n\n<p>En la segunda sesi\u00f3n, el jueves 5 de mayo, Curbet abord\u00f3 los versos blancos del Para\u00edso Perdido (1667), un poema \u00e9pico que narra la rebeli\u00f3n de Satan\u00e1s y de Ad\u00e1n y Eva contra el Dios del G\u00e9nesis. Esta lectura sigue siendo uno de los mejores lugares para reflexionar sobre algunas cuestiones existenciales y filos\u00f3ficas, como cu\u00e1l es, en toda rebeli\u00f3n, la responsabilidad de cada individuo; por qu\u00e9 se elige a veces el mal en lugar del bien, o c\u00f3mo pueden el conocimiento y saber mejorar o da\u00f1ar la vida de hombres y mujeres. Al final de la sesi\u00f3n, y gracias a la colaboraci\u00f3n con \u00c1fora Focus La 5a Paret, los actores Pere Arquillu\u00e9 y Cristina Plazas leer\u00e1n fragmentos de esta obra en la versi\u00f3n de Helena Tornero y bajo la direcci\u00f3n de Andr\u00e9s Lima.&#13;\n&#13;\n\u00a0<\/p>\n","protected":false},"featured_media":249216,"template":"","branca":[35],"idioma":[39],"class_list":["post-249269","acte","type-acte","status-publish","has-post-thumbnail","hentry","branca-la-5a-pared","idioma-castellano"],"yoast_head":"<!-- This site is optimized with the Yoast SEO plugin v27.5 - https:\/\/yoast.com\/product\/yoast-seo-wordpress\/ -->\n<title>Ciclo de conferencias: John Milton: su vida, su obra, su tiempo - \u00c0fora Focus<\/title>\n<meta name=\"robots\" content=\"noindex, follow\" \/>\n<meta property=\"og:locale\" content=\"es_ES\" \/>\n<meta property=\"og:type\" content=\"article\" \/>\n<meta property=\"og:title\" content=\"Ciclo de conferencias: John Milton: su vida, su obra, su tiempo - \u00c0fora Focus\" \/>\n<meta property=\"og:description\" content=\"Los d\u00edas 3 y 5 de mayo a las 18.30h la Fundaci\u00f3n Juan March program\u00f3 \u00abJohn Milton: su vida, su obra, su tiempo\u00bb, un ciclo de conferencias que permiti\u00f3 conocer mejor al poeta ingl\u00e9s John Milton. Su coordinador, el profesor de Filolog\u00eda Inglesa de la Universidad Aut\u00f3noma de Barcelona Joan Curbet, abordar\u00e1 en dos conferencias [&hellip;]\" \/>\n<meta property=\"og:url\" content=\"https:\/\/www.aforafocus.cat\/es\/acto\/ciclo-de-conferencias-john-milton-su-vida-su-obra-su-tiempo\/\" \/>\n<meta property=\"og:site_name\" content=\"\u00c0fora Focus\" \/>\n<meta property=\"article:modified_time\" content=\"2022-07-31T14:01:11+00:00\" \/>\n<meta property=\"og:image\" content=\"https:\/\/www.aforafocus.cat\/wp-content\/uploads\/2022\/07\/ghj.png\" \/>\n\t<meta property=\"og:image:width\" content=\"326\" \/>\n\t<meta property=\"og:image:height\" content=\"183\" \/>\n\t<meta property=\"og:image:type\" content=\"image\/png\" \/>\n<meta name=\"twitter:card\" content=\"summary_large_image\" \/>\n<meta name=\"twitter:site\" content=\"@aforafocus\" \/>\n<script type=\"application\/ld+json\" class=\"yoast-schema-graph\">{\"@context\":\"https:\\\/\\\/schema.org\",\"@graph\":[{\"@type\":\"WebPage\",\"@id\":\"https:\\\/\\\/www.aforafocus.cat\\\/es\\\/acto\\\/ciclo-de-conferencias-john-milton-su-vida-su-obra-su-tiempo\\\/\",\"url\":\"https:\\\/\\\/www.aforafocus.cat\\\/es\\\/acto\\\/ciclo-de-conferencias-john-milton-su-vida-su-obra-su-tiempo\\\/\",\"name\":\"Ciclo de conferencias: John Milton: su vida, su obra, su tiempo - \u00c0fora Focus\",\"isPartOf\":{\"@id\":\"https:\\\/\\\/www.aforafocus.cat\\\/es\\\/#website\"},\"primaryImageOfPage\":{\"@id\":\"https:\\\/\\\/www.aforafocus.cat\\\/es\\\/acto\\\/ciclo-de-conferencias-john-milton-su-vida-su-obra-su-tiempo\\\/#primaryimage\"},\"image\":{\"@id\":\"https:\\\/\\\/www.aforafocus.cat\\\/es\\\/acto\\\/ciclo-de-conferencias-john-milton-su-vida-su-obra-su-tiempo\\\/#primaryimage\"},\"thumbnailUrl\":\"https:\\\/\\\/www.aforafocus.cat\\\/wp-content\\\/uploads\\\/2022\\\/07\\\/ghj.png\",\"datePublished\":\"2022-07-29T11:49:22+00:00\",\"dateModified\":\"2022-07-31T14:01:11+00:00\",\"breadcrumb\":{\"@id\":\"https:\\\/\\\/www.aforafocus.cat\\\/es\\\/acto\\\/ciclo-de-conferencias-john-milton-su-vida-su-obra-su-tiempo\\\/#breadcrumb\"},\"inLanguage\":\"es\",\"potentialAction\":[{\"@type\":\"ReadAction\",\"target\":[\"https:\\\/\\\/www.aforafocus.cat\\\/es\\\/acto\\\/ciclo-de-conferencias-john-milton-su-vida-su-obra-su-tiempo\\\/\"]}]},{\"@type\":\"ImageObject\",\"inLanguage\":\"es\",\"@id\":\"https:\\\/\\\/www.aforafocus.cat\\\/es\\\/acto\\\/ciclo-de-conferencias-john-milton-su-vida-su-obra-su-tiempo\\\/#primaryimage\",\"url\":\"https:\\\/\\\/www.aforafocus.cat\\\/wp-content\\\/uploads\\\/2022\\\/07\\\/ghj.png\",\"contentUrl\":\"https:\\\/\\\/www.aforafocus.cat\\\/wp-content\\\/uploads\\\/2022\\\/07\\\/ghj.png\",\"width\":326,\"height\":183},{\"@type\":\"BreadcrumbList\",\"@id\":\"https:\\\/\\\/www.aforafocus.cat\\\/es\\\/acto\\\/ciclo-de-conferencias-john-milton-su-vida-su-obra-su-tiempo\\\/#breadcrumb\",\"itemListElement\":[{\"@type\":\"ListItem\",\"position\":1,\"name\":\"Inici\",\"item\":\"https:\\\/\\\/www.aforafocus.cat\\\/es\\\/\"},{\"@type\":\"ListItem\",\"position\":2,\"name\":\"Actos\",\"item\":\"https:\\\/\\\/www.aforafocus.cat\\\/es\\\/acto\\\/\"},{\"@type\":\"ListItem\",\"position\":3,\"name\":\"Ciclo de conferencias: John Milton: su vida, su obra, su tiempo\"}]},{\"@type\":\"WebSite\",\"@id\":\"https:\\\/\\\/www.aforafocus.cat\\\/es\\\/#website\",\"url\":\"https:\\\/\\\/www.aforafocus.cat\\\/es\\\/\",\"name\":\"\u00c0fora Focus\",\"description\":\"\u00c0fora \u00e9s l\u2019\u00e0gora del Grup Focus, un \u00e0mbit de reflexi\u00f3 i d\u2019activitats que t\u00e9 l\u2019\u00e0nim d\u2019incidir en la vida art\u00edstica, cultural i social.\",\"publisher\":{\"@id\":\"https:\\\/\\\/www.aforafocus.cat\\\/es\\\/#organization\"},\"potentialAction\":[{\"@type\":\"SearchAction\",\"target\":{\"@type\":\"EntryPoint\",\"urlTemplate\":\"https:\\\/\\\/www.aforafocus.cat\\\/es\\\/?s={search_term_string}\"},\"query-input\":{\"@type\":\"PropertyValueSpecification\",\"valueRequired\":true,\"valueName\":\"search_term_string\"}}],\"inLanguage\":\"es\"},{\"@type\":\"Organization\",\"@id\":\"https:\\\/\\\/www.aforafocus.cat\\\/es\\\/#organization\",\"name\":\"\u00c0fora Focus\",\"url\":\"https:\\\/\\\/www.aforafocus.cat\\\/es\\\/\",\"logo\":{\"@type\":\"ImageObject\",\"inLanguage\":\"es\",\"@id\":\"https:\\\/\\\/www.aforafocus.cat\\\/es\\\/#\\\/schema\\\/logo\\\/image\\\/\",\"url\":\"https:\\\/\\\/www.aforafocus.cat\\\/wp-content\\\/uploads\\\/2021\\\/12\\\/logo-afora-focus.png\",\"contentUrl\":\"https:\\\/\\\/www.aforafocus.cat\\\/wp-content\\\/uploads\\\/2021\\\/12\\\/logo-afora-focus.png\",\"width\":662,\"height\":662,\"caption\":\"\u00c0fora Focus\"},\"image\":{\"@id\":\"https:\\\/\\\/www.aforafocus.cat\\\/es\\\/#\\\/schema\\\/logo\\\/image\\\/\"},\"sameAs\":[\"https:\\\/\\\/x.com\\\/aforafocus\",\"https:\\\/\\\/www.instagram.com\\\/aforafocus\\\/\"]}]}<\/script>\n<!-- \/ Yoast SEO plugin. -->","yoast_head_json":{"title":"Ciclo de conferencias: John Milton: su vida, su obra, su tiempo - \u00c0fora Focus","robots":{"index":"noindex","follow":"follow"},"og_locale":"es_ES","og_type":"article","og_title":"Ciclo de conferencias: John Milton: su vida, su obra, su tiempo - \u00c0fora Focus","og_description":"Los d\u00edas 3 y 5 de mayo a las 18.30h la Fundaci\u00f3n Juan March program\u00f3 \u00abJohn Milton: su vida, su obra, su tiempo\u00bb, un ciclo de conferencias que permiti\u00f3 conocer mejor al poeta ingl\u00e9s John Milton. Su coordinador, el profesor de Filolog\u00eda Inglesa de la Universidad Aut\u00f3noma de Barcelona Joan Curbet, abordar\u00e1 en dos conferencias [&hellip;]","og_url":"https:\/\/www.aforafocus.cat\/es\/acto\/ciclo-de-conferencias-john-milton-su-vida-su-obra-su-tiempo\/","og_site_name":"\u00c0fora Focus","article_modified_time":"2022-07-31T14:01:11+00:00","og_image":[{"width":326,"height":183,"url":"https:\/\/www.aforafocus.cat\/wp-content\/uploads\/2022\/07\/ghj.png","type":"image\/png"}],"twitter_card":"summary_large_image","twitter_site":"@aforafocus","schema":{"@context":"https:\/\/schema.org","@graph":[{"@type":"WebPage","@id":"https:\/\/www.aforafocus.cat\/es\/acto\/ciclo-de-conferencias-john-milton-su-vida-su-obra-su-tiempo\/","url":"https:\/\/www.aforafocus.cat\/es\/acto\/ciclo-de-conferencias-john-milton-su-vida-su-obra-su-tiempo\/","name":"Ciclo de conferencias: John Milton: su vida, su obra, su tiempo - \u00c0fora Focus","isPartOf":{"@id":"https:\/\/www.aforafocus.cat\/es\/#website"},"primaryImageOfPage":{"@id":"https:\/\/www.aforafocus.cat\/es\/acto\/ciclo-de-conferencias-john-milton-su-vida-su-obra-su-tiempo\/#primaryimage"},"image":{"@id":"https:\/\/www.aforafocus.cat\/es\/acto\/ciclo-de-conferencias-john-milton-su-vida-su-obra-su-tiempo\/#primaryimage"},"thumbnailUrl":"https:\/\/www.aforafocus.cat\/wp-content\/uploads\/2022\/07\/ghj.png","datePublished":"2022-07-29T11:49:22+00:00","dateModified":"2022-07-31T14:01:11+00:00","breadcrumb":{"@id":"https:\/\/www.aforafocus.cat\/es\/acto\/ciclo-de-conferencias-john-milton-su-vida-su-obra-su-tiempo\/#breadcrumb"},"inLanguage":"es","potentialAction":[{"@type":"ReadAction","target":["https:\/\/www.aforafocus.cat\/es\/acto\/ciclo-de-conferencias-john-milton-su-vida-su-obra-su-tiempo\/"]}]},{"@type":"ImageObject","inLanguage":"es","@id":"https:\/\/www.aforafocus.cat\/es\/acto\/ciclo-de-conferencias-john-milton-su-vida-su-obra-su-tiempo\/#primaryimage","url":"https:\/\/www.aforafocus.cat\/wp-content\/uploads\/2022\/07\/ghj.png","contentUrl":"https:\/\/www.aforafocus.cat\/wp-content\/uploads\/2022\/07\/ghj.png","width":326,"height":183},{"@type":"BreadcrumbList","@id":"https:\/\/www.aforafocus.cat\/es\/acto\/ciclo-de-conferencias-john-milton-su-vida-su-obra-su-tiempo\/#breadcrumb","itemListElement":[{"@type":"ListItem","position":1,"name":"Inici","item":"https:\/\/www.aforafocus.cat\/es\/"},{"@type":"ListItem","position":2,"name":"Actos","item":"https:\/\/www.aforafocus.cat\/es\/acto\/"},{"@type":"ListItem","position":3,"name":"Ciclo de conferencias: John Milton: su vida, su obra, su tiempo"}]},{"@type":"WebSite","@id":"https:\/\/www.aforafocus.cat\/es\/#website","url":"https:\/\/www.aforafocus.cat\/es\/","name":"\u00c0fora Focus","description":"\u00c0fora \u00e9s l\u2019\u00e0gora del Grup Focus, un \u00e0mbit de reflexi\u00f3 i d\u2019activitats que t\u00e9 l\u2019\u00e0nim d\u2019incidir en la vida art\u00edstica, cultural i social.","publisher":{"@id":"https:\/\/www.aforafocus.cat\/es\/#organization"},"potentialAction":[{"@type":"SearchAction","target":{"@type":"EntryPoint","urlTemplate":"https:\/\/www.aforafocus.cat\/es\/?s={search_term_string}"},"query-input":{"@type":"PropertyValueSpecification","valueRequired":true,"valueName":"search_term_string"}}],"inLanguage":"es"},{"@type":"Organization","@id":"https:\/\/www.aforafocus.cat\/es\/#organization","name":"\u00c0fora Focus","url":"https:\/\/www.aforafocus.cat\/es\/","logo":{"@type":"ImageObject","inLanguage":"es","@id":"https:\/\/www.aforafocus.cat\/es\/#\/schema\/logo\/image\/","url":"https:\/\/www.aforafocus.cat\/wp-content\/uploads\/2021\/12\/logo-afora-focus.png","contentUrl":"https:\/\/www.aforafocus.cat\/wp-content\/uploads\/2021\/12\/logo-afora-focus.png","width":662,"height":662,"caption":"\u00c0fora Focus"},"image":{"@id":"https:\/\/www.aforafocus.cat\/es\/#\/schema\/logo\/image\/"},"sameAs":["https:\/\/x.com\/aforafocus","https:\/\/www.instagram.com\/aforafocus\/"]}]}},"_links":{"self":[{"href":"https:\/\/www.aforafocus.cat\/es\/wp-json\/wp\/v2\/acte\/249269","targetHints":{"allow":["GET"]}}],"collection":[{"href":"https:\/\/www.aforafocus.cat\/es\/wp-json\/wp\/v2\/acte"}],"about":[{"href":"https:\/\/www.aforafocus.cat\/es\/wp-json\/wp\/v2\/types\/acte"}],"wp:featuredmedia":[{"embeddable":true,"href":"https:\/\/www.aforafocus.cat\/es\/wp-json\/wp\/v2\/media\/249216"}],"wp:attachment":[{"href":"https:\/\/www.aforafocus.cat\/es\/wp-json\/wp\/v2\/media?parent=249269"}],"wp:term":[{"taxonomy":"branca","embeddable":true,"href":"https:\/\/www.aforafocus.cat\/es\/wp-json\/wp\/v2\/branca?post=249269"},{"taxonomy":"idioma","embeddable":true,"href":"https:\/\/www.aforafocus.cat\/es\/wp-json\/wp\/v2\/idioma?post=249269"}],"curies":[{"name":"wp","href":"https:\/\/api.w.org\/{rel}","templated":true}]}}