{"id":256340,"date":"2023-09-18T09:27:13","date_gmt":"2023-09-18T08:27:13","guid":{"rendered":"https:\/\/www.aforafocus.cat\/acte\/la-traduccion\/"},"modified":"2023-12-21T14:33:18","modified_gmt":"2023-12-21T13:33:18","slug":"la-traduccion","status":"publish","type":"acte","link":"https:\/\/www.aforafocus.cat\/es\/acto\/la-traduccion\/","title":{"rendered":"La Traducci\u00f3n"},"content":{"rendered":"\n<p>\u201cAbandon\u00e9 el lenguaje de los hombres porque se me hizo insoportable. Se estaba convirtiendo en falso, de ninguna forma estaba conectado con el alma de todos, sino que obedec\u00eda cada vez m\u00e1s a leyes externas, obsoletas, falsas, capitalistas, hostiles; estaba compuesto por palabras que ya no lleg\u00e1bamos a entender, pero que se llaman cada vez m\u00e1s mec\u00e1nicamente. Como diagramas que hubi\u00e9ramos aprendido de memoria.\u201d<\/p>\n","protected":false},"featured_media":255914,"template":"","branca":[80],"idioma":[41],"class_list":["post-256340","acte","type-acte","status-publish","has-post-thumbnail","hentry","branca-fundacio-romea-es","idioma-catalan"],"yoast_head":"<!-- This site is optimized with the Yoast SEO plugin v27.5 - https:\/\/yoast.com\/product\/yoast-seo-wordpress\/ -->\n<title>La Traducci\u00f3n - \u00c0fora Focus<\/title>\n<meta name=\"robots\" content=\"noindex, follow\" \/>\n<meta property=\"og:locale\" content=\"es_ES\" \/>\n<meta property=\"og:type\" content=\"article\" \/>\n<meta property=\"og:title\" content=\"La Traducci\u00f3n - \u00c0fora Focus\" \/>\n<meta property=\"og:description\" content=\"\u201cAbandon\u00e9 el lenguaje de los hombres porque se me hizo insoportable. Se estaba convirtiendo en falso, de ninguna forma estaba conectado con el alma de todos, sino que obedec\u00eda cada vez m\u00e1s a leyes externas, obsoletas, falsas, capitalistas, hostiles; estaba compuesto por palabras que ya no lleg\u00e1bamos a entender, pero que se llaman cada vez [&hellip;]\" \/>\n<meta property=\"og:url\" content=\"https:\/\/www.aforafocus.cat\/es\/acto\/la-traduccion\/\" \/>\n<meta property=\"og:site_name\" content=\"\u00c0fora Focus\" \/>\n<meta property=\"article:modified_time\" content=\"2023-12-21T13:33:18+00:00\" \/>\n<meta property=\"og:image\" content=\"https:\/\/www.aforafocus.cat\/wp-content\/uploads\/2023\/09\/FUNDACIO-MIDES-1124x683-1.jpg\" \/>\n\t<meta property=\"og:image:width\" content=\"1124\" \/>\n\t<meta property=\"og:image:height\" content=\"683\" \/>\n\t<meta property=\"og:image:type\" content=\"image\/jpeg\" \/>\n<meta name=\"twitter:card\" content=\"summary_large_image\" \/>\n<meta name=\"twitter:site\" content=\"@aforafocus\" \/>\n<script type=\"application\/ld+json\" class=\"yoast-schema-graph\">{\"@context\":\"https:\\\/\\\/schema.org\",\"@graph\":[{\"@type\":\"WebPage\",\"@id\":\"https:\\\/\\\/www.aforafocus.cat\\\/es\\\/acto\\\/la-traduccion\\\/\",\"url\":\"https:\\\/\\\/www.aforafocus.cat\\\/es\\\/acto\\\/la-traduccion\\\/\",\"name\":\"La Traducci\u00f3n - \u00c0fora Focus\",\"isPartOf\":{\"@id\":\"https:\\\/\\\/www.aforafocus.cat\\\/es\\\/#website\"},\"primaryImageOfPage\":{\"@id\":\"https:\\\/\\\/www.aforafocus.cat\\\/es\\\/acto\\\/la-traduccion\\\/#primaryimage\"},\"image\":{\"@id\":\"https:\\\/\\\/www.aforafocus.cat\\\/es\\\/acto\\\/la-traduccion\\\/#primaryimage\"},\"thumbnailUrl\":\"https:\\\/\\\/www.aforafocus.cat\\\/wp-content\\\/uploads\\\/2023\\\/09\\\/FUNDACIO-MIDES-1124x683-1.jpg\",\"datePublished\":\"2023-09-18T08:27:13+00:00\",\"dateModified\":\"2023-12-21T13:33:18+00:00\",\"breadcrumb\":{\"@id\":\"https:\\\/\\\/www.aforafocus.cat\\\/es\\\/acto\\\/la-traduccion\\\/#breadcrumb\"},\"inLanguage\":\"es\",\"potentialAction\":[{\"@type\":\"ReadAction\",\"target\":[\"https:\\\/\\\/www.aforafocus.cat\\\/es\\\/acto\\\/la-traduccion\\\/\"]}]},{\"@type\":\"ImageObject\",\"inLanguage\":\"es\",\"@id\":\"https:\\\/\\\/www.aforafocus.cat\\\/es\\\/acto\\\/la-traduccion\\\/#primaryimage\",\"url\":\"https:\\\/\\\/www.aforafocus.cat\\\/wp-content\\\/uploads\\\/2023\\\/09\\\/FUNDACIO-MIDES-1124x683-1.jpg\",\"contentUrl\":\"https:\\\/\\\/www.aforafocus.cat\\\/wp-content\\\/uploads\\\/2023\\\/09\\\/FUNDACIO-MIDES-1124x683-1.jpg\",\"width\":1124,\"height\":683},{\"@type\":\"BreadcrumbList\",\"@id\":\"https:\\\/\\\/www.aforafocus.cat\\\/es\\\/acto\\\/la-traduccion\\\/#breadcrumb\",\"itemListElement\":[{\"@type\":\"ListItem\",\"position\":1,\"name\":\"Inici\",\"item\":\"https:\\\/\\\/www.aforafocus.cat\\\/es\\\/\"},{\"@type\":\"ListItem\",\"position\":2,\"name\":\"Actos\",\"item\":\"https:\\\/\\\/www.aforafocus.cat\\\/es\\\/acto\\\/\"},{\"@type\":\"ListItem\",\"position\":3,\"name\":\"La Traducci\u00f3n\"}]},{\"@type\":\"WebSite\",\"@id\":\"https:\\\/\\\/www.aforafocus.cat\\\/es\\\/#website\",\"url\":\"https:\\\/\\\/www.aforafocus.cat\\\/es\\\/\",\"name\":\"\u00c0fora Focus\",\"description\":\"\u00c0fora \u00e9s l\u2019\u00e0gora del Grup Focus, un \u00e0mbit de reflexi\u00f3 i d\u2019activitats que t\u00e9 l\u2019\u00e0nim d\u2019incidir en la vida art\u00edstica, cultural i social.\",\"publisher\":{\"@id\":\"https:\\\/\\\/www.aforafocus.cat\\\/es\\\/#organization\"},\"potentialAction\":[{\"@type\":\"SearchAction\",\"target\":{\"@type\":\"EntryPoint\",\"urlTemplate\":\"https:\\\/\\\/www.aforafocus.cat\\\/es\\\/?s={search_term_string}\"},\"query-input\":{\"@type\":\"PropertyValueSpecification\",\"valueRequired\":true,\"valueName\":\"search_term_string\"}}],\"inLanguage\":\"es\"},{\"@type\":\"Organization\",\"@id\":\"https:\\\/\\\/www.aforafocus.cat\\\/es\\\/#organization\",\"name\":\"\u00c0fora Focus\",\"url\":\"https:\\\/\\\/www.aforafocus.cat\\\/es\\\/\",\"logo\":{\"@type\":\"ImageObject\",\"inLanguage\":\"es\",\"@id\":\"https:\\\/\\\/www.aforafocus.cat\\\/es\\\/#\\\/schema\\\/logo\\\/image\\\/\",\"url\":\"https:\\\/\\\/www.aforafocus.cat\\\/wp-content\\\/uploads\\\/2021\\\/12\\\/logo-afora-focus.png\",\"contentUrl\":\"https:\\\/\\\/www.aforafocus.cat\\\/wp-content\\\/uploads\\\/2021\\\/12\\\/logo-afora-focus.png\",\"width\":662,\"height\":662,\"caption\":\"\u00c0fora Focus\"},\"image\":{\"@id\":\"https:\\\/\\\/www.aforafocus.cat\\\/es\\\/#\\\/schema\\\/logo\\\/image\\\/\"},\"sameAs\":[\"https:\\\/\\\/x.com\\\/aforafocus\",\"https:\\\/\\\/www.instagram.com\\\/aforafocus\\\/\"]}]}<\/script>\n<!-- \/ Yoast SEO plugin. -->","yoast_head_json":{"title":"La Traducci\u00f3n - \u00c0fora Focus","robots":{"index":"noindex","follow":"follow"},"og_locale":"es_ES","og_type":"article","og_title":"La Traducci\u00f3n - \u00c0fora Focus","og_description":"\u201cAbandon\u00e9 el lenguaje de los hombres porque se me hizo insoportable. Se estaba convirtiendo en falso, de ninguna forma estaba conectado con el alma de todos, sino que obedec\u00eda cada vez m\u00e1s a leyes externas, obsoletas, falsas, capitalistas, hostiles; estaba compuesto por palabras que ya no lleg\u00e1bamos a entender, pero que se llaman cada vez [&hellip;]","og_url":"https:\/\/www.aforafocus.cat\/es\/acto\/la-traduccion\/","og_site_name":"\u00c0fora Focus","article_modified_time":"2023-12-21T13:33:18+00:00","og_image":[{"width":1124,"height":683,"url":"https:\/\/www.aforafocus.cat\/wp-content\/uploads\/2023\/09\/FUNDACIO-MIDES-1124x683-1.jpg","type":"image\/jpeg"}],"twitter_card":"summary_large_image","twitter_site":"@aforafocus","schema":{"@context":"https:\/\/schema.org","@graph":[{"@type":"WebPage","@id":"https:\/\/www.aforafocus.cat\/es\/acto\/la-traduccion\/","url":"https:\/\/www.aforafocus.cat\/es\/acto\/la-traduccion\/","name":"La Traducci\u00f3n - \u00c0fora Focus","isPartOf":{"@id":"https:\/\/www.aforafocus.cat\/es\/#website"},"primaryImageOfPage":{"@id":"https:\/\/www.aforafocus.cat\/es\/acto\/la-traduccion\/#primaryimage"},"image":{"@id":"https:\/\/www.aforafocus.cat\/es\/acto\/la-traduccion\/#primaryimage"},"thumbnailUrl":"https:\/\/www.aforafocus.cat\/wp-content\/uploads\/2023\/09\/FUNDACIO-MIDES-1124x683-1.jpg","datePublished":"2023-09-18T08:27:13+00:00","dateModified":"2023-12-21T13:33:18+00:00","breadcrumb":{"@id":"https:\/\/www.aforafocus.cat\/es\/acto\/la-traduccion\/#breadcrumb"},"inLanguage":"es","potentialAction":[{"@type":"ReadAction","target":["https:\/\/www.aforafocus.cat\/es\/acto\/la-traduccion\/"]}]},{"@type":"ImageObject","inLanguage":"es","@id":"https:\/\/www.aforafocus.cat\/es\/acto\/la-traduccion\/#primaryimage","url":"https:\/\/www.aforafocus.cat\/wp-content\/uploads\/2023\/09\/FUNDACIO-MIDES-1124x683-1.jpg","contentUrl":"https:\/\/www.aforafocus.cat\/wp-content\/uploads\/2023\/09\/FUNDACIO-MIDES-1124x683-1.jpg","width":1124,"height":683},{"@type":"BreadcrumbList","@id":"https:\/\/www.aforafocus.cat\/es\/acto\/la-traduccion\/#breadcrumb","itemListElement":[{"@type":"ListItem","position":1,"name":"Inici","item":"https:\/\/www.aforafocus.cat\/es\/"},{"@type":"ListItem","position":2,"name":"Actos","item":"https:\/\/www.aforafocus.cat\/es\/acto\/"},{"@type":"ListItem","position":3,"name":"La Traducci\u00f3n"}]},{"@type":"WebSite","@id":"https:\/\/www.aforafocus.cat\/es\/#website","url":"https:\/\/www.aforafocus.cat\/es\/","name":"\u00c0fora Focus","description":"\u00c0fora \u00e9s l\u2019\u00e0gora del Grup Focus, un \u00e0mbit de reflexi\u00f3 i d\u2019activitats que t\u00e9 l\u2019\u00e0nim d\u2019incidir en la vida art\u00edstica, cultural i social.","publisher":{"@id":"https:\/\/www.aforafocus.cat\/es\/#organization"},"potentialAction":[{"@type":"SearchAction","target":{"@type":"EntryPoint","urlTemplate":"https:\/\/www.aforafocus.cat\/es\/?s={search_term_string}"},"query-input":{"@type":"PropertyValueSpecification","valueRequired":true,"valueName":"search_term_string"}}],"inLanguage":"es"},{"@type":"Organization","@id":"https:\/\/www.aforafocus.cat\/es\/#organization","name":"\u00c0fora Focus","url":"https:\/\/www.aforafocus.cat\/es\/","logo":{"@type":"ImageObject","inLanguage":"es","@id":"https:\/\/www.aforafocus.cat\/es\/#\/schema\/logo\/image\/","url":"https:\/\/www.aforafocus.cat\/wp-content\/uploads\/2021\/12\/logo-afora-focus.png","contentUrl":"https:\/\/www.aforafocus.cat\/wp-content\/uploads\/2021\/12\/logo-afora-focus.png","width":662,"height":662,"caption":"\u00c0fora Focus"},"image":{"@id":"https:\/\/www.aforafocus.cat\/es\/#\/schema\/logo\/image\/"},"sameAs":["https:\/\/x.com\/aforafocus","https:\/\/www.instagram.com\/aforafocus\/"]}]}},"_links":{"self":[{"href":"https:\/\/www.aforafocus.cat\/es\/wp-json\/wp\/v2\/acte\/256340","targetHints":{"allow":["GET"]}}],"collection":[{"href":"https:\/\/www.aforafocus.cat\/es\/wp-json\/wp\/v2\/acte"}],"about":[{"href":"https:\/\/www.aforafocus.cat\/es\/wp-json\/wp\/v2\/types\/acte"}],"wp:featuredmedia":[{"embeddable":true,"href":"https:\/\/www.aforafocus.cat\/es\/wp-json\/wp\/v2\/media\/255914"}],"wp:attachment":[{"href":"https:\/\/www.aforafocus.cat\/es\/wp-json\/wp\/v2\/media?parent=256340"}],"wp:term":[{"taxonomy":"branca","embeddable":true,"href":"https:\/\/www.aforafocus.cat\/es\/wp-json\/wp\/v2\/branca?post=256340"},{"taxonomy":"idioma","embeddable":true,"href":"https:\/\/www.aforafocus.cat\/es\/wp-json\/wp\/v2\/idioma?post=256340"}],"curies":[{"name":"wp","href":"https:\/\/api.w.org\/{rel}","templated":true}]}}