{"id":256342,"date":"2023-10-09T08:20:44","date_gmt":"2023-10-09T07:20:44","guid":{"rendered":"https:\/\/www.aforafocus.cat\/acte\/premio-maria-rosa-jorba-de-cendros-2\/"},"modified":"2023-12-21T14:59:34","modified_gmt":"2023-12-21T13:59:34","slug":"premio-maria-rosa-jorba-de-cendros-2","status":"publish","type":"acte","link":"https:\/\/www.aforafocus.cat\/es\/acto\/premio-maria-rosa-jorba-de-cendros-2\/","title":{"rendered":"Premio Maria Rosa Jorba de Cendr\u00f3s"},"content":{"rendered":"\n<p><strong>El Concurso Internacional de M\u00fasica Maria Canals de Barcelona i la Fundaci\u00f3 Romea os invitan al concierto que va a ofrecer el pianista, ganador del Premio Mar\u00eda Rosa Jorba de Cendr\u00f3s de las 68a edici\u00f3n del Concurso. Concierto ofrecido por la fam\u00edlia Cendr\u00f3s.<\/strong><\/p>&#13;\n<p>\u00a0<\/p>\n\n<p class=\"has-text-align-center\">PROGRAMA:<\/p>\n\n<p class=\"has-text-align-center\"><p><strong>J.S. BACH \u2013 A. ZILOTI<\/strong>: Preludio en si menor<\/p>\n\n<p class=\"has-text-align-center\"><p><strong>B. BART\u00d3K<\/strong>: Tres estudios, op. 18:<br\/>1. Allegro molto<br\/>2. Andante sostenuto<br\/>3. Rubato \u2013 Molto sostenuto<\/p>\n\n<p class=\"has-text-align-center\"><p><strong>F. MOMPOU<\/strong>: Impresiones \u00edntimas:<br\/>1. Plany I<br\/>2. Plany II<br\/>3. Plany III<br\/>4. Plany IV<\/p>\n\n<p class=\"has-text-align-center\"><p><strong>R. SCHUMANN<\/strong>: Estudios simfonicos, op. 13<\/p>\n\n<p class=\"has-text-align-center\"><p><strong>V\u00cdCTOR OLLER<\/strong>:Aguas internacionales<\/p>\n\n<p>EL CONCURSO INTERNACIONAL MAR\u00cdA CANALS DE BARCELONA QUIERE AYUDAR A LOS J\u00d3VENES PIANISTAS A PROYECTARSE AL MUNDO Y, A LA VEZ, FACILITAR EL ACCESO UNIVERSAL DEL PIANO A LA CIUDADAN\u00cdA<\/p>\n\n<p><strong>Mar\u00eda Canals Cendr\u00f3s\u00a0<\/strong>(1914-2010) fue la fundadora. Una mujer visionaria que, impulsada por su pasi\u00f3n del piano, su vocaci\u00f3n de ayudar y ense\u00f1ar a los j\u00f3venes int\u00e9rpretes y su estima por la ciudad de Barcelona, desarroll\u00f3 una intensa actividad, primero como concertista, despu\u00e9s como impulsora de proyectos tan relevantes c\u00f3mo la Academia\u00a0de M\u00fasica Ars Nova en Barcelona i el prestigioso\u00a0<strong>Concurso Internacional de M\u00fasica Mar\u00eda Canals de Barcelona.\u00a0<\/strong><\/p>\n\n<p>La asociaci\u00f3n del Concurso Internacional Mar\u00eda Canals de Barcelona tiene como finalidad principal ayudar a j\u00f3venes int\u00e9rpretes de todo el mundo que quieren dedicarse profesionalmente a la pr\u00e1ctica musical, y lo hacen a trav\u00e9s del\u00a0<strong>Concurso Mar\u00eda Canals (MCB)\u00a0<\/strong>que se organiza cada a\u00f1o des de 1954. En cada edici\u00f3n, Barcelona se convierte durante quince d\u00edas la capital mundial del piano.<\/p>\n\n<p>La asociaci\u00f3n tambi\u00e9n trabajan des de hace a\u00f1os para romper barreras sociales y culturales que tradicionalmente han dificultado el acceso mayoritario a la pr\u00e1ctica musical, especialmente en el \u00e1mbito de la m\u00fasica cl\u00e1sica, a trav\u00e9s de la organizaci\u00f3n del\u00a0<strong>OFF Concurso.<\/strong><\/p>\n\n<p>La Asociaci\u00f3n ha contado con colaboradores que han cre\u00eddo en el Concurso y han conformado una s\u00f3lida base de soporte.\u00a0<strong>Mar\u00eda Rosa Jorba de Cendr\u00f3s\u00a0<\/strong>fue una de las colaboradoras de m\u00e1s largo recorrido.<\/p>\n","protected":false},"featured_media":255990,"template":"","branca":[80],"idioma":[41],"class_list":["post-256342","acte","type-acte","status-publish","has-post-thumbnail","hentry","branca-fundacio-romea-es","idioma-catalan"],"yoast_head":"<!-- This site is optimized with the Yoast SEO plugin v27.4 - https:\/\/yoast.com\/product\/yoast-seo-wordpress\/ -->\n<title>Premio Maria Rosa Jorba de Cendr\u00f3s - \u00c0fora Focus<\/title>\n<meta name=\"robots\" content=\"noindex, follow\" \/>\n<meta property=\"og:locale\" content=\"es_ES\" \/>\n<meta property=\"og:type\" content=\"article\" \/>\n<meta property=\"og:title\" content=\"Premio Maria Rosa Jorba de Cendr\u00f3s - \u00c0fora Focus\" \/>\n<meta property=\"og:description\" content=\"El Concurso Internacional de M\u00fasica Maria Canals de Barcelona i la Fundaci\u00f3 Romea os invitan al concierto que va a ofrecer el pianista, ganador del Premio Mar\u00eda Rosa Jorba de Cendr\u00f3s de las 68a edici\u00f3n del Concurso. Concierto ofrecido por la fam\u00edlia Cendr\u00f3s. &#013; \u00a0 PROGRAMA: J.S. BACH \u2013 A. ZILOTI: Preludio en si menor [&hellip;]\" \/>\n<meta property=\"og:url\" content=\"https:\/\/www.aforafocus.cat\/es\/acto\/premio-maria-rosa-jorba-de-cendros-2\/\" \/>\n<meta property=\"og:site_name\" content=\"\u00c0fora Focus\" \/>\n<meta property=\"article:modified_time\" content=\"2023-12-21T13:59:34+00:00\" \/>\n<meta property=\"og:image\" content=\"https:\/\/www.aforafocus.cat\/wp-content\/uploads\/2023\/10\/h-copia.jpg\" \/>\n\t<meta property=\"og:image:width\" content=\"842\" \/>\n\t<meta property=\"og:image:height\" content=\"595\" \/>\n\t<meta property=\"og:image:type\" content=\"image\/jpeg\" \/>\n<meta name=\"twitter:card\" content=\"summary_large_image\" \/>\n<meta name=\"twitter:site\" content=\"@aforafocus\" \/>\n<script type=\"application\/ld+json\" class=\"yoast-schema-graph\">{\"@context\":\"https:\\\/\\\/schema.org\",\"@graph\":[{\"@type\":\"WebPage\",\"@id\":\"https:\\\/\\\/www.aforafocus.cat\\\/es\\\/acto\\\/premio-maria-rosa-jorba-de-cendros-2\\\/\",\"url\":\"https:\\\/\\\/www.aforafocus.cat\\\/es\\\/acto\\\/premio-maria-rosa-jorba-de-cendros-2\\\/\",\"name\":\"Premio Maria Rosa Jorba de Cendr\u00f3s - \u00c0fora Focus\",\"isPartOf\":{\"@id\":\"https:\\\/\\\/www.aforafocus.cat\\\/es\\\/#website\"},\"primaryImageOfPage\":{\"@id\":\"https:\\\/\\\/www.aforafocus.cat\\\/es\\\/acto\\\/premio-maria-rosa-jorba-de-cendros-2\\\/#primaryimage\"},\"image\":{\"@id\":\"https:\\\/\\\/www.aforafocus.cat\\\/es\\\/acto\\\/premio-maria-rosa-jorba-de-cendros-2\\\/#primaryimage\"},\"thumbnailUrl\":\"https:\\\/\\\/www.aforafocus.cat\\\/wp-content\\\/uploads\\\/2023\\\/10\\\/h-copia.jpg\",\"datePublished\":\"2023-10-09T07:20:44+00:00\",\"dateModified\":\"2023-12-21T13:59:34+00:00\",\"breadcrumb\":{\"@id\":\"https:\\\/\\\/www.aforafocus.cat\\\/es\\\/acto\\\/premio-maria-rosa-jorba-de-cendros-2\\\/#breadcrumb\"},\"inLanguage\":\"es\",\"potentialAction\":[{\"@type\":\"ReadAction\",\"target\":[\"https:\\\/\\\/www.aforafocus.cat\\\/es\\\/acto\\\/premio-maria-rosa-jorba-de-cendros-2\\\/\"]}]},{\"@type\":\"ImageObject\",\"inLanguage\":\"es\",\"@id\":\"https:\\\/\\\/www.aforafocus.cat\\\/es\\\/acto\\\/premio-maria-rosa-jorba-de-cendros-2\\\/#primaryimage\",\"url\":\"https:\\\/\\\/www.aforafocus.cat\\\/wp-content\\\/uploads\\\/2023\\\/10\\\/h-copia.jpg\",\"contentUrl\":\"https:\\\/\\\/www.aforafocus.cat\\\/wp-content\\\/uploads\\\/2023\\\/10\\\/h-copia.jpg\",\"width\":842,\"height\":595},{\"@type\":\"BreadcrumbList\",\"@id\":\"https:\\\/\\\/www.aforafocus.cat\\\/es\\\/acto\\\/premio-maria-rosa-jorba-de-cendros-2\\\/#breadcrumb\",\"itemListElement\":[{\"@type\":\"ListItem\",\"position\":1,\"name\":\"Inici\",\"item\":\"https:\\\/\\\/www.aforafocus.cat\\\/es\\\/\"},{\"@type\":\"ListItem\",\"position\":2,\"name\":\"Actos\",\"item\":\"https:\\\/\\\/www.aforafocus.cat\\\/es\\\/acto\\\/\"},{\"@type\":\"ListItem\",\"position\":3,\"name\":\"Premio Maria Rosa Jorba de Cendr\u00f3s\"}]},{\"@type\":\"WebSite\",\"@id\":\"https:\\\/\\\/www.aforafocus.cat\\\/es\\\/#website\",\"url\":\"https:\\\/\\\/www.aforafocus.cat\\\/es\\\/\",\"name\":\"\u00c0fora Focus\",\"description\":\"\u00c0fora \u00e9s l\u2019\u00e0gora del Grup Focus, un \u00e0mbit de reflexi\u00f3 i d\u2019activitats que t\u00e9 l\u2019\u00e0nim d\u2019incidir en la vida art\u00edstica, cultural i social.\",\"publisher\":{\"@id\":\"https:\\\/\\\/www.aforafocus.cat\\\/es\\\/#organization\"},\"potentialAction\":[{\"@type\":\"SearchAction\",\"target\":{\"@type\":\"EntryPoint\",\"urlTemplate\":\"https:\\\/\\\/www.aforafocus.cat\\\/es\\\/?s={search_term_string}\"},\"query-input\":{\"@type\":\"PropertyValueSpecification\",\"valueRequired\":true,\"valueName\":\"search_term_string\"}}],\"inLanguage\":\"es\"},{\"@type\":\"Organization\",\"@id\":\"https:\\\/\\\/www.aforafocus.cat\\\/es\\\/#organization\",\"name\":\"\u00c0fora Focus\",\"url\":\"https:\\\/\\\/www.aforafocus.cat\\\/es\\\/\",\"logo\":{\"@type\":\"ImageObject\",\"inLanguage\":\"es\",\"@id\":\"https:\\\/\\\/www.aforafocus.cat\\\/es\\\/#\\\/schema\\\/logo\\\/image\\\/\",\"url\":\"https:\\\/\\\/www.aforafocus.cat\\\/wp-content\\\/uploads\\\/2021\\\/12\\\/logo-afora-focus.png\",\"contentUrl\":\"https:\\\/\\\/www.aforafocus.cat\\\/wp-content\\\/uploads\\\/2021\\\/12\\\/logo-afora-focus.png\",\"width\":662,\"height\":662,\"caption\":\"\u00c0fora Focus\"},\"image\":{\"@id\":\"https:\\\/\\\/www.aforafocus.cat\\\/es\\\/#\\\/schema\\\/logo\\\/image\\\/\"},\"sameAs\":[\"https:\\\/\\\/x.com\\\/aforafocus\",\"https:\\\/\\\/www.instagram.com\\\/aforafocus\\\/\"]}]}<\/script>\n<!-- \/ Yoast SEO plugin. -->","yoast_head_json":{"title":"Premio Maria Rosa Jorba de Cendr\u00f3s - \u00c0fora Focus","robots":{"index":"noindex","follow":"follow"},"og_locale":"es_ES","og_type":"article","og_title":"Premio Maria Rosa Jorba de Cendr\u00f3s - \u00c0fora Focus","og_description":"El Concurso Internacional de M\u00fasica Maria Canals de Barcelona i la Fundaci\u00f3 Romea os invitan al concierto que va a ofrecer el pianista, ganador del Premio Mar\u00eda Rosa Jorba de Cendr\u00f3s de las 68a edici\u00f3n del Concurso. Concierto ofrecido por la fam\u00edlia Cendr\u00f3s. &#13; \u00a0 PROGRAMA: J.S. BACH \u2013 A. ZILOTI: Preludio en si menor [&hellip;]","og_url":"https:\/\/www.aforafocus.cat\/es\/acto\/premio-maria-rosa-jorba-de-cendros-2\/","og_site_name":"\u00c0fora Focus","article_modified_time":"2023-12-21T13:59:34+00:00","og_image":[{"width":842,"height":595,"url":"https:\/\/www.aforafocus.cat\/wp-content\/uploads\/2023\/10\/h-copia.jpg","type":"image\/jpeg"}],"twitter_card":"summary_large_image","twitter_site":"@aforafocus","schema":{"@context":"https:\/\/schema.org","@graph":[{"@type":"WebPage","@id":"https:\/\/www.aforafocus.cat\/es\/acto\/premio-maria-rosa-jorba-de-cendros-2\/","url":"https:\/\/www.aforafocus.cat\/es\/acto\/premio-maria-rosa-jorba-de-cendros-2\/","name":"Premio Maria Rosa Jorba de Cendr\u00f3s - \u00c0fora Focus","isPartOf":{"@id":"https:\/\/www.aforafocus.cat\/es\/#website"},"primaryImageOfPage":{"@id":"https:\/\/www.aforafocus.cat\/es\/acto\/premio-maria-rosa-jorba-de-cendros-2\/#primaryimage"},"image":{"@id":"https:\/\/www.aforafocus.cat\/es\/acto\/premio-maria-rosa-jorba-de-cendros-2\/#primaryimage"},"thumbnailUrl":"https:\/\/www.aforafocus.cat\/wp-content\/uploads\/2023\/10\/h-copia.jpg","datePublished":"2023-10-09T07:20:44+00:00","dateModified":"2023-12-21T13:59:34+00:00","breadcrumb":{"@id":"https:\/\/www.aforafocus.cat\/es\/acto\/premio-maria-rosa-jorba-de-cendros-2\/#breadcrumb"},"inLanguage":"es","potentialAction":[{"@type":"ReadAction","target":["https:\/\/www.aforafocus.cat\/es\/acto\/premio-maria-rosa-jorba-de-cendros-2\/"]}]},{"@type":"ImageObject","inLanguage":"es","@id":"https:\/\/www.aforafocus.cat\/es\/acto\/premio-maria-rosa-jorba-de-cendros-2\/#primaryimage","url":"https:\/\/www.aforafocus.cat\/wp-content\/uploads\/2023\/10\/h-copia.jpg","contentUrl":"https:\/\/www.aforafocus.cat\/wp-content\/uploads\/2023\/10\/h-copia.jpg","width":842,"height":595},{"@type":"BreadcrumbList","@id":"https:\/\/www.aforafocus.cat\/es\/acto\/premio-maria-rosa-jorba-de-cendros-2\/#breadcrumb","itemListElement":[{"@type":"ListItem","position":1,"name":"Inici","item":"https:\/\/www.aforafocus.cat\/es\/"},{"@type":"ListItem","position":2,"name":"Actos","item":"https:\/\/www.aforafocus.cat\/es\/acto\/"},{"@type":"ListItem","position":3,"name":"Premio Maria Rosa Jorba de Cendr\u00f3s"}]},{"@type":"WebSite","@id":"https:\/\/www.aforafocus.cat\/es\/#website","url":"https:\/\/www.aforafocus.cat\/es\/","name":"\u00c0fora Focus","description":"\u00c0fora \u00e9s l\u2019\u00e0gora del Grup Focus, un \u00e0mbit de reflexi\u00f3 i d\u2019activitats que t\u00e9 l\u2019\u00e0nim d\u2019incidir en la vida art\u00edstica, cultural i social.","publisher":{"@id":"https:\/\/www.aforafocus.cat\/es\/#organization"},"potentialAction":[{"@type":"SearchAction","target":{"@type":"EntryPoint","urlTemplate":"https:\/\/www.aforafocus.cat\/es\/?s={search_term_string}"},"query-input":{"@type":"PropertyValueSpecification","valueRequired":true,"valueName":"search_term_string"}}],"inLanguage":"es"},{"@type":"Organization","@id":"https:\/\/www.aforafocus.cat\/es\/#organization","name":"\u00c0fora Focus","url":"https:\/\/www.aforafocus.cat\/es\/","logo":{"@type":"ImageObject","inLanguage":"es","@id":"https:\/\/www.aforafocus.cat\/es\/#\/schema\/logo\/image\/","url":"https:\/\/www.aforafocus.cat\/wp-content\/uploads\/2021\/12\/logo-afora-focus.png","contentUrl":"https:\/\/www.aforafocus.cat\/wp-content\/uploads\/2021\/12\/logo-afora-focus.png","width":662,"height":662,"caption":"\u00c0fora Focus"},"image":{"@id":"https:\/\/www.aforafocus.cat\/es\/#\/schema\/logo\/image\/"},"sameAs":["https:\/\/x.com\/aforafocus","https:\/\/www.instagram.com\/aforafocus\/"]}]}},"_links":{"self":[{"href":"https:\/\/www.aforafocus.cat\/es\/wp-json\/wp\/v2\/acte\/256342","targetHints":{"allow":["GET"]}}],"collection":[{"href":"https:\/\/www.aforafocus.cat\/es\/wp-json\/wp\/v2\/acte"}],"about":[{"href":"https:\/\/www.aforafocus.cat\/es\/wp-json\/wp\/v2\/types\/acte"}],"wp:featuredmedia":[{"embeddable":true,"href":"https:\/\/www.aforafocus.cat\/es\/wp-json\/wp\/v2\/media\/255990"}],"wp:attachment":[{"href":"https:\/\/www.aforafocus.cat\/es\/wp-json\/wp\/v2\/media?parent=256342"}],"wp:term":[{"taxonomy":"branca","embeddable":true,"href":"https:\/\/www.aforafocus.cat\/es\/wp-json\/wp\/v2\/branca?post=256342"},{"taxonomy":"idioma","embeddable":true,"href":"https:\/\/www.aforafocus.cat\/es\/wp-json\/wp\/v2\/idioma?post=256342"}],"curies":[{"name":"wp","href":"https:\/\/api.w.org\/{rel}","templated":true}]}}