{"id":256348,"date":"2023-12-14T16:11:53","date_gmt":"2023-12-14T15:11:53","guid":{"rendered":"https:\/\/www.aforafocus.cat\/acte\/un-concierto-de-navidad-con-inteligencia-artificial\/"},"modified":"2023-12-21T15:29:49","modified_gmt":"2023-12-21T14:29:49","slug":"un-concierto-de-navidad-con-inteligencia-artificial","status":"publish","type":"acte","link":"https:\/\/www.aforafocus.cat\/es\/acto\/un-concierto-de-navidad-con-inteligencia-artificial\/","title":{"rendered":"Un concierto de navidad con inteligencia artificial"},"content":{"rendered":"\n<p>En este acto \u2013 concierto se presentar\u00e1 el sistema y la aplicaci\u00f3n\u00a0<strong>Nuzic<\/strong>\u00a0como una herramienta para estimular el juego de la creatividad musical mediante estructuras num\u00e9ricas.<\/p>\n\n<p>El objetivo de esta herramienta es ampliar las posibilidades de la composici\u00f3n musical a trav\u00e9s de los n\u00fameros y mejorar la intuici\u00f3n art\u00edstica. As\u00ed desarrollar  un arte basado en la interacci\u00f3n de la inteligencia humana natural con una herramienta de tecnolog\u00eda especial. Pensamos que la tecnolog\u00eda sola no puede sustituir la creatividad y que no puede haber testimonio de vida sin la experiencia humana crear belleza.<\/p>\n","protected":false},"featured_media":256048,"template":"","branca":[80],"idioma":[41],"class_list":["post-256348","acte","type-acte","status-publish","has-post-thumbnail","hentry","branca-fundacio-romea-es","idioma-catalan"],"yoast_head":"<!-- This site is optimized with the Yoast SEO plugin v27.5 - https:\/\/yoast.com\/product\/yoast-seo-wordpress\/ -->\n<title>Un concierto de navidad con inteligencia artificial - \u00c0fora Focus<\/title>\n<meta name=\"robots\" content=\"noindex, follow\" \/>\n<meta property=\"og:locale\" content=\"es_ES\" \/>\n<meta property=\"og:type\" content=\"article\" \/>\n<meta property=\"og:title\" content=\"Un concierto de navidad con inteligencia artificial - \u00c0fora Focus\" \/>\n<meta property=\"og:description\" content=\"En este acto \u2013 concierto se presentar\u00e1 el sistema y la aplicaci\u00f3n\u00a0Nuzic\u00a0como una herramienta para estimular el juego de la creatividad musical mediante estructuras num\u00e9ricas. El objetivo de esta herramienta es ampliar las posibilidades de la composici\u00f3n musical a trav\u00e9s de los n\u00fameros y mejorar la intuici\u00f3n art\u00edstica. As\u00ed desarrollar un arte basado en la [&hellip;]\" \/>\n<meta property=\"og:url\" content=\"https:\/\/www.aforafocus.cat\/es\/acto\/un-concierto-de-navidad-con-inteligencia-artificial\/\" \/>\n<meta property=\"og:site_name\" content=\"\u00c0fora Focus\" \/>\n<meta property=\"article:modified_time\" content=\"2023-12-21T14:29:49+00:00\" \/>\n<meta property=\"og:image\" content=\"https:\/\/www.aforafocus.cat\/wp-content\/uploads\/2023\/10\/FUNDACIO-MIDES-2-1124x683-1.jpg\" \/>\n\t<meta property=\"og:image:width\" content=\"1124\" \/>\n\t<meta property=\"og:image:height\" content=\"683\" \/>\n\t<meta property=\"og:image:type\" content=\"image\/jpeg\" \/>\n<meta name=\"twitter:card\" content=\"summary_large_image\" \/>\n<meta name=\"twitter:site\" content=\"@aforafocus\" \/>\n<script type=\"application\/ld+json\" class=\"yoast-schema-graph\">{\"@context\":\"https:\\\/\\\/schema.org\",\"@graph\":[{\"@type\":\"WebPage\",\"@id\":\"https:\\\/\\\/www.aforafocus.cat\\\/es\\\/acto\\\/un-concierto-de-navidad-con-inteligencia-artificial\\\/\",\"url\":\"https:\\\/\\\/www.aforafocus.cat\\\/es\\\/acto\\\/un-concierto-de-navidad-con-inteligencia-artificial\\\/\",\"name\":\"Un concierto de navidad con inteligencia artificial - \u00c0fora Focus\",\"isPartOf\":{\"@id\":\"https:\\\/\\\/www.aforafocus.cat\\\/es\\\/#website\"},\"primaryImageOfPage\":{\"@id\":\"https:\\\/\\\/www.aforafocus.cat\\\/es\\\/acto\\\/un-concierto-de-navidad-con-inteligencia-artificial\\\/#primaryimage\"},\"image\":{\"@id\":\"https:\\\/\\\/www.aforafocus.cat\\\/es\\\/acto\\\/un-concierto-de-navidad-con-inteligencia-artificial\\\/#primaryimage\"},\"thumbnailUrl\":\"https:\\\/\\\/www.aforafocus.cat\\\/wp-content\\\/uploads\\\/2023\\\/10\\\/FUNDACIO-MIDES-2-1124x683-1.jpg\",\"datePublished\":\"2023-12-14T15:11:53+00:00\",\"dateModified\":\"2023-12-21T14:29:49+00:00\",\"breadcrumb\":{\"@id\":\"https:\\\/\\\/www.aforafocus.cat\\\/es\\\/acto\\\/un-concierto-de-navidad-con-inteligencia-artificial\\\/#breadcrumb\"},\"inLanguage\":\"es\",\"potentialAction\":[{\"@type\":\"ReadAction\",\"target\":[\"https:\\\/\\\/www.aforafocus.cat\\\/es\\\/acto\\\/un-concierto-de-navidad-con-inteligencia-artificial\\\/\"]}]},{\"@type\":\"ImageObject\",\"inLanguage\":\"es\",\"@id\":\"https:\\\/\\\/www.aforafocus.cat\\\/es\\\/acto\\\/un-concierto-de-navidad-con-inteligencia-artificial\\\/#primaryimage\",\"url\":\"https:\\\/\\\/www.aforafocus.cat\\\/wp-content\\\/uploads\\\/2023\\\/10\\\/FUNDACIO-MIDES-2-1124x683-1.jpg\",\"contentUrl\":\"https:\\\/\\\/www.aforafocus.cat\\\/wp-content\\\/uploads\\\/2023\\\/10\\\/FUNDACIO-MIDES-2-1124x683-1.jpg\",\"width\":1124,\"height\":683},{\"@type\":\"BreadcrumbList\",\"@id\":\"https:\\\/\\\/www.aforafocus.cat\\\/es\\\/acto\\\/un-concierto-de-navidad-con-inteligencia-artificial\\\/#breadcrumb\",\"itemListElement\":[{\"@type\":\"ListItem\",\"position\":1,\"name\":\"Inici\",\"item\":\"https:\\\/\\\/www.aforafocus.cat\\\/es\\\/\"},{\"@type\":\"ListItem\",\"position\":2,\"name\":\"Actos\",\"item\":\"https:\\\/\\\/www.aforafocus.cat\\\/es\\\/acto\\\/\"},{\"@type\":\"ListItem\",\"position\":3,\"name\":\"Un concierto de navidad con inteligencia artificial\"}]},{\"@type\":\"WebSite\",\"@id\":\"https:\\\/\\\/www.aforafocus.cat\\\/es\\\/#website\",\"url\":\"https:\\\/\\\/www.aforafocus.cat\\\/es\\\/\",\"name\":\"\u00c0fora Focus\",\"description\":\"\u00c0fora \u00e9s l\u2019\u00e0gora del Grup Focus, un \u00e0mbit de reflexi\u00f3 i d\u2019activitats que t\u00e9 l\u2019\u00e0nim d\u2019incidir en la vida art\u00edstica, cultural i social.\",\"publisher\":{\"@id\":\"https:\\\/\\\/www.aforafocus.cat\\\/es\\\/#organization\"},\"potentialAction\":[{\"@type\":\"SearchAction\",\"target\":{\"@type\":\"EntryPoint\",\"urlTemplate\":\"https:\\\/\\\/www.aforafocus.cat\\\/es\\\/?s={search_term_string}\"},\"query-input\":{\"@type\":\"PropertyValueSpecification\",\"valueRequired\":true,\"valueName\":\"search_term_string\"}}],\"inLanguage\":\"es\"},{\"@type\":\"Organization\",\"@id\":\"https:\\\/\\\/www.aforafocus.cat\\\/es\\\/#organization\",\"name\":\"\u00c0fora Focus\",\"url\":\"https:\\\/\\\/www.aforafocus.cat\\\/es\\\/\",\"logo\":{\"@type\":\"ImageObject\",\"inLanguage\":\"es\",\"@id\":\"https:\\\/\\\/www.aforafocus.cat\\\/es\\\/#\\\/schema\\\/logo\\\/image\\\/\",\"url\":\"https:\\\/\\\/www.aforafocus.cat\\\/wp-content\\\/uploads\\\/2021\\\/12\\\/logo-afora-focus.png\",\"contentUrl\":\"https:\\\/\\\/www.aforafocus.cat\\\/wp-content\\\/uploads\\\/2021\\\/12\\\/logo-afora-focus.png\",\"width\":662,\"height\":662,\"caption\":\"\u00c0fora Focus\"},\"image\":{\"@id\":\"https:\\\/\\\/www.aforafocus.cat\\\/es\\\/#\\\/schema\\\/logo\\\/image\\\/\"},\"sameAs\":[\"https:\\\/\\\/x.com\\\/aforafocus\",\"https:\\\/\\\/www.instagram.com\\\/aforafocus\\\/\"]}]}<\/script>\n<!-- \/ Yoast SEO plugin. -->","yoast_head_json":{"title":"Un concierto de navidad con inteligencia artificial - \u00c0fora Focus","robots":{"index":"noindex","follow":"follow"},"og_locale":"es_ES","og_type":"article","og_title":"Un concierto de navidad con inteligencia artificial - \u00c0fora Focus","og_description":"En este acto \u2013 concierto se presentar\u00e1 el sistema y la aplicaci\u00f3n\u00a0Nuzic\u00a0como una herramienta para estimular el juego de la creatividad musical mediante estructuras num\u00e9ricas. El objetivo de esta herramienta es ampliar las posibilidades de la composici\u00f3n musical a trav\u00e9s de los n\u00fameros y mejorar la intuici\u00f3n art\u00edstica. As\u00ed desarrollar un arte basado en la [&hellip;]","og_url":"https:\/\/www.aforafocus.cat\/es\/acto\/un-concierto-de-navidad-con-inteligencia-artificial\/","og_site_name":"\u00c0fora Focus","article_modified_time":"2023-12-21T14:29:49+00:00","og_image":[{"width":1124,"height":683,"url":"https:\/\/www.aforafocus.cat\/wp-content\/uploads\/2023\/10\/FUNDACIO-MIDES-2-1124x683-1.jpg","type":"image\/jpeg"}],"twitter_card":"summary_large_image","twitter_site":"@aforafocus","schema":{"@context":"https:\/\/schema.org","@graph":[{"@type":"WebPage","@id":"https:\/\/www.aforafocus.cat\/es\/acto\/un-concierto-de-navidad-con-inteligencia-artificial\/","url":"https:\/\/www.aforafocus.cat\/es\/acto\/un-concierto-de-navidad-con-inteligencia-artificial\/","name":"Un concierto de navidad con inteligencia artificial - \u00c0fora Focus","isPartOf":{"@id":"https:\/\/www.aforafocus.cat\/es\/#website"},"primaryImageOfPage":{"@id":"https:\/\/www.aforafocus.cat\/es\/acto\/un-concierto-de-navidad-con-inteligencia-artificial\/#primaryimage"},"image":{"@id":"https:\/\/www.aforafocus.cat\/es\/acto\/un-concierto-de-navidad-con-inteligencia-artificial\/#primaryimage"},"thumbnailUrl":"https:\/\/www.aforafocus.cat\/wp-content\/uploads\/2023\/10\/FUNDACIO-MIDES-2-1124x683-1.jpg","datePublished":"2023-12-14T15:11:53+00:00","dateModified":"2023-12-21T14:29:49+00:00","breadcrumb":{"@id":"https:\/\/www.aforafocus.cat\/es\/acto\/un-concierto-de-navidad-con-inteligencia-artificial\/#breadcrumb"},"inLanguage":"es","potentialAction":[{"@type":"ReadAction","target":["https:\/\/www.aforafocus.cat\/es\/acto\/un-concierto-de-navidad-con-inteligencia-artificial\/"]}]},{"@type":"ImageObject","inLanguage":"es","@id":"https:\/\/www.aforafocus.cat\/es\/acto\/un-concierto-de-navidad-con-inteligencia-artificial\/#primaryimage","url":"https:\/\/www.aforafocus.cat\/wp-content\/uploads\/2023\/10\/FUNDACIO-MIDES-2-1124x683-1.jpg","contentUrl":"https:\/\/www.aforafocus.cat\/wp-content\/uploads\/2023\/10\/FUNDACIO-MIDES-2-1124x683-1.jpg","width":1124,"height":683},{"@type":"BreadcrumbList","@id":"https:\/\/www.aforafocus.cat\/es\/acto\/un-concierto-de-navidad-con-inteligencia-artificial\/#breadcrumb","itemListElement":[{"@type":"ListItem","position":1,"name":"Inici","item":"https:\/\/www.aforafocus.cat\/es\/"},{"@type":"ListItem","position":2,"name":"Actos","item":"https:\/\/www.aforafocus.cat\/es\/acto\/"},{"@type":"ListItem","position":3,"name":"Un concierto de navidad con inteligencia artificial"}]},{"@type":"WebSite","@id":"https:\/\/www.aforafocus.cat\/es\/#website","url":"https:\/\/www.aforafocus.cat\/es\/","name":"\u00c0fora Focus","description":"\u00c0fora \u00e9s l\u2019\u00e0gora del Grup Focus, un \u00e0mbit de reflexi\u00f3 i d\u2019activitats que t\u00e9 l\u2019\u00e0nim d\u2019incidir en la vida art\u00edstica, cultural i social.","publisher":{"@id":"https:\/\/www.aforafocus.cat\/es\/#organization"},"potentialAction":[{"@type":"SearchAction","target":{"@type":"EntryPoint","urlTemplate":"https:\/\/www.aforafocus.cat\/es\/?s={search_term_string}"},"query-input":{"@type":"PropertyValueSpecification","valueRequired":true,"valueName":"search_term_string"}}],"inLanguage":"es"},{"@type":"Organization","@id":"https:\/\/www.aforafocus.cat\/es\/#organization","name":"\u00c0fora Focus","url":"https:\/\/www.aforafocus.cat\/es\/","logo":{"@type":"ImageObject","inLanguage":"es","@id":"https:\/\/www.aforafocus.cat\/es\/#\/schema\/logo\/image\/","url":"https:\/\/www.aforafocus.cat\/wp-content\/uploads\/2021\/12\/logo-afora-focus.png","contentUrl":"https:\/\/www.aforafocus.cat\/wp-content\/uploads\/2021\/12\/logo-afora-focus.png","width":662,"height":662,"caption":"\u00c0fora Focus"},"image":{"@id":"https:\/\/www.aforafocus.cat\/es\/#\/schema\/logo\/image\/"},"sameAs":["https:\/\/x.com\/aforafocus","https:\/\/www.instagram.com\/aforafocus\/"]}]}},"_links":{"self":[{"href":"https:\/\/www.aforafocus.cat\/es\/wp-json\/wp\/v2\/acte\/256348","targetHints":{"allow":["GET"]}}],"collection":[{"href":"https:\/\/www.aforafocus.cat\/es\/wp-json\/wp\/v2\/acte"}],"about":[{"href":"https:\/\/www.aforafocus.cat\/es\/wp-json\/wp\/v2\/types\/acte"}],"wp:featuredmedia":[{"embeddable":true,"href":"https:\/\/www.aforafocus.cat\/es\/wp-json\/wp\/v2\/media\/256048"}],"wp:attachment":[{"href":"https:\/\/www.aforafocus.cat\/es\/wp-json\/wp\/v2\/media?parent=256348"}],"wp:term":[{"taxonomy":"branca","embeddable":true,"href":"https:\/\/www.aforafocus.cat\/es\/wp-json\/wp\/v2\/branca?post=256348"},{"taxonomy":"idioma","embeddable":true,"href":"https:\/\/www.aforafocus.cat\/es\/wp-json\/wp\/v2\/idioma?post=256348"}],"curies":[{"name":"wp","href":"https:\/\/api.w.org\/{rel}","templated":true}]}}