{"id":256773,"date":"2024-04-08T09:48:36","date_gmt":"2024-04-08T08:48:36","guid":{"rendered":"https:\/\/www.aforafocus.cat\/acte\/5o-cenaculo-con-josep-maria-pou\/"},"modified":"2024-04-09T09:27:24","modified_gmt":"2024-04-09T08:27:24","slug":"5o-cenaculo-con-josep-maria-pou","status":"publish","type":"acte","link":"https:\/\/www.aforafocus.cat\/es\/acto\/5o-cenaculo-con-josep-maria-pou\/","title":{"rendered":"5\u00ba Cen\u00e1culo con Josep Maria Pou"},"content":{"rendered":"\n<p>\u00c0fora celebra el quinto cen\u00e1culo con Josep Maria Pou<\/p>\n\n<p>El 8 de abril de 2024, tuvo lugar el quinto cen\u00e1culo de \u00c0fora Focus en el Club Matador, una de las actividades del programa Platea 618 que quiere conectar y favorecer la relaci\u00f3n entre los profesionales del sector de Barcelona y Madrid. En esta ocasi\u00f3n el invitado principal fue el director y actor Josep Mar\u00eda Pou quien, aprovechando su estancia en el Teatro Bellas Artes de Madrid con El Padre, comparti\u00f3 una larga conversaci\u00f3n -moderada por Daniel Mart\u00ednez, presidente de Focus- con Mar\u00eda Ad\u00e1nez, Natalia \u00c1lvarez, Miguel Arco, Ernesto Caballero, Raquel Camacho, Juan Echanove, Mar\u00eda Folguera, Andr\u00e9s Lima, Luis Luque, Luisa Mart\u00edn, Juan Mayorga, Jos\u00e9 Sacrist\u00e1n, Pepe Zapata, Lorena Benito, Rafa Romero y la direcci\u00f3n del Grup Focus.<\/p>\n","protected":false},"featured_media":256788,"template":"","branca":[79],"idioma":[41],"class_list":["post-256773","acte","type-acte","status-publish","has-post-thumbnail","hentry","branca-platea-618-es","idioma-catalan"],"yoast_head":"<!-- This site is optimized with the Yoast SEO plugin v27.5 - https:\/\/yoast.com\/product\/yoast-seo-wordpress\/ -->\n<title>5\u00ba Cen\u00e1culo con Josep Maria Pou - \u00c0fora Focus<\/title>\n<meta name=\"robots\" content=\"noindex, follow\" \/>\n<meta property=\"og:locale\" content=\"es_ES\" \/>\n<meta property=\"og:type\" content=\"article\" \/>\n<meta property=\"og:title\" content=\"5\u00ba Cen\u00e1culo con Josep Maria Pou - \u00c0fora Focus\" \/>\n<meta property=\"og:description\" content=\"\u00c0fora celebra el quinto cen\u00e1culo con Josep Maria Pou El 8 de abril de 2024, tuvo lugar el quinto cen\u00e1culo de \u00c0fora Focus en el Club Matador, una de las actividades del programa Platea 618 que quiere conectar y favorecer la relaci\u00f3n entre los profesionales del sector de Barcelona y Madrid. En esta ocasi\u00f3n el [&hellip;]\" \/>\n<meta property=\"og:url\" content=\"https:\/\/www.aforafocus.cat\/es\/acto\/5o-cenaculo-con-josep-maria-pou\/\" \/>\n<meta property=\"og:site_name\" content=\"\u00c0fora Focus\" \/>\n<meta property=\"article:modified_time\" content=\"2024-04-09T08:27:24+00:00\" \/>\n<meta property=\"og:image\" content=\"https:\/\/www.aforafocus.cat\/wp-content\/uploads\/2024\/04\/Imagen-de-WhatsApp-2024-04-09-a-las-00.59.30_bf261250-1.jpg\" \/>\n\t<meta property=\"og:image:width\" content=\"1600\" \/>\n\t<meta property=\"og:image:height\" content=\"720\" \/>\n\t<meta property=\"og:image:type\" content=\"image\/jpeg\" \/>\n<meta name=\"twitter:card\" content=\"summary_large_image\" \/>\n<meta name=\"twitter:site\" content=\"@aforafocus\" \/>\n<script type=\"application\/ld+json\" class=\"yoast-schema-graph\">{\"@context\":\"https:\\\/\\\/schema.org\",\"@graph\":[{\"@type\":\"WebPage\",\"@id\":\"https:\\\/\\\/www.aforafocus.cat\\\/es\\\/acto\\\/5o-cenaculo-con-josep-maria-pou\\\/\",\"url\":\"https:\\\/\\\/www.aforafocus.cat\\\/es\\\/acto\\\/5o-cenaculo-con-josep-maria-pou\\\/\",\"name\":\"5\u00ba Cen\u00e1culo con Josep Maria Pou - \u00c0fora Focus\",\"isPartOf\":{\"@id\":\"https:\\\/\\\/www.aforafocus.cat\\\/es\\\/#website\"},\"primaryImageOfPage\":{\"@id\":\"https:\\\/\\\/www.aforafocus.cat\\\/es\\\/acto\\\/5o-cenaculo-con-josep-maria-pou\\\/#primaryimage\"},\"image\":{\"@id\":\"https:\\\/\\\/www.aforafocus.cat\\\/es\\\/acto\\\/5o-cenaculo-con-josep-maria-pou\\\/#primaryimage\"},\"thumbnailUrl\":\"https:\\\/\\\/www.aforafocus.cat\\\/wp-content\\\/uploads\\\/2024\\\/04\\\/Imagen-de-WhatsApp-2024-04-09-a-las-00.59.30_bf261250-1.jpg\",\"datePublished\":\"2024-04-08T08:48:36+00:00\",\"dateModified\":\"2024-04-09T08:27:24+00:00\",\"breadcrumb\":{\"@id\":\"https:\\\/\\\/www.aforafocus.cat\\\/es\\\/acto\\\/5o-cenaculo-con-josep-maria-pou\\\/#breadcrumb\"},\"inLanguage\":\"es\",\"potentialAction\":[{\"@type\":\"ReadAction\",\"target\":[\"https:\\\/\\\/www.aforafocus.cat\\\/es\\\/acto\\\/5o-cenaculo-con-josep-maria-pou\\\/\"]}]},{\"@type\":\"ImageObject\",\"inLanguage\":\"es\",\"@id\":\"https:\\\/\\\/www.aforafocus.cat\\\/es\\\/acto\\\/5o-cenaculo-con-josep-maria-pou\\\/#primaryimage\",\"url\":\"https:\\\/\\\/www.aforafocus.cat\\\/wp-content\\\/uploads\\\/2024\\\/04\\\/Imagen-de-WhatsApp-2024-04-09-a-las-00.59.30_bf261250-1.jpg\",\"contentUrl\":\"https:\\\/\\\/www.aforafocus.cat\\\/wp-content\\\/uploads\\\/2024\\\/04\\\/Imagen-de-WhatsApp-2024-04-09-a-las-00.59.30_bf261250-1.jpg\",\"width\":1600,\"height\":720},{\"@type\":\"BreadcrumbList\",\"@id\":\"https:\\\/\\\/www.aforafocus.cat\\\/es\\\/acto\\\/5o-cenaculo-con-josep-maria-pou\\\/#breadcrumb\",\"itemListElement\":[{\"@type\":\"ListItem\",\"position\":1,\"name\":\"Inici\",\"item\":\"https:\\\/\\\/www.aforafocus.cat\\\/es\\\/\"},{\"@type\":\"ListItem\",\"position\":2,\"name\":\"Actos\",\"item\":\"https:\\\/\\\/www.aforafocus.cat\\\/es\\\/acto\\\/\"},{\"@type\":\"ListItem\",\"position\":3,\"name\":\"5\u00ba Cen\u00e1culo con Josep Maria Pou\"}]},{\"@type\":\"WebSite\",\"@id\":\"https:\\\/\\\/www.aforafocus.cat\\\/es\\\/#website\",\"url\":\"https:\\\/\\\/www.aforafocus.cat\\\/es\\\/\",\"name\":\"\u00c0fora Focus\",\"description\":\"\u00c0fora \u00e9s l\u2019\u00e0gora del Grup Focus, un \u00e0mbit de reflexi\u00f3 i d\u2019activitats que t\u00e9 l\u2019\u00e0nim d\u2019incidir en la vida art\u00edstica, cultural i social.\",\"publisher\":{\"@id\":\"https:\\\/\\\/www.aforafocus.cat\\\/es\\\/#organization\"},\"potentialAction\":[{\"@type\":\"SearchAction\",\"target\":{\"@type\":\"EntryPoint\",\"urlTemplate\":\"https:\\\/\\\/www.aforafocus.cat\\\/es\\\/?s={search_term_string}\"},\"query-input\":{\"@type\":\"PropertyValueSpecification\",\"valueRequired\":true,\"valueName\":\"search_term_string\"}}],\"inLanguage\":\"es\"},{\"@type\":\"Organization\",\"@id\":\"https:\\\/\\\/www.aforafocus.cat\\\/es\\\/#organization\",\"name\":\"\u00c0fora Focus\",\"url\":\"https:\\\/\\\/www.aforafocus.cat\\\/es\\\/\",\"logo\":{\"@type\":\"ImageObject\",\"inLanguage\":\"es\",\"@id\":\"https:\\\/\\\/www.aforafocus.cat\\\/es\\\/#\\\/schema\\\/logo\\\/image\\\/\",\"url\":\"https:\\\/\\\/www.aforafocus.cat\\\/wp-content\\\/uploads\\\/2021\\\/12\\\/logo-afora-focus.png\",\"contentUrl\":\"https:\\\/\\\/www.aforafocus.cat\\\/wp-content\\\/uploads\\\/2021\\\/12\\\/logo-afora-focus.png\",\"width\":662,\"height\":662,\"caption\":\"\u00c0fora Focus\"},\"image\":{\"@id\":\"https:\\\/\\\/www.aforafocus.cat\\\/es\\\/#\\\/schema\\\/logo\\\/image\\\/\"},\"sameAs\":[\"https:\\\/\\\/x.com\\\/aforafocus\",\"https:\\\/\\\/www.instagram.com\\\/aforafocus\\\/\"]}]}<\/script>\n<!-- \/ Yoast SEO plugin. -->","yoast_head_json":{"title":"5\u00ba Cen\u00e1culo con Josep Maria Pou - \u00c0fora Focus","robots":{"index":"noindex","follow":"follow"},"og_locale":"es_ES","og_type":"article","og_title":"5\u00ba Cen\u00e1culo con Josep Maria Pou - \u00c0fora Focus","og_description":"\u00c0fora celebra el quinto cen\u00e1culo con Josep Maria Pou El 8 de abril de 2024, tuvo lugar el quinto cen\u00e1culo de \u00c0fora Focus en el Club Matador, una de las actividades del programa Platea 618 que quiere conectar y favorecer la relaci\u00f3n entre los profesionales del sector de Barcelona y Madrid. En esta ocasi\u00f3n el [&hellip;]","og_url":"https:\/\/www.aforafocus.cat\/es\/acto\/5o-cenaculo-con-josep-maria-pou\/","og_site_name":"\u00c0fora Focus","article_modified_time":"2024-04-09T08:27:24+00:00","og_image":[{"width":1600,"height":720,"url":"https:\/\/www.aforafocus.cat\/wp-content\/uploads\/2024\/04\/Imagen-de-WhatsApp-2024-04-09-a-las-00.59.30_bf261250-1.jpg","type":"image\/jpeg"}],"twitter_card":"summary_large_image","twitter_site":"@aforafocus","schema":{"@context":"https:\/\/schema.org","@graph":[{"@type":"WebPage","@id":"https:\/\/www.aforafocus.cat\/es\/acto\/5o-cenaculo-con-josep-maria-pou\/","url":"https:\/\/www.aforafocus.cat\/es\/acto\/5o-cenaculo-con-josep-maria-pou\/","name":"5\u00ba Cen\u00e1culo con Josep Maria Pou - \u00c0fora Focus","isPartOf":{"@id":"https:\/\/www.aforafocus.cat\/es\/#website"},"primaryImageOfPage":{"@id":"https:\/\/www.aforafocus.cat\/es\/acto\/5o-cenaculo-con-josep-maria-pou\/#primaryimage"},"image":{"@id":"https:\/\/www.aforafocus.cat\/es\/acto\/5o-cenaculo-con-josep-maria-pou\/#primaryimage"},"thumbnailUrl":"https:\/\/www.aforafocus.cat\/wp-content\/uploads\/2024\/04\/Imagen-de-WhatsApp-2024-04-09-a-las-00.59.30_bf261250-1.jpg","datePublished":"2024-04-08T08:48:36+00:00","dateModified":"2024-04-09T08:27:24+00:00","breadcrumb":{"@id":"https:\/\/www.aforafocus.cat\/es\/acto\/5o-cenaculo-con-josep-maria-pou\/#breadcrumb"},"inLanguage":"es","potentialAction":[{"@type":"ReadAction","target":["https:\/\/www.aforafocus.cat\/es\/acto\/5o-cenaculo-con-josep-maria-pou\/"]}]},{"@type":"ImageObject","inLanguage":"es","@id":"https:\/\/www.aforafocus.cat\/es\/acto\/5o-cenaculo-con-josep-maria-pou\/#primaryimage","url":"https:\/\/www.aforafocus.cat\/wp-content\/uploads\/2024\/04\/Imagen-de-WhatsApp-2024-04-09-a-las-00.59.30_bf261250-1.jpg","contentUrl":"https:\/\/www.aforafocus.cat\/wp-content\/uploads\/2024\/04\/Imagen-de-WhatsApp-2024-04-09-a-las-00.59.30_bf261250-1.jpg","width":1600,"height":720},{"@type":"BreadcrumbList","@id":"https:\/\/www.aforafocus.cat\/es\/acto\/5o-cenaculo-con-josep-maria-pou\/#breadcrumb","itemListElement":[{"@type":"ListItem","position":1,"name":"Inici","item":"https:\/\/www.aforafocus.cat\/es\/"},{"@type":"ListItem","position":2,"name":"Actos","item":"https:\/\/www.aforafocus.cat\/es\/acto\/"},{"@type":"ListItem","position":3,"name":"5\u00ba Cen\u00e1culo con Josep Maria Pou"}]},{"@type":"WebSite","@id":"https:\/\/www.aforafocus.cat\/es\/#website","url":"https:\/\/www.aforafocus.cat\/es\/","name":"\u00c0fora Focus","description":"\u00c0fora \u00e9s l\u2019\u00e0gora del Grup Focus, un \u00e0mbit de reflexi\u00f3 i d\u2019activitats que t\u00e9 l\u2019\u00e0nim d\u2019incidir en la vida art\u00edstica, cultural i social.","publisher":{"@id":"https:\/\/www.aforafocus.cat\/es\/#organization"},"potentialAction":[{"@type":"SearchAction","target":{"@type":"EntryPoint","urlTemplate":"https:\/\/www.aforafocus.cat\/es\/?s={search_term_string}"},"query-input":{"@type":"PropertyValueSpecification","valueRequired":true,"valueName":"search_term_string"}}],"inLanguage":"es"},{"@type":"Organization","@id":"https:\/\/www.aforafocus.cat\/es\/#organization","name":"\u00c0fora Focus","url":"https:\/\/www.aforafocus.cat\/es\/","logo":{"@type":"ImageObject","inLanguage":"es","@id":"https:\/\/www.aforafocus.cat\/es\/#\/schema\/logo\/image\/","url":"https:\/\/www.aforafocus.cat\/wp-content\/uploads\/2021\/12\/logo-afora-focus.png","contentUrl":"https:\/\/www.aforafocus.cat\/wp-content\/uploads\/2021\/12\/logo-afora-focus.png","width":662,"height":662,"caption":"\u00c0fora Focus"},"image":{"@id":"https:\/\/www.aforafocus.cat\/es\/#\/schema\/logo\/image\/"},"sameAs":["https:\/\/x.com\/aforafocus","https:\/\/www.instagram.com\/aforafocus\/"]}]}},"_links":{"self":[{"href":"https:\/\/www.aforafocus.cat\/es\/wp-json\/wp\/v2\/acte\/256773","targetHints":{"allow":["GET"]}}],"collection":[{"href":"https:\/\/www.aforafocus.cat\/es\/wp-json\/wp\/v2\/acte"}],"about":[{"href":"https:\/\/www.aforafocus.cat\/es\/wp-json\/wp\/v2\/types\/acte"}],"wp:featuredmedia":[{"embeddable":true,"href":"https:\/\/www.aforafocus.cat\/es\/wp-json\/wp\/v2\/media\/256788"}],"wp:attachment":[{"href":"https:\/\/www.aforafocus.cat\/es\/wp-json\/wp\/v2\/media?parent=256773"}],"wp:term":[{"taxonomy":"branca","embeddable":true,"href":"https:\/\/www.aforafocus.cat\/es\/wp-json\/wp\/v2\/branca?post=256773"},{"taxonomy":"idioma","embeddable":true,"href":"https:\/\/www.aforafocus.cat\/es\/wp-json\/wp\/v2\/idioma?post=256773"}],"curies":[{"name":"wp","href":"https:\/\/api.w.org\/{rel}","templated":true}]}}