{"id":256781,"date":"2024-04-09T08:42:04","date_gmt":"2024-04-09T07:42:04","guid":{"rendered":"https:\/\/www.aforafocus.cat\/acte\/el-teatro-reina-victoria-de-madrid-acoge-el-dialogo-entre-cesar-antonio-molina-y-nuria-labari-conducido-por-josep-ma-pou-sobre-senectud-a-proposito-de-el-padre\/"},"modified":"2024-04-09T10:12:49","modified_gmt":"2024-04-09T09:12:49","slug":"el-teatro-reina-victoria-de-madrid-acoge-el-dialogo-entre-cesar-antonio-molina-y-nuria-labari-conducido-por-josep-ma-pou-sobre-senectud-a-proposito-de-el-padre","status":"publish","type":"acte","link":"https:\/\/www.aforafocus.cat\/es\/acto\/el-teatro-reina-victoria-de-madrid-acoge-el-dialogo-entre-cesar-antonio-molina-y-nuria-labari-conducido-por-josep-ma-pou-sobre-senectud-a-proposito-de-el-padre\/","title":{"rendered":"El Teatro Reina Victoria de Madrid acoge el di\u00e1logo entre C\u00e9sar Antonio Molina y Nuria Labari conducido por Josep M\u00aa Pou, sobre senectud, a prop\u00f3sito de: El Padre"},"content":{"rendered":"\n<p>La pasi\u00f3n razonada de Marco Tulio Cicer\u00f3n en su alegato a favor de la vejez De Senectute para que esta etapa de la vida sea aceptada y entendida como un momento donde a\u00fan es posible vivir y regenerarse. Se percibe la vejez, como en la antig\u00fcedad, como una etapa que nos aparta del disfrute de las actividades, que implica la progresiva debilitaci\u00f3n de la fuerza f\u00edsica, la p\u00e9rdida del placer o el asedio de las enfermedades; una etapa envuelta en soledad y avocada en algunos casos al abandono social y familiar, al no estar sus miembros en condici\u00f3n de cuidar a sus mayores.<\/p>\n\n<p>La lucha contra la vejez nos lleva al ideal de inmortalidad que las sociedades modernas consideran alcanzable, m\u00e1s all\u00e1 de los mitos del elixir de la eterna juventud. El di\u00e1logo entre la C\u00e9sar Antonio Molina y Nuria Labari se centrar\u00e1 en reflexionar sobre el arte de envejecer, que nada tiene que ver con los adelantos cient\u00edficos y tecnol\u00f3gicos que operan fuera de nosotros, sino que nace en nuestro interior; se trata de preparamos para envejecer bien y en aceptar, sin resignaci\u00f3n, el irremediable paso del tiempo.<\/p>\n","protected":false},"featured_media":256780,"template":"","branca":[35],"idioma":[39],"class_list":["post-256781","acte","type-acte","status-publish","has-post-thumbnail","hentry","branca-la-5a-pared","idioma-castellano"],"yoast_head":"<!-- This site is optimized with the Yoast SEO plugin v27.5 - https:\/\/yoast.com\/product\/yoast-seo-wordpress\/ -->\n<title>El Teatro Reina Victoria de Madrid acoge el di\u00e1logo entre C\u00e9sar Antonio Molina y Nuria Labari conducido por Josep M\u00aa Pou, sobre senectud, a prop\u00f3sito de: El Padre - \u00c0fora Focus<\/title>\n<meta name=\"robots\" content=\"noindex, follow\" \/>\n<meta property=\"og:locale\" content=\"es_ES\" \/>\n<meta property=\"og:type\" content=\"article\" \/>\n<meta property=\"og:title\" content=\"El Teatro Reina Victoria de Madrid acoge el di\u00e1logo entre C\u00e9sar Antonio Molina y Nuria Labari conducido por Josep M\u00aa Pou, sobre senectud, a prop\u00f3sito de: El Padre - \u00c0fora Focus\" \/>\n<meta property=\"og:description\" content=\"La pasi\u00f3n razonada de Marco Tulio Cicer\u00f3n en su alegato a favor de la vejez De Senectute para que esta etapa de la vida sea aceptada y entendida como un momento donde a\u00fan es posible vivir y regenerarse. Se percibe la vejez, como en la antig\u00fcedad, como una etapa que nos aparta del disfrute de [&hellip;]\" \/>\n<meta property=\"og:url\" content=\"https:\/\/www.aforafocus.cat\/es\/acto\/el-teatro-reina-victoria-de-madrid-acoge-el-dialogo-entre-cesar-antonio-molina-y-nuria-labari-conducido-por-josep-ma-pou-sobre-senectud-a-proposito-de-el-padre\/\" \/>\n<meta property=\"og:site_name\" content=\"\u00c0fora Focus\" \/>\n<meta property=\"article:modified_time\" content=\"2024-04-09T09:12:49+00:00\" \/>\n<meta property=\"og:image\" content=\"https:\/\/www.aforafocus.cat\/wp-content\/uploads\/2024\/04\/acaa4083-a646-5a02-8d96-be5a26df3722.jpg\" \/>\n\t<meta property=\"og:image:width\" content=\"1124\" \/>\n\t<meta property=\"og:image:height\" content=\"910\" \/>\n\t<meta property=\"og:image:type\" content=\"image\/jpeg\" \/>\n<meta name=\"twitter:card\" content=\"summary_large_image\" \/>\n<meta name=\"twitter:site\" content=\"@aforafocus\" \/>\n<script type=\"application\/ld+json\" class=\"yoast-schema-graph\">{\"@context\":\"https:\\\/\\\/schema.org\",\"@graph\":[{\"@type\":\"WebPage\",\"@id\":\"https:\\\/\\\/www.aforafocus.cat\\\/es\\\/acto\\\/el-teatro-reina-victoria-de-madrid-acoge-el-dialogo-entre-cesar-antonio-molina-y-nuria-labari-conducido-por-josep-ma-pou-sobre-senectud-a-proposito-de-el-padre\\\/\",\"url\":\"https:\\\/\\\/www.aforafocus.cat\\\/es\\\/acto\\\/el-teatro-reina-victoria-de-madrid-acoge-el-dialogo-entre-cesar-antonio-molina-y-nuria-labari-conducido-por-josep-ma-pou-sobre-senectud-a-proposito-de-el-padre\\\/\",\"name\":\"El Teatro Reina Victoria de Madrid acoge el di\u00e1logo entre C\u00e9sar Antonio Molina y Nuria Labari conducido por Josep M\u00aa Pou, sobre senectud, a prop\u00f3sito de: El Padre - \u00c0fora Focus\",\"isPartOf\":{\"@id\":\"https:\\\/\\\/www.aforafocus.cat\\\/es\\\/#website\"},\"primaryImageOfPage\":{\"@id\":\"https:\\\/\\\/www.aforafocus.cat\\\/es\\\/acto\\\/el-teatro-reina-victoria-de-madrid-acoge-el-dialogo-entre-cesar-antonio-molina-y-nuria-labari-conducido-por-josep-ma-pou-sobre-senectud-a-proposito-de-el-padre\\\/#primaryimage\"},\"image\":{\"@id\":\"https:\\\/\\\/www.aforafocus.cat\\\/es\\\/acto\\\/el-teatro-reina-victoria-de-madrid-acoge-el-dialogo-entre-cesar-antonio-molina-y-nuria-labari-conducido-por-josep-ma-pou-sobre-senectud-a-proposito-de-el-padre\\\/#primaryimage\"},\"thumbnailUrl\":\"https:\\\/\\\/www.aforafocus.cat\\\/wp-content\\\/uploads\\\/2024\\\/04\\\/acaa4083-a646-5a02-8d96-be5a26df3722.jpg\",\"datePublished\":\"2024-04-09T07:42:04+00:00\",\"dateModified\":\"2024-04-09T09:12:49+00:00\",\"breadcrumb\":{\"@id\":\"https:\\\/\\\/www.aforafocus.cat\\\/es\\\/acto\\\/el-teatro-reina-victoria-de-madrid-acoge-el-dialogo-entre-cesar-antonio-molina-y-nuria-labari-conducido-por-josep-ma-pou-sobre-senectud-a-proposito-de-el-padre\\\/#breadcrumb\"},\"inLanguage\":\"es\",\"potentialAction\":[{\"@type\":\"ReadAction\",\"target\":[\"https:\\\/\\\/www.aforafocus.cat\\\/es\\\/acto\\\/el-teatro-reina-victoria-de-madrid-acoge-el-dialogo-entre-cesar-antonio-molina-y-nuria-labari-conducido-por-josep-ma-pou-sobre-senectud-a-proposito-de-el-padre\\\/\"]}]},{\"@type\":\"ImageObject\",\"inLanguage\":\"es\",\"@id\":\"https:\\\/\\\/www.aforafocus.cat\\\/es\\\/acto\\\/el-teatro-reina-victoria-de-madrid-acoge-el-dialogo-entre-cesar-antonio-molina-y-nuria-labari-conducido-por-josep-ma-pou-sobre-senectud-a-proposito-de-el-padre\\\/#primaryimage\",\"url\":\"https:\\\/\\\/www.aforafocus.cat\\\/wp-content\\\/uploads\\\/2024\\\/04\\\/acaa4083-a646-5a02-8d96-be5a26df3722.jpg\",\"contentUrl\":\"https:\\\/\\\/www.aforafocus.cat\\\/wp-content\\\/uploads\\\/2024\\\/04\\\/acaa4083-a646-5a02-8d96-be5a26df3722.jpg\",\"width\":1124,\"height\":910},{\"@type\":\"BreadcrumbList\",\"@id\":\"https:\\\/\\\/www.aforafocus.cat\\\/es\\\/acto\\\/el-teatro-reina-victoria-de-madrid-acoge-el-dialogo-entre-cesar-antonio-molina-y-nuria-labari-conducido-por-josep-ma-pou-sobre-senectud-a-proposito-de-el-padre\\\/#breadcrumb\",\"itemListElement\":[{\"@type\":\"ListItem\",\"position\":1,\"name\":\"Inici\",\"item\":\"https:\\\/\\\/www.aforafocus.cat\\\/es\\\/\"},{\"@type\":\"ListItem\",\"position\":2,\"name\":\"Actos\",\"item\":\"https:\\\/\\\/www.aforafocus.cat\\\/es\\\/acto\\\/\"},{\"@type\":\"ListItem\",\"position\":3,\"name\":\"El Teatro Reina Victoria de Madrid acoge el di\u00e1logo entre C\u00e9sar Antonio Molina y Nuria Labari conducido por Josep M\u00aa Pou, sobre senectud, a prop\u00f3sito de: El Padre\"}]},{\"@type\":\"WebSite\",\"@id\":\"https:\\\/\\\/www.aforafocus.cat\\\/es\\\/#website\",\"url\":\"https:\\\/\\\/www.aforafocus.cat\\\/es\\\/\",\"name\":\"\u00c0fora Focus\",\"description\":\"\u00c0fora \u00e9s l\u2019\u00e0gora del Grup Focus, un \u00e0mbit de reflexi\u00f3 i d\u2019activitats que t\u00e9 l\u2019\u00e0nim d\u2019incidir en la vida art\u00edstica, cultural i social.\",\"publisher\":{\"@id\":\"https:\\\/\\\/www.aforafocus.cat\\\/es\\\/#organization\"},\"potentialAction\":[{\"@type\":\"SearchAction\",\"target\":{\"@type\":\"EntryPoint\",\"urlTemplate\":\"https:\\\/\\\/www.aforafocus.cat\\\/es\\\/?s={search_term_string}\"},\"query-input\":{\"@type\":\"PropertyValueSpecification\",\"valueRequired\":true,\"valueName\":\"search_term_string\"}}],\"inLanguage\":\"es\"},{\"@type\":\"Organization\",\"@id\":\"https:\\\/\\\/www.aforafocus.cat\\\/es\\\/#organization\",\"name\":\"\u00c0fora Focus\",\"url\":\"https:\\\/\\\/www.aforafocus.cat\\\/es\\\/\",\"logo\":{\"@type\":\"ImageObject\",\"inLanguage\":\"es\",\"@id\":\"https:\\\/\\\/www.aforafocus.cat\\\/es\\\/#\\\/schema\\\/logo\\\/image\\\/\",\"url\":\"https:\\\/\\\/www.aforafocus.cat\\\/wp-content\\\/uploads\\\/2021\\\/12\\\/logo-afora-focus.png\",\"contentUrl\":\"https:\\\/\\\/www.aforafocus.cat\\\/wp-content\\\/uploads\\\/2021\\\/12\\\/logo-afora-focus.png\",\"width\":662,\"height\":662,\"caption\":\"\u00c0fora Focus\"},\"image\":{\"@id\":\"https:\\\/\\\/www.aforafocus.cat\\\/es\\\/#\\\/schema\\\/logo\\\/image\\\/\"},\"sameAs\":[\"https:\\\/\\\/x.com\\\/aforafocus\",\"https:\\\/\\\/www.instagram.com\\\/aforafocus\\\/\"]}]}<\/script>\n<!-- \/ Yoast SEO plugin. -->","yoast_head_json":{"title":"El Teatro Reina Victoria de Madrid acoge el di\u00e1logo entre C\u00e9sar Antonio Molina y Nuria Labari conducido por Josep M\u00aa Pou, sobre senectud, a prop\u00f3sito de: El Padre - \u00c0fora Focus","robots":{"index":"noindex","follow":"follow"},"og_locale":"es_ES","og_type":"article","og_title":"El Teatro Reina Victoria de Madrid acoge el di\u00e1logo entre C\u00e9sar Antonio Molina y Nuria Labari conducido por Josep M\u00aa Pou, sobre senectud, a prop\u00f3sito de: El Padre - \u00c0fora Focus","og_description":"La pasi\u00f3n razonada de Marco Tulio Cicer\u00f3n en su alegato a favor de la vejez De Senectute para que esta etapa de la vida sea aceptada y entendida como un momento donde a\u00fan es posible vivir y regenerarse. Se percibe la vejez, como en la antig\u00fcedad, como una etapa que nos aparta del disfrute de [&hellip;]","og_url":"https:\/\/www.aforafocus.cat\/es\/acto\/el-teatro-reina-victoria-de-madrid-acoge-el-dialogo-entre-cesar-antonio-molina-y-nuria-labari-conducido-por-josep-ma-pou-sobre-senectud-a-proposito-de-el-padre\/","og_site_name":"\u00c0fora Focus","article_modified_time":"2024-04-09T09:12:49+00:00","og_image":[{"width":1124,"height":910,"url":"https:\/\/www.aforafocus.cat\/wp-content\/uploads\/2024\/04\/acaa4083-a646-5a02-8d96-be5a26df3722.jpg","type":"image\/jpeg"}],"twitter_card":"summary_large_image","twitter_site":"@aforafocus","schema":{"@context":"https:\/\/schema.org","@graph":[{"@type":"WebPage","@id":"https:\/\/www.aforafocus.cat\/es\/acto\/el-teatro-reina-victoria-de-madrid-acoge-el-dialogo-entre-cesar-antonio-molina-y-nuria-labari-conducido-por-josep-ma-pou-sobre-senectud-a-proposito-de-el-padre\/","url":"https:\/\/www.aforafocus.cat\/es\/acto\/el-teatro-reina-victoria-de-madrid-acoge-el-dialogo-entre-cesar-antonio-molina-y-nuria-labari-conducido-por-josep-ma-pou-sobre-senectud-a-proposito-de-el-padre\/","name":"El Teatro Reina Victoria de Madrid acoge el di\u00e1logo entre C\u00e9sar Antonio Molina y Nuria Labari conducido por Josep M\u00aa Pou, sobre senectud, a prop\u00f3sito de: El Padre - \u00c0fora Focus","isPartOf":{"@id":"https:\/\/www.aforafocus.cat\/es\/#website"},"primaryImageOfPage":{"@id":"https:\/\/www.aforafocus.cat\/es\/acto\/el-teatro-reina-victoria-de-madrid-acoge-el-dialogo-entre-cesar-antonio-molina-y-nuria-labari-conducido-por-josep-ma-pou-sobre-senectud-a-proposito-de-el-padre\/#primaryimage"},"image":{"@id":"https:\/\/www.aforafocus.cat\/es\/acto\/el-teatro-reina-victoria-de-madrid-acoge-el-dialogo-entre-cesar-antonio-molina-y-nuria-labari-conducido-por-josep-ma-pou-sobre-senectud-a-proposito-de-el-padre\/#primaryimage"},"thumbnailUrl":"https:\/\/www.aforafocus.cat\/wp-content\/uploads\/2024\/04\/acaa4083-a646-5a02-8d96-be5a26df3722.jpg","datePublished":"2024-04-09T07:42:04+00:00","dateModified":"2024-04-09T09:12:49+00:00","breadcrumb":{"@id":"https:\/\/www.aforafocus.cat\/es\/acto\/el-teatro-reina-victoria-de-madrid-acoge-el-dialogo-entre-cesar-antonio-molina-y-nuria-labari-conducido-por-josep-ma-pou-sobre-senectud-a-proposito-de-el-padre\/#breadcrumb"},"inLanguage":"es","potentialAction":[{"@type":"ReadAction","target":["https:\/\/www.aforafocus.cat\/es\/acto\/el-teatro-reina-victoria-de-madrid-acoge-el-dialogo-entre-cesar-antonio-molina-y-nuria-labari-conducido-por-josep-ma-pou-sobre-senectud-a-proposito-de-el-padre\/"]}]},{"@type":"ImageObject","inLanguage":"es","@id":"https:\/\/www.aforafocus.cat\/es\/acto\/el-teatro-reina-victoria-de-madrid-acoge-el-dialogo-entre-cesar-antonio-molina-y-nuria-labari-conducido-por-josep-ma-pou-sobre-senectud-a-proposito-de-el-padre\/#primaryimage","url":"https:\/\/www.aforafocus.cat\/wp-content\/uploads\/2024\/04\/acaa4083-a646-5a02-8d96-be5a26df3722.jpg","contentUrl":"https:\/\/www.aforafocus.cat\/wp-content\/uploads\/2024\/04\/acaa4083-a646-5a02-8d96-be5a26df3722.jpg","width":1124,"height":910},{"@type":"BreadcrumbList","@id":"https:\/\/www.aforafocus.cat\/es\/acto\/el-teatro-reina-victoria-de-madrid-acoge-el-dialogo-entre-cesar-antonio-molina-y-nuria-labari-conducido-por-josep-ma-pou-sobre-senectud-a-proposito-de-el-padre\/#breadcrumb","itemListElement":[{"@type":"ListItem","position":1,"name":"Inici","item":"https:\/\/www.aforafocus.cat\/es\/"},{"@type":"ListItem","position":2,"name":"Actos","item":"https:\/\/www.aforafocus.cat\/es\/acto\/"},{"@type":"ListItem","position":3,"name":"El Teatro Reina Victoria de Madrid acoge el di\u00e1logo entre C\u00e9sar Antonio Molina y Nuria Labari conducido por Josep M\u00aa Pou, sobre senectud, a prop\u00f3sito de: El Padre"}]},{"@type":"WebSite","@id":"https:\/\/www.aforafocus.cat\/es\/#website","url":"https:\/\/www.aforafocus.cat\/es\/","name":"\u00c0fora Focus","description":"\u00c0fora \u00e9s l\u2019\u00e0gora del Grup Focus, un \u00e0mbit de reflexi\u00f3 i d\u2019activitats que t\u00e9 l\u2019\u00e0nim d\u2019incidir en la vida art\u00edstica, cultural i social.","publisher":{"@id":"https:\/\/www.aforafocus.cat\/es\/#organization"},"potentialAction":[{"@type":"SearchAction","target":{"@type":"EntryPoint","urlTemplate":"https:\/\/www.aforafocus.cat\/es\/?s={search_term_string}"},"query-input":{"@type":"PropertyValueSpecification","valueRequired":true,"valueName":"search_term_string"}}],"inLanguage":"es"},{"@type":"Organization","@id":"https:\/\/www.aforafocus.cat\/es\/#organization","name":"\u00c0fora Focus","url":"https:\/\/www.aforafocus.cat\/es\/","logo":{"@type":"ImageObject","inLanguage":"es","@id":"https:\/\/www.aforafocus.cat\/es\/#\/schema\/logo\/image\/","url":"https:\/\/www.aforafocus.cat\/wp-content\/uploads\/2021\/12\/logo-afora-focus.png","contentUrl":"https:\/\/www.aforafocus.cat\/wp-content\/uploads\/2021\/12\/logo-afora-focus.png","width":662,"height":662,"caption":"\u00c0fora Focus"},"image":{"@id":"https:\/\/www.aforafocus.cat\/es\/#\/schema\/logo\/image\/"},"sameAs":["https:\/\/x.com\/aforafocus","https:\/\/www.instagram.com\/aforafocus\/"]}]}},"_links":{"self":[{"href":"https:\/\/www.aforafocus.cat\/es\/wp-json\/wp\/v2\/acte\/256781","targetHints":{"allow":["GET"]}}],"collection":[{"href":"https:\/\/www.aforafocus.cat\/es\/wp-json\/wp\/v2\/acte"}],"about":[{"href":"https:\/\/www.aforafocus.cat\/es\/wp-json\/wp\/v2\/types\/acte"}],"wp:featuredmedia":[{"embeddable":true,"href":"https:\/\/www.aforafocus.cat\/es\/wp-json\/wp\/v2\/media\/256780"}],"wp:attachment":[{"href":"https:\/\/www.aforafocus.cat\/es\/wp-json\/wp\/v2\/media?parent=256781"}],"wp:term":[{"taxonomy":"branca","embeddable":true,"href":"https:\/\/www.aforafocus.cat\/es\/wp-json\/wp\/v2\/branca?post=256781"},{"taxonomy":"idioma","embeddable":true,"href":"https:\/\/www.aforafocus.cat\/es\/wp-json\/wp\/v2\/idioma?post=256781"}],"curies":[{"name":"wp","href":"https:\/\/api.w.org\/{rel}","templated":true}]}}