{"id":256846,"date":"2024-04-15T09:01:30","date_gmt":"2024-04-15T08:01:30","guid":{"rendered":"https:\/\/www.aforafocus.cat\/acte\/el-enterrador-de-paterna\/"},"modified":"2024-04-15T09:05:39","modified_gmt":"2024-04-15T08:05:39","slug":"el-enterrador-de-paterna","status":"publish","type":"acte","link":"https:\/\/www.aforafocus.cat\/es\/acto\/el-enterrador-de-paterna\/","title":{"rendered":"El enterrador de Paterna"},"content":{"rendered":"\n<p>El enterrador de Paterna, un encuentro con el pasado conflictivo a trav\u00e9s del teatro y la literatura<\/p>\n\n<p>\u00bfSon el teatro y la literatura unos medios adecuados para difundir la memoria hist\u00f3rica, aquellos hechos del pasado que todav\u00eda nos interpelan y que es necesario conocer para afrontar un presente y un futuro cada vez m\u00e1s convulso?<br\/>Podremos comprobarlo viendo el mon\u00f3logo teatral El enterrador, de Gerard V\u00e1zquez y Pepe Zapata, y la novela gr\u00e1fica El abismo del olvido, de Paco Roca y Rodrigo Terrasa, ambas propuestas basadas en la biograf\u00eda real de Leoncio Bad\u00eda Navarro, &#8216; el enterrador de Paterna&#8217;, un republicano represaliado que s\u00f3lo encuentra trabajo en el cementerio de su pueblo. Sus reflexiones y dilemas en torno a los conflictos b\u00e9licos, el comportamiento humano en situaciones l\u00edmite y de c\u00f3mo encarar el pasado conflictivo, fruto de una dura experiencia propia, nos ayudar\u00e1 a valorar c\u00f3mo nos relacionamos con aquellos hechos de nuestra historia que todav\u00eda arrastramos, como los cientos de fosas que restan por abrir, los miles de desaparecidos o la necesidad de una justicia reparadora, despu\u00e9s de m\u00e1s de 80 a\u00f1os de terminada la Guerra Civil. Nuestro enterrador, como Ant\u00edgona, actuar\u00e1.<br\/>\u00bfSer\u00edamos capaces de hacerlo nosotros? \u00bfEs necesario preservar la memoria de estos hechos? \u00bfHay que recordar o mejor olvidar? \u00bfEnterrar o desenterrar? \u00bfC\u00f3mo y cu\u00e1ndo? \u00bfEl teatro y la literatura, como la historia, pueden ser magistra vitae (maestra de la vida)? Quiz\u00e1s con &#8216;El enterrador de Paterna&#8217; encontraremos alguna respuesta.<br\/>Horario:<br\/>19:00 \u2013 Conversaci\u00f3n conducida por V\u00edctor Amela, con Paco Roca y Rodrigo Terrassa, autores de El Abismo del Olvido y Gerard V\u00e1zquez y Pepe Zapata autores del Enterrador<br\/>20:00 \u2013 Lectura dramatizada<\/p>\n","protected":false},"featured_media":256802,"template":"","branca":[80],"idioma":[41],"class_list":["post-256846","acte","type-acte","status-publish","has-post-thumbnail","hentry","branca-fundacio-romea-es","idioma-catalan"],"yoast_head":"<!-- This site is optimized with the Yoast SEO plugin v27.5 - https:\/\/yoast.com\/product\/yoast-seo-wordpress\/ -->\n<title>El enterrador de Paterna - \u00c0fora Focus<\/title>\n<meta name=\"robots\" content=\"noindex, follow\" \/>\n<meta property=\"og:locale\" content=\"es_ES\" \/>\n<meta property=\"og:type\" content=\"article\" \/>\n<meta property=\"og:title\" content=\"El enterrador de Paterna - \u00c0fora Focus\" \/>\n<meta property=\"og:description\" content=\"El enterrador de Paterna, un encuentro con el pasado conflictivo a trav\u00e9s del teatro y la literatura \u00bfSon el teatro y la literatura unos medios adecuados para difundir la memoria hist\u00f3rica, aquellos hechos del pasado que todav\u00eda nos interpelan y que es necesario conocer para afrontar un presente y un futuro cada vez m\u00e1s convulso?Podremos [&hellip;]\" \/>\n<meta property=\"og:url\" content=\"https:\/\/www.aforafocus.cat\/es\/acto\/el-enterrador-de-paterna\/\" \/>\n<meta property=\"og:site_name\" content=\"\u00c0fora Focus\" \/>\n<meta property=\"article:modified_time\" content=\"2024-04-15T08:05:39+00:00\" \/>\n<meta property=\"og:image\" content=\"https:\/\/www.aforafocus.cat\/wp-content\/uploads\/2024\/04\/785fbfa1-1363-49a2-b9b4-1e47551709e8-2-scaled-e1710763635682-1124x735-2.jpg\" \/>\n\t<meta property=\"og:image:width\" content=\"1124\" \/>\n\t<meta property=\"og:image:height\" content=\"735\" \/>\n\t<meta property=\"og:image:type\" content=\"image\/jpeg\" \/>\n<meta name=\"twitter:card\" content=\"summary_large_image\" \/>\n<meta name=\"twitter:site\" content=\"@aforafocus\" \/>\n<script type=\"application\/ld+json\" class=\"yoast-schema-graph\">{\"@context\":\"https:\\\/\\\/schema.org\",\"@graph\":[{\"@type\":\"WebPage\",\"@id\":\"https:\\\/\\\/www.aforafocus.cat\\\/es\\\/acto\\\/el-enterrador-de-paterna\\\/\",\"url\":\"https:\\\/\\\/www.aforafocus.cat\\\/es\\\/acto\\\/el-enterrador-de-paterna\\\/\",\"name\":\"El enterrador de Paterna - \u00c0fora Focus\",\"isPartOf\":{\"@id\":\"https:\\\/\\\/www.aforafocus.cat\\\/es\\\/#website\"},\"primaryImageOfPage\":{\"@id\":\"https:\\\/\\\/www.aforafocus.cat\\\/es\\\/acto\\\/el-enterrador-de-paterna\\\/#primaryimage\"},\"image\":{\"@id\":\"https:\\\/\\\/www.aforafocus.cat\\\/es\\\/acto\\\/el-enterrador-de-paterna\\\/#primaryimage\"},\"thumbnailUrl\":\"https:\\\/\\\/www.aforafocus.cat\\\/wp-content\\\/uploads\\\/2024\\\/04\\\/785fbfa1-1363-49a2-b9b4-1e47551709e8-2-scaled-e1710763635682-1124x735-2.jpg\",\"datePublished\":\"2024-04-15T08:01:30+00:00\",\"dateModified\":\"2024-04-15T08:05:39+00:00\",\"breadcrumb\":{\"@id\":\"https:\\\/\\\/www.aforafocus.cat\\\/es\\\/acto\\\/el-enterrador-de-paterna\\\/#breadcrumb\"},\"inLanguage\":\"es\",\"potentialAction\":[{\"@type\":\"ReadAction\",\"target\":[\"https:\\\/\\\/www.aforafocus.cat\\\/es\\\/acto\\\/el-enterrador-de-paterna\\\/\"]}]},{\"@type\":\"ImageObject\",\"inLanguage\":\"es\",\"@id\":\"https:\\\/\\\/www.aforafocus.cat\\\/es\\\/acto\\\/el-enterrador-de-paterna\\\/#primaryimage\",\"url\":\"https:\\\/\\\/www.aforafocus.cat\\\/wp-content\\\/uploads\\\/2024\\\/04\\\/785fbfa1-1363-49a2-b9b4-1e47551709e8-2-scaled-e1710763635682-1124x735-2.jpg\",\"contentUrl\":\"https:\\\/\\\/www.aforafocus.cat\\\/wp-content\\\/uploads\\\/2024\\\/04\\\/785fbfa1-1363-49a2-b9b4-1e47551709e8-2-scaled-e1710763635682-1124x735-2.jpg\",\"width\":1124,\"height\":735},{\"@type\":\"BreadcrumbList\",\"@id\":\"https:\\\/\\\/www.aforafocus.cat\\\/es\\\/acto\\\/el-enterrador-de-paterna\\\/#breadcrumb\",\"itemListElement\":[{\"@type\":\"ListItem\",\"position\":1,\"name\":\"Inici\",\"item\":\"https:\\\/\\\/www.aforafocus.cat\\\/es\\\/\"},{\"@type\":\"ListItem\",\"position\":2,\"name\":\"Actos\",\"item\":\"https:\\\/\\\/www.aforafocus.cat\\\/es\\\/acto\\\/\"},{\"@type\":\"ListItem\",\"position\":3,\"name\":\"El enterrador de Paterna\"}]},{\"@type\":\"WebSite\",\"@id\":\"https:\\\/\\\/www.aforafocus.cat\\\/es\\\/#website\",\"url\":\"https:\\\/\\\/www.aforafocus.cat\\\/es\\\/\",\"name\":\"\u00c0fora Focus\",\"description\":\"\u00c0fora \u00e9s l\u2019\u00e0gora del Grup Focus, un \u00e0mbit de reflexi\u00f3 i d\u2019activitats que t\u00e9 l\u2019\u00e0nim d\u2019incidir en la vida art\u00edstica, cultural i social.\",\"publisher\":{\"@id\":\"https:\\\/\\\/www.aforafocus.cat\\\/es\\\/#organization\"},\"potentialAction\":[{\"@type\":\"SearchAction\",\"target\":{\"@type\":\"EntryPoint\",\"urlTemplate\":\"https:\\\/\\\/www.aforafocus.cat\\\/es\\\/?s={search_term_string}\"},\"query-input\":{\"@type\":\"PropertyValueSpecification\",\"valueRequired\":true,\"valueName\":\"search_term_string\"}}],\"inLanguage\":\"es\"},{\"@type\":\"Organization\",\"@id\":\"https:\\\/\\\/www.aforafocus.cat\\\/es\\\/#organization\",\"name\":\"\u00c0fora Focus\",\"url\":\"https:\\\/\\\/www.aforafocus.cat\\\/es\\\/\",\"logo\":{\"@type\":\"ImageObject\",\"inLanguage\":\"es\",\"@id\":\"https:\\\/\\\/www.aforafocus.cat\\\/es\\\/#\\\/schema\\\/logo\\\/image\\\/\",\"url\":\"https:\\\/\\\/www.aforafocus.cat\\\/wp-content\\\/uploads\\\/2021\\\/12\\\/logo-afora-focus.png\",\"contentUrl\":\"https:\\\/\\\/www.aforafocus.cat\\\/wp-content\\\/uploads\\\/2021\\\/12\\\/logo-afora-focus.png\",\"width\":662,\"height\":662,\"caption\":\"\u00c0fora Focus\"},\"image\":{\"@id\":\"https:\\\/\\\/www.aforafocus.cat\\\/es\\\/#\\\/schema\\\/logo\\\/image\\\/\"},\"sameAs\":[\"https:\\\/\\\/x.com\\\/aforafocus\",\"https:\\\/\\\/www.instagram.com\\\/aforafocus\\\/\"]}]}<\/script>\n<!-- \/ Yoast SEO plugin. -->","yoast_head_json":{"title":"El enterrador de Paterna - \u00c0fora Focus","robots":{"index":"noindex","follow":"follow"},"og_locale":"es_ES","og_type":"article","og_title":"El enterrador de Paterna - \u00c0fora Focus","og_description":"El enterrador de Paterna, un encuentro con el pasado conflictivo a trav\u00e9s del teatro y la literatura \u00bfSon el teatro y la literatura unos medios adecuados para difundir la memoria hist\u00f3rica, aquellos hechos del pasado que todav\u00eda nos interpelan y que es necesario conocer para afrontar un presente y un futuro cada vez m\u00e1s convulso?Podremos [&hellip;]","og_url":"https:\/\/www.aforafocus.cat\/es\/acto\/el-enterrador-de-paterna\/","og_site_name":"\u00c0fora Focus","article_modified_time":"2024-04-15T08:05:39+00:00","og_image":[{"width":1124,"height":735,"url":"https:\/\/www.aforafocus.cat\/wp-content\/uploads\/2024\/04\/785fbfa1-1363-49a2-b9b4-1e47551709e8-2-scaled-e1710763635682-1124x735-2.jpg","type":"image\/jpeg"}],"twitter_card":"summary_large_image","twitter_site":"@aforafocus","schema":{"@context":"https:\/\/schema.org","@graph":[{"@type":"WebPage","@id":"https:\/\/www.aforafocus.cat\/es\/acto\/el-enterrador-de-paterna\/","url":"https:\/\/www.aforafocus.cat\/es\/acto\/el-enterrador-de-paterna\/","name":"El enterrador de Paterna - \u00c0fora Focus","isPartOf":{"@id":"https:\/\/www.aforafocus.cat\/es\/#website"},"primaryImageOfPage":{"@id":"https:\/\/www.aforafocus.cat\/es\/acto\/el-enterrador-de-paterna\/#primaryimage"},"image":{"@id":"https:\/\/www.aforafocus.cat\/es\/acto\/el-enterrador-de-paterna\/#primaryimage"},"thumbnailUrl":"https:\/\/www.aforafocus.cat\/wp-content\/uploads\/2024\/04\/785fbfa1-1363-49a2-b9b4-1e47551709e8-2-scaled-e1710763635682-1124x735-2.jpg","datePublished":"2024-04-15T08:01:30+00:00","dateModified":"2024-04-15T08:05:39+00:00","breadcrumb":{"@id":"https:\/\/www.aforafocus.cat\/es\/acto\/el-enterrador-de-paterna\/#breadcrumb"},"inLanguage":"es","potentialAction":[{"@type":"ReadAction","target":["https:\/\/www.aforafocus.cat\/es\/acto\/el-enterrador-de-paterna\/"]}]},{"@type":"ImageObject","inLanguage":"es","@id":"https:\/\/www.aforafocus.cat\/es\/acto\/el-enterrador-de-paterna\/#primaryimage","url":"https:\/\/www.aforafocus.cat\/wp-content\/uploads\/2024\/04\/785fbfa1-1363-49a2-b9b4-1e47551709e8-2-scaled-e1710763635682-1124x735-2.jpg","contentUrl":"https:\/\/www.aforafocus.cat\/wp-content\/uploads\/2024\/04\/785fbfa1-1363-49a2-b9b4-1e47551709e8-2-scaled-e1710763635682-1124x735-2.jpg","width":1124,"height":735},{"@type":"BreadcrumbList","@id":"https:\/\/www.aforafocus.cat\/es\/acto\/el-enterrador-de-paterna\/#breadcrumb","itemListElement":[{"@type":"ListItem","position":1,"name":"Inici","item":"https:\/\/www.aforafocus.cat\/es\/"},{"@type":"ListItem","position":2,"name":"Actos","item":"https:\/\/www.aforafocus.cat\/es\/acto\/"},{"@type":"ListItem","position":3,"name":"El enterrador de Paterna"}]},{"@type":"WebSite","@id":"https:\/\/www.aforafocus.cat\/es\/#website","url":"https:\/\/www.aforafocus.cat\/es\/","name":"\u00c0fora Focus","description":"\u00c0fora \u00e9s l\u2019\u00e0gora del Grup Focus, un \u00e0mbit de reflexi\u00f3 i d\u2019activitats que t\u00e9 l\u2019\u00e0nim d\u2019incidir en la vida art\u00edstica, cultural i social.","publisher":{"@id":"https:\/\/www.aforafocus.cat\/es\/#organization"},"potentialAction":[{"@type":"SearchAction","target":{"@type":"EntryPoint","urlTemplate":"https:\/\/www.aforafocus.cat\/es\/?s={search_term_string}"},"query-input":{"@type":"PropertyValueSpecification","valueRequired":true,"valueName":"search_term_string"}}],"inLanguage":"es"},{"@type":"Organization","@id":"https:\/\/www.aforafocus.cat\/es\/#organization","name":"\u00c0fora Focus","url":"https:\/\/www.aforafocus.cat\/es\/","logo":{"@type":"ImageObject","inLanguage":"es","@id":"https:\/\/www.aforafocus.cat\/es\/#\/schema\/logo\/image\/","url":"https:\/\/www.aforafocus.cat\/wp-content\/uploads\/2021\/12\/logo-afora-focus.png","contentUrl":"https:\/\/www.aforafocus.cat\/wp-content\/uploads\/2021\/12\/logo-afora-focus.png","width":662,"height":662,"caption":"\u00c0fora Focus"},"image":{"@id":"https:\/\/www.aforafocus.cat\/es\/#\/schema\/logo\/image\/"},"sameAs":["https:\/\/x.com\/aforafocus","https:\/\/www.instagram.com\/aforafocus\/"]}]}},"_links":{"self":[{"href":"https:\/\/www.aforafocus.cat\/es\/wp-json\/wp\/v2\/acte\/256846","targetHints":{"allow":["GET"]}}],"collection":[{"href":"https:\/\/www.aforafocus.cat\/es\/wp-json\/wp\/v2\/acte"}],"about":[{"href":"https:\/\/www.aforafocus.cat\/es\/wp-json\/wp\/v2\/types\/acte"}],"wp:featuredmedia":[{"embeddable":true,"href":"https:\/\/www.aforafocus.cat\/es\/wp-json\/wp\/v2\/media\/256802"}],"wp:attachment":[{"href":"https:\/\/www.aforafocus.cat\/es\/wp-json\/wp\/v2\/media?parent=256846"}],"wp:term":[{"taxonomy":"branca","embeddable":true,"href":"https:\/\/www.aforafocus.cat\/es\/wp-json\/wp\/v2\/branca?post=256846"},{"taxonomy":"idioma","embeddable":true,"href":"https:\/\/www.aforafocus.cat\/es\/wp-json\/wp\/v2\/idioma?post=256846"}],"curies":[{"name":"wp","href":"https:\/\/api.w.org\/{rel}","templated":true}]}}