{"id":1999,"date":"2022-01-24T09:57:43","date_gmt":"2022-01-24T08:57:43","guid":{"rendered":"https:\/\/www.aforafocus.cat\/comunicacio\/noticiario-25-de-octubre\/"},"modified":"2022-02-24T09:06:39","modified_gmt":"2022-02-24T08:06:39","slug":"noticiario-25-de-octubre","status":"publish","type":"comunicacio","link":"https:\/\/www.aforafocus.cat\/es\/comunicacion\/noticiario-25-de-octubre\/","title":{"rendered":"Noticiario &#8211; \u00abRecreando el para\u00edso perdido\u00bb"},"content":{"rendered":"\n<blockquote class=\"wp-block-quote is-layout-flow wp-block-quote-is-layout-flow\"><p>Hoy a las 19h la <strong>Fundaci\u00f3n Romea para las artes esc\u00e9nicas<\/strong><\/p><cite>presenta en el Teatre Romea\u00a0<strong>\u00abRecreando el para\u00edso perdido\u00bb.<\/strong><\/cite><\/blockquote>\n\n<p>Una conversaci\u00f3n entre\u00a0\u00a0<strong>Helena Tornero\u00a0<\/strong>y\u00a0<strong>Pablo Auladell\u00a0<\/strong>conducida por\u00a0<strong>F\u00e8lix Riera,<\/strong>\u00a0director de la Fundaci\u00f3n, en el marco de las actividades de <strong> \u00c2fuera. <\/strong><\/p>\n","protected":false},"featured_media":0,"template":"","branca":[80],"idioma":[],"class_list":["post-1999","comunicacio","type-comunicacio","status-publish","hentry","branca-fundacio-romea-es"],"yoast_head":"<!-- This site is optimized with the Yoast SEO plugin v27.5 - https:\/\/yoast.com\/product\/yoast-seo-wordpress\/ -->\n<title>Noticiario - \u00abRecreando el para\u00edso perdido\u00bb - \u00c0fora Focus<\/title>\n<meta name=\"robots\" content=\"noindex, follow\" \/>\n<meta property=\"og:locale\" content=\"es_ES\" \/>\n<meta property=\"og:type\" content=\"article\" \/>\n<meta property=\"og:title\" content=\"Noticiario - \u00abRecreando el para\u00edso perdido\u00bb - \u00c0fora Focus\" \/>\n<meta property=\"og:description\" content=\"Hoy a las 19h la Fundaci\u00f3n Romea para las artes esc\u00e9nicas presenta en el Teatre Romea\u00a0\u00abRecreando el para\u00edso perdido\u00bb. Una conversaci\u00f3n entre\u00a0\u00a0Helena Tornero\u00a0y\u00a0Pablo Auladell\u00a0conducida por\u00a0F\u00e8lix Riera,\u00a0director de la Fundaci\u00f3n, en el marco de las actividades de \u00c2fuera.\" \/>\n<meta property=\"og:url\" content=\"https:\/\/www.aforafocus.cat\/es\/comunicacion\/noticiario-25-de-octubre\/\" \/>\n<meta property=\"og:site_name\" content=\"\u00c0fora Focus\" \/>\n<meta property=\"article:modified_time\" content=\"2022-02-24T08:06:39+00:00\" \/>\n<meta name=\"twitter:card\" content=\"summary_large_image\" \/>\n<meta name=\"twitter:site\" content=\"@aforafocus\" \/>\n<script type=\"application\/ld+json\" class=\"yoast-schema-graph\">{\"@context\":\"https:\\\/\\\/schema.org\",\"@graph\":[{\"@type\":\"WebPage\",\"@id\":\"https:\\\/\\\/www.aforafocus.cat\\\/es\\\/comunicacion\\\/noticiario-25-de-octubre\\\/\",\"url\":\"https:\\\/\\\/www.aforafocus.cat\\\/es\\\/comunicacion\\\/noticiario-25-de-octubre\\\/\",\"name\":\"Noticiario - \u00abRecreando el para\u00edso perdido\u00bb - \u00c0fora Focus\",\"isPartOf\":{\"@id\":\"https:\\\/\\\/www.aforafocus.cat\\\/es\\\/#website\"},\"datePublished\":\"2022-01-24T08:57:43+00:00\",\"dateModified\":\"2022-02-24T08:06:39+00:00\",\"breadcrumb\":{\"@id\":\"https:\\\/\\\/www.aforafocus.cat\\\/es\\\/comunicacion\\\/noticiario-25-de-octubre\\\/#breadcrumb\"},\"inLanguage\":\"es\",\"potentialAction\":[{\"@type\":\"ReadAction\",\"target\":[\"https:\\\/\\\/www.aforafocus.cat\\\/es\\\/comunicacion\\\/noticiario-25-de-octubre\\\/\"]}]},{\"@type\":\"BreadcrumbList\",\"@id\":\"https:\\\/\\\/www.aforafocus.cat\\\/es\\\/comunicacion\\\/noticiario-25-de-octubre\\\/#breadcrumb\",\"itemListElement\":[{\"@type\":\"ListItem\",\"position\":1,\"name\":\"Inici\",\"item\":\"https:\\\/\\\/www.aforafocus.cat\\\/es\\\/\"},{\"@type\":\"ListItem\",\"position\":2,\"name\":\"Comunicaciones\",\"item\":\"https:\\\/\\\/www.aforafocus.cat\\\/es\\\/comunicacion\\\/\"},{\"@type\":\"ListItem\",\"position\":3,\"name\":\"Noticiario &#8211; \u00abRecreando el para\u00edso perdido\u00bb\"}]},{\"@type\":\"WebSite\",\"@id\":\"https:\\\/\\\/www.aforafocus.cat\\\/es\\\/#website\",\"url\":\"https:\\\/\\\/www.aforafocus.cat\\\/es\\\/\",\"name\":\"\u00c0fora Focus\",\"description\":\"\u00c0fora \u00e9s l\u2019\u00e0gora del Grup Focus, un \u00e0mbit de reflexi\u00f3 i d\u2019activitats que t\u00e9 l\u2019\u00e0nim d\u2019incidir en la vida art\u00edstica, cultural i social.\",\"publisher\":{\"@id\":\"https:\\\/\\\/www.aforafocus.cat\\\/es\\\/#organization\"},\"potentialAction\":[{\"@type\":\"SearchAction\",\"target\":{\"@type\":\"EntryPoint\",\"urlTemplate\":\"https:\\\/\\\/www.aforafocus.cat\\\/es\\\/?s={search_term_string}\"},\"query-input\":{\"@type\":\"PropertyValueSpecification\",\"valueRequired\":true,\"valueName\":\"search_term_string\"}}],\"inLanguage\":\"es\"},{\"@type\":\"Organization\",\"@id\":\"https:\\\/\\\/www.aforafocus.cat\\\/es\\\/#organization\",\"name\":\"\u00c0fora Focus\",\"url\":\"https:\\\/\\\/www.aforafocus.cat\\\/es\\\/\",\"logo\":{\"@type\":\"ImageObject\",\"inLanguage\":\"es\",\"@id\":\"https:\\\/\\\/www.aforafocus.cat\\\/es\\\/#\\\/schema\\\/logo\\\/image\\\/\",\"url\":\"https:\\\/\\\/www.aforafocus.cat\\\/wp-content\\\/uploads\\\/2021\\\/12\\\/logo-afora-focus.png\",\"contentUrl\":\"https:\\\/\\\/www.aforafocus.cat\\\/wp-content\\\/uploads\\\/2021\\\/12\\\/logo-afora-focus.png\",\"width\":662,\"height\":662,\"caption\":\"\u00c0fora Focus\"},\"image\":{\"@id\":\"https:\\\/\\\/www.aforafocus.cat\\\/es\\\/#\\\/schema\\\/logo\\\/image\\\/\"},\"sameAs\":[\"https:\\\/\\\/x.com\\\/aforafocus\",\"https:\\\/\\\/www.instagram.com\\\/aforafocus\\\/\"]}]}<\/script>\n<!-- \/ Yoast SEO plugin. -->","yoast_head_json":{"title":"Noticiario - \u00abRecreando el para\u00edso perdido\u00bb - \u00c0fora Focus","robots":{"index":"noindex","follow":"follow"},"og_locale":"es_ES","og_type":"article","og_title":"Noticiario - \u00abRecreando el para\u00edso perdido\u00bb - \u00c0fora Focus","og_description":"Hoy a las 19h la Fundaci\u00f3n Romea para las artes esc\u00e9nicas presenta en el Teatre Romea\u00a0\u00abRecreando el para\u00edso perdido\u00bb. Una conversaci\u00f3n entre\u00a0\u00a0Helena Tornero\u00a0y\u00a0Pablo Auladell\u00a0conducida por\u00a0F\u00e8lix Riera,\u00a0director de la Fundaci\u00f3n, en el marco de las actividades de \u00c2fuera.","og_url":"https:\/\/www.aforafocus.cat\/es\/comunicacion\/noticiario-25-de-octubre\/","og_site_name":"\u00c0fora Focus","article_modified_time":"2022-02-24T08:06:39+00:00","twitter_card":"summary_large_image","twitter_site":"@aforafocus","schema":{"@context":"https:\/\/schema.org","@graph":[{"@type":"WebPage","@id":"https:\/\/www.aforafocus.cat\/es\/comunicacion\/noticiario-25-de-octubre\/","url":"https:\/\/www.aforafocus.cat\/es\/comunicacion\/noticiario-25-de-octubre\/","name":"Noticiario - \u00abRecreando el para\u00edso perdido\u00bb - \u00c0fora Focus","isPartOf":{"@id":"https:\/\/www.aforafocus.cat\/es\/#website"},"datePublished":"2022-01-24T08:57:43+00:00","dateModified":"2022-02-24T08:06:39+00:00","breadcrumb":{"@id":"https:\/\/www.aforafocus.cat\/es\/comunicacion\/noticiario-25-de-octubre\/#breadcrumb"},"inLanguage":"es","potentialAction":[{"@type":"ReadAction","target":["https:\/\/www.aforafocus.cat\/es\/comunicacion\/noticiario-25-de-octubre\/"]}]},{"@type":"BreadcrumbList","@id":"https:\/\/www.aforafocus.cat\/es\/comunicacion\/noticiario-25-de-octubre\/#breadcrumb","itemListElement":[{"@type":"ListItem","position":1,"name":"Inici","item":"https:\/\/www.aforafocus.cat\/es\/"},{"@type":"ListItem","position":2,"name":"Comunicaciones","item":"https:\/\/www.aforafocus.cat\/es\/comunicacion\/"},{"@type":"ListItem","position":3,"name":"Noticiario &#8211; \u00abRecreando el para\u00edso perdido\u00bb"}]},{"@type":"WebSite","@id":"https:\/\/www.aforafocus.cat\/es\/#website","url":"https:\/\/www.aforafocus.cat\/es\/","name":"\u00c0fora Focus","description":"\u00c0fora \u00e9s l\u2019\u00e0gora del Grup Focus, un \u00e0mbit de reflexi\u00f3 i d\u2019activitats que t\u00e9 l\u2019\u00e0nim d\u2019incidir en la vida art\u00edstica, cultural i social.","publisher":{"@id":"https:\/\/www.aforafocus.cat\/es\/#organization"},"potentialAction":[{"@type":"SearchAction","target":{"@type":"EntryPoint","urlTemplate":"https:\/\/www.aforafocus.cat\/es\/?s={search_term_string}"},"query-input":{"@type":"PropertyValueSpecification","valueRequired":true,"valueName":"search_term_string"}}],"inLanguage":"es"},{"@type":"Organization","@id":"https:\/\/www.aforafocus.cat\/es\/#organization","name":"\u00c0fora Focus","url":"https:\/\/www.aforafocus.cat\/es\/","logo":{"@type":"ImageObject","inLanguage":"es","@id":"https:\/\/www.aforafocus.cat\/es\/#\/schema\/logo\/image\/","url":"https:\/\/www.aforafocus.cat\/wp-content\/uploads\/2021\/12\/logo-afora-focus.png","contentUrl":"https:\/\/www.aforafocus.cat\/wp-content\/uploads\/2021\/12\/logo-afora-focus.png","width":662,"height":662,"caption":"\u00c0fora Focus"},"image":{"@id":"https:\/\/www.aforafocus.cat\/es\/#\/schema\/logo\/image\/"},"sameAs":["https:\/\/x.com\/aforafocus","https:\/\/www.instagram.com\/aforafocus\/"]}]}},"_links":{"self":[{"href":"https:\/\/www.aforafocus.cat\/es\/wp-json\/wp\/v2\/comunicacio\/1999","targetHints":{"allow":["GET"]}}],"collection":[{"href":"https:\/\/www.aforafocus.cat\/es\/wp-json\/wp\/v2\/comunicacio"}],"about":[{"href":"https:\/\/www.aforafocus.cat\/es\/wp-json\/wp\/v2\/types\/comunicacio"}],"wp:attachment":[{"href":"https:\/\/www.aforafocus.cat\/es\/wp-json\/wp\/v2\/media?parent=1999"}],"wp:term":[{"taxonomy":"branca","embeddable":true,"href":"https:\/\/www.aforafocus.cat\/es\/wp-json\/wp\/v2\/branca?post=1999"},{"taxonomy":"idioma","embeddable":true,"href":"https:\/\/www.aforafocus.cat\/es\/wp-json\/wp\/v2\/idioma?post=1999"}],"curies":[{"name":"wp","href":"https:\/\/api.w.org\/{rel}","templated":true}]}}