{"id":2001,"date":"2022-01-24T08:41:06","date_gmt":"2022-01-24T07:41:06","guid":{"rendered":"https:\/\/www.aforafocus.cat\/comunicacio\/noticiario-25-de-noviembre\/"},"modified":"2022-02-24T09:07:12","modified_gmt":"2022-02-24T08:07:12","slug":"noticiario-25-de-noviembre","status":"publish","type":"comunicacio","link":"https:\/\/www.aforafocus.cat\/es\/comunicacion\/noticiario-25-de-noviembre\/","title":{"rendered":"Noticiario &#8211; \u00abManual del buen candidato\u00bb &#038; \u00abOratoria\u00bb"},"content":{"rendered":"\n<h2 class=\"wp-block-heading\" id=\"noticies-destacades\">Noticias destacadas<\/h2>\n\n<h3 class=\"wp-block-heading\" id=\"viejo-amigo-ciceron-torna-al-teatre-romea\"><strong>\u00a1VIEJO AMIGO CICER\u00d3N VUELVE AL TEATRO ROMEA!<\/strong><\/h3>\n\n<p class=\"has-text-align-justify\">Anoche se reanudaron las funciones de Viejo amigo Cicer\u00f3n en el Teatro Romea, tras una gran gira de \u00e9xito por Espa\u00f1a que incluy\u00f3 una estancia del 4 de febrero al 14 de marzo de 2021 en el Teatro La Latina de Madrid.<\/p>\n\n<p><strong>La obra podr\u00e1 verse hasta el domingo 26 de diciembre.<\/strong><\/p>\n\n<p class=\"has-text-align-justify\">Con motivo de este esperado retorno se han programado dos actos de \u00c1fora Focus\/La 5\u00aa pared:<br\/>Manual del buen candidato, con Iv\u00e1n Redondo y Josep Maria Pou (9 de diciembre a las 19h) y Oratoria con Javier Gom\u00e1 y la Universidad Pompeu Fabra (21 de diciembre a las 19h).<\/p>\n","protected":false},"featured_media":1734,"template":"","branca":[35],"idioma":[],"class_list":["post-2001","comunicacio","type-comunicacio","status-publish","has-post-thumbnail","hentry","branca-la-5a-pared"],"yoast_head":"<!-- This site is optimized with the Yoast SEO plugin v27.5 - https:\/\/yoast.com\/product\/yoast-seo-wordpress\/ -->\n<title>Noticiario - \u00abManual del buen candidato\u00bb &amp; \u00abOratoria\u00bb - \u00c0fora Focus<\/title>\n<meta name=\"robots\" content=\"noindex, follow\" \/>\n<meta property=\"og:locale\" content=\"es_ES\" \/>\n<meta property=\"og:type\" content=\"article\" \/>\n<meta property=\"og:title\" content=\"Noticiario - \u00abManual del buen candidato\u00bb &amp; \u00abOratoria\u00bb - \u00c0fora Focus\" \/>\n<meta property=\"og:description\" content=\"Noticias destacadas \u00a1VIEJO AMIGO CICER\u00d3N VUELVE AL TEATRO ROMEA! Anoche se reanudaron las funciones de Viejo amigo Cicer\u00f3n en el Teatro Romea, tras una gran gira de \u00e9xito por Espa\u00f1a que incluy\u00f3 una estancia del 4 de febrero al 14 de marzo de 2021 en el Teatro La Latina de Madrid. La obra podr\u00e1 verse [&hellip;]\" \/>\n<meta property=\"og:url\" content=\"https:\/\/www.aforafocus.cat\/es\/comunicacion\/noticiario-25-de-noviembre\/\" \/>\n<meta property=\"og:site_name\" content=\"\u00c0fora Focus\" \/>\n<meta property=\"article:modified_time\" content=\"2022-02-24T08:07:12+00:00\" \/>\n<meta property=\"og:image\" content=\"https:\/\/www.aforafocus.cat\/wp-content\/uploads\/2022\/01\/f8ad41cf-f6b0-9641-352e-8e243262f26b.jpg\" \/>\n\t<meta property=\"og:image:width\" content=\"700\" \/>\n\t<meta property=\"og:image:height\" content=\"275\" \/>\n\t<meta property=\"og:image:type\" content=\"image\/jpeg\" \/>\n<meta name=\"twitter:card\" content=\"summary_large_image\" \/>\n<meta name=\"twitter:site\" content=\"@aforafocus\" \/>\n<script type=\"application\/ld+json\" class=\"yoast-schema-graph\">{\"@context\":\"https:\\\/\\\/schema.org\",\"@graph\":[{\"@type\":\"WebPage\",\"@id\":\"https:\\\/\\\/www.aforafocus.cat\\\/es\\\/comunicacion\\\/noticiario-25-de-noviembre\\\/\",\"url\":\"https:\\\/\\\/www.aforafocus.cat\\\/es\\\/comunicacion\\\/noticiario-25-de-noviembre\\\/\",\"name\":\"Noticiario - \u00abManual del buen candidato\u00bb & \u00abOratoria\u00bb - \u00c0fora Focus\",\"isPartOf\":{\"@id\":\"https:\\\/\\\/www.aforafocus.cat\\\/es\\\/#website\"},\"primaryImageOfPage\":{\"@id\":\"https:\\\/\\\/www.aforafocus.cat\\\/es\\\/comunicacion\\\/noticiario-25-de-noviembre\\\/#primaryimage\"},\"image\":{\"@id\":\"https:\\\/\\\/www.aforafocus.cat\\\/es\\\/comunicacion\\\/noticiario-25-de-noviembre\\\/#primaryimage\"},\"thumbnailUrl\":\"https:\\\/\\\/www.aforafocus.cat\\\/wp-content\\\/uploads\\\/2022\\\/01\\\/f8ad41cf-f6b0-9641-352e-8e243262f26b.jpg\",\"datePublished\":\"2022-01-24T07:41:06+00:00\",\"dateModified\":\"2022-02-24T08:07:12+00:00\",\"breadcrumb\":{\"@id\":\"https:\\\/\\\/www.aforafocus.cat\\\/es\\\/comunicacion\\\/noticiario-25-de-noviembre\\\/#breadcrumb\"},\"inLanguage\":\"es\",\"potentialAction\":[{\"@type\":\"ReadAction\",\"target\":[\"https:\\\/\\\/www.aforafocus.cat\\\/es\\\/comunicacion\\\/noticiario-25-de-noviembre\\\/\"]}]},{\"@type\":\"ImageObject\",\"inLanguage\":\"es\",\"@id\":\"https:\\\/\\\/www.aforafocus.cat\\\/es\\\/comunicacion\\\/noticiario-25-de-noviembre\\\/#primaryimage\",\"url\":\"https:\\\/\\\/www.aforafocus.cat\\\/wp-content\\\/uploads\\\/2022\\\/01\\\/f8ad41cf-f6b0-9641-352e-8e243262f26b.jpg\",\"contentUrl\":\"https:\\\/\\\/www.aforafocus.cat\\\/wp-content\\\/uploads\\\/2022\\\/01\\\/f8ad41cf-f6b0-9641-352e-8e243262f26b.jpg\",\"width\":700,\"height\":275},{\"@type\":\"BreadcrumbList\",\"@id\":\"https:\\\/\\\/www.aforafocus.cat\\\/es\\\/comunicacion\\\/noticiario-25-de-noviembre\\\/#breadcrumb\",\"itemListElement\":[{\"@type\":\"ListItem\",\"position\":1,\"name\":\"Inici\",\"item\":\"https:\\\/\\\/www.aforafocus.cat\\\/es\\\/\"},{\"@type\":\"ListItem\",\"position\":2,\"name\":\"Comunicaciones\",\"item\":\"https:\\\/\\\/www.aforafocus.cat\\\/es\\\/comunicacion\\\/\"},{\"@type\":\"ListItem\",\"position\":3,\"name\":\"Noticiario &#8211; \u00abManual del buen candidato\u00bb &#038; \u00abOratoria\u00bb\"}]},{\"@type\":\"WebSite\",\"@id\":\"https:\\\/\\\/www.aforafocus.cat\\\/es\\\/#website\",\"url\":\"https:\\\/\\\/www.aforafocus.cat\\\/es\\\/\",\"name\":\"\u00c0fora Focus\",\"description\":\"\u00c0fora \u00e9s l\u2019\u00e0gora del Grup Focus, un \u00e0mbit de reflexi\u00f3 i d\u2019activitats que t\u00e9 l\u2019\u00e0nim d\u2019incidir en la vida art\u00edstica, cultural i social.\",\"publisher\":{\"@id\":\"https:\\\/\\\/www.aforafocus.cat\\\/es\\\/#organization\"},\"potentialAction\":[{\"@type\":\"SearchAction\",\"target\":{\"@type\":\"EntryPoint\",\"urlTemplate\":\"https:\\\/\\\/www.aforafocus.cat\\\/es\\\/?s={search_term_string}\"},\"query-input\":{\"@type\":\"PropertyValueSpecification\",\"valueRequired\":true,\"valueName\":\"search_term_string\"}}],\"inLanguage\":\"es\"},{\"@type\":\"Organization\",\"@id\":\"https:\\\/\\\/www.aforafocus.cat\\\/es\\\/#organization\",\"name\":\"\u00c0fora Focus\",\"url\":\"https:\\\/\\\/www.aforafocus.cat\\\/es\\\/\",\"logo\":{\"@type\":\"ImageObject\",\"inLanguage\":\"es\",\"@id\":\"https:\\\/\\\/www.aforafocus.cat\\\/es\\\/#\\\/schema\\\/logo\\\/image\\\/\",\"url\":\"https:\\\/\\\/www.aforafocus.cat\\\/wp-content\\\/uploads\\\/2021\\\/12\\\/logo-afora-focus.png\",\"contentUrl\":\"https:\\\/\\\/www.aforafocus.cat\\\/wp-content\\\/uploads\\\/2021\\\/12\\\/logo-afora-focus.png\",\"width\":662,\"height\":662,\"caption\":\"\u00c0fora Focus\"},\"image\":{\"@id\":\"https:\\\/\\\/www.aforafocus.cat\\\/es\\\/#\\\/schema\\\/logo\\\/image\\\/\"},\"sameAs\":[\"https:\\\/\\\/x.com\\\/aforafocus\",\"https:\\\/\\\/www.instagram.com\\\/aforafocus\\\/\"]}]}<\/script>\n<!-- \/ Yoast SEO plugin. -->","yoast_head_json":{"title":"Noticiario - \u00abManual del buen candidato\u00bb & \u00abOratoria\u00bb - \u00c0fora Focus","robots":{"index":"noindex","follow":"follow"},"og_locale":"es_ES","og_type":"article","og_title":"Noticiario - \u00abManual del buen candidato\u00bb & \u00abOratoria\u00bb - \u00c0fora Focus","og_description":"Noticias destacadas \u00a1VIEJO AMIGO CICER\u00d3N VUELVE AL TEATRO ROMEA! Anoche se reanudaron las funciones de Viejo amigo Cicer\u00f3n en el Teatro Romea, tras una gran gira de \u00e9xito por Espa\u00f1a que incluy\u00f3 una estancia del 4 de febrero al 14 de marzo de 2021 en el Teatro La Latina de Madrid. La obra podr\u00e1 verse [&hellip;]","og_url":"https:\/\/www.aforafocus.cat\/es\/comunicacion\/noticiario-25-de-noviembre\/","og_site_name":"\u00c0fora Focus","article_modified_time":"2022-02-24T08:07:12+00:00","og_image":[{"width":700,"height":275,"url":"https:\/\/www.aforafocus.cat\/wp-content\/uploads\/2022\/01\/f8ad41cf-f6b0-9641-352e-8e243262f26b.jpg","type":"image\/jpeg"}],"twitter_card":"summary_large_image","twitter_site":"@aforafocus","schema":{"@context":"https:\/\/schema.org","@graph":[{"@type":"WebPage","@id":"https:\/\/www.aforafocus.cat\/es\/comunicacion\/noticiario-25-de-noviembre\/","url":"https:\/\/www.aforafocus.cat\/es\/comunicacion\/noticiario-25-de-noviembre\/","name":"Noticiario - \u00abManual del buen candidato\u00bb & \u00abOratoria\u00bb - \u00c0fora Focus","isPartOf":{"@id":"https:\/\/www.aforafocus.cat\/es\/#website"},"primaryImageOfPage":{"@id":"https:\/\/www.aforafocus.cat\/es\/comunicacion\/noticiario-25-de-noviembre\/#primaryimage"},"image":{"@id":"https:\/\/www.aforafocus.cat\/es\/comunicacion\/noticiario-25-de-noviembre\/#primaryimage"},"thumbnailUrl":"https:\/\/www.aforafocus.cat\/wp-content\/uploads\/2022\/01\/f8ad41cf-f6b0-9641-352e-8e243262f26b.jpg","datePublished":"2022-01-24T07:41:06+00:00","dateModified":"2022-02-24T08:07:12+00:00","breadcrumb":{"@id":"https:\/\/www.aforafocus.cat\/es\/comunicacion\/noticiario-25-de-noviembre\/#breadcrumb"},"inLanguage":"es","potentialAction":[{"@type":"ReadAction","target":["https:\/\/www.aforafocus.cat\/es\/comunicacion\/noticiario-25-de-noviembre\/"]}]},{"@type":"ImageObject","inLanguage":"es","@id":"https:\/\/www.aforafocus.cat\/es\/comunicacion\/noticiario-25-de-noviembre\/#primaryimage","url":"https:\/\/www.aforafocus.cat\/wp-content\/uploads\/2022\/01\/f8ad41cf-f6b0-9641-352e-8e243262f26b.jpg","contentUrl":"https:\/\/www.aforafocus.cat\/wp-content\/uploads\/2022\/01\/f8ad41cf-f6b0-9641-352e-8e243262f26b.jpg","width":700,"height":275},{"@type":"BreadcrumbList","@id":"https:\/\/www.aforafocus.cat\/es\/comunicacion\/noticiario-25-de-noviembre\/#breadcrumb","itemListElement":[{"@type":"ListItem","position":1,"name":"Inici","item":"https:\/\/www.aforafocus.cat\/es\/"},{"@type":"ListItem","position":2,"name":"Comunicaciones","item":"https:\/\/www.aforafocus.cat\/es\/comunicacion\/"},{"@type":"ListItem","position":3,"name":"Noticiario &#8211; \u00abManual del buen candidato\u00bb &#038; \u00abOratoria\u00bb"}]},{"@type":"WebSite","@id":"https:\/\/www.aforafocus.cat\/es\/#website","url":"https:\/\/www.aforafocus.cat\/es\/","name":"\u00c0fora Focus","description":"\u00c0fora \u00e9s l\u2019\u00e0gora del Grup Focus, un \u00e0mbit de reflexi\u00f3 i d\u2019activitats que t\u00e9 l\u2019\u00e0nim d\u2019incidir en la vida art\u00edstica, cultural i social.","publisher":{"@id":"https:\/\/www.aforafocus.cat\/es\/#organization"},"potentialAction":[{"@type":"SearchAction","target":{"@type":"EntryPoint","urlTemplate":"https:\/\/www.aforafocus.cat\/es\/?s={search_term_string}"},"query-input":{"@type":"PropertyValueSpecification","valueRequired":true,"valueName":"search_term_string"}}],"inLanguage":"es"},{"@type":"Organization","@id":"https:\/\/www.aforafocus.cat\/es\/#organization","name":"\u00c0fora Focus","url":"https:\/\/www.aforafocus.cat\/es\/","logo":{"@type":"ImageObject","inLanguage":"es","@id":"https:\/\/www.aforafocus.cat\/es\/#\/schema\/logo\/image\/","url":"https:\/\/www.aforafocus.cat\/wp-content\/uploads\/2021\/12\/logo-afora-focus.png","contentUrl":"https:\/\/www.aforafocus.cat\/wp-content\/uploads\/2021\/12\/logo-afora-focus.png","width":662,"height":662,"caption":"\u00c0fora Focus"},"image":{"@id":"https:\/\/www.aforafocus.cat\/es\/#\/schema\/logo\/image\/"},"sameAs":["https:\/\/x.com\/aforafocus","https:\/\/www.instagram.com\/aforafocus\/"]}]}},"_links":{"self":[{"href":"https:\/\/www.aforafocus.cat\/es\/wp-json\/wp\/v2\/comunicacio\/2001","targetHints":{"allow":["GET"]}}],"collection":[{"href":"https:\/\/www.aforafocus.cat\/es\/wp-json\/wp\/v2\/comunicacio"}],"about":[{"href":"https:\/\/www.aforafocus.cat\/es\/wp-json\/wp\/v2\/types\/comunicacio"}],"wp:featuredmedia":[{"embeddable":true,"href":"https:\/\/www.aforafocus.cat\/es\/wp-json\/wp\/v2\/media\/1734"}],"wp:attachment":[{"href":"https:\/\/www.aforafocus.cat\/es\/wp-json\/wp\/v2\/media?parent=2001"}],"wp:term":[{"taxonomy":"branca","embeddable":true,"href":"https:\/\/www.aforafocus.cat\/es\/wp-json\/wp\/v2\/branca?post=2001"},{"taxonomy":"idioma","embeddable":true,"href":"https:\/\/www.aforafocus.cat\/es\/wp-json\/wp\/v2\/idioma?post=2001"}],"curies":[{"name":"wp","href":"https:\/\/api.w.org\/{rel}","templated":true}]}}