{"id":244836,"date":"2022-02-10T10:37:36","date_gmt":"2022-02-10T09:37:36","guid":{"rendered":"https:\/\/www.aforafocus.cat\/comunicacio\/carta-1r-cenaculo-con-jose-sacristan\/"},"modified":"2022-02-24T09:05:33","modified_gmt":"2022-02-24T08:05:33","slug":"carta-1r-cenaculo-con-jose-sacristan","status":"publish","type":"comunicacio","link":"https:\/\/www.aforafocus.cat\/es\/comunicacion\/carta-1r-cenaculo-con-jose-sacristan\/","title":{"rendered":"Carta &#8211; 1r Cen\u00e1culo con Jos\u00e9 Sacrist\u00e1n"},"content":{"rendered":"\n<p>Apreciado\/da: <\/p>\n\n<p>El pasado d\u00eda 5 de este mes &#8211; y como culminaci\u00f3n de la celebraci\u00f3n del 35 aniversario de nuestra empresa- presentamos p\u00fablicamente \u00c1fora, el \u00e1gora del Grup Focus. Un nuevo \u00e1mbito de reflexi\u00f3n y actividades que, tomando como base la vivencia esc\u00e9nica, quiere incidir en la vida art\u00edstica, cultural y social del territorio de nuestra influencia.<\/p>\n\n<p>Una de las ramas de este proyecto es Platea 618, un programa de actividades que -centrando su nombre en los kil\u00f3metros que hay entre Madrid y Barcelona- tiene como objetivo favorecer una relaci\u00f3n m\u00e1s estrecha entre los profesionales de ambas ciudades , creando un circuito de informaci\u00f3n permanente y unos canales de relaci\u00f3n personal, que permitan aumentar las sinergias dirigidas al incremento de la coparticipaci\u00f3n y el intercambio creativo y art\u00edstico.<\/p>\n\n<p>En este marco surgen los cen\u00e1culos de \u00c1fora, un ciclo de encuentros reducidos entre profesionales de ambas capitales con el fin de compartir conocimiento y experiencia en un marco distendido y acogedor. El d\u00eda 25 de octubre celebraremos el primer cen\u00e1culo en Barcelona en el restaurante El Rac\u00f3 de\u2019n Cesc, con el actor Jos\u00e9 Sacrist\u00e1n como invitado principal, aprovechando su estancia en el Teatre Romea con el espect\u00e1culo Se\u00f1ora de rojo sobre fondo gris. Ser\u00e1 un honor y un placer que nos puedas acompa\u00f1ar.<\/p>\n\n<p>En breve te enviaremos la invitaci\u00f3n formal.<\/p>\n\n<p>Cordialmente,<\/p>\n\n<p><strong>Daniel Mart\u00ednez de Obreg\u00f3n<\/strong><\/p>\n\n<p>Presidente\u00a0de\u00a0Grup Focus<\/p>\n","protected":false},"featured_media":0,"template":"","branca":[79],"idioma":[],"class_list":["post-244836","comunicacio","type-comunicacio","status-publish","hentry","branca-platea-618-es"],"yoast_head":"<!-- This site is optimized with the Yoast SEO plugin v27.5 - https:\/\/yoast.com\/product\/yoast-seo-wordpress\/ -->\n<title>Carta - 1r Cen\u00e1culo con Jos\u00e9 Sacrist\u00e1n - \u00c0fora Focus<\/title>\n<meta name=\"robots\" content=\"noindex, follow\" \/>\n<meta property=\"og:locale\" content=\"es_ES\" \/>\n<meta property=\"og:type\" content=\"article\" \/>\n<meta property=\"og:title\" content=\"Carta - 1r Cen\u00e1culo con Jos\u00e9 Sacrist\u00e1n - \u00c0fora Focus\" \/>\n<meta property=\"og:description\" content=\"Apreciado\/da: El pasado d\u00eda 5 de este mes &#8211; y como culminaci\u00f3n de la celebraci\u00f3n del 35 aniversario de nuestra empresa- presentamos p\u00fablicamente \u00c1fora, el \u00e1gora del Grup Focus. Un nuevo \u00e1mbito de reflexi\u00f3n y actividades que, tomando como base la vivencia esc\u00e9nica, quiere incidir en la vida art\u00edstica, cultural y social del territorio de [&hellip;]\" \/>\n<meta property=\"og:url\" content=\"https:\/\/www.aforafocus.cat\/es\/comunicacion\/carta-1r-cenaculo-con-jose-sacristan\/\" \/>\n<meta property=\"og:site_name\" content=\"\u00c0fora Focus\" \/>\n<meta property=\"article:modified_time\" content=\"2022-02-24T08:05:33+00:00\" \/>\n<meta name=\"twitter:card\" content=\"summary_large_image\" \/>\n<meta name=\"twitter:site\" content=\"@aforafocus\" \/>\n<script type=\"application\/ld+json\" class=\"yoast-schema-graph\">{\"@context\":\"https:\\\/\\\/schema.org\",\"@graph\":[{\"@type\":\"WebPage\",\"@id\":\"https:\\\/\\\/www.aforafocus.cat\\\/es\\\/comunicacion\\\/carta-1r-cenaculo-con-jose-sacristan\\\/\",\"url\":\"https:\\\/\\\/www.aforafocus.cat\\\/es\\\/comunicacion\\\/carta-1r-cenaculo-con-jose-sacristan\\\/\",\"name\":\"Carta - 1r Cen\u00e1culo con Jos\u00e9 Sacrist\u00e1n - \u00c0fora Focus\",\"isPartOf\":{\"@id\":\"https:\\\/\\\/www.aforafocus.cat\\\/es\\\/#website\"},\"datePublished\":\"2022-02-10T09:37:36+00:00\",\"dateModified\":\"2022-02-24T08:05:33+00:00\",\"breadcrumb\":{\"@id\":\"https:\\\/\\\/www.aforafocus.cat\\\/es\\\/comunicacion\\\/carta-1r-cenaculo-con-jose-sacristan\\\/#breadcrumb\"},\"inLanguage\":\"es\",\"potentialAction\":[{\"@type\":\"ReadAction\",\"target\":[\"https:\\\/\\\/www.aforafocus.cat\\\/es\\\/comunicacion\\\/carta-1r-cenaculo-con-jose-sacristan\\\/\"]}]},{\"@type\":\"BreadcrumbList\",\"@id\":\"https:\\\/\\\/www.aforafocus.cat\\\/es\\\/comunicacion\\\/carta-1r-cenaculo-con-jose-sacristan\\\/#breadcrumb\",\"itemListElement\":[{\"@type\":\"ListItem\",\"position\":1,\"name\":\"Inici\",\"item\":\"https:\\\/\\\/www.aforafocus.cat\\\/es\\\/\"},{\"@type\":\"ListItem\",\"position\":2,\"name\":\"Comunicaciones\",\"item\":\"https:\\\/\\\/www.aforafocus.cat\\\/es\\\/comunicacion\\\/\"},{\"@type\":\"ListItem\",\"position\":3,\"name\":\"Carta &#8211; 1r Cen\u00e1culo con Jos\u00e9 Sacrist\u00e1n\"}]},{\"@type\":\"WebSite\",\"@id\":\"https:\\\/\\\/www.aforafocus.cat\\\/es\\\/#website\",\"url\":\"https:\\\/\\\/www.aforafocus.cat\\\/es\\\/\",\"name\":\"\u00c0fora Focus\",\"description\":\"\u00c0fora \u00e9s l\u2019\u00e0gora del Grup Focus, un \u00e0mbit de reflexi\u00f3 i d\u2019activitats que t\u00e9 l\u2019\u00e0nim d\u2019incidir en la vida art\u00edstica, cultural i social.\",\"publisher\":{\"@id\":\"https:\\\/\\\/www.aforafocus.cat\\\/es\\\/#organization\"},\"potentialAction\":[{\"@type\":\"SearchAction\",\"target\":{\"@type\":\"EntryPoint\",\"urlTemplate\":\"https:\\\/\\\/www.aforafocus.cat\\\/es\\\/?s={search_term_string}\"},\"query-input\":{\"@type\":\"PropertyValueSpecification\",\"valueRequired\":true,\"valueName\":\"search_term_string\"}}],\"inLanguage\":\"es\"},{\"@type\":\"Organization\",\"@id\":\"https:\\\/\\\/www.aforafocus.cat\\\/es\\\/#organization\",\"name\":\"\u00c0fora Focus\",\"url\":\"https:\\\/\\\/www.aforafocus.cat\\\/es\\\/\",\"logo\":{\"@type\":\"ImageObject\",\"inLanguage\":\"es\",\"@id\":\"https:\\\/\\\/www.aforafocus.cat\\\/es\\\/#\\\/schema\\\/logo\\\/image\\\/\",\"url\":\"https:\\\/\\\/www.aforafocus.cat\\\/wp-content\\\/uploads\\\/2021\\\/12\\\/logo-afora-focus.png\",\"contentUrl\":\"https:\\\/\\\/www.aforafocus.cat\\\/wp-content\\\/uploads\\\/2021\\\/12\\\/logo-afora-focus.png\",\"width\":662,\"height\":662,\"caption\":\"\u00c0fora Focus\"},\"image\":{\"@id\":\"https:\\\/\\\/www.aforafocus.cat\\\/es\\\/#\\\/schema\\\/logo\\\/image\\\/\"},\"sameAs\":[\"https:\\\/\\\/x.com\\\/aforafocus\",\"https:\\\/\\\/www.instagram.com\\\/aforafocus\\\/\"]}]}<\/script>\n<!-- \/ Yoast SEO plugin. -->","yoast_head_json":{"title":"Carta - 1r Cen\u00e1culo con Jos\u00e9 Sacrist\u00e1n - \u00c0fora Focus","robots":{"index":"noindex","follow":"follow"},"og_locale":"es_ES","og_type":"article","og_title":"Carta - 1r Cen\u00e1culo con Jos\u00e9 Sacrist\u00e1n - \u00c0fora Focus","og_description":"Apreciado\/da: El pasado d\u00eda 5 de este mes &#8211; y como culminaci\u00f3n de la celebraci\u00f3n del 35 aniversario de nuestra empresa- presentamos p\u00fablicamente \u00c1fora, el \u00e1gora del Grup Focus. Un nuevo \u00e1mbito de reflexi\u00f3n y actividades que, tomando como base la vivencia esc\u00e9nica, quiere incidir en la vida art\u00edstica, cultural y social del territorio de [&hellip;]","og_url":"https:\/\/www.aforafocus.cat\/es\/comunicacion\/carta-1r-cenaculo-con-jose-sacristan\/","og_site_name":"\u00c0fora Focus","article_modified_time":"2022-02-24T08:05:33+00:00","twitter_card":"summary_large_image","twitter_site":"@aforafocus","schema":{"@context":"https:\/\/schema.org","@graph":[{"@type":"WebPage","@id":"https:\/\/www.aforafocus.cat\/es\/comunicacion\/carta-1r-cenaculo-con-jose-sacristan\/","url":"https:\/\/www.aforafocus.cat\/es\/comunicacion\/carta-1r-cenaculo-con-jose-sacristan\/","name":"Carta - 1r Cen\u00e1culo con Jos\u00e9 Sacrist\u00e1n - \u00c0fora Focus","isPartOf":{"@id":"https:\/\/www.aforafocus.cat\/es\/#website"},"datePublished":"2022-02-10T09:37:36+00:00","dateModified":"2022-02-24T08:05:33+00:00","breadcrumb":{"@id":"https:\/\/www.aforafocus.cat\/es\/comunicacion\/carta-1r-cenaculo-con-jose-sacristan\/#breadcrumb"},"inLanguage":"es","potentialAction":[{"@type":"ReadAction","target":["https:\/\/www.aforafocus.cat\/es\/comunicacion\/carta-1r-cenaculo-con-jose-sacristan\/"]}]},{"@type":"BreadcrumbList","@id":"https:\/\/www.aforafocus.cat\/es\/comunicacion\/carta-1r-cenaculo-con-jose-sacristan\/#breadcrumb","itemListElement":[{"@type":"ListItem","position":1,"name":"Inici","item":"https:\/\/www.aforafocus.cat\/es\/"},{"@type":"ListItem","position":2,"name":"Comunicaciones","item":"https:\/\/www.aforafocus.cat\/es\/comunicacion\/"},{"@type":"ListItem","position":3,"name":"Carta &#8211; 1r Cen\u00e1culo con Jos\u00e9 Sacrist\u00e1n"}]},{"@type":"WebSite","@id":"https:\/\/www.aforafocus.cat\/es\/#website","url":"https:\/\/www.aforafocus.cat\/es\/","name":"\u00c0fora Focus","description":"\u00c0fora \u00e9s l\u2019\u00e0gora del Grup Focus, un \u00e0mbit de reflexi\u00f3 i d\u2019activitats que t\u00e9 l\u2019\u00e0nim d\u2019incidir en la vida art\u00edstica, cultural i social.","publisher":{"@id":"https:\/\/www.aforafocus.cat\/es\/#organization"},"potentialAction":[{"@type":"SearchAction","target":{"@type":"EntryPoint","urlTemplate":"https:\/\/www.aforafocus.cat\/es\/?s={search_term_string}"},"query-input":{"@type":"PropertyValueSpecification","valueRequired":true,"valueName":"search_term_string"}}],"inLanguage":"es"},{"@type":"Organization","@id":"https:\/\/www.aforafocus.cat\/es\/#organization","name":"\u00c0fora Focus","url":"https:\/\/www.aforafocus.cat\/es\/","logo":{"@type":"ImageObject","inLanguage":"es","@id":"https:\/\/www.aforafocus.cat\/es\/#\/schema\/logo\/image\/","url":"https:\/\/www.aforafocus.cat\/wp-content\/uploads\/2021\/12\/logo-afora-focus.png","contentUrl":"https:\/\/www.aforafocus.cat\/wp-content\/uploads\/2021\/12\/logo-afora-focus.png","width":662,"height":662,"caption":"\u00c0fora Focus"},"image":{"@id":"https:\/\/www.aforafocus.cat\/es\/#\/schema\/logo\/image\/"},"sameAs":["https:\/\/x.com\/aforafocus","https:\/\/www.instagram.com\/aforafocus\/"]}]}},"_links":{"self":[{"href":"https:\/\/www.aforafocus.cat\/es\/wp-json\/wp\/v2\/comunicacio\/244836","targetHints":{"allow":["GET"]}}],"collection":[{"href":"https:\/\/www.aforafocus.cat\/es\/wp-json\/wp\/v2\/comunicacio"}],"about":[{"href":"https:\/\/www.aforafocus.cat\/es\/wp-json\/wp\/v2\/types\/comunicacio"}],"wp:attachment":[{"href":"https:\/\/www.aforafocus.cat\/es\/wp-json\/wp\/v2\/media?parent=244836"}],"wp:term":[{"taxonomy":"branca","embeddable":true,"href":"https:\/\/www.aforafocus.cat\/es\/wp-json\/wp\/v2\/branca?post=244836"},{"taxonomy":"idioma","embeddable":true,"href":"https:\/\/www.aforafocus.cat\/es\/wp-json\/wp\/v2\/idioma?post=244836"}],"curies":[{"name":"wp","href":"https:\/\/api.w.org\/{rel}","templated":true}]}}