{"id":959,"date":"2022-01-05T09:51:25","date_gmt":"2022-01-05T08:51:25","guid":{"rendered":"https:\/\/www.aforafocus.cat\/actos\/"},"modified":"2023-06-29T13:29:18","modified_gmt":"2023-06-29T12:29:18","slug":"actos","status":"publish","type":"page","link":"https:\/\/www.aforafocus.cat\/es\/actos\/","title":{"rendered":"Actos"},"content":{"rendered":"<div class=\"wpv-view-output folders-view\" data-toolset-views-view-editor=\"38324265e1182b6030971d98315d094f\"><div class=\"wpv-view-wrapper\"><div class=\"wpv-custom-search-loading-overlay js-wpv-custom-search-loading-overlay\" style=\"display:none;background:rgba( 182, 218, 224, 0.7 );\">\n\t\t\t\t\t<div class=\"spinner\">\n\t\t\t\t\t\t<div class=\"icon\" style=\"background:url(https:\/\/www.aforafocus.cat\/wp-content\/plugins\/toolset-blocks\/embedded\/res\/img\/ajax-loader4.svg)\"><\/div>\n\t\t\t\t\t<\/div>\n\t\t\t\t<\/div><div class=\"wp-block-toolset-views-view-editor\">\n<section class=\"wp-block-toolset-blocks-container tb-container\" data-toolset-blocks-container=\"cc456c05947ea54e22358226d8a43d7a\">\n<h3 class=\"tb-heading has-text-color\" data-toolset-blocks-heading=\"3a7bf6961060dbce1a7734dc01e48132\" data-last-update=\"1.4\">Buscador de actos<\/h3>\n\n\n\n<div class=\"tb-fields-and-text\" data-toolset-blocks-fields-and-text=\"23866cbd9df8521a6bc75a7a8359a441\"><p><div class=\"filter-work-list\">\n  <p class=\"filter-work-list__label\">\u00c1mbito<\/p>\n  <ul>\n\t\n\t\n\t\n\t\t<li>\n\t\t\t<a href=\"javascript:void(0)\" data-type=\"branchs\" data-id=\"filter-131\" data-slug=\"afora-ediciones\" ng-click=\"itemSelect(131)\" ng-class=\"{active: items&#091;131&#093;.active}\" class=\"filter-btn\">\u00c1fora<\/a>\n\t\t<\/li>\n\t\n\t\t<li>\n\t\t\t<a href=\"javascript:void(0)\" data-type=\"branchs\" data-id=\"filter-31\" data-slug=\"ediciones\" ng-click=\"itemSelect(31)\" ng-class=\"{active: items&#091;31&#093;.active}\" class=\"filter-btn\">\u00c1fora Ediciones<\/a>\n\t\t<\/li>\n\t\n\t\t<li>\n\t\t\t<a href=\"javascript:void(0)\" data-type=\"branchs\" data-id=\"filter-143\" data-slug=\"clippings-anuales\" ng-click=\"itemSelect(143)\" ng-class=\"{active: items&#091;143&#093;.active}\" class=\"filter-btn\">Clippings anuales<\/a>\n\t\t<\/li>\n\t\n\t\t<li>\n\t\t\t<a href=\"javascript:void(0)\" data-type=\"branchs\" data-id=\"filter-33\" data-slug=\"espectadores\" ng-click=\"itemSelect(33)\" ng-class=\"{active: items&#091;33&#093;.active}\" class=\"filter-btn\">Espectadores<\/a>\n\t\t<\/li>\n\t\n\t\t<li>\n\t\t\t<a href=\"javascript:void(0)\" data-type=\"branchs\" data-id=\"filter-80\" data-slug=\"fundacio-romea-es\" ng-click=\"itemSelect(80)\" ng-class=\"{active: items&#091;80&#093;.active}\" class=\"filter-btn\">Fundaci\u00f3 Romea<\/a>\n\t\t<\/li>\n\t\n\t\t<li>\n\t\t\t<a href=\"javascript:void(0)\" data-type=\"branchs\" data-id=\"filter-35\" data-slug=\"la-5a-pared\" ng-click=\"itemSelect(35)\" ng-class=\"{active: items&#091;35&#093;.active}\" class=\"filter-btn\">La 5a Pared<\/a>\n\t\t<\/li>\n\t\n\t\t<li>\n\t\t\t<a href=\"javascript:void(0)\" data-type=\"branchs\" data-id=\"filter-140\" data-slug=\"mi-generacion\" ng-click=\"itemSelect(140)\" ng-class=\"{active: items&#091;140&#093;.active}\" class=\"filter-btn\">Mi generaci\u00f3n<\/a>\n\t\t<\/li>\n\t\n\t\t<li>\n\t\t\t<a href=\"javascript:void(0)\" data-type=\"branchs\" data-id=\"filter-79\" data-slug=\"platea-618-es\" ng-click=\"itemSelect(79)\" ng-class=\"{active: items&#091;79&#093;.active}\" class=\"filter-btn\">Platea 618<\/a>\n\t\t<\/li>\n\t\n\t\n\t\n\t\n<\/ul>\n<\/div><\/p>&#13;\n<p><div class=\"filter-work-list\"><p class=\"filter-work-list__label\">A\u00f1o<\/p><ul><li><a href=\"javascript:void(0)\" data-type=\"years\" data-id=\"filter-2024\" data-slug=\"2024\" ng-click=\"itemSelect(2024)\" ng-class=\"{active: items[2024].active}\" class=\"filter-btn\">2024<\/a><\/li><li><a href=\"javascript:void(0)\" data-type=\"years\" data-id=\"filter-2023\" data-slug=\"2023\" ng-click=\"itemSelect(2023)\" ng-class=\"{active: items[2023].active}\" class=\"filter-btn\">2023<\/a><\/li><li><a href=\"javascript:void(0)\" data-type=\"years\" data-id=\"filter-2022\" data-slug=\"2022\" ng-click=\"itemSelect(2022)\" ng-class=\"{active: items[2022].active}\" class=\"filter-btn\">2022<\/a><\/li><li><a href=\"javascript:void(0)\" data-type=\"years\" data-id=\"filter-2021\" data-slug=\"2021\" ng-click=\"itemSelect(2021)\" ng-class=\"{active: items[2021].active}\" class=\"filter-btn\">2021<\/a><\/li><li><a href=\"javascript:void(0)\" data-type=\"years\" data-id=\"filter-2019\" data-slug=\"2019\" ng-click=\"itemSelect(2019)\" ng-class=\"{active: items[2019].active}\" class=\"filter-btn\">2019<\/a><\/li><li><a href=\"javascript:void(0)\" data-type=\"years\" data-id=\"filter-2018\" data-slug=\"2018\" ng-click=\"itemSelect(2018)\" ng-class=\"{active: items[2018].active}\" class=\"filter-btn\">2018<\/a><\/li><\/ul><\/div> <div class=\"filter-work-list\"><p class=\"filter-work-list__label\">Mes<\/p><ul><li><a href=\"javascript:void(0)\" data-type=\"months\" data-id=\"filter-1\" data-slug=\"enero\" ng-click=\"itemSelect('1')\" ng-class=\"{active: items['1'].active}\" class=\"filter-btn\">enero<\/a><\/li><li><a href=\"javascript:void(0)\" data-type=\"months\" data-id=\"filter-2\" data-slug=\"febrero\" ng-click=\"itemSelect('2')\" ng-class=\"{active: items['2'].active}\" class=\"filter-btn\">febrero<\/a><\/li><li><a href=\"javascript:void(0)\" data-type=\"months\" data-id=\"filter-3\" data-slug=\"marzo\" ng-click=\"itemSelect('3')\" ng-class=\"{active: items['3'].active}\" class=\"filter-btn\">marzo<\/a><\/li><li><a href=\"javascript:void(0)\" data-type=\"months\" data-id=\"filter-4\" data-slug=\"abril\" ng-click=\"itemSelect('4')\" ng-class=\"{active: items['4'].active}\" class=\"filter-btn\">abril<\/a><\/li><li><a href=\"javascript:void(0)\" data-type=\"months\" data-id=\"filter-5\" data-slug=\"mayo\" ng-click=\"itemSelect('5')\" ng-class=\"{active: items['5'].active}\" class=\"filter-btn\">mayo<\/a><\/li><li><a href=\"javascript:void(0)\" data-type=\"months\" data-id=\"filter-6\" data-slug=\"junio\" ng-click=\"itemSelect('6')\" ng-class=\"{active: items['6'].active}\" class=\"filter-btn\">junio<\/a><\/li><li><a href=\"javascript:void(0)\" data-type=\"months\" data-id=\"filter-7\" data-slug=\"julio\" ng-click=\"itemSelect('7')\" ng-class=\"{active: items['7'].active}\" class=\"filter-btn\">julio<\/a><\/li><li><a href=\"javascript:void(0)\" data-type=\"months\" data-id=\"filter-9\" data-slug=\"septiembre\" ng-click=\"itemSelect('9')\" ng-class=\"{active: items['9'].active}\" class=\"filter-btn\">septiembre<\/a><\/li><li><a href=\"javascript:void(0)\" data-type=\"months\" data-id=\"filter-10\" data-slug=\"octubre\" ng-click=\"itemSelect('10')\" ng-class=\"{active: items['10'].active}\" class=\"filter-btn\">octubre<\/a><\/li><li><a href=\"javascript:void(0)\" data-type=\"months\" data-id=\"filter-11\" data-slug=\"noviembre\" ng-click=\"itemSelect('11')\" ng-class=\"{active: items['11'].active}\" class=\"filter-btn\">noviembre<\/a><\/li><li><a href=\"javascript:void(0)\" data-type=\"months\" data-id=\"filter-12\" data-slug=\"diciembre\" ng-click=\"itemSelect('12')\" ng-class=\"{active: items['12'].active}\" class=\"filter-btn\">diciembre<\/a><\/li><\/ul><\/div><\/p><\/div>\n<\/section>\n\n\n<div id=\"wpv-view-layout-301\" class=\"js-wpv-view-layout js-wpv-layout-responsive js-wpv-view-layout-301\" data-viewnumber=\"301\" data-pagination=\"{&quot;id&quot;:301,&quot;query&quot;:&quot;normal&quot;,&quot;type&quot;:&quot;disabled&quot;,&quot;effect&quot;:&quot;fade&quot;,&quot;duration&quot;:500,&quot;speed&quot;:5,&quot;pause_on_hover&quot;:&quot;enabled&quot;,&quot;stop_rollover&quot;:&quot;false&quot;,&quot;cache_pages&quot;:&quot;enabled&quot;,&quot;preload_images&quot;:&quot;enabled&quot;,&quot;preload_pages&quot;:&quot;enabled&quot;,&quot;preload_reach&quot;:1,&quot;spinner&quot;:&quot;builtin&quot;,&quot;spinner_image&quot;:&quot;https:\/\/www.aforafocus.cat\/wp-content\/plugins\/toolset-blocks\/embedded\/res\/img\/ajax-loader.gif&quot;,&quot;callback_next&quot;:&quot;&quot;,&quot;manage_history&quot;:&quot;enabled&quot;,&quot;has_controls_in_form&quot;:&quot;disabled&quot;,&quot;infinite_tolerance&quot;:&quot;0&quot;,&quot;max_pages&quot;:0,&quot;page&quot;:1,&quot;base_permalink&quot;:&quot;\/es\/wp-json\/wp\/v2\/pages\/959?wpv_view_count=301&amp;wpv_paged=WPV_PAGE_NUM&quot;,&quot;loop&quot;:{&quot;type&quot;:&quot;&quot;,&quot;name&quot;:&quot;&quot;,&quot;data&quot;:[],&quot;id&quot;:0}}\" data-permalink=\"\/es\/wp-json\/wp\/v2\/pages\/959?wpv_view_count=301\">\n\n\n<div class=\"wp-block-toolset-blocks-grid tb-grid items-grid-heading-acts\" data-toolset-blocks-grid=\"27115509e11cc593c8dd8d8c1efaf6fa\">\n<div class=\"wp-block-toolset-blocks-grid-column tb-grid-column tb-grid-align-top\" data-toolset-blocks-grid-column=\"3034fbe886c11054e95b46b09d3e4112\">\n<h4 class=\"tb-heading text-white\" data-toolset-blocks-heading=\"071a94e5235d9faa884c522ada4eb7af\" data-last-update=\"1.4\">Acto<\/h4>\n<\/div>\n\n\n\n<div class=\"wp-block-toolset-blocks-grid-column tb-grid-column tb-grid-align-top\" data-toolset-blocks-grid-column=\"3034fbe886c11054e95b46b09d3e4112\">\n<h4 class=\"tb-heading text-white\" data-toolset-blocks-heading=\"071a94e5235d9faa884c522ada4eb7af\" data-last-update=\"1.4\">Fecha<\/h4>\n<\/div>\n\n\n\n<div class=\"wp-block-toolset-blocks-grid-column tb-grid-column tb-grid-align-top\" data-toolset-blocks-grid-column=\"3034fbe886c11054e95b46b09d3e4112\">\n<h4 class=\"tb-heading text-white\" data-toolset-blocks-heading=\"071a94e5235d9faa884c522ada4eb7af\" data-last-update=\"1.4\">\u00c1mbito<\/h4>\n<\/div>\n<\/div>\n\n\n<div class=\"js-wpv-loop-wrapper\">\n\n<div class=\"wp-block-toolset-views-view-template-block wpv-block-loop-item php-to-be-replaced-with-shortcode folders-item\" data-toolset-views-view-template-block=\"f1a24d5c021c1876c70cc3ee057d03dc\"><div class=\"tb-fields-and-text\" data-toolset-blocks-fields-and-text=\"4e76217e5430eb7d439346615c16810d\"><a href=\"https:\/\/www.aforafocus.cat\/es\/acto\/teresa-cunille-100-anos-una-vida-de-teatro\/\" title=\"Teresa Cunill\u00e9, 100 a\u00f1os. Una vida de teatro\" class=\"items-grid-selector\" ng-show=\"itemShow(257305)\" data-id=\"257305\" data-branchs=\"fundacio-romea-es\" data-medias=\"\" data-months=\"octubre\" data-years=\"2024\" data-languages=\"catalan\">\n<div class=\"wp-block-toolset-blocks-grid tb-grid items-grid-acts\">\n<div class=\"wp-block-toolset-blocks-grid-column tb-grid-column tb-grid-align-top\">\n<div class=\"tb-field alignleft item-title\">Teresa Cunill\u00e9, 100 a\u00f1os. Una vida de teatro<\/div>\n<\/div>\n<div class=\"wp-block-toolset-blocks-grid-column tb-grid-column tb-grid-align-top\">\n<div class=\"tb-field alignleft item-date\">octubre 28, 2024<\/div>\n<\/div>\n<div class=\"wp-block-toolset-blocks-grid-column tb-grid-column tb-grid-align-top\">\n<div class=\"tb-field ellipsis alignleft item-branch\">Fundaci\u00f3 Romea<\/div>\n<\/div>\n<\/div>\n<p><\/p><\/a><\/div>\n<\/div>\n\n\n\n<div class=\"wp-block-toolset-views-view-template-block wpv-block-loop-item php-to-be-replaced-with-shortcode folders-item\" data-toolset-views-view-template-block=\"f1a24d5c021c1876c70cc3ee057d03dc\"><div class=\"tb-fields-and-text\" data-toolset-blocks-fields-and-text=\"4e76217e5430eb7d439346615c16810d\"><a href=\"https:\/\/www.aforafocus.cat\/es\/acto\/6o-cenaculo-con-maria-goiricelaya\/\" title=\"6\u00ba Cen\u00e1culo con Mar\u00eda Goiricelaya\" class=\"items-grid-selector\" ng-show=\"itemShow(257255)\" data-id=\"257255\" data-branchs=\"platea-618-es\" data-medias=\"\" data-months=\"octubre\" data-years=\"2024\" data-languages=\"catalan\">\n<div class=\"wp-block-toolset-blocks-grid tb-grid items-grid-acts\">\n<div class=\"wp-block-toolset-blocks-grid-column tb-grid-column tb-grid-align-top\">\n<div class=\"tb-field alignleft item-title\">6\u00ba Cen\u00e1culo con Mar\u00eda Goiricelaya<\/div>\n<\/div>\n<div class=\"wp-block-toolset-blocks-grid-column tb-grid-column tb-grid-align-top\">\n<div class=\"tb-field alignleft item-date\">octubre 7, 2024<\/div>\n<\/div>\n<div class=\"wp-block-toolset-blocks-grid-column tb-grid-column tb-grid-align-top\">\n<div class=\"tb-field ellipsis alignleft item-branch\">Platea 618<\/div>\n<\/div>\n<\/div>\n<p><\/p><\/a><\/div>\n<\/div>\n\n\n\n<div class=\"wp-block-toolset-views-view-template-block wpv-block-loop-item php-to-be-replaced-with-shortcode folders-item\" data-toolset-views-view-template-block=\"f1a24d5c021c1876c70cc3ee057d03dc\"><div class=\"tb-fields-and-text\" data-toolset-blocks-fields-and-text=\"4e76217e5430eb7d439346615c16810d\"><a href=\"https:\/\/www.aforafocus.cat\/es\/acto\/el-hombre-que-camina\/\" title=\"El hombre que camina&#8230;\" class=\"items-grid-selector\" ng-show=\"itemShow(257258)\" data-id=\"257258\" data-branchs=\"fundacio-romea-es\" data-medias=\"\" data-months=\"octubre\" data-years=\"2024\" data-languages=\"catalan\">\n<div class=\"wp-block-toolset-blocks-grid tb-grid items-grid-acts\">\n<div class=\"wp-block-toolset-blocks-grid-column tb-grid-column tb-grid-align-top\">\n<div class=\"tb-field alignleft item-title\">El hombre que camina&#8230;<\/div>\n<\/div>\n<div class=\"wp-block-toolset-blocks-grid-column tb-grid-column tb-grid-align-top\">\n<div class=\"tb-field alignleft item-date\">octubre 7, 2024<\/div>\n<\/div>\n<div class=\"wp-block-toolset-blocks-grid-column tb-grid-column tb-grid-align-top\">\n<div class=\"tb-field ellipsis alignleft item-branch\">Fundaci\u00f3 Romea<\/div>\n<\/div>\n<\/div>\n<p><\/p><\/a><\/div>\n<\/div>\n\n\n\n<div class=\"wp-block-toolset-views-view-template-block wpv-block-loop-item php-to-be-replaced-with-shortcode folders-item\" data-toolset-views-view-template-block=\"f1a24d5c021c1876c70cc3ee057d03dc\"><div class=\"tb-fields-and-text\" data-toolset-blocks-fields-and-text=\"4e76217e5430eb7d439346615c16810d\"><a href=\"https:\/\/www.aforafocus.cat\/es\/acto\/rostros\/\" title=\"Rostros\" class=\"items-grid-selector\" ng-show=\"itemShow(257257)\" data-id=\"257257\" data-branchs=\"fundacio-romea-es\" data-medias=\"\" data-months=\"septiembre\" data-years=\"2024\" data-languages=\"catalan\">\n<div class=\"wp-block-toolset-blocks-grid tb-grid items-grid-acts\">\n<div class=\"wp-block-toolset-blocks-grid-column tb-grid-column tb-grid-align-top\">\n<div class=\"tb-field alignleft item-title\">Rostros<\/div>\n<\/div>\n<div class=\"wp-block-toolset-blocks-grid-column tb-grid-column tb-grid-align-top\">\n<div class=\"tb-field alignleft item-date\">septiembre 16, 2024<\/div>\n<\/div>\n<div class=\"wp-block-toolset-blocks-grid-column tb-grid-column tb-grid-align-top\">\n<div class=\"tb-field ellipsis alignleft item-branch\">Fundaci\u00f3 Romea<\/div>\n<\/div>\n<\/div>\n<p><\/p><\/a><\/div>\n<\/div>\n\n\n\n<div class=\"wp-block-toolset-views-view-template-block wpv-block-loop-item php-to-be-replaced-with-shortcode folders-item\" data-toolset-views-view-template-block=\"f1a24d5c021c1876c70cc3ee057d03dc\"><div class=\"tb-fields-and-text\" data-toolset-blocks-fields-and-text=\"4e76217e5430eb7d439346615c16810d\"><a href=\"https:\/\/www.aforafocus.cat\/es\/acto\/xii-ciclo-de-lecturas-dramatizadas-con-mhe-casat-amb-tu-per-alegria\/\" title=\"XII Ciclo de lecturas dramatizadas con M\u2019he casat amb tu per alegria\" class=\"items-grid-selector\" ng-show=\"itemShow(257056)\" data-id=\"257056\" data-branchs=\"fundacio-romea-es\" data-medias=\"\" data-months=\"julio\" data-years=\"2024\" data-languages=\"catalan\">\n<div class=\"wp-block-toolset-blocks-grid tb-grid items-grid-acts\">\n<div class=\"wp-block-toolset-blocks-grid-column tb-grid-column tb-grid-align-top\">\n<div class=\"tb-field alignleft item-title\">XII Ciclo de lecturas dramatizadas con M\u2019he casat amb tu per alegria<\/div>\n<\/div>\n<div class=\"wp-block-toolset-blocks-grid-column tb-grid-column tb-grid-align-top\">\n<div class=\"tb-field alignleft item-date\">julio 8, 2024<\/div>\n<\/div>\n<div class=\"wp-block-toolset-blocks-grid-column tb-grid-column tb-grid-align-top\">\n<div class=\"tb-field ellipsis alignleft item-branch\">Fundaci\u00f3 Romea<\/div>\n<\/div>\n<\/div>\n<p><\/p><\/a><\/div>\n<\/div>\n\n\n\n<div class=\"wp-block-toolset-views-view-template-block wpv-block-loop-item php-to-be-replaced-with-shortcode folders-item\" data-toolset-views-view-template-block=\"f1a24d5c021c1876c70cc3ee057d03dc\"><div class=\"tb-fields-and-text\" data-toolset-blocks-fields-and-text=\"4e76217e5430eb7d439346615c16810d\"><a href=\"https:\/\/www.aforafocus.cat\/es\/acto\/ciclo-618-talks-la-relacion-barcelona-madrid-vista-desde-el-mundo-del-teatro\/\" title=\"Ciclo 618 talks: La relaci\u00f3n Barcelona-Madrid vista desde el mundo del teatro\" class=\"items-grid-selector\" ng-show=\"itemShow(257048)\" data-id=\"257048\" data-branchs=\"la-5a-pared\" data-medias=\"\" data-months=\"junio\" data-years=\"2024\" data-languages=\"catalan\">\n<div class=\"wp-block-toolset-blocks-grid tb-grid items-grid-acts\">\n<div class=\"wp-block-toolset-blocks-grid-column tb-grid-column tb-grid-align-top\">\n<div class=\"tb-field alignleft item-title\">Ciclo 618 talks: La relaci\u00f3n Barcelona-Madrid vista desde el mundo del teatro<\/div>\n<\/div>\n<div class=\"wp-block-toolset-blocks-grid-column tb-grid-column tb-grid-align-top\">\n<div class=\"tb-field alignleft item-date\">junio 10, 2024<\/div>\n<\/div>\n<div class=\"wp-block-toolset-blocks-grid-column tb-grid-column tb-grid-align-top\">\n<div class=\"tb-field ellipsis alignleft item-branch\">La 5a Pared<\/div>\n<\/div>\n<\/div>\n<p><\/p><\/a><\/div>\n<\/div>\n\n\n\n<div class=\"wp-block-toolset-views-view-template-block wpv-block-loop-item php-to-be-replaced-with-shortcode folders-item\" data-toolset-views-view-template-block=\"f1a24d5c021c1876c70cc3ee057d03dc\"><div class=\"tb-fields-and-text\" data-toolset-blocks-fields-and-text=\"4e76217e5430eb7d439346615c16810d\"><a href=\"https:\/\/www.aforafocus.cat\/es\/acto\/el-principio-de-la-certeza\/\" title=\"El principio de la certeza\" class=\"items-grid-selector\" ng-show=\"itemShow(257015)\" data-id=\"257015\" data-branchs=\"fundacio-romea-es\" data-medias=\"\" data-months=\"mayo\" data-years=\"2024\" data-languages=\"catalan\">\n<div class=\"wp-block-toolset-blocks-grid tb-grid items-grid-acts\">\n<div class=\"wp-block-toolset-blocks-grid-column tb-grid-column tb-grid-align-top\">\n<div class=\"tb-field alignleft item-title\">El principio de la certeza<\/div>\n<\/div>\n<div class=\"wp-block-toolset-blocks-grid-column tb-grid-column tb-grid-align-top\">\n<div class=\"tb-field alignleft item-date\">mayo 21, 2024<\/div>\n<\/div>\n<div class=\"wp-block-toolset-blocks-grid-column tb-grid-column tb-grid-align-top\">\n<div class=\"tb-field ellipsis alignleft item-branch\">Fundaci\u00f3 Romea<\/div>\n<\/div>\n<\/div>\n<p><\/p><\/a><\/div>\n<\/div>\n\n\n\n<div class=\"wp-block-toolset-views-view-template-block wpv-block-loop-item php-to-be-replaced-with-shortcode folders-item\" data-toolset-views-view-template-block=\"f1a24d5c021c1876c70cc3ee057d03dc\"><div class=\"tb-fields-and-text\" data-toolset-blocks-fields-and-text=\"4e76217e5430eb7d439346615c16810d\"><a href=\"https:\/\/www.aforafocus.cat\/es\/acto\/el-camaleon-el-animal-y-sus-circunstancias\/\" title=\"El camale\u00f3n (el animal y sus circunstancias)\" class=\"items-grid-selector\" ng-show=\"itemShow(256953)\" data-id=\"256953\" data-branchs=\"fundacio-romea-es\" data-medias=\"\" data-months=\"mayo\" data-years=\"2024\" data-languages=\"catalan\">\n<div class=\"wp-block-toolset-blocks-grid tb-grid items-grid-acts\">\n<div class=\"wp-block-toolset-blocks-grid-column tb-grid-column tb-grid-align-top\">\n<div class=\"tb-field alignleft item-title\">El camale\u00f3n (el animal y sus circunstancias)<\/div>\n<\/div>\n<div class=\"wp-block-toolset-blocks-grid-column tb-grid-column tb-grid-align-top\">\n<div class=\"tb-field alignleft item-date\">mayo 13, 2024<\/div>\n<\/div>\n<div class=\"wp-block-toolset-blocks-grid-column tb-grid-column tb-grid-align-top\">\n<div class=\"tb-field ellipsis alignleft item-branch\">Fundaci\u00f3 Romea<\/div>\n<\/div>\n<\/div>\n<p><\/p><\/a><\/div>\n<\/div>\n\n\n\n<div class=\"wp-block-toolset-views-view-template-block wpv-block-loop-item php-to-be-replaced-with-shortcode folders-item\" data-toolset-views-view-template-block=\"f1a24d5c021c1876c70cc3ee057d03dc\"><div class=\"tb-fields-and-text\" data-toolset-blocks-fields-and-text=\"4e76217e5430eb7d439346615c16810d\"><a href=\"https:\/\/www.aforafocus.cat\/es\/acto\/poesia-sin-red\/\" title=\"Poes\u00eda sin red\" class=\"items-grid-selector\" ng-show=\"itemShow(256879)\" data-id=\"256879\" data-branchs=\"fundacio-romea-es\" data-medias=\"\" data-months=\"abril\" data-years=\"2024\" data-languages=\"catalan\">\n<div class=\"wp-block-toolset-blocks-grid tb-grid items-grid-acts\">\n<div class=\"wp-block-toolset-blocks-grid-column tb-grid-column tb-grid-align-top\">\n<div class=\"tb-field alignleft item-title\">Poes\u00eda sin red<\/div>\n<\/div>\n<div class=\"wp-block-toolset-blocks-grid-column tb-grid-column tb-grid-align-top\">\n<div class=\"tb-field alignleft item-date\">abril 22, 2024<\/div>\n<\/div>\n<div class=\"wp-block-toolset-blocks-grid-column tb-grid-column tb-grid-align-top\">\n<div class=\"tb-field ellipsis alignleft item-branch\">Fundaci\u00f3 Romea<\/div>\n<\/div>\n<\/div>\n<p><\/p><\/a><\/div>\n<\/div>\n\n\n\n<div class=\"wp-block-toolset-views-view-template-block wpv-block-loop-item php-to-be-replaced-with-shortcode folders-item\" data-toolset-views-view-template-block=\"f1a24d5c021c1876c70cc3ee057d03dc\"><div class=\"tb-fields-and-text\" data-toolset-blocks-fields-and-text=\"4e76217e5430eb7d439346615c16810d\"><a href=\"https:\/\/www.aforafocus.cat\/es\/acto\/el-enterrador-de-paterna\/\" title=\"El enterrador de Paterna\" class=\"items-grid-selector\" ng-show=\"itemShow(256846)\" data-id=\"256846\" data-branchs=\"fundacio-romea-es\" data-medias=\"\" data-months=\"abril\" data-years=\"2024\" data-languages=\"catalan\">\n<div class=\"wp-block-toolset-blocks-grid tb-grid items-grid-acts\">\n<div class=\"wp-block-toolset-blocks-grid-column tb-grid-column tb-grid-align-top\">\n<div class=\"tb-field alignleft item-title\">El enterrador de Paterna<\/div>\n<\/div>\n<div class=\"wp-block-toolset-blocks-grid-column tb-grid-column tb-grid-align-top\">\n<div class=\"tb-field alignleft item-date\">abril 15, 2024<\/div>\n<\/div>\n<div class=\"wp-block-toolset-blocks-grid-column tb-grid-column tb-grid-align-top\">\n<div class=\"tb-field ellipsis alignleft item-branch\">Fundaci\u00f3 Romea<\/div>\n<\/div>\n<\/div>\n<p><\/p><\/a><\/div>\n<\/div>\n\n\n\n<div class=\"wp-block-toolset-views-view-template-block wpv-block-loop-item php-to-be-replaced-with-shortcode folders-item\" data-toolset-views-view-template-block=\"f1a24d5c021c1876c70cc3ee057d03dc\"><div class=\"tb-fields-and-text\" data-toolset-blocks-fields-and-text=\"4e76217e5430eb7d439346615c16810d\"><a href=\"https:\/\/www.aforafocus.cat\/es\/acto\/5o-cenaculo-con-josep-maria-pou\/\" title=\"5\u00ba Cen\u00e1culo con Josep Maria Pou\" class=\"items-grid-selector\" ng-show=\"itemShow(256773)\" data-id=\"256773\" data-branchs=\"platea-618-es\" data-medias=\"\" data-months=\"abril\" data-years=\"2024\" data-languages=\"catalan\">\n<div class=\"wp-block-toolset-blocks-grid tb-grid items-grid-acts\">\n<div class=\"wp-block-toolset-blocks-grid-column tb-grid-column tb-grid-align-top\">\n<div class=\"tb-field alignleft item-title\">5\u00ba Cen\u00e1culo con Josep Maria Pou<\/div>\n<\/div>\n<div class=\"wp-block-toolset-blocks-grid-column tb-grid-column tb-grid-align-top\">\n<div class=\"tb-field alignleft item-date\">abril 8, 2024<\/div>\n<\/div>\n<div class=\"wp-block-toolset-blocks-grid-column tb-grid-column tb-grid-align-top\">\n<div class=\"tb-field ellipsis alignleft item-branch\">Platea 618<\/div>\n<\/div>\n<\/div>\n<p><\/p><\/a><\/div>\n<\/div>\n\n\n\n<div class=\"wp-block-toolset-views-view-template-block wpv-block-loop-item php-to-be-replaced-with-shortcode folders-item\" data-toolset-views-view-template-block=\"f1a24d5c021c1876c70cc3ee057d03dc\"><div class=\"tb-fields-and-text\" data-toolset-blocks-fields-and-text=\"4e76217e5430eb7d439346615c16810d\"><a href=\"https:\/\/www.aforafocus.cat\/es\/acto\/el-teatro-reina-victoria-de-madrid-acoge-el-dialogo-entre-cesar-antonio-molina-y-nuria-labari-conducido-por-josep-ma-pou-sobre-senectud-a-proposito-de-el-padre\/\" title=\"El Teatro Reina Victoria de Madrid acoge el di\u00e1logo entre C\u00e9sar Antonio Molina y Nuria Labari conducido por Josep M\u00aa Pou, sobre senectud, a prop\u00f3sito de: El Padre\" class=\"items-grid-selector\" ng-show=\"itemShow(256781)\" data-id=\"256781\" data-branchs=\"la-5a-pared\" data-medias=\"\" data-months=\"abril\" data-years=\"2024\" data-languages=\"castellano\">\n<div class=\"wp-block-toolset-blocks-grid tb-grid items-grid-acts\">\n<div class=\"wp-block-toolset-blocks-grid-column tb-grid-column tb-grid-align-top\">\n<div class=\"tb-field alignleft item-title\">El Teatro Reina Victoria de Madrid acoge el di\u00e1logo entre C\u00e9sar Antonio Molina y Nuria Labari conducido por Josep M\u00aa Pou, sobre senectud, a prop\u00f3sito de: El Padre<\/div>\n<\/div>\n<div class=\"wp-block-toolset-blocks-grid-column tb-grid-column tb-grid-align-top\">\n<div class=\"tb-field alignleft item-date\">abril 8, 2024<\/div>\n<\/div>\n<div class=\"wp-block-toolset-blocks-grid-column tb-grid-column tb-grid-align-top\">\n<div class=\"tb-field ellipsis alignleft item-branch\">La 5a Pared<\/div>\n<\/div>\n<\/div>\n<p><\/p><\/a><\/div>\n<\/div>\n\n\n\n<div class=\"wp-block-toolset-views-view-template-block wpv-block-loop-item php-to-be-replaced-with-shortcode folders-item\" data-toolset-views-view-template-block=\"f1a24d5c021c1876c70cc3ee057d03dc\"><div class=\"tb-fields-and-text\" data-toolset-blocks-fields-and-text=\"4e76217e5430eb7d439346615c16810d\"><a href=\"https:\/\/www.aforafocus.cat\/es\/acto\/los-origenes-de-la-vejez-mente-y-realidad\/\" title=\"Los or\u00edgenes de la vejez. Mente y realidad\" class=\"items-grid-selector\" ng-show=\"itemShow(256356)\" data-id=\"256356\" data-branchs=\"fundacio-romea-es, la-5a-pared\" data-medias=\"\" data-months=\"enero\" data-years=\"2024\" data-languages=\"catalan\">\n<div class=\"wp-block-toolset-blocks-grid tb-grid items-grid-acts\">\n<div class=\"wp-block-toolset-blocks-grid-column tb-grid-column tb-grid-align-top\">\n<div class=\"tb-field alignleft item-title\">Los or\u00edgenes de la vejez. Mente y realidad<\/div>\n<\/div>\n<div class=\"wp-block-toolset-blocks-grid-column tb-grid-column tb-grid-align-top\">\n<div class=\"tb-field alignleft item-date\">enero 29, 2024<\/div>\n<\/div>\n<div class=\"wp-block-toolset-blocks-grid-column tb-grid-column tb-grid-align-top\">\n<div class=\"tb-field ellipsis alignleft item-branch\">Fundaci\u00f3 Romea, La 5a Pared<\/div>\n<\/div>\n<\/div>\n<p><\/p><\/a><\/div>\n<\/div>\n\n\n\n<div class=\"wp-block-toolset-views-view-template-block wpv-block-loop-item php-to-be-replaced-with-shortcode folders-item\" data-toolset-views-view-template-block=\"f1a24d5c021c1876c70cc3ee057d03dc\"><div class=\"tb-fields-and-text\" data-toolset-blocks-fields-and-text=\"4e76217e5430eb7d439346615c16810d\"><a href=\"https:\/\/www.aforafocus.cat\/es\/acto\/un-concierto-de-navidad-con-inteligencia-artificial\/\" title=\"Un concierto de navidad con inteligencia artificial\" class=\"items-grid-selector\" ng-show=\"itemShow(256348)\" data-id=\"256348\" data-branchs=\"fundacio-romea-es\" data-medias=\"\" data-months=\"diciembre\" data-years=\"2023\" data-languages=\"catalan\">\n<div class=\"wp-block-toolset-blocks-grid tb-grid items-grid-acts\">\n<div class=\"wp-block-toolset-blocks-grid-column tb-grid-column tb-grid-align-top\">\n<div class=\"tb-field alignleft item-title\">Un concierto de navidad con inteligencia artificial<\/div>\n<\/div>\n<div class=\"wp-block-toolset-blocks-grid-column tb-grid-column tb-grid-align-top\">\n<div class=\"tb-field alignleft item-date\">diciembre 11, 2023<\/div>\n<\/div>\n<div class=\"wp-block-toolset-blocks-grid-column tb-grid-column tb-grid-align-top\">\n<div class=\"tb-field ellipsis alignleft item-branch\">Fundaci\u00f3 Romea<\/div>\n<\/div>\n<\/div>\n<p><\/p><\/a><\/div>\n<\/div>\n\n\n\n<div class=\"wp-block-toolset-views-view-template-block wpv-block-loop-item php-to-be-replaced-with-shortcode folders-item\" data-toolset-views-view-template-block=\"f1a24d5c021c1876c70cc3ee057d03dc\"><div class=\"tb-fields-and-text\" data-toolset-blocks-fields-and-text=\"4e76217e5430eb7d439346615c16810d\"><a href=\"https:\/\/www.aforafocus.cat\/es\/acto\/el-cerco-de-leningrado\/\" title=\"El Cerco de Leningrado\" class=\"items-grid-selector\" ng-show=\"itemShow(256350)\" data-id=\"256350\" data-branchs=\"fundacio-romea-es\" data-medias=\"\" data-months=\"noviembre\" data-years=\"2023\" data-languages=\"catalan\">\n<div class=\"wp-block-toolset-blocks-grid tb-grid items-grid-acts\">\n<div class=\"wp-block-toolset-blocks-grid-column tb-grid-column tb-grid-align-top\">\n<div class=\"tb-field alignleft item-title\">El Cerco de Leningrado<\/div>\n<\/div>\n<div class=\"wp-block-toolset-blocks-grid-column tb-grid-column tb-grid-align-top\">\n<div class=\"tb-field alignleft item-date\">noviembre 27, 2023<\/div>\n<\/div>\n<div class=\"wp-block-toolset-blocks-grid-column tb-grid-column tb-grid-align-top\">\n<div class=\"tb-field ellipsis alignleft item-branch\">Fundaci\u00f3 Romea<\/div>\n<\/div>\n<\/div>\n<p><\/p><\/a><\/div>\n<\/div>\n\n\n\n<div class=\"wp-block-toolset-views-view-template-block wpv-block-loop-item php-to-be-replaced-with-shortcode folders-item\" data-toolset-views-view-template-block=\"f1a24d5c021c1876c70cc3ee057d03dc\"><div class=\"tb-fields-and-text\" data-toolset-blocks-fields-and-text=\"4e76217e5430eb7d439346615c16810d\"><a href=\"https:\/\/www.aforafocus.cat\/es\/acto\/la-simfonia-dels-herois\/\" title=\"La simfonia dels herois\" class=\"items-grid-selector\" ng-show=\"itemShow(256347)\" data-id=\"256347\" data-branchs=\"fundacio-romea-es\" data-medias=\"\" data-months=\"noviembre\" data-years=\"2023\" data-languages=\"catalan\">\n<div class=\"wp-block-toolset-blocks-grid tb-grid items-grid-acts\">\n<div class=\"wp-block-toolset-blocks-grid-column tb-grid-column tb-grid-align-top\">\n<div class=\"tb-field alignleft item-title\">La simfonia dels herois<\/div>\n<\/div>\n<div class=\"wp-block-toolset-blocks-grid-column tb-grid-column tb-grid-align-top\">\n<div class=\"tb-field alignleft item-date\">noviembre 25, 2023<\/div>\n<\/div>\n<div class=\"wp-block-toolset-blocks-grid-column tb-grid-column tb-grid-align-top\">\n<div class=\"tb-field ellipsis alignleft item-branch\">Fundaci\u00f3 Romea<\/div>\n<\/div>\n<\/div>\n<p><\/p><\/a><\/div>\n<\/div>\n\n\n\n<div class=\"wp-block-toolset-views-view-template-block wpv-block-loop-item php-to-be-replaced-with-shortcode folders-item\" data-toolset-views-view-template-block=\"f1a24d5c021c1876c70cc3ee057d03dc\"><div class=\"tb-fields-and-text\" data-toolset-blocks-fields-and-text=\"4e76217e5430eb7d439346615c16810d\"><a href=\"https:\/\/www.aforafocus.cat\/es\/acto\/entrega-premio-teresa-cunille-2023-iii-edicion\/\" title=\"Entrega Premio Teresa Cunill\u00e9 2023 (III EDICI\u00d3N)\" class=\"items-grid-selector\" ng-show=\"itemShow(256346)\" data-id=\"256346\" data-branchs=\"fundacio-romea-es\" data-medias=\"\" data-months=\"noviembre\" data-years=\"2023\" data-languages=\"catalan\">\n<div class=\"wp-block-toolset-blocks-grid tb-grid items-grid-acts\">\n<div class=\"wp-block-toolset-blocks-grid-column tb-grid-column tb-grid-align-top\">\n<div class=\"tb-field alignleft item-title\">Entrega Premio Teresa Cunill\u00e9 2023 (III EDICI\u00d3N)<\/div>\n<\/div>\n<div class=\"wp-block-toolset-blocks-grid-column tb-grid-column tb-grid-align-top\">\n<div class=\"tb-field alignleft item-date\">noviembre 20, 2023<\/div>\n<\/div>\n<div class=\"wp-block-toolset-blocks-grid-column tb-grid-column tb-grid-align-top\">\n<div class=\"tb-field ellipsis alignleft item-branch\">Fundaci\u00f3 Romea<\/div>\n<\/div>\n<\/div>\n<p><\/p><\/a><\/div>\n<\/div>\n\n\n\n<div class=\"wp-block-toolset-views-view-template-block wpv-block-loop-item php-to-be-replaced-with-shortcode folders-item\" data-toolset-views-view-template-block=\"f1a24d5c021c1876c70cc3ee057d03dc\"><div class=\"tb-fields-and-text\" data-toolset-blocks-fields-and-text=\"4e76217e5430eb7d439346615c16810d\"><a href=\"https:\/\/www.aforafocus.cat\/es\/acto\/shakespeare-in-crazy\/\" title=\"Shakespeare in crazy\" class=\"items-grid-selector\" ng-show=\"itemShow(256344)\" data-id=\"256344\" data-branchs=\"fundacio-romea-es\" data-medias=\"\" data-months=\"octubre\" data-years=\"2023\" data-languages=\"catalan\">\n<div class=\"wp-block-toolset-blocks-grid tb-grid items-grid-acts\">\n<div class=\"wp-block-toolset-blocks-grid-column tb-grid-column tb-grid-align-top\">\n<div class=\"tb-field alignleft item-title\">Shakespeare in crazy<\/div>\n<\/div>\n<div class=\"wp-block-toolset-blocks-grid-column tb-grid-column tb-grid-align-top\">\n<div class=\"tb-field alignleft item-date\">octubre 16, 2023<\/div>\n<\/div>\n<div class=\"wp-block-toolset-blocks-grid-column tb-grid-column tb-grid-align-top\">\n<div class=\"tb-field ellipsis alignleft item-branch\">Fundaci\u00f3 Romea<\/div>\n<\/div>\n<\/div>\n<p><\/p><\/a><\/div>\n<\/div>\n\n\n\n<div class=\"wp-block-toolset-views-view-template-block wpv-block-loop-item php-to-be-replaced-with-shortcode folders-item\" data-toolset-views-view-template-block=\"f1a24d5c021c1876c70cc3ee057d03dc\"><div class=\"tb-fields-and-text\" data-toolset-blocks-fields-and-text=\"4e76217e5430eb7d439346615c16810d\"><a href=\"https:\/\/www.aforafocus.cat\/es\/acto\/premio-maria-rosa-jorba-de-cendros-2\/\" title=\"Premio Maria Rosa Jorba de Cendr\u00f3s\" class=\"items-grid-selector\" ng-show=\"itemShow(256342)\" data-id=\"256342\" data-branchs=\"fundacio-romea-es\" data-medias=\"\" data-months=\"octubre\" data-years=\"2023\" data-languages=\"catalan\">\n<div class=\"wp-block-toolset-blocks-grid tb-grid items-grid-acts\">\n<div class=\"wp-block-toolset-blocks-grid-column tb-grid-column tb-grid-align-top\">\n<div class=\"tb-field alignleft item-title\">Premio Maria Rosa Jorba de Cendr\u00f3s<\/div>\n<\/div>\n<div class=\"wp-block-toolset-blocks-grid-column tb-grid-column tb-grid-align-top\">\n<div class=\"tb-field alignleft item-date\">octubre 9, 2023<\/div>\n<\/div>\n<div class=\"wp-block-toolset-blocks-grid-column tb-grid-column tb-grid-align-top\">\n<div class=\"tb-field ellipsis alignleft item-branch\">Fundaci\u00f3 Romea<\/div>\n<\/div>\n<\/div>\n<p><\/p><\/a><\/div>\n<\/div>\n\n\n\n<div class=\"wp-block-toolset-views-view-template-block wpv-block-loop-item php-to-be-replaced-with-shortcode folders-item\" data-toolset-views-view-template-block=\"f1a24d5c021c1876c70cc3ee057d03dc\"><div class=\"tb-fields-and-text\" data-toolset-blocks-fields-and-text=\"4e76217e5430eb7d439346615c16810d\"><a href=\"https:\/\/www.aforafocus.cat\/es\/acto\/la-traduccion\/\" title=\"La Traducci\u00f3n\" class=\"items-grid-selector\" ng-show=\"itemShow(256340)\" data-id=\"256340\" data-branchs=\"fundacio-romea-es\" data-medias=\"\" data-months=\"septiembre\" data-years=\"2023\" data-languages=\"catalan\">\n<div class=\"wp-block-toolset-blocks-grid tb-grid items-grid-acts\">\n<div class=\"wp-block-toolset-blocks-grid-column tb-grid-column tb-grid-align-top\">\n<div class=\"tb-field alignleft item-title\">La Traducci\u00f3n<\/div>\n<\/div>\n<div class=\"wp-block-toolset-blocks-grid-column tb-grid-column tb-grid-align-top\">\n<div class=\"tb-field alignleft item-date\">septiembre 18, 2023<\/div>\n<\/div>\n<div class=\"wp-block-toolset-blocks-grid-column tb-grid-column tb-grid-align-top\">\n<div class=\"tb-field ellipsis alignleft item-branch\">Fundaci\u00f3 Romea<\/div>\n<\/div>\n<\/div>\n<p><\/p><\/a><\/div>\n<\/div>\n\n\n\n<div class=\"wp-block-toolset-views-view-template-block wpv-block-loop-item php-to-be-replaced-with-shortcode folders-item\" data-toolset-views-view-template-block=\"f1a24d5c021c1876c70cc3ee057d03dc\"><div class=\"tb-fields-and-text\" data-toolset-blocks-fields-and-text=\"4e76217e5430eb7d439346615c16810d\"><a href=\"https:\/\/www.aforafocus.cat\/es\/acto\/proclamacion-y-entrega-del-49-premio-de-teatro-memorial-margarida-xirgu\/\" title=\"Proclamaci\u00f3n y entrega del 49 premio de teatro memorial Margarida Xirgu\" class=\"items-grid-selector\" ng-show=\"itemShow(256878)\" data-id=\"256878\" data-branchs=\"fundacio-romea-es\" data-medias=\"\" data-months=\"julio\" data-years=\"2023\" data-languages=\"catalan\">\n<div class=\"wp-block-toolset-blocks-grid tb-grid items-grid-acts\">\n<div class=\"wp-block-toolset-blocks-grid-column tb-grid-column tb-grid-align-top\">\n<div class=\"tb-field alignleft item-title\">Proclamaci\u00f3n y entrega del 49 premio de teatro memorial Margarida Xirgu<\/div>\n<\/div>\n<div class=\"wp-block-toolset-blocks-grid-column tb-grid-column tb-grid-align-top\">\n<div class=\"tb-field alignleft item-date\">julio 17, 2023<\/div>\n<\/div>\n<div class=\"wp-block-toolset-blocks-grid-column tb-grid-column tb-grid-align-top\">\n<div class=\"tb-field ellipsis alignleft item-branch\">Fundaci\u00f3 Romea<\/div>\n<\/div>\n<\/div>\n<p><\/p><\/a><\/div>\n<\/div>\n\n\n\n<div class=\"wp-block-toolset-views-view-template-block wpv-block-loop-item php-to-be-replaced-with-shortcode folders-item\" data-toolset-views-view-template-block=\"f1a24d5c021c1876c70cc3ee057d03dc\"><div class=\"tb-fields-and-text\" data-toolset-blocks-fields-and-text=\"4e76217e5430eb7d439346615c16810d\"><a href=\"https:\/\/www.aforafocus.cat\/es\/acto\/xi-ciclo-de-lecturas-dramatizadas-goteres\/\" title=\"XI ciclo de lecturas dramatizadas \u201cGoteres\u201d\" class=\"items-grid-selector\" ng-show=\"itemShow(255693)\" data-id=\"255693\" data-branchs=\"fundacio-romea-es\" data-medias=\"\" data-months=\"junio\" data-years=\"2023\" data-languages=\"catalan\">\n<div class=\"wp-block-toolset-blocks-grid tb-grid items-grid-acts\">\n<div class=\"wp-block-toolset-blocks-grid-column tb-grid-column tb-grid-align-top\">\n<div class=\"tb-field alignleft item-title\">XI ciclo de lecturas dramatizadas \u201cGoteres\u201d<\/div>\n<\/div>\n<div class=\"wp-block-toolset-blocks-grid-column tb-grid-column tb-grid-align-top\">\n<div class=\"tb-field alignleft item-date\">junio 19, 2023<\/div>\n<\/div>\n<div class=\"wp-block-toolset-blocks-grid-column tb-grid-column tb-grid-align-top\">\n<div class=\"tb-field ellipsis alignleft item-branch\">Fundaci\u00f3 Romea<\/div>\n<\/div>\n<\/div>\n<p><\/p><\/a><\/div>\n<\/div>\n\n\n\n<div class=\"wp-block-toolset-views-view-template-block wpv-block-loop-item php-to-be-replaced-with-shortcode folders-item\" data-toolset-views-view-template-block=\"f1a24d5c021c1876c70cc3ee057d03dc\"><div class=\"tb-fields-and-text\" data-toolset-blocks-fields-and-text=\"4e76217e5430eb7d439346615c16810d\"><a href=\"https:\/\/www.aforafocus.cat\/es\/acto\/solastalgia\/\" title=\"Solastalgia\" class=\"items-grid-selector\" ng-show=\"itemShow(255504)\" data-id=\"255504\" data-branchs=\"fundacio-romea-es\" data-medias=\"\" data-months=\"mayo\" data-years=\"2023\" data-languages=\"catalan\">\n<div class=\"wp-block-toolset-blocks-grid tb-grid items-grid-acts\">\n<div class=\"wp-block-toolset-blocks-grid-column tb-grid-column tb-grid-align-top\">\n<div class=\"tb-field alignleft item-title\">Solastalgia<\/div>\n<\/div>\n<div class=\"wp-block-toolset-blocks-grid-column tb-grid-column tb-grid-align-top\">\n<div class=\"tb-field alignleft item-date\">mayo 22, 2023<\/div>\n<\/div>\n<div class=\"wp-block-toolset-blocks-grid-column tb-grid-column tb-grid-align-top\">\n<div class=\"tb-field ellipsis alignleft item-branch\">Fundaci\u00f3 Romea<\/div>\n<\/div>\n<\/div>\n<p><\/p><\/a><\/div>\n<\/div>\n\n\n\n<div class=\"wp-block-toolset-views-view-template-block wpv-block-loop-item php-to-be-replaced-with-shortcode folders-item\" data-toolset-views-view-template-block=\"f1a24d5c021c1876c70cc3ee057d03dc\"><div class=\"tb-fields-and-text\" data-toolset-blocks-fields-and-text=\"4e76217e5430eb7d439346615c16810d\"><a href=\"https:\/\/www.aforafocus.cat\/es\/acto\/sere-tu-espejo-una-ciudad-en-el-divan\/\" title=\"Ser\u00e9 tu espejo (\u00bfuna ciudad en el div\u00e1n?)\" class=\"items-grid-selector\" ng-show=\"itemShow(255264)\" data-id=\"255264\" data-branchs=\"fundacio-romea-es\" data-medias=\"\" data-months=\"marzo\" data-years=\"2023\" data-languages=\"catalan\">\n<div class=\"wp-block-toolset-blocks-grid tb-grid items-grid-acts\">\n<div class=\"wp-block-toolset-blocks-grid-column tb-grid-column tb-grid-align-top\">\n<div class=\"tb-field alignleft item-title\">Ser\u00e9 tu espejo (\u00bfuna ciudad en el div\u00e1n?)<\/div>\n<\/div>\n<div class=\"wp-block-toolset-blocks-grid-column tb-grid-column tb-grid-align-top\">\n<div class=\"tb-field alignleft item-date\">marzo 6, 2023<\/div>\n<\/div>\n<div class=\"wp-block-toolset-blocks-grid-column tb-grid-column tb-grid-align-top\">\n<div class=\"tb-field ellipsis alignleft item-branch\">Fundaci\u00f3 Romea<\/div>\n<\/div>\n<\/div>\n<p><\/p><\/a><\/div>\n<\/div>\n\n\n\n<div class=\"wp-block-toolset-views-view-template-block wpv-block-loop-item php-to-be-replaced-with-shortcode folders-item\" data-toolset-views-view-template-block=\"f1a24d5c021c1876c70cc3ee057d03dc\"><div class=\"tb-fields-and-text\" data-toolset-blocks-fields-and-text=\"4e76217e5430eb7d439346615c16810d\"><a href=\"https:\/\/www.aforafocus.cat\/es\/acto\/el-animal-filosofo\/\" title=\"El animal-fil\u00f3sofo\" class=\"items-grid-selector\" ng-show=\"itemShow(255173)\" data-id=\"255173\" data-branchs=\"fundacio-romea-es\" data-medias=\"\" data-months=\"febrero\" data-years=\"2023\" data-languages=\"catalan\">\n<div class=\"wp-block-toolset-blocks-grid tb-grid items-grid-acts\">\n<div class=\"wp-block-toolset-blocks-grid-column tb-grid-column tb-grid-align-top\">\n<div class=\"tb-field alignleft item-title\">El animal-fil\u00f3sofo<\/div>\n<\/div>\n<div class=\"wp-block-toolset-blocks-grid-column tb-grid-column tb-grid-align-top\">\n<div class=\"tb-field alignleft item-date\">febrero 20, 2023<\/div>\n<\/div>\n<div class=\"wp-block-toolset-blocks-grid-column tb-grid-column tb-grid-align-top\">\n<div class=\"tb-field ellipsis alignleft item-branch\">Fundaci\u00f3 Romea<\/div>\n<\/div>\n<\/div>\n<p><\/p><\/a><\/div>\n<\/div>\n\n\n\n<div class=\"wp-block-toolset-views-view-template-block wpv-block-loop-item php-to-be-replaced-with-shortcode folders-item\" data-toolset-views-view-template-block=\"f1a24d5c021c1876c70cc3ee057d03dc\"><div class=\"tb-fields-and-text\" data-toolset-blocks-fields-and-text=\"4e76217e5430eb7d439346615c16810d\"><a href=\"https:\/\/www.aforafocus.cat\/es\/acto\/america-una-historia-familiar\/\" title=\"Am\u00e9rica: una historia familiar\" class=\"items-grid-selector\" ng-show=\"itemShow(255163)\" data-id=\"255163\" data-branchs=\"la-5a-pared\" data-medias=\"\" data-months=\"febrero\" data-years=\"2023\" data-languages=\"catalan\">\n<div class=\"wp-block-toolset-blocks-grid tb-grid items-grid-acts\">\n<div class=\"wp-block-toolset-blocks-grid-column tb-grid-column tb-grid-align-top\">\n<div class=\"tb-field alignleft item-title\">Am\u00e9rica: una historia familiar<\/div>\n<\/div>\n<div class=\"wp-block-toolset-blocks-grid-column tb-grid-column tb-grid-align-top\">\n<div class=\"tb-field alignleft item-date\">febrero 14, 2023<\/div>\n<\/div>\n<div class=\"wp-block-toolset-blocks-grid-column tb-grid-column tb-grid-align-top\">\n<div class=\"tb-field ellipsis alignleft item-branch\">La 5a Pared<\/div>\n<\/div>\n<\/div>\n<p><\/p><\/a><\/div>\n<\/div>\n\n\n\n<div class=\"wp-block-toolset-views-view-template-block wpv-block-loop-item php-to-be-replaced-with-shortcode folders-item\" data-toolset-views-view-template-block=\"f1a24d5c021c1876c70cc3ee057d03dc\"><div class=\"tb-fields-and-text\" data-toolset-blocks-fields-and-text=\"4e76217e5430eb7d439346615c16810d\"><a href=\"https:\/\/www.aforafocus.cat\/es\/acto\/acto-de-entrega-del-premio-santa-eulalia-de-novela-de-barcelona\/\" title=\"Acto de entrega del Premio Santa Eul\u00e0lia de novela de Barcelona\" class=\"items-grid-selector\" ng-show=\"itemShow(255058)\" data-id=\"255058\" data-branchs=\"ediciones\" data-medias=\"\" data-months=\"febrero\" data-years=\"2023\" data-languages=\"catalan\">\n<div class=\"wp-block-toolset-blocks-grid tb-grid items-grid-acts\">\n<div class=\"wp-block-toolset-blocks-grid-column tb-grid-column tb-grid-align-top\">\n<div class=\"tb-field alignleft item-title\">Acto de entrega del Premio Santa Eul\u00e0lia de novela de Barcelona<\/div>\n<\/div>\n<div class=\"wp-block-toolset-blocks-grid-column tb-grid-column tb-grid-align-top\">\n<div class=\"tb-field alignleft item-date\">febrero 13, 2023<\/div>\n<\/div>\n<div class=\"wp-block-toolset-blocks-grid-column tb-grid-column tb-grid-align-top\">\n<div class=\"tb-field ellipsis alignleft item-branch\">\u00c1fora Ediciones<\/div>\n<\/div>\n<\/div>\n<p><\/p><\/a><\/div>\n<\/div>\n\n\n\n<div class=\"wp-block-toolset-views-view-template-block wpv-block-loop-item php-to-be-replaced-with-shortcode folders-item\" data-toolset-views-view-template-block=\"f1a24d5c021c1876c70cc3ee057d03dc\"><div class=\"tb-fields-and-text\" data-toolset-blocks-fields-and-text=\"4e76217e5430eb7d439346615c16810d\"><a href=\"https:\/\/www.aforafocus.cat\/es\/acto\/sobre-shakespeare-hamlet-era-gordo\/\" title=\"Sobre Shakespeare: Hamlet era gordo\" class=\"items-grid-selector\" ng-show=\"itemShow(254967)\" data-id=\"254967\" data-branchs=\"fundacio-romea-es\" data-medias=\"\" data-months=\"enero\" data-years=\"2023\" data-languages=\"catalan\">\n<div class=\"wp-block-toolset-blocks-grid tb-grid items-grid-acts\">\n<div class=\"wp-block-toolset-blocks-grid-column tb-grid-column tb-grid-align-top\">\n<div class=\"tb-field alignleft item-title\">Sobre Shakespeare: Hamlet era gordo<\/div>\n<\/div>\n<div class=\"wp-block-toolset-blocks-grid-column tb-grid-column tb-grid-align-top\">\n<div class=\"tb-field alignleft item-date\">enero 23, 2023<\/div>\n<\/div>\n<div class=\"wp-block-toolset-blocks-grid-column tb-grid-column tb-grid-align-top\">\n<div class=\"tb-field ellipsis alignleft item-branch\">Fundaci\u00f3 Romea<\/div>\n<\/div>\n<\/div>\n<p><\/p><\/a><\/div>\n<\/div>\n\n\n\n<div class=\"wp-block-toolset-views-view-template-block wpv-block-loop-item php-to-be-replaced-with-shortcode folders-item\" data-toolset-views-view-template-block=\"f1a24d5c021c1876c70cc3ee057d03dc\"><div class=\"tb-fields-and-text\" data-toolset-blocks-fields-and-text=\"4e76217e5430eb7d439346615c16810d\"><a href=\"https:\/\/www.aforafocus.cat\/es\/acto\/todo-el-mundo-llora\/\" title=\"Todo el mundo llora\" class=\"items-grid-selector\" ng-show=\"itemShow(249428)\" data-id=\"249428\" data-branchs=\"fundacio-romea-es\" data-medias=\"\" data-months=\"enero\" data-years=\"2023\" data-languages=\"castellano\">\n<div class=\"wp-block-toolset-blocks-grid tb-grid items-grid-acts\">\n<div class=\"wp-block-toolset-blocks-grid-column tb-grid-column tb-grid-align-top\">\n<div class=\"tb-field alignleft item-title\">Todo el mundo llora<\/div>\n<\/div>\n<div class=\"wp-block-toolset-blocks-grid-column tb-grid-column tb-grid-align-top\">\n<div class=\"tb-field alignleft item-date\">enero 16, 2023<\/div>\n<\/div>\n<div class=\"wp-block-toolset-blocks-grid-column tb-grid-column tb-grid-align-top\">\n<div class=\"tb-field ellipsis alignleft item-branch\">Fundaci\u00f3 Romea<\/div>\n<\/div>\n<\/div>\n<p><\/p><\/a><\/div>\n<\/div>\n\n\n\n<div class=\"wp-block-toolset-views-view-template-block wpv-block-loop-item php-to-be-replaced-with-shortcode folders-item\" data-toolset-views-view-template-block=\"f1a24d5c021c1876c70cc3ee057d03dc\"><div class=\"tb-fields-and-text\" data-toolset-blocks-fields-and-text=\"4e76217e5430eb7d439346615c16810d\"><a href=\"https:\/\/www.aforafocus.cat\/es\/acto\/3r-cenaculo-con-andres-lima\/\" title=\"3r Cen\u00e1culo con Andr\u00e9s Lima\" class=\"items-grid-selector\" ng-show=\"itemShow(254875)\" data-id=\"254875\" data-branchs=\"platea-618-es\" data-medias=\"\" data-months=\"noviembre\" data-years=\"2022\" data-languages=\"catalan\">\n<div class=\"wp-block-toolset-blocks-grid tb-grid items-grid-acts\">\n<div class=\"wp-block-toolset-blocks-grid-column tb-grid-column tb-grid-align-top\">\n<div class=\"tb-field alignleft item-title\">3r Cen\u00e1culo con Andr\u00e9s Lima<\/div>\n<\/div>\n<div class=\"wp-block-toolset-blocks-grid-column tb-grid-column tb-grid-align-top\">\n<div class=\"tb-field alignleft item-date\">noviembre 28, 2022<\/div>\n<\/div>\n<div class=\"wp-block-toolset-blocks-grid-column tb-grid-column tb-grid-align-top\">\n<div class=\"tb-field ellipsis alignleft item-branch\">Platea 618<\/div>\n<\/div>\n<\/div>\n<p><\/p><\/a><\/div>\n<\/div>\n\n\n\n<div class=\"wp-block-toolset-views-view-template-block wpv-block-loop-item php-to-be-replaced-with-shortcode folders-item\" data-toolset-views-view-template-block=\"f1a24d5c021c1876c70cc3ee057d03dc\"><div class=\"tb-fields-and-text\" data-toolset-blocks-fields-and-text=\"4e76217e5430eb7d439346615c16810d\"><a href=\"https:\/\/www.aforafocus.cat\/es\/acto\/timere-accio-sobre-poemes-de-guerra-de-ferrater\/\" title=\"Timere * Acci\u00f3 sobre poemes de guerra de Ferrater\" class=\"items-grid-selector\" ng-show=\"itemShow(255211)\" data-id=\"255211\" data-branchs=\"fundacio-romea-es\" data-medias=\"\" data-months=\"noviembre\" data-years=\"2022\" data-languages=\"catalan\">\n<div class=\"wp-block-toolset-blocks-grid tb-grid items-grid-acts\">\n<div class=\"wp-block-toolset-blocks-grid-column tb-grid-column tb-grid-align-top\">\n<div class=\"tb-field alignleft item-title\">Timere * Acci\u00f3 sobre poemes de guerra de Ferrater<\/div>\n<\/div>\n<div class=\"wp-block-toolset-blocks-grid-column tb-grid-column tb-grid-align-top\">\n<div class=\"tb-field alignleft item-date\">noviembre 28, 2022<\/div>\n<\/div>\n<div class=\"wp-block-toolset-blocks-grid-column tb-grid-column tb-grid-align-top\">\n<div class=\"tb-field ellipsis alignleft item-branch\">Fundaci\u00f3 Romea<\/div>\n<\/div>\n<\/div>\n<p><\/p><\/a><\/div>\n<\/div>\n\n\n\n<div class=\"wp-block-toolset-views-view-template-block wpv-block-loop-item php-to-be-replaced-with-shortcode folders-item\" data-toolset-views-view-template-block=\"f1a24d5c021c1876c70cc3ee057d03dc\"><div class=\"tb-fields-and-text\" data-toolset-blocks-fields-and-text=\"4e76217e5430eb7d439346615c16810d\"><a href=\"https:\/\/www.aforafocus.cat\/es\/acto\/proclamacion-y-entrega-del-48o-premio-de-teatro-memorial-margarida-xirgu\/\" title=\"Proclamaci\u00f3n y entrega del 48\u00ba premio de teatro memorial Margarida Xirgu\" class=\"items-grid-selector\" ng-show=\"itemShow(249267)\" data-id=\"249267\" data-branchs=\"fundacio-romea-es\" data-medias=\"\" data-months=\"julio\" data-years=\"2022\" data-languages=\"catalan\">\n<div class=\"wp-block-toolset-blocks-grid tb-grid items-grid-acts\">\n<div class=\"wp-block-toolset-blocks-grid-column tb-grid-column tb-grid-align-top\">\n<div class=\"tb-field alignleft item-title\">Proclamaci\u00f3n y entrega del 48\u00ba premio de teatro memorial Margarida Xirgu<\/div>\n<\/div>\n<div class=\"wp-block-toolset-blocks-grid-column tb-grid-column tb-grid-align-top\">\n<div class=\"tb-field alignleft item-date\">julio 25, 2022<\/div>\n<\/div>\n<div class=\"wp-block-toolset-blocks-grid-column tb-grid-column tb-grid-align-top\">\n<div class=\"tb-field ellipsis alignleft item-branch\">Fundaci\u00f3 Romea<\/div>\n<\/div>\n<\/div>\n<p><\/p><\/a><\/div>\n<\/div>\n\n\n\n<div class=\"wp-block-toolset-views-view-template-block wpv-block-loop-item php-to-be-replaced-with-shortcode folders-item\" data-toolset-views-view-template-block=\"f1a24d5c021c1876c70cc3ee057d03dc\"><div class=\"tb-fields-and-text\" data-toolset-blocks-fields-and-text=\"4e76217e5430eb7d439346615c16810d\"><a href=\"https:\/\/www.aforafocus.cat\/es\/acto\/la-figura-del-maligno-en-milton-y-moliere\/\" title=\"La figura del maligno en Milton y Moli\u00e8re\" class=\"items-grid-selector\" ng-show=\"itemShow(249156)\" data-id=\"249156\" data-branchs=\"fundacio-romea-es\" data-medias=\"\" data-months=\"julio\" data-years=\"2022\" data-languages=\"castellano, catalan\">\n<div class=\"wp-block-toolset-blocks-grid tb-grid items-grid-acts\">\n<div class=\"wp-block-toolset-blocks-grid-column tb-grid-column tb-grid-align-top\">\n<div class=\"tb-field alignleft item-title\">La figura del maligno en Milton y Moli\u00e8re<\/div>\n<\/div>\n<div class=\"wp-block-toolset-blocks-grid-column tb-grid-column tb-grid-align-top\">\n<div class=\"tb-field alignleft item-date\">julio 18, 2022<\/div>\n<\/div>\n<div class=\"wp-block-toolset-blocks-grid-column tb-grid-column tb-grid-align-top\">\n<div class=\"tb-field ellipsis alignleft item-branch\">Fundaci\u00f3 Romea<\/div>\n<\/div>\n<\/div>\n<p><\/p><\/a><\/div>\n<\/div>\n\n\n\n<div class=\"wp-block-toolset-views-view-template-block wpv-block-loop-item php-to-be-replaced-with-shortcode folders-item\" data-toolset-views-view-template-block=\"f1a24d5c021c1876c70cc3ee057d03dc\"><div class=\"tb-fields-and-text\" data-toolset-blocks-fields-and-text=\"4e76217e5430eb7d439346615c16810d\"><a href=\"https:\/\/www.aforafocus.cat\/es\/acto\/2do-cenaculo-con-pepe-viyuela\/\" title=\"2do Cen\u00e1culo con Pepe Viyuela\" class=\"items-grid-selector\" ng-show=\"itemShow(248875)\" data-id=\"248875\" data-branchs=\"platea-618-es\" data-medias=\"\" data-months=\"julio\" data-years=\"2022\" data-languages=\"catalan\">\n<div class=\"wp-block-toolset-blocks-grid tb-grid items-grid-acts\">\n<div class=\"wp-block-toolset-blocks-grid-column tb-grid-column tb-grid-align-top\">\n<div class=\"tb-field alignleft item-title\">2do Cen\u00e1culo con Pepe Viyuela<\/div>\n<\/div>\n<div class=\"wp-block-toolset-blocks-grid-column tb-grid-column tb-grid-align-top\">\n<div class=\"tb-field alignleft item-date\">julio 4, 2022<\/div>\n<\/div>\n<div class=\"wp-block-toolset-blocks-grid-column tb-grid-column tb-grid-align-top\">\n<div class=\"tb-field ellipsis alignleft item-branch\">Platea 618<\/div>\n<\/div>\n<\/div>\n<p><\/p><\/a><\/div>\n<\/div>\n\n\n\n<div class=\"wp-block-toolset-views-view-template-block wpv-block-loop-item php-to-be-replaced-with-shortcode folders-item\" data-toolset-views-view-template-block=\"f1a24d5c021c1876c70cc3ee057d03dc\"><div class=\"tb-fields-and-text\" data-toolset-blocks-fields-and-text=\"4e76217e5430eb7d439346615c16810d\"><a href=\"https:\/\/www.aforafocus.cat\/es\/acto\/afora-focus-edicions-y-comanegra-convocan-el-premio-santa-eulalia-de-novela-de-barcelona\/\" title=\"\u00c1fora Focus Edicions y Comanegra\u00a0convocan el Premio Santa Eul\u00e0lia\u00a0de novela de Barcelona\" class=\"items-grid-selector\" ng-show=\"itemShow(248721)\" data-id=\"248721\" data-branchs=\"ediciones\" data-medias=\"\" data-months=\"junio\" data-years=\"2022\" data-languages=\"catalan\">\n<div class=\"wp-block-toolset-blocks-grid tb-grid items-grid-acts\">\n<div class=\"wp-block-toolset-blocks-grid-column tb-grid-column tb-grid-align-top\">\n<div class=\"tb-field alignleft item-title\">\u00c1fora Focus Edicions y Comanegra\u00a0convocan el Premio Santa Eul\u00e0lia\u00a0de novela de Barcelona<\/div>\n<\/div>\n<div class=\"wp-block-toolset-blocks-grid-column tb-grid-column tb-grid-align-top\">\n<div class=\"tb-field alignleft item-date\">junio 16, 2022<\/div>\n<\/div>\n<div class=\"wp-block-toolset-blocks-grid-column tb-grid-column tb-grid-align-top\">\n<div class=\"tb-field ellipsis alignleft item-branch\">\u00c1fora Ediciones<\/div>\n<\/div>\n<\/div>\n<p><\/p><\/a><\/div>\n<\/div>\n\n\n\n<div class=\"wp-block-toolset-views-view-template-block wpv-block-loop-item php-to-be-replaced-with-shortcode folders-item\" data-toolset-views-view-template-block=\"f1a24d5c021c1876c70cc3ee057d03dc\"><div class=\"tb-fields-and-text\" data-toolset-blocks-fields-and-text=\"4e76217e5430eb7d439346615c16810d\"><a href=\"https:\/\/www.aforafocus.cat\/es\/acto\/presentacion-i-congreso-internacional-de-espectadores-de-teatro\/\" title=\"Presentaci\u00f3n I Congreso Internacional de Espectadores de Teatro\" class=\"items-grid-selector\" ng-show=\"itemShow(249273)\" data-id=\"249273\" data-branchs=\"espectadores\" data-medias=\"\" data-months=\"junio\" data-years=\"2022\" data-languages=\"catalan\">\n<div class=\"wp-block-toolset-blocks-grid tb-grid items-grid-acts\">\n<div class=\"wp-block-toolset-blocks-grid-column tb-grid-column tb-grid-align-top\">\n<div class=\"tb-field alignleft item-title\">Presentaci\u00f3n I Congreso Internacional de Espectadores de Teatro<\/div>\n<\/div>\n<div class=\"wp-block-toolset-blocks-grid-column tb-grid-column tb-grid-align-top\">\n<div class=\"tb-field alignleft item-date\">junio 15, 2022<\/div>\n<\/div>\n<div class=\"wp-block-toolset-blocks-grid-column tb-grid-column tb-grid-align-top\">\n<div class=\"tb-field ellipsis alignleft item-branch\">Espectadores<\/div>\n<\/div>\n<\/div>\n<p><\/p><\/a><\/div>\n<\/div>\n\n\n\n<div class=\"wp-block-toolset-views-view-template-block wpv-block-loop-item php-to-be-replaced-with-shortcode folders-item\" data-toolset-views-view-template-block=\"f1a24d5c021c1876c70cc3ee057d03dc\"><div class=\"tb-fields-and-text\" data-toolset-blocks-fields-and-text=\"4e76217e5430eb7d439346615c16810d\"><a href=\"https:\/\/www.aforafocus.cat\/es\/acto\/sonetos-del-amor-oscuro\/\" title=\"Sonetos del amor oscuro\" class=\"items-grid-selector\" ng-show=\"itemShow(248869)\" data-id=\"248869\" data-branchs=\"fundacio-romea-es\" data-medias=\"\" data-months=\"junio\" data-years=\"2022\" data-languages=\"castellano, catalan\">\n<div class=\"wp-block-toolset-blocks-grid tb-grid items-grid-acts\">\n<div class=\"wp-block-toolset-blocks-grid-column tb-grid-column tb-grid-align-top\">\n<div class=\"tb-field alignleft item-title\">Sonetos del amor oscuro<\/div>\n<\/div>\n<div class=\"wp-block-toolset-blocks-grid-column tb-grid-column tb-grid-align-top\">\n<div class=\"tb-field alignleft item-date\">junio 7, 2022<\/div>\n<\/div>\n<div class=\"wp-block-toolset-blocks-grid-column tb-grid-column tb-grid-align-top\">\n<div class=\"tb-field ellipsis alignleft item-branch\">Fundaci\u00f3 Romea<\/div>\n<\/div>\n<\/div>\n<p><\/p><\/a><\/div>\n<\/div>\n\n\n\n<div class=\"wp-block-toolset-views-view-template-block wpv-block-loop-item php-to-be-replaced-with-shortcode folders-item\" data-toolset-views-view-template-block=\"f1a24d5c021c1876c70cc3ee057d03dc\"><div class=\"tb-fields-and-text\" data-toolset-blocks-fields-and-text=\"4e76217e5430eb7d439346615c16810d\"><a href=\"https:\/\/www.aforafocus.cat\/es\/acto\/sobre-el-bien-y-el-mal-leyendo-a-pierpaolo\/\" title=\"Sobre el bien y el mal (leyendo a Pierpaolo)\" class=\"items-grid-selector\" ng-show=\"itemShow(248863)\" data-id=\"248863\" data-branchs=\"fundacio-romea-es\" data-medias=\"\" data-months=\"mayo\" data-years=\"2022\" data-languages=\"catalan\">\n<div class=\"wp-block-toolset-blocks-grid tb-grid items-grid-acts\">\n<div class=\"wp-block-toolset-blocks-grid-column tb-grid-column tb-grid-align-top\">\n<div class=\"tb-field alignleft item-title\">Sobre el bien y el mal (leyendo a Pierpaolo)<\/div>\n<\/div>\n<div class=\"wp-block-toolset-blocks-grid-column tb-grid-column tb-grid-align-top\">\n<div class=\"tb-field alignleft item-date\">mayo 30, 2022<\/div>\n<\/div>\n<div class=\"wp-block-toolset-blocks-grid-column tb-grid-column tb-grid-align-top\">\n<div class=\"tb-field ellipsis alignleft item-branch\">Fundaci\u00f3 Romea<\/div>\n<\/div>\n<\/div>\n<p><\/p><\/a><\/div>\n<\/div>\n\n\n\n<div class=\"wp-block-toolset-views-view-template-block wpv-block-loop-item php-to-be-replaced-with-shortcode folders-item\" data-toolset-views-view-template-block=\"f1a24d5c021c1876c70cc3ee057d03dc\"><div class=\"tb-fields-and-text\" data-toolset-blocks-fields-and-text=\"4e76217e5430eb7d439346615c16810d\"><a href=\"https:\/\/www.aforafocus.cat\/es\/acto\/bat-alan-biografia-de-un-asesinato-social\/\" title=\"BAT-ALAN BIOGRAFIA DE UN ASESINATO SOCIAL\" class=\"items-grid-selector\" ng-show=\"itemShow(248856)\" data-id=\"248856\" data-branchs=\"fundacio-romea-es\" data-medias=\"\" data-months=\"mayo\" data-years=\"2022\" data-languages=\"catalan\">\n<div class=\"wp-block-toolset-blocks-grid tb-grid items-grid-acts\">\n<div class=\"wp-block-toolset-blocks-grid-column tb-grid-column tb-grid-align-top\">\n<div class=\"tb-field alignleft item-title\">BAT-ALAN BIOGRAFIA DE UN ASESINATO SOCIAL<\/div>\n<\/div>\n<div class=\"wp-block-toolset-blocks-grid-column tb-grid-column tb-grid-align-top\">\n<div class=\"tb-field alignleft item-date\">mayo 16, 2022<\/div>\n<\/div>\n<div class=\"wp-block-toolset-blocks-grid-column tb-grid-column tb-grid-align-top\">\n<div class=\"tb-field ellipsis alignleft item-branch\">Fundaci\u00f3 Romea<\/div>\n<\/div>\n<\/div>\n<p><\/p><\/a><\/div>\n<\/div>\n\n\n\n<div class=\"wp-block-toolset-views-view-template-block wpv-block-loop-item php-to-be-replaced-with-shortcode folders-item\" data-toolset-views-view-template-block=\"f1a24d5c021c1876c70cc3ee057d03dc\"><div class=\"tb-fields-and-text\" data-toolset-blocks-fields-and-text=\"4e76217e5430eb7d439346615c16810d\"><a href=\"https:\/\/www.aforafocus.cat\/es\/acto\/ciclo-de-conferencias-john-milton-su-vida-su-obra-su-tiempo\/\" title=\"Ciclo de conferencias: John Milton: su vida, su obra, su tiempo\" class=\"items-grid-selector\" ng-show=\"itemShow(249269)\" data-id=\"249269\" data-branchs=\"la-5a-pared\" data-medias=\"\" data-months=\"mayo\" data-years=\"2022\" data-languages=\"castellano\">\n<div class=\"wp-block-toolset-blocks-grid tb-grid items-grid-acts\">\n<div class=\"wp-block-toolset-blocks-grid-column tb-grid-column tb-grid-align-top\">\n<div class=\"tb-field alignleft item-title\">Ciclo de conferencias: John Milton: su vida, su obra, su tiempo<\/div>\n<\/div>\n<div class=\"wp-block-toolset-blocks-grid-column tb-grid-column tb-grid-align-top\">\n<div class=\"tb-field alignleft item-date\">mayo 3, 2022<\/div>\n<\/div>\n<div class=\"wp-block-toolset-blocks-grid-column tb-grid-column tb-grid-align-top\">\n<div class=\"tb-field ellipsis alignleft item-branch\">La 5a Pared<\/div>\n<\/div>\n<\/div>\n<p><\/p><\/a><\/div>\n<\/div>\n\n\n\n<div class=\"wp-block-toolset-views-view-template-block wpv-block-loop-item php-to-be-replaced-with-shortcode folders-item\" data-toolset-views-view-template-block=\"f1a24d5c021c1876c70cc3ee057d03dc\"><div class=\"tb-fields-and-text\" data-toolset-blocks-fields-and-text=\"4e76217e5430eb7d439346615c16810d\"><a href=\"https:\/\/www.aforafocus.cat\/es\/acto\/en-busca-del-paraiso-perdido\/\" title=\"En busca del para\u00edso perdido\" class=\"items-grid-selector\" ng-show=\"itemShow(248873)\" data-id=\"248873\" data-branchs=\"fundacio-romea-es\" data-medias=\"\" data-months=\"abril\" data-years=\"2022\" data-languages=\"catalan\">\n<div class=\"wp-block-toolset-blocks-grid tb-grid items-grid-acts\">\n<div class=\"wp-block-toolset-blocks-grid-column tb-grid-column tb-grid-align-top\">\n<div class=\"tb-field alignleft item-title\">En busca del para\u00edso perdido<\/div>\n<\/div>\n<div class=\"wp-block-toolset-blocks-grid-column tb-grid-column tb-grid-align-top\">\n<div class=\"tb-field alignleft item-date\">abril 11, 2022<\/div>\n<\/div>\n<div class=\"wp-block-toolset-blocks-grid-column tb-grid-column tb-grid-align-top\">\n<div class=\"tb-field ellipsis alignleft item-branch\">Fundaci\u00f3 Romea<\/div>\n<\/div>\n<\/div>\n<p><\/p><\/a><\/div>\n<\/div>\n\n\n\n<div class=\"wp-block-toolset-views-view-template-block wpv-block-loop-item php-to-be-replaced-with-shortcode folders-item\" data-toolset-views-view-template-block=\"f1a24d5c021c1876c70cc3ee057d03dc\"><div class=\"tb-fields-and-text\" data-toolset-blocks-fields-and-text=\"4e76217e5430eb7d439346615c16810d\"><a href=\"https:\/\/www.aforafocus.cat\/es\/acto\/confesiones-de-un-artista\/\" title=\"Confesiones de un artista\" class=\"items-grid-selector\" ng-show=\"itemShow(248871)\" data-id=\"248871\" data-branchs=\"fundacio-romea-es\" data-medias=\"\" data-months=\"marzo\" data-years=\"2022\" data-languages=\"catalan\">\n<div class=\"wp-block-toolset-blocks-grid tb-grid items-grid-acts\">\n<div class=\"wp-block-toolset-blocks-grid-column tb-grid-column tb-grid-align-top\">\n<div class=\"tb-field alignleft item-title\">Confesiones de un artista<\/div>\n<\/div>\n<div class=\"wp-block-toolset-blocks-grid-column tb-grid-column tb-grid-align-top\">\n<div class=\"tb-field alignleft item-date\">marzo 28, 2022<\/div>\n<\/div>\n<div class=\"wp-block-toolset-blocks-grid-column tb-grid-column tb-grid-align-top\">\n<div class=\"tb-field ellipsis alignleft item-branch\">Fundaci\u00f3 Romea<\/div>\n<\/div>\n<\/div>\n<p><\/p><\/a><\/div>\n<\/div>\n\n\n\n<div class=\"wp-block-toolset-views-view-template-block wpv-block-loop-item php-to-be-replaced-with-shortcode folders-item\" data-toolset-views-view-template-block=\"f1a24d5c021c1876c70cc3ee057d03dc\"><div class=\"tb-fields-and-text\" data-toolset-blocks-fields-and-text=\"4e76217e5430eb7d439346615c16810d\"><a href=\"https:\/\/www.aforafocus.cat\/es\/acto\/presentacion-album-libertad-con-la-banda-de-juan-perro\/\" title=\"Presentaci\u00f3n \u00e1lbum \u00abLibertad\u00bb con La Banda de Juan Perro\" class=\"items-grid-selector\" ng-show=\"itemShow(249270)\" data-id=\"249270\" data-branchs=\"fundacio-romea-es\" data-medias=\"\" data-months=\"marzo\" data-years=\"2022\" data-languages=\"castellano\">\n<div class=\"wp-block-toolset-blocks-grid tb-grid items-grid-acts\">\n<div class=\"wp-block-toolset-blocks-grid-column tb-grid-column tb-grid-align-top\">\n<div class=\"tb-field alignleft item-title\">Presentaci\u00f3n \u00e1lbum \u00abLibertad\u00bb con La Banda de Juan Perro<\/div>\n<\/div>\n<div class=\"wp-block-toolset-blocks-grid-column tb-grid-column tb-grid-align-top\">\n<div class=\"tb-field alignleft item-date\">marzo 25, 2022<\/div>\n<\/div>\n<div class=\"wp-block-toolset-blocks-grid-column tb-grid-column tb-grid-align-top\">\n<div class=\"tb-field ellipsis alignleft item-branch\">Fundaci\u00f3 Romea<\/div>\n<\/div>\n<\/div>\n<p><\/p><\/a><\/div>\n<\/div>\n\n\n\n<div class=\"wp-block-toolset-views-view-template-block wpv-block-loop-item php-to-be-replaced-with-shortcode folders-item\" data-toolset-views-view-template-block=\"f1a24d5c021c1876c70cc3ee057d03dc\"><div class=\"tb-fields-and-text\" data-toolset-blocks-fields-and-text=\"4e76217e5430eb7d439346615c16810d\"><a href=\"https:\/\/www.aforafocus.cat\/es\/acto\/pedalead-mucho-o-poco-largo-o-corto-pero-pedalead\/\" title=\"Pedalead mucho o poco, largo o corto, pero pedalead\" class=\"items-grid-selector\" ng-show=\"itemShow(245258)\" data-id=\"245258\" data-branchs=\"fundacio-romea-es\" data-medias=\"\" data-months=\"febrero\" data-years=\"2022\" data-languages=\"catalan\">\n<div class=\"wp-block-toolset-blocks-grid tb-grid items-grid-acts\">\n<div class=\"wp-block-toolset-blocks-grid-column tb-grid-column tb-grid-align-top\">\n<div class=\"tb-field alignleft item-title\">Pedalead mucho o poco, largo o corto, pero pedalead<\/div>\n<\/div>\n<div class=\"wp-block-toolset-blocks-grid-column tb-grid-column tb-grid-align-top\">\n<div class=\"tb-field alignleft item-date\">febrero 28, 2022<\/div>\n<\/div>\n<div class=\"wp-block-toolset-blocks-grid-column tb-grid-column tb-grid-align-top\">\n<div class=\"tb-field ellipsis alignleft item-branch\">Fundaci\u00f3 Romea<\/div>\n<\/div>\n<\/div>\n<p><\/p><\/a><\/div>\n<\/div>\n\n\n\n<div class=\"wp-block-toolset-views-view-template-block wpv-block-loop-item php-to-be-replaced-with-shortcode folders-item\" data-toolset-views-view-template-block=\"f1a24d5c021c1876c70cc3ee057d03dc\"><div class=\"tb-fields-and-text\" data-toolset-blocks-fields-and-text=\"4e76217e5430eb7d439346615c16810d\"><a href=\"https:\/\/www.aforafocus.cat\/es\/acto\/accion-fotonica-viaje-al-paraiso\/\" title=\"Acci\u00f3n fot\u00f3nica (viaje al para\u00edso)\" class=\"items-grid-selector\" ng-show=\"itemShow(244821)\" data-id=\"244821\" data-branchs=\"fundacio-romea-es\" data-medias=\"\" data-months=\"enero\" data-years=\"2022\" data-languages=\"catalan\">\n<div class=\"wp-block-toolset-blocks-grid tb-grid items-grid-acts\">\n<div class=\"wp-block-toolset-blocks-grid-column tb-grid-column tb-grid-align-top\">\n<div class=\"tb-field alignleft item-title\">Acci\u00f3n fot\u00f3nica (viaje al para\u00edso)<\/div>\n<\/div>\n<div class=\"wp-block-toolset-blocks-grid-column tb-grid-column tb-grid-align-top\">\n<div class=\"tb-field alignleft item-date\">enero 24, 2022<\/div>\n<\/div>\n<div class=\"wp-block-toolset-blocks-grid-column tb-grid-column tb-grid-align-top\">\n<div class=\"tb-field ellipsis alignleft item-branch\">Fundaci\u00f3 Romea<\/div>\n<\/div>\n<\/div>\n<p><\/p><\/a><\/div>\n<\/div>\n\n\n\n<div class=\"wp-block-toolset-views-view-template-block wpv-block-loop-item php-to-be-replaced-with-shortcode folders-item\" data-toolset-views-view-template-block=\"f1a24d5c021c1876c70cc3ee057d03dc\"><div class=\"tb-fields-and-text\" data-toolset-blocks-fields-and-text=\"4e76217e5430eb7d439346615c16810d\"><a href=\"https:\/\/www.aforafocus.cat\/es\/acto\/premio-maria-rosa-jorba-de-cendros\/\" title=\"Premio Maria Rosa Jorba de Cendr\u00f3s\" class=\"items-grid-selector\" ng-show=\"itemShow(244822)\" data-id=\"244822\" data-branchs=\"fundacio-romea-es\" data-medias=\"\" data-months=\"enero\" data-years=\"2022\" data-languages=\"catalan\">\n<div class=\"wp-block-toolset-blocks-grid tb-grid items-grid-acts\">\n<div class=\"wp-block-toolset-blocks-grid-column tb-grid-column tb-grid-align-top\">\n<div class=\"tb-field alignleft item-title\">Premio Maria Rosa Jorba de Cendr\u00f3s<\/div>\n<\/div>\n<div class=\"wp-block-toolset-blocks-grid-column tb-grid-column tb-grid-align-top\">\n<div class=\"tb-field alignleft item-date\">enero 17, 2022<\/div>\n<\/div>\n<div class=\"wp-block-toolset-blocks-grid-column tb-grid-column tb-grid-align-top\">\n<div class=\"tb-field ellipsis alignleft item-branch\">Fundaci\u00f3 Romea<\/div>\n<\/div>\n<\/div>\n<p><\/p><\/a><\/div>\n<\/div>\n\n\n\n<div class=\"wp-block-toolset-views-view-template-block wpv-block-loop-item php-to-be-replaced-with-shortcode folders-item\" data-toolset-views-view-template-block=\"f1a24d5c021c1876c70cc3ee057d03dc\"><div class=\"tb-fields-and-text\" data-toolset-blocks-fields-and-text=\"4e76217e5430eb7d439346615c16810d\"><a href=\"https:\/\/www.aforafocus.cat\/es\/acto\/oratoria-seguridad-versus-libertad-en-la-pandemia\/\" title=\"Oratoria: seguridad versus libertad en la pandemia\" class=\"items-grid-selector\" ng-show=\"itemShow(1993)\" data-id=\"1993\" data-branchs=\"la-5a-pared\" data-medias=\"\" data-months=\"diciembre\" data-years=\"2021\" data-languages=\"catalan\">\n<div class=\"wp-block-toolset-blocks-grid tb-grid items-grid-acts\">\n<div class=\"wp-block-toolset-blocks-grid-column tb-grid-column tb-grid-align-top\">\n<div class=\"tb-field alignleft item-title\">Oratoria: seguridad versus libertad en la pandemia<\/div>\n<\/div>\n<div class=\"wp-block-toolset-blocks-grid-column tb-grid-column tb-grid-align-top\">\n<div class=\"tb-field alignleft item-date\">diciembre 21, 2021<\/div>\n<\/div>\n<div class=\"wp-block-toolset-blocks-grid-column tb-grid-column tb-grid-align-top\">\n<div class=\"tb-field ellipsis alignleft item-branch\">La 5a Pared<\/div>\n<\/div>\n<\/div>\n<p><\/p><\/a><\/div>\n<\/div>\n\n\n\n<div class=\"wp-block-toolset-views-view-template-block wpv-block-loop-item php-to-be-replaced-with-shortcode folders-item\" data-toolset-views-view-template-block=\"f1a24d5c021c1876c70cc3ee057d03dc\"><div class=\"tb-fields-and-text\" data-toolset-blocks-fields-and-text=\"4e76217e5430eb7d439346615c16810d\"><a href=\"https:\/\/www.aforafocus.cat\/es\/acto\/micro-rebeldias-la-pandemia-lo-justifica-todo\/\" title=\"Micro rebeld\u00edas; la pandemia lo justifica todo\" class=\"items-grid-selector\" ng-show=\"itemShow(244823)\" data-id=\"244823\" data-branchs=\"fundacio-romea-es\" data-medias=\"\" data-months=\"diciembre\" data-years=\"2021\" data-languages=\"castellano, catalan\">\n<div class=\"wp-block-toolset-blocks-grid tb-grid items-grid-acts\">\n<div class=\"wp-block-toolset-blocks-grid-column tb-grid-column tb-grid-align-top\">\n<div class=\"tb-field alignleft item-title\">Micro rebeld\u00edas; la pandemia lo justifica todo<\/div>\n<\/div>\n<div class=\"wp-block-toolset-blocks-grid-column tb-grid-column tb-grid-align-top\">\n<div class=\"tb-field alignleft item-date\">diciembre 13, 2021<\/div>\n<\/div>\n<div class=\"wp-block-toolset-blocks-grid-column tb-grid-column tb-grid-align-top\">\n<div class=\"tb-field ellipsis alignleft item-branch\">Fundaci\u00f3 Romea<\/div>\n<\/div>\n<\/div>\n<p><\/p><\/a><\/div>\n<\/div>\n\n\n\n<div class=\"wp-block-toolset-views-view-template-block wpv-block-loop-item php-to-be-replaced-with-shortcode folders-item\" data-toolset-views-view-template-block=\"f1a24d5c021c1876c70cc3ee057d03dc\"><div class=\"tb-fields-and-text\" data-toolset-blocks-fields-and-text=\"4e76217e5430eb7d439346615c16810d\"><a href=\"https:\/\/www.aforafocus.cat\/es\/acto\/hacer-mutis-mutandis-35-focos-verbales-en-las-artes-escenicas\/\" title=\"Mutatis por el Foro, 35 focos verbales en las artes esc\u00e9nicas\" class=\"items-grid-selector\" ng-show=\"itemShow(244824)\" data-id=\"244824\" data-branchs=\"ediciones\" data-medias=\"\" data-months=\"diciembre\" data-years=\"2021\" data-languages=\"catalan\">\n<div class=\"wp-block-toolset-blocks-grid tb-grid items-grid-acts\">\n<div class=\"wp-block-toolset-blocks-grid-column tb-grid-column tb-grid-align-top\">\n<div class=\"tb-field alignleft item-title\">Mutatis por el Foro, 35 focos verbales en las artes esc\u00e9nicas<\/div>\n<\/div>\n<div class=\"wp-block-toolset-blocks-grid-column tb-grid-column tb-grid-align-top\">\n<div class=\"tb-field alignleft item-date\">diciembre 13, 2021<\/div>\n<\/div>\n<div class=\"wp-block-toolset-blocks-grid-column tb-grid-column tb-grid-align-top\">\n<div class=\"tb-field ellipsis alignleft item-branch\">\u00c1fora Ediciones<\/div>\n<\/div>\n<\/div>\n<p><\/p><\/a><\/div>\n<\/div>\n\n\n\n<div class=\"wp-block-toolset-views-view-template-block wpv-block-loop-item php-to-be-replaced-with-shortcode folders-item\" data-toolset-views-view-template-block=\"f1a24d5c021c1876c70cc3ee057d03dc\"><div class=\"tb-fields-and-text\" data-toolset-blocks-fields-and-text=\"4e76217e5430eb7d439346615c16810d\"><a href=\"https:\/\/www.aforafocus.cat\/es\/acto\/manual-del-buen-candidato-ivan-redondo-versus-ciceron\/\" title=\"Manual del buen candidato: Iv\u00e1n Redondo versus Cicer\u00f3n\" class=\"items-grid-selector\" ng-show=\"itemShow(1997)\" data-id=\"1997\" data-branchs=\"la-5a-pared\" data-medias=\"\" data-months=\"diciembre\" data-years=\"2021\" data-languages=\"catalan\">\n<div class=\"wp-block-toolset-blocks-grid tb-grid items-grid-acts\">\n<div class=\"wp-block-toolset-blocks-grid-column tb-grid-column tb-grid-align-top\">\n<div class=\"tb-field alignleft item-title\">Manual del buen candidato: Iv\u00e1n Redondo versus Cicer\u00f3n<\/div>\n<\/div>\n<div class=\"wp-block-toolset-blocks-grid-column tb-grid-column tb-grid-align-top\">\n<div class=\"tb-field alignleft item-date\">diciembre 9, 2021<\/div>\n<\/div>\n<div class=\"wp-block-toolset-blocks-grid-column tb-grid-column tb-grid-align-top\">\n<div class=\"tb-field ellipsis alignleft item-branch\">La 5a Pared<\/div>\n<\/div>\n<\/div>\n<p><\/p><\/a><\/div>\n<\/div>\n\n\n\n<div class=\"wp-block-toolset-views-view-template-block wpv-block-loop-item php-to-be-replaced-with-shortcode folders-item\" data-toolset-views-view-template-block=\"f1a24d5c021c1876c70cc3ee057d03dc\"><div class=\"tb-fields-and-text\" data-toolset-blocks-fields-and-text=\"4e76217e5430eb7d439346615c16810d\"><a href=\"https:\/\/www.aforafocus.cat\/es\/acto\/1er-encuentro-consejo-asesores-del-1er-congreso-internacional-de-teatro\/\" title=\"1r Encuentro del Consejo Asesor del I Congreso Internacional de Espectadores de Teatro\" class=\"items-grid-selector\" ng-show=\"itemShow(1996)\" data-id=\"1996\" data-branchs=\"espectadores\" data-medias=\"\" data-months=\"noviembre\" data-years=\"2021\" data-languages=\"catalan\">\n<div class=\"wp-block-toolset-blocks-grid tb-grid items-grid-acts\">\n<div class=\"wp-block-toolset-blocks-grid-column tb-grid-column tb-grid-align-top\">\n<div class=\"tb-field alignleft item-title\">1r Encuentro del Consejo Asesor del I Congreso Internacional de Espectadores de Teatro<\/div>\n<\/div>\n<div class=\"wp-block-toolset-blocks-grid-column tb-grid-column tb-grid-align-top\">\n<div class=\"tb-field alignleft item-date\">noviembre 12, 2021<\/div>\n<\/div>\n<div class=\"wp-block-toolset-blocks-grid-column tb-grid-column tb-grid-align-top\">\n<div class=\"tb-field ellipsis alignleft item-branch\">Espectadores<\/div>\n<\/div>\n<\/div>\n<p><\/p><\/a><\/div>\n<\/div>\n\n\n\n<div class=\"wp-block-toolset-views-view-template-block wpv-block-loop-item php-to-be-replaced-with-shortcode folders-item\" data-toolset-views-view-template-block=\"f1a24d5c021c1876c70cc3ee057d03dc\"><div class=\"tb-fields-and-text\" data-toolset-blocks-fields-and-text=\"4e76217e5430eb7d439346615c16810d\"><a href=\"https:\/\/www.aforafocus.cat\/es\/acto\/1er-cenaculo\/\" title=\"1r Cen\u00e1culo con Jos\u00e9 Sacrist\u00e1n\" class=\"items-grid-selector\" ng-show=\"itemShow(1995)\" data-id=\"1995\" data-branchs=\"platea-618-es\" data-medias=\"\" data-months=\"octubre\" data-years=\"2021\" data-languages=\"catalan\">\n<div class=\"wp-block-toolset-blocks-grid tb-grid items-grid-acts\">\n<div class=\"wp-block-toolset-blocks-grid-column tb-grid-column tb-grid-align-top\">\n<div class=\"tb-field alignleft item-title\">1r Cen\u00e1culo con Jos\u00e9 Sacrist\u00e1n<\/div>\n<\/div>\n<div class=\"wp-block-toolset-blocks-grid-column tb-grid-column tb-grid-align-top\">\n<div class=\"tb-field alignleft item-date\">octubre 26, 2021<\/div>\n<\/div>\n<div class=\"wp-block-toolset-blocks-grid-column tb-grid-column tb-grid-align-top\">\n<div class=\"tb-field ellipsis alignleft item-branch\">Platea 618<\/div>\n<\/div>\n<\/div>\n<p><\/p><\/a><\/div>\n<\/div>\n\n\n\n<div class=\"wp-block-toolset-views-view-template-block wpv-block-loop-item php-to-be-replaced-with-shortcode folders-item\" data-toolset-views-view-template-block=\"f1a24d5c021c1876c70cc3ee057d03dc\"><div class=\"tb-fields-and-text\" data-toolset-blocks-fields-and-text=\"4e76217e5430eb7d439346615c16810d\"><a href=\"https:\/\/www.aforafocus.cat\/es\/acto\/recreando-el-paraiso-pedido\/\" title=\"Recreando el para\u00edso pedido\" class=\"items-grid-selector\" ng-show=\"itemShow(1994)\" data-id=\"1994\" data-branchs=\"fundacio-romea-es\" data-medias=\"\" data-months=\"octubre\" data-years=\"2021\" data-languages=\"catalan\">\n<div class=\"wp-block-toolset-blocks-grid tb-grid items-grid-acts\">\n<div class=\"wp-block-toolset-blocks-grid-column tb-grid-column tb-grid-align-top\">\n<div class=\"tb-field alignleft item-title\">Recreando el para\u00edso pedido<\/div>\n<\/div>\n<div class=\"wp-block-toolset-blocks-grid-column tb-grid-column tb-grid-align-top\">\n<div class=\"tb-field alignleft item-date\">octubre 25, 2021<\/div>\n<\/div>\n<div class=\"wp-block-toolset-blocks-grid-column tb-grid-column tb-grid-align-top\">\n<div class=\"tb-field ellipsis alignleft item-branch\">Fundaci\u00f3 Romea<\/div>\n<\/div>\n<\/div>\n<p><\/p><\/a><\/div>\n<\/div>\n\n\n\n<div class=\"wp-block-toolset-views-view-template-block wpv-block-loop-item php-to-be-replaced-with-shortcode folders-item\" data-toolset-views-view-template-block=\"f1a24d5c021c1876c70cc3ee057d03dc\"><div class=\"tb-fields-and-text\" data-toolset-blocks-fields-and-text=\"4e76217e5430eb7d439346615c16810d\"><a href=\"https:\/\/www.aforafocus.cat\/es\/acto\/presentacion-afora\/\" title=\"Presentaci\u00f3n \u00c1fora\" class=\"items-grid-selector\" ng-show=\"itemShow(1477)\" data-id=\"1477\" data-branchs=\"afora-ediciones\" data-medias=\"\" data-months=\"octubre\" data-years=\"2021\" data-languages=\"catalan\">\n<div class=\"wp-block-toolset-blocks-grid tb-grid items-grid-acts\">\n<div class=\"wp-block-toolset-blocks-grid-column tb-grid-column tb-grid-align-top\">\n<div class=\"tb-field alignleft item-title\">Presentaci\u00f3n \u00c1fora<\/div>\n<\/div>\n<div class=\"wp-block-toolset-blocks-grid-column tb-grid-column tb-grid-align-top\">\n<div class=\"tb-field alignleft item-date\">octubre 5, 2021<\/div>\n<\/div>\n<div class=\"wp-block-toolset-blocks-grid-column tb-grid-column tb-grid-align-top\">\n<div class=\"tb-field ellipsis alignleft item-branch\">\u00c1fora<\/div>\n<\/div>\n<\/div>\n<p><\/p><\/a><\/div>\n<\/div>\n\n\n\n<div class=\"wp-block-toolset-views-view-template-block wpv-block-loop-item php-to-be-replaced-with-shortcode folders-item\" data-toolset-views-view-template-block=\"f1a24d5c021c1876c70cc3ee057d03dc\"><div class=\"tb-fields-and-text\" data-toolset-blocks-fields-and-text=\"4e76217e5430eb7d439346615c16810d\"><a href=\"https:\/\/www.aforafocus.cat\/es\/acto\/respirar\/\" title=\"Respirar\" class=\"items-grid-selector\" ng-show=\"itemShow(244820)\" data-id=\"244820\" data-branchs=\"fundacio-romea-es\" data-medias=\"\" data-months=\"septiembre\" data-years=\"2021\" data-languages=\"catalan\">\n<div class=\"wp-block-toolset-blocks-grid tb-grid items-grid-acts\">\n<div class=\"wp-block-toolset-blocks-grid-column tb-grid-column tb-grid-align-top\">\n<div class=\"tb-field alignleft item-title\">Respirar<\/div>\n<\/div>\n<div class=\"wp-block-toolset-blocks-grid-column tb-grid-column tb-grid-align-top\">\n<div class=\"tb-field alignleft item-date\">septiembre 13, 2021<\/div>\n<\/div>\n<div class=\"wp-block-toolset-blocks-grid-column tb-grid-column tb-grid-align-top\">\n<div class=\"tb-field ellipsis alignleft item-branch\">Fundaci\u00f3 Romea<\/div>\n<\/div>\n<\/div>\n<p><\/p><\/a><\/div>\n<\/div>\n\n\n\n<div class=\"wp-block-toolset-views-view-template-block wpv-block-loop-item php-to-be-replaced-with-shortcode folders-item\" data-toolset-views-view-template-block=\"f1a24d5c021c1876c70cc3ee057d03dc\"><div class=\"tb-fields-and-text\" data-toolset-blocks-fields-and-text=\"4e76217e5430eb7d439346615c16810d\"><a href=\"https:\/\/www.aforafocus.cat\/es\/acto\/preocupaciones-iii-el-paraiso-perdido\/\" title=\"PreOcupaciones III el Para\u00edso Perdido\" class=\"items-grid-selector\" ng-show=\"itemShow(245858)\" data-id=\"245858\" data-branchs=\"ediciones\" data-medias=\"\" data-months=\"septiembre\" data-years=\"2021\" data-languages=\"castellano\">\n<div class=\"wp-block-toolset-blocks-grid tb-grid items-grid-acts\">\n<div class=\"wp-block-toolset-blocks-grid-column tb-grid-column tb-grid-align-top\">\n<div class=\"tb-field alignleft item-title\">PreOcupaciones III el Para\u00edso Perdido<\/div>\n<\/div>\n<div class=\"wp-block-toolset-blocks-grid-column tb-grid-column tb-grid-align-top\">\n<div class=\"tb-field alignleft item-date\">septiembre 1, 2021<\/div>\n<\/div>\n<div class=\"wp-block-toolset-blocks-grid-column tb-grid-column tb-grid-align-top\">\n<div class=\"tb-field ellipsis alignleft item-branch\">\u00c1fora Ediciones<\/div>\n<\/div>\n<\/div>\n<p><\/p><\/a><\/div>\n<\/div>\n\n\n\n<div class=\"wp-block-toolset-views-view-template-block wpv-block-loop-item php-to-be-replaced-with-shortcode folders-item\" data-toolset-views-view-template-block=\"f1a24d5c021c1876c70cc3ee057d03dc\"><div class=\"tb-fields-and-text\" data-toolset-blocks-fields-and-text=\"4e76217e5430eb7d439346615c16810d\"><a href=\"https:\/\/www.aforafocus.cat\/es\/acto\/preocupaciones-ii-el-placer\/\" title=\"PreOcupaciones II el Placer\" class=\"items-grid-selector\" ng-show=\"itemShow(245850)\" data-id=\"245850\" data-branchs=\"ediciones\" data-medias=\"\" data-months=\"septiembre\" data-years=\"2019\" data-languages=\"castellano\">\n<div class=\"wp-block-toolset-blocks-grid tb-grid items-grid-acts\">\n<div class=\"wp-block-toolset-blocks-grid-column tb-grid-column tb-grid-align-top\">\n<div class=\"tb-field alignleft item-title\">PreOcupaciones II el Placer<\/div>\n<\/div>\n<div class=\"wp-block-toolset-blocks-grid-column tb-grid-column tb-grid-align-top\">\n<div class=\"tb-field alignleft item-date\">septiembre 1, 2019<\/div>\n<\/div>\n<div class=\"wp-block-toolset-blocks-grid-column tb-grid-column tb-grid-align-top\">\n<div class=\"tb-field ellipsis alignleft item-branch\">\u00c1fora Ediciones<\/div>\n<\/div>\n<\/div>\n<p><\/p><\/a><\/div>\n<\/div>\n\n\n\n<div class=\"wp-block-toolset-views-view-template-block wpv-block-loop-item php-to-be-replaced-with-shortcode folders-item\" data-toolset-views-view-template-block=\"f1a24d5c021c1876c70cc3ee057d03dc\"><div class=\"tb-fields-and-text\" data-toolset-blocks-fields-and-text=\"4e76217e5430eb7d439346615c16810d\"><a href=\"https:\/\/www.aforafocus.cat\/es\/acto\/preocupaciones-i-el-tiempo-a-contrarreloj-libertad-de-expresion-banalidad\/\" title=\"PreOcupaciones I el tiempo a contrarreloj, libertad de expresi\u00f3n, banalidad\" class=\"items-grid-selector\" ng-show=\"itemShow(245834)\" data-id=\"245834\" data-branchs=\"ediciones\" data-medias=\"\" data-months=\"septiembre\" data-years=\"2018\" data-languages=\"castellano\">\n<div class=\"wp-block-toolset-blocks-grid tb-grid items-grid-acts\">\n<div class=\"wp-block-toolset-blocks-grid-column tb-grid-column tb-grid-align-top\">\n<div class=\"tb-field alignleft item-title\">PreOcupaciones I el tiempo a contrarreloj, libertad de expresi\u00f3n, banalidad<\/div>\n<\/div>\n<div class=\"wp-block-toolset-blocks-grid-column tb-grid-column tb-grid-align-top\">\n<div class=\"tb-field alignleft item-date\">septiembre 1, 2018<\/div>\n<\/div>\n<div class=\"wp-block-toolset-blocks-grid-column tb-grid-column tb-grid-align-top\">\n<div class=\"tb-field ellipsis alignleft item-branch\">\u00c1fora Ediciones<\/div>\n<\/div>\n<\/div>\n<p><\/p><\/a><\/div>\n<\/div>\n\n<\/div>\n<\/div><\/div>\n<div class=\"wp-block-toolset-views-custom-search-container\">  <\/div>\n<\/div><\/div>","protected":false},"excerpt":{"rendered":"","protected":false},"author":1,"featured_media":0,"parent":0,"menu_order":0,"comment_status":"closed","ping_status":"closed","template":"","meta":{"_et_pb_use_builder":"off","_et_pb_old_content":"","_et_gb_content_width":"","_editorskit_title_hidden":false,"_editorskit_reading_time":0,"_editorskit_is_block_options_detached":false,"_editorskit_block_options_position":"{}","footnotes":""},"class_list":["post-959","page","type-page","status-publish","hentry"],"yoast_head":"<!-- This site is optimized with the Yoast SEO plugin v27.5 - https:\/\/yoast.com\/product\/yoast-seo-wordpress\/ -->\n<title>Actos - \u00c0fora Focus<\/title>\n<meta name=\"robots\" content=\"noindex, nofollow\" \/>\n<meta property=\"og:locale\" content=\"es_ES\" \/>\n<meta property=\"og:type\" content=\"article\" \/>\n<meta property=\"og:title\" content=\"Actos - \u00c0fora Focus\" \/>\n<meta property=\"og:url\" content=\"https:\/\/www.aforafocus.cat\/es\/actos\/\" \/>\n<meta property=\"og:site_name\" content=\"\u00c0fora Focus\" \/>\n<meta property=\"article:modified_time\" content=\"2023-06-29T12:29:18+00:00\" \/>\n<meta name=\"twitter:card\" content=\"summary_large_image\" \/>\n<meta name=\"twitter:site\" content=\"@aforafocus\" \/>\n<script type=\"application\/ld+json\" class=\"yoast-schema-graph\">{\"@context\":\"https:\\\/\\\/schema.org\",\"@graph\":[{\"@type\":\"WebPage\",\"@id\":\"https:\\\/\\\/www.aforafocus.cat\\\/es\\\/actos\\\/\",\"url\":\"https:\\\/\\\/www.aforafocus.cat\\\/es\\\/actos\\\/\",\"name\":\"Actos - \u00c0fora Focus\",\"isPartOf\":{\"@id\":\"https:\\\/\\\/www.aforafocus.cat\\\/es\\\/#website\"},\"datePublished\":\"2022-01-05T08:51:25+00:00\",\"dateModified\":\"2023-06-29T12:29:18+00:00\",\"breadcrumb\":{\"@id\":\"https:\\\/\\\/www.aforafocus.cat\\\/es\\\/actos\\\/#breadcrumb\"},\"inLanguage\":\"es\",\"potentialAction\":[{\"@type\":\"ReadAction\",\"target\":[\"https:\\\/\\\/www.aforafocus.cat\\\/es\\\/actos\\\/\"]}]},{\"@type\":\"BreadcrumbList\",\"@id\":\"https:\\\/\\\/www.aforafocus.cat\\\/es\\\/actos\\\/#breadcrumb\",\"itemListElement\":[{\"@type\":\"ListItem\",\"position\":1,\"name\":\"Inici\",\"item\":\"https:\\\/\\\/www.aforafocus.cat\\\/es\\\/\"},{\"@type\":\"ListItem\",\"position\":2,\"name\":\"Actos\"}]},{\"@type\":\"WebSite\",\"@id\":\"https:\\\/\\\/www.aforafocus.cat\\\/es\\\/#website\",\"url\":\"https:\\\/\\\/www.aforafocus.cat\\\/es\\\/\",\"name\":\"\u00c0fora Focus\",\"description\":\"\u00c0fora \u00e9s l\u2019\u00e0gora del Grup Focus, un \u00e0mbit de reflexi\u00f3 i d\u2019activitats que t\u00e9 l\u2019\u00e0nim d\u2019incidir en la vida art\u00edstica, cultural i social.\",\"publisher\":{\"@id\":\"https:\\\/\\\/www.aforafocus.cat\\\/es\\\/#organization\"},\"potentialAction\":[{\"@type\":\"SearchAction\",\"target\":{\"@type\":\"EntryPoint\",\"urlTemplate\":\"https:\\\/\\\/www.aforafocus.cat\\\/es\\\/?s={search_term_string}\"},\"query-input\":{\"@type\":\"PropertyValueSpecification\",\"valueRequired\":true,\"valueName\":\"search_term_string\"}}],\"inLanguage\":\"es\"},{\"@type\":\"Organization\",\"@id\":\"https:\\\/\\\/www.aforafocus.cat\\\/es\\\/#organization\",\"name\":\"\u00c0fora Focus\",\"url\":\"https:\\\/\\\/www.aforafocus.cat\\\/es\\\/\",\"logo\":{\"@type\":\"ImageObject\",\"inLanguage\":\"es\",\"@id\":\"https:\\\/\\\/www.aforafocus.cat\\\/es\\\/#\\\/schema\\\/logo\\\/image\\\/\",\"url\":\"https:\\\/\\\/www.aforafocus.cat\\\/wp-content\\\/uploads\\\/2021\\\/12\\\/logo-afora-focus.png\",\"contentUrl\":\"https:\\\/\\\/www.aforafocus.cat\\\/wp-content\\\/uploads\\\/2021\\\/12\\\/logo-afora-focus.png\",\"width\":662,\"height\":662,\"caption\":\"\u00c0fora Focus\"},\"image\":{\"@id\":\"https:\\\/\\\/www.aforafocus.cat\\\/es\\\/#\\\/schema\\\/logo\\\/image\\\/\"},\"sameAs\":[\"https:\\\/\\\/x.com\\\/aforafocus\",\"https:\\\/\\\/www.instagram.com\\\/aforafocus\\\/\"]}]}<\/script>\n<!-- \/ Yoast SEO plugin. -->","yoast_head_json":{"title":"Actos - \u00c0fora Focus","robots":{"index":"noindex","follow":"nofollow"},"og_locale":"es_ES","og_type":"article","og_title":"Actos - \u00c0fora Focus","og_url":"https:\/\/www.aforafocus.cat\/es\/actos\/","og_site_name":"\u00c0fora Focus","article_modified_time":"2023-06-29T12:29:18+00:00","twitter_card":"summary_large_image","twitter_site":"@aforafocus","schema":{"@context":"https:\/\/schema.org","@graph":[{"@type":"WebPage","@id":"https:\/\/www.aforafocus.cat\/es\/actos\/","url":"https:\/\/www.aforafocus.cat\/es\/actos\/","name":"Actos - \u00c0fora Focus","isPartOf":{"@id":"https:\/\/www.aforafocus.cat\/es\/#website"},"datePublished":"2022-01-05T08:51:25+00:00","dateModified":"2023-06-29T12:29:18+00:00","breadcrumb":{"@id":"https:\/\/www.aforafocus.cat\/es\/actos\/#breadcrumb"},"inLanguage":"es","potentialAction":[{"@type":"ReadAction","target":["https:\/\/www.aforafocus.cat\/es\/actos\/"]}]},{"@type":"BreadcrumbList","@id":"https:\/\/www.aforafocus.cat\/es\/actos\/#breadcrumb","itemListElement":[{"@type":"ListItem","position":1,"name":"Inici","item":"https:\/\/www.aforafocus.cat\/es\/"},{"@type":"ListItem","position":2,"name":"Actos"}]},{"@type":"WebSite","@id":"https:\/\/www.aforafocus.cat\/es\/#website","url":"https:\/\/www.aforafocus.cat\/es\/","name":"\u00c0fora Focus","description":"\u00c0fora \u00e9s l\u2019\u00e0gora del Grup Focus, un \u00e0mbit de reflexi\u00f3 i d\u2019activitats que t\u00e9 l\u2019\u00e0nim d\u2019incidir en la vida art\u00edstica, cultural i social.","publisher":{"@id":"https:\/\/www.aforafocus.cat\/es\/#organization"},"potentialAction":[{"@type":"SearchAction","target":{"@type":"EntryPoint","urlTemplate":"https:\/\/www.aforafocus.cat\/es\/?s={search_term_string}"},"query-input":{"@type":"PropertyValueSpecification","valueRequired":true,"valueName":"search_term_string"}}],"inLanguage":"es"},{"@type":"Organization","@id":"https:\/\/www.aforafocus.cat\/es\/#organization","name":"\u00c0fora Focus","url":"https:\/\/www.aforafocus.cat\/es\/","logo":{"@type":"ImageObject","inLanguage":"es","@id":"https:\/\/www.aforafocus.cat\/es\/#\/schema\/logo\/image\/","url":"https:\/\/www.aforafocus.cat\/wp-content\/uploads\/2021\/12\/logo-afora-focus.png","contentUrl":"https:\/\/www.aforafocus.cat\/wp-content\/uploads\/2021\/12\/logo-afora-focus.png","width":662,"height":662,"caption":"\u00c0fora Focus"},"image":{"@id":"https:\/\/www.aforafocus.cat\/es\/#\/schema\/logo\/image\/"},"sameAs":["https:\/\/x.com\/aforafocus","https:\/\/www.instagram.com\/aforafocus\/"]}]}},"_links":{"self":[{"href":"https:\/\/www.aforafocus.cat\/es\/wp-json\/wp\/v2\/pages\/959","targetHints":{"allow":["GET"]}}],"collection":[{"href":"https:\/\/www.aforafocus.cat\/es\/wp-json\/wp\/v2\/pages"}],"about":[{"href":"https:\/\/www.aforafocus.cat\/es\/wp-json\/wp\/v2\/types\/page"}],"author":[{"embeddable":true,"href":"https:\/\/www.aforafocus.cat\/es\/wp-json\/wp\/v2\/users\/1"}],"replies":[{"embeddable":true,"href":"https:\/\/www.aforafocus.cat\/es\/wp-json\/wp\/v2\/comments?post=959"}],"version-history":[{"count":0,"href":"https:\/\/www.aforafocus.cat\/es\/wp-json\/wp\/v2\/pages\/959\/revisions"}],"wp:attachment":[{"href":"https:\/\/www.aforafocus.cat\/es\/wp-json\/wp\/v2\/media?parent=959"}],"curies":[{"name":"wp","href":"https:\/\/api.w.org\/{rel}","templated":true}]}}